{"id":114,"date":"2019-03-07T17:02:28","date_gmt":"2019-03-07T16:02:28","guid":{"rendered":"https:\/\/www.mobilityinstitute.es\/?page_id=114"},"modified":"2020-04-02T23:58:34","modified_gmt":"2020-04-02T21:58:34","slug":"serveis-per-als-nostres-associats","status":"publish","type":"page","link":"https:\/\/www.mobilityinstitute.es\/ca\/que-fem\/serveis-per-als-nostres-associats\/","title":{"rendered":"Serveis per als nostres associats"},"content":{"rendered":"<p><div class=\"fusion-fullwidth fullwidth-box fusion-builder-row-1 nonhundred-percent-fullwidth non-hundred-percent-height-scrolling\" style=\"background-color: rgba(255,255,255,0);background-position: right center;background-repeat: no-repeat;padding-top:0px;padding-right:0px;padding-bottom:0px;padding-left:0px;margin-top: 0px;border-width: 0px 0px 0px 0px;border-color:#eae9e9;border-style:solid;\" id=\"servicios_para_nuestros_asociados\" ><div class=\"fusion-builder-row fusion-row\"><div class=\"fusion-layout-column fusion_builder_column fusion-builder-column-0 fusion_builder_column_3_4 3_4 fusion-three-fourth fusion-column-first\" style=\"width:74%; margin-right: 4%;margin-top:0px;margin-bottom:0px;\"><div class=\"fusion-column-wrapper fusion-flex-column-wrapper-legacy\" style=\"background-position:left top;background-repeat:no-repeat;-webkit-background-size:cover;-moz-background-size:cover;-o-background-size:cover;background-size:cover;padding: 0px 0px 0px 0px;\"><div class=\"fusion-text fusion-text-1\"><p>El Mobility Institute ofereix als associats subscrits els serveis seg\u00fcents:<\/p>\n<\/div><div class=\"fusion-sep-clear\"><\/div><div class=\"fusion-separator fusion-full-width-sep\" style=\"margin-left: auto;margin-right: auto;margin-bottom:15px;width:100%;\"><\/div><div class=\"fusion-sep-clear\"><\/div><div class=\"fusion-text fusion-text-2\"><h2><strong>CONTINGUTS<\/strong><\/h2>\n<p>Els tipus de continguts exclusius que generem per als nostres associats s\u00f3n:<\/p>\n<\/div><div class=\"fusion-sep-clear\"><\/div><div class=\"fusion-separator fusion-full-width-sep\" style=\"margin-left: auto;margin-right: auto;margin-bottom:15px;width:100%;\"><\/div><div class=\"fusion-sep-clear\"><\/div><style type=\"text\/css\"><\/style><div class=\"fusion-title title fusion-title-1 fusion-title-text fusion-title-size-five\" style=\"margin-top:0px;margin-right:0px;margin-bottom:31px;margin-left:0px;\"><h5 class=\"title-heading-left fusion-responsive-typography-calculated\" style=\"margin:0;--fontSize:15;--minFontSize:14pt;line-height:1.5;\"><p style=\"padding-left: 40px;\">1. Intel\u00b7lig\u00e8ncia per al futur<\/p><\/h5><span class=\"awb-title-spacer\"><\/span><div class=\"title-sep-container\"><div class=\"title-sep sep-double sep-solid\" style=\"border-color:#e0dede;\"><\/div><\/div><\/div><div class=\"fusion-text fusion-text-3\"><p style=\"padding-left: 40px;\">Generem un coneixement <b>que \u00e9s exclusiu per <\/b><b>a<\/b><b> les <\/b><b>empreses <\/b><b>i<\/b> <b>entitats associades<\/b>.<\/p>\n<p style=\"padding-left: 40px;\">L\u2019objectiu d\u2019aquestes publicacions \u00e9s proporcionar als nostres associats la informaci\u00f3 m\u00e9s actual del mercat en l\u2019\u00e0mbit de la mobilitat perqu\u00e8 puguin prendre les millors <b>decisions <\/b><b>per al <\/b><b>seu <\/b><b>negoci<\/b>.<\/p>\n<\/div><div class=\"fusion-sep-clear\"><\/div><div class=\"fusion-separator fusion-full-width-sep\" style=\"margin-left: auto;margin-right: auto;margin-bottom:30px;width:100%;\"><\/div><div class=\"fusion-sep-clear\"><\/div><style type=\"text\/css\"><\/style><div class=\"fusion-title title fusion-title-2 fusion-title-text fusion-title-size-five\" style=\"margin-top:0px;margin-right:0px;margin-bottom:31px;margin-left:0px;\"><h5 class=\"title-heading-left fusion-responsive-typography-calculated\" style=\"margin:0;--fontSize:15;--minFontSize:14pt;line-height:1.5;\"><p style=\"padding-left: 40px;\">2. Plataforma de dades<\/p><\/h5><span class=\"awb-title-spacer\"><\/span><div class=\"title-sep-container\"><div class=\"title-sep sep-double sep-solid\" style=\"border-color:#e0dede;\"><\/div><\/div><\/div><div class=\"fusion-text fusion-text-4\"><p style=\"padding-left: 40px;\">Els associats poden accedir, per mitj\u00e0 d\u2019aquesta plataforma, a bases de dades, indicadors i recursos de mobilitat, <b>consultables<\/b> en format digital i <b>descarregables<\/b>.<\/p>\n<\/div><div class=\"fusion-sep-clear\"><\/div><div class=\"fusion-separator fusion-full-width-sep\" style=\"margin-left: auto;margin-right: auto;margin-bottom:30px;width:100%;\"><\/div><div class=\"fusion-sep-clear\"><\/div><style type=\"text\/css\"><\/style><div class=\"fusion-title title fusion-title-3 fusion-title-text fusion-title-size-five\" style=\"margin-top:0px;margin-right:0px;margin-bottom:31px;margin-left:0px;\"><h5 class=\"title-heading-left fusion-responsive-typography-calculated\" style=\"margin:0;--fontSize:15;--minFontSize:14pt;line-height:1.5;\"><p style=\"padding-left: 40px;\">3. Bar\u00f2metre de la mobilitat urbana<\/p><\/h5><span class=\"awb-title-spacer\"><\/span><div class=\"title-sep-container\"><div class=\"title-sep sep-double sep-solid\" style=\"border-color:#e0dede;\"><\/div><\/div><\/div><div class=\"fusion-text fusion-text-5\"><p style=\"padding-left: 40px;\">Posem a disposici\u00f3 dels nostres associats dels resultats de les enquestes tel\u00e8foniques que fa de manera recurrent el Mobility Institute a ciutadans de les \u00e0rees metropolitanes de <strong>Madrid i Barcelona<\/strong>. Es fan preguntes sobre <strong>diferents aspectes de la mobilitat<\/strong>. La metodologia es basa en repetir sempre les mateixes preguntes per establir un<strong> tracking<\/strong> de com evoluciona el punt de vista del consumidor final.<\/p>\n<p style=\"padding-left: 40px;\">Els resultats estan disponibles en <strong>diferents formats<\/strong>. L&#8217;objectiu \u00e9s ajudar <strong>a la presa de decisions<\/strong>.<\/p>\n<\/div><div class=\"fusion-sep-clear\"><\/div><div class=\"fusion-separator fusion-full-width-sep\" style=\"margin-left: auto;margin-right: auto;margin-bottom:30px;width:100%;\"><\/div><div class=\"fusion-sep-clear\"><\/div><div class=\"fusion-text fusion-text-6\"><h2><strong>MOBILITY TALKS<\/strong><\/h2>\n<p>Organitzem o patrocinem <strong>confer\u00e8ncies i sessions de treball amb els nostres associats<\/strong>.<\/p>\n<p>El nostre objectiu \u00e9s:<\/p>\n<ul>\n<li>Acostar als nostres usuaris les <strong>darreres tend\u00e8ncies<\/strong> en mobilitat mitjan\u00e7ant la pres\u00e8ncia de ponents destacats.<\/li>\n<li style=\"text-align: left;\">Generar <strong>oportunitats de col\u00b7laboraci\u00f3<\/strong> entre entitats o empreses gr\u00e0cies al <strong>Networking<\/strong>.<\/li>\n<\/ul>\n<\/div><div class=\"fusion-sep-clear\"><\/div><div class=\"fusion-separator fusion-full-width-sep\" style=\"margin-left: auto;margin-right: auto;margin-bottom:15px;width:100%;\"><\/div><div class=\"fusion-sep-clear\"><\/div><div class=\"fusion-clearfix\"><\/div><\/div><\/div><\/div><\/div><div class=\"fusion-fullwidth fullwidth-box fusion-builder-row-2 nonhundred-percent-fullwidth non-hundred-percent-height-scrolling\" style=\"background-color: rgba(255,255,255,0);background-position: center center;background-repeat: no-repeat;padding-top:0px;padding-right:0px;padding-bottom:0px;padding-left:0px;margin-bottom: 0px;margin-top: 0px;border-width: 0px 0px 0px 0px;border-color:#141414;border-style:solid;\" ><div class=\"fusion-builder-row fusion-row\"><div class=\"fusion-layout-column fusion_builder_column fusion-builder-column-1 fusion_builder_column_3_4 3_4 fusion-three-fourth fusion-column-first\" style=\"width:75%;width:calc(75% - ( ( 4% ) * 0.75 ) );margin-right: 4%;margin-top:0px;margin-bottom:20px;\"><div class=\"fusion-column-wrapper fusion-flex-column-wrapper-legacy\" style=\"background-position:left top;background-repeat:no-repeat;-webkit-background-size:cover;-moz-background-size:cover;-o-background-size:cover;background-size:cover;border:1px solid #000000;padding: 0px 0px 0px 0px;\"><div class=\"fusion-text fusion-text-7\"><h3 style=\"padding-left: 40px;\"><strong>Exemples de bones pr\u00e0ctiques entre els nostres associats<\/strong><\/h3>\n<\/div><div class=\"fusion-sep-clear\"><\/div><div class=\"fusion-separator fusion-full-width-sep\" style=\"margin-left: auto;margin-right: auto;margin-top:15px;width:100%;\"><div class=\"fusion-separator-border sep-double\" style=\"border-color:#ffffff;border-top-width:1px;border-bottom-width:1px;\"><\/div><\/div><div class=\"fusion-sep-clear\"><\/div><div class=\"fusion-text fusion-text-8\"><p style=\"padding-left: 40px;\">Hi ha moltes <strong>maneres d&#8217;aprofitar ser membre de l&#8217;Mobility Institute<\/strong>, les m\u00e9s habituals s\u00f3n acc\u00e9s a <strong>continguts exclusius<\/strong>, acc\u00e9s de<strong> dades de mobilitat<\/strong> o activitats de <strong>networking<\/strong>. Per\u00f2 a m\u00e9s d&#8217;aquestes opcions hi ha <strong>altres maneres de treure-li el m\u00e0xim profit<\/strong>. A continuaci\u00f3 expliquem algunes de les iniciatives que considerem m\u00e9s rellevants.<\/p>\n<\/div><div class=\"fusion-sep-clear\"><\/div><div class=\"fusion-separator fusion-full-width-sep\" style=\"margin-left: auto;margin-right: auto;margin-top:15px;width:100%;\"><div class=\"fusion-separator-border sep-double\" style=\"border-color:#ffffff;border-top-width:1px;border-bottom-width:1px;\"><\/div><\/div><div class=\"fusion-sep-clear\"><\/div><div class=\"fusion-text fusion-text-9\"><ul>\n<li>\n<h3><strong>GRUP CATALANA OCCIDENT<\/strong><\/h3>\n<\/li>\n<\/ul>\n<\/div><div class=\"fusion-builder-row fusion-builder-row-inner fusion-row\"><div class=\"fusion-layout-column fusion_builder_column_inner fusion-builder-nested-column-0 fusion_builder_column_inner_1_3 1_3 fusion-one-third fusion-column-first\" style=\"width:33.333333333333%;width:calc(33.333333333333% - ( ( 4% ) * 0.33333333333333 ) );margin-right: 4%;margin-top:0px;margin-bottom:20px;\"><div class=\"fusion-column-wrapper fusion-flex-column-wrapper-legacy\" style=\"background-position:left top;background-repeat:no-repeat;-webkit-background-size:cover;-moz-background-size:cover;-o-background-size:cover;background-size:cover;padding: 0px 0px 0px 0px;\"><span class=\" fusion-imageframe imageframe-none imageframe-1 hover-type-none\"><img decoding=\"async\" width=\"776\" height=\"359\" title=\"Foto CATA Best Practices\" src=\"https:\/\/www.mobilityinstitute.es\/wp-content\/uploads\/2020\/03\/www.mobilityinstitute.es-foto-cata-best-practices-1.png\" data-orig-src=\"https:\/\/www.mobilityinstitute.es\/wp-content\/uploads\/2020\/03\/www.mobilityinstitute.es-foto-cata-best-practices-1.png\" alt class=\"lazyload img-responsive wp-image-4081\" srcset=\"data:image\/svg+xml,%3Csvg%20xmlns%3D%27http%3A%2F%2Fwww.w3.org%2F2000%2Fsvg%27%20width%3D%27776%27%20height%3D%27359%27%20viewBox%3D%270%200%20776%20359%27%3E%3Crect%20width%3D%27776%27%20height%3D%27359%27%20fill-opacity%3D%220%22%2F%3E%3C%2Fsvg%3E\" data-srcset=\"https:\/\/www.mobilityinstitute.es\/wp-content\/uploads\/2020\/03\/www.mobilityinstitute.es-foto-cata-best-practices-1-200x93.png 200w, https:\/\/www.mobilityinstitute.es\/wp-content\/uploads\/2020\/03\/www.mobilityinstitute.es-foto-cata-best-practices-1-400x185.png 400w, https:\/\/www.mobilityinstitute.es\/wp-content\/uploads\/2020\/03\/www.mobilityinstitute.es-foto-cata-best-practices-1-600x278.png 600w, https:\/\/www.mobilityinstitute.es\/wp-content\/uploads\/2020\/03\/www.mobilityinstitute.es-foto-cata-best-practices-1.png 776w\" data-sizes=\"auto\" data-orig-sizes=\"(max-width: 800px) 100vw, 400px\" \/><\/span><div class=\"fusion-clearfix\"><\/div><\/div><\/div><div class=\"fusion-layout-column fusion_builder_column_inner fusion-builder-nested-column-1 fusion_builder_column_inner_2_3 2_3 fusion-two-third fusion-column-last\" style=\"width:66.666666666667%;width:calc(66.666666666667% - ( ( 4% ) * 0.66666666666667 ) );margin-top:0px;margin-bottom:20px;\"><div class=\"fusion-column-wrapper fusion-flex-column-wrapper-legacy\" style=\"background-position:left top;background-repeat:no-repeat;-webkit-background-size:cover;-moz-background-size:cover;-o-background-size:cover;background-size:cover;padding: 0px 0px 0px 0px;\"><div class=\"fusion-text fusion-text-10\"><p>El <strong>Grup Catalana Occident<\/strong> vol con\u00e8ixer i explorar les noves tend\u00e8ncies que afecten la mobilitat urbana per poder oferir solucions adaptades a les necessitats dels seus clients. Per aix\u00f2, el Centre d&#8217;Estudis (usuari directe del Mobility Institute) est\u00e0 <strong>compartint la informaci\u00f3<\/strong> que considera m\u00e9s rellevant <strong>a la resta de l&#8217;organitzaci\u00f3 a trav\u00e9s de la generaci\u00f3 d&#8217;equips de treball<\/strong>.<\/p>\n<p>Des del Mobility Institute aprofitem per recordar que, m\u00e9s enll\u00e0 de la disponibilitat d&#8217;alguns usuaris, tots els associats poden distribuir internament els continguts a altres persones de la seva organitzaci\u00f3.<\/p>\n<\/div><div class=\"fusion-clearfix\"><\/div><\/div><\/div><\/div><div class=\"fusion-sep-clear\"><\/div><div class=\"fusion-separator fusion-no-small-visibility fusion-full-width-sep\" style=\"margin-left: auto;margin-right: auto;margin-bottom:15px;width:100%;\"><div class=\"fusion-separator-border sep-double\" style=\"border-color:#ffffff;border-top-width:1px;border-bottom-width:1px;\"><\/div><\/div><div class=\"fusion-sep-clear\"><\/div><div class=\"fusion-text fusion-text-11\"><ul>\n<li>\n<h3><strong>ETECNIC<\/strong><\/h3>\n<\/li>\n<\/ul>\n<\/div><div class=\"fusion-builder-row fusion-builder-row-inner fusion-row\"><div class=\"fusion-layout-column fusion_builder_column_inner fusion-builder-nested-column-2 fusion_builder_column_inner_1_3 1_3 fusion-one-third fusion-column-first\" style=\"width:33.333333333333%;width:calc(33.333333333333% - ( ( 4% ) * 0.33333333333333 ) );margin-right: 4%;margin-top:0px;margin-bottom:20px;\"><div class=\"fusion-column-wrapper fusion-flex-column-wrapper-legacy\" style=\"background-position:left top;background-repeat:no-repeat;-webkit-background-size:cover;-moz-background-size:cover;-o-background-size:cover;background-size:cover;padding: 0px 0px 0px 0px;\"><span class=\" fusion-imageframe imageframe-none imageframe-2 hover-type-none\"><img decoding=\"async\" width=\"776\" height=\"359\" title=\"Foto ETECNIC Best Practices\" src=\"https:\/\/www.mobilityinstitute.es\/wp-content\/uploads\/2020\/03\/www.mobilityinstitute.es-foto-etecnic-best-practices-2.png\" data-orig-src=\"https:\/\/www.mobilityinstitute.es\/wp-content\/uploads\/2020\/03\/www.mobilityinstitute.es-foto-etecnic-best-practices-2.png\" alt class=\"lazyload img-responsive wp-image-4084\" srcset=\"data:image\/svg+xml,%3Csvg%20xmlns%3D%27http%3A%2F%2Fwww.w3.org%2F2000%2Fsvg%27%20width%3D%27776%27%20height%3D%27359%27%20viewBox%3D%270%200%20776%20359%27%3E%3Crect%20width%3D%27776%27%20height%3D%27359%27%20fill-opacity%3D%220%22%2F%3E%3C%2Fsvg%3E\" data-srcset=\"https:\/\/www.mobilityinstitute.es\/wp-content\/uploads\/2020\/03\/www.mobilityinstitute.es-foto-etecnic-best-practices-2-200x93.png 200w, https:\/\/www.mobilityinstitute.es\/wp-content\/uploads\/2020\/03\/www.mobilityinstitute.es-foto-etecnic-best-practices-2-400x185.png 400w, https:\/\/www.mobilityinstitute.es\/wp-content\/uploads\/2020\/03\/www.mobilityinstitute.es-foto-etecnic-best-practices-2-600x278.png 600w, https:\/\/www.mobilityinstitute.es\/wp-content\/uploads\/2020\/03\/www.mobilityinstitute.es-foto-etecnic-best-practices-2.png 776w\" data-sizes=\"auto\" data-orig-sizes=\"(max-width: 800px) 100vw, 400px\" \/><\/span><div class=\"fusion-clearfix\"><\/div><\/div><\/div><div class=\"fusion-layout-column fusion_builder_column_inner fusion-builder-nested-column-3 fusion_builder_column_inner_2_3 2_3 fusion-two-third fusion-column-last\" style=\"width:66.666666666667%;width:calc(66.666666666667% - ( ( 4% ) * 0.66666666666667 ) );margin-top:0px;margin-bottom:20px;\"><div class=\"fusion-column-wrapper fusion-flex-column-wrapper-legacy\" style=\"background-position:left top;background-repeat:no-repeat;-webkit-background-size:cover;-moz-background-size:cover;-o-background-size:cover;background-size:cover;padding: 0px 0px 0px 0px;\"><div class=\"fusion-text fusion-text-12\"><p><strong>Etecnic<\/strong> \u00e9s una empresa <strong>l\u00edder en projectes d&#8217;instal\u00b7lacions de punts de rec\u00e0rrega<\/strong> de vehicles el\u00e8ctrics. Per aix\u00f2, el Mobility Institute els ha demanat <strong>col\u00b7laboraci\u00f3 en la redacci\u00f3 de la monografia<\/strong> que hem publicat al mar\u00e7 de 2020 &#8220;Perspectives de el vehicle el\u00e8ctric a Espanya&#8221;. Per la nostra part agra\u00efm la seva col\u00b7laboraci\u00f3 alhora que des Etecnic valoren que en portada aparegui la seva imatge com a col\u00b7laborador de el document. \u00c9s un possible cam\u00ed a seguir per altres associats.<\/p>\n<\/div><div class=\"fusion-clearfix\"><\/div><\/div><\/div><\/div><div class=\"fusion-clearfix\"><\/div><\/div><\/div><\/div><\/div><\/p>\n","protected":false},"excerpt":{"rendered":"","protected":false},"author":1,"featured_media":0,"parent":10,"menu_order":209,"comment_status":"closed","ping_status":"closed","template":"100-width.php","meta":{"footnotes":""},"yst_prominent_words":[377,376,362,1125,1127,1120,263,1124,1122,1119,1118,1126,1123,258,256,99,97,361,273,1152],"class_list":["post-114","page","type-page","status-publish","hentry"],"_links":{"self":[{"href":"https:\/\/www.mobilityinstitute.es\/ca\/wp-json\/wp\/v2\/pages\/114","targetHints":{"allow":["GET"]}}],"collection":[{"href":"https:\/\/www.mobilityinstitute.es\/ca\/wp-json\/wp\/v2\/pages"}],"about":[{"href":"https:\/\/www.mobilityinstitute.es\/ca\/wp-json\/wp\/v2\/types\/page"}],"author":[{"embeddable":true,"href":"https:\/\/www.mobilityinstitute.es\/ca\/wp-json\/wp\/v2\/users\/1"}],"replies":[{"embeddable":true,"href":"https:\/\/www.mobilityinstitute.es\/ca\/wp-json\/wp\/v2\/comments?post=114"}],"version-history":[{"count":0,"href":"https:\/\/www.mobilityinstitute.es\/ca\/wp-json\/wp\/v2\/pages\/114\/revisions"}],"up":[{"embeddable":true,"href":"https:\/\/www.mobilityinstitute.es\/ca\/wp-json\/wp\/v2\/pages\/10"}],"wp:attachment":[{"href":"https:\/\/www.mobilityinstitute.es\/ca\/wp-json\/wp\/v2\/media?parent=114"}],"wp:term":[{"taxonomy":"yst_prominent_words","embeddable":true,"href":"https:\/\/www.mobilityinstitute.es\/ca\/wp-json\/wp\/v2\/yst_prominent_words?post=114"}],"curies":[{"name":"wp","href":"https:\/\/api.w.org\/{rel}","templated":true}]}}