{"id":225,"date":"2019-03-11T13:19:20","date_gmt":"2019-03-11T12:19:20","guid":{"rendered":"https:\/\/www.mobilityinstitute.es\/?page_id=225"},"modified":"2019-07-18T11:05:42","modified_gmt":"2019-07-18T09:05:42","slug":"plataforma-de-dades","status":"publish","type":"page","link":"https:\/\/www.mobilityinstitute.es\/ca\/que-fem\/plataforma-de-dades\/","title":{"rendered":"Plataforma de dades"},"content":{"rendered":"<p><div class=\"fusion-fullwidth fullwidth-box fusion-builder-row-1 nonhundred-percent-fullwidth non-hundred-percent-height-scrolling\" style=\"background-color: rgba(255,255,255,0);background-position: center center;background-repeat: no-repeat;padding-top:0px;padding-right:0px;padding-bottom:0px;padding-left:0px;margin-bottom: 20px;margin-top: 0px;border-width: 0px 0px 0px 0px;border-color:#eae9e9;border-style:solid;\" ><div class=\"fusion-builder-row fusion-row\"><div class=\"fusion-layout-column fusion_builder_column fusion-builder-column-0 fusion_builder_column_1_1 1_1 fusion-one-full fusion-column-first fusion-column-last\" style=\"margin-top:0px;margin-bottom:0px;\"><div class=\"fusion-column-wrapper fusion-flex-column-wrapper-legacy\" style=\"background-position:left top;background-repeat:no-repeat;-webkit-background-size:cover;-moz-background-size:cover;-o-background-size:cover;background-size:cover;padding: 0px 0px 0px 0px;\"><style type=\"text\/css\"><\/style><div class=\"fusion-title title fusion-title-1 fusion-title-text fusion-title-size-five\" style=\"margin-top:0px;margin-right:0px;margin-bottom:31px;margin-left:0px;\"><h5 class=\"title-heading-left fusion-responsive-typography-calculated\" style=\"margin:0;--fontSize:15;--minFontSize:14pt;line-height:1.5;\"><b>Dades de mobilitat<\/b><\/h5><span class=\"awb-title-spacer\"><\/span><div class=\"title-sep-container\"><div class=\"title-sep sep-double sep-solid\" style=\"border-color:#e0dede;\"><\/div><\/div><\/div><div class=\"fusion-text fusion-text-1\"><p>Conjunt d\u2019indicadors agregats de mobilitat i dades detallades de mobilitat que estaran a disposici\u00f3 de les empreses i entitats associades.<\/p>\n<\/div><div class=\"fusion-clearfix\"><\/div><\/div><\/div><\/div><\/div><div class=\"fusion-fullwidth fullwidth-box fusion-builder-row-2 nonhundred-percent-fullwidth non-hundred-percent-height-scrolling\" style=\"background-color: rgba(255,255,255,0);background-position: center center;background-repeat: no-repeat;padding-top:0px;padding-right:0px;padding-bottom:0px;padding-left:0px;margin-bottom: 40px;margin-top: 80px;border-width: 0px 0px 0px 0px;border-color:#eae9e9;border-style:solid;\" ><div class=\"fusion-builder-row fusion-row\"><div class=\"fusion-layout-column fusion_builder_column fusion-builder-column-1 fusion_builder_column_1_2 1_2 fusion-one-half fusion-column-first\" style=\"width:50%;width:calc(50% - ( ( 4% ) * 0.5 ) );margin-right: 4%;margin-top:0px;margin-bottom:20px;\"><div class=\"fusion-column-wrapper fusion-flex-column-wrapper-legacy\" style=\"background-position:left top;background-repeat:no-repeat;-webkit-background-size:cover;-moz-background-size:cover;-o-background-size:cover;background-size:cover;padding: 0px 0px 0px 0px;\"><style type=\"text\/css\"><\/style><div class=\"fusion-title title fusion-title-2 fusion-title-text fusion-title-size-five\" style=\"margin-top:0px;margin-right:0px;margin-bottom:31px;margin-left:0px;\"><h5 class=\"title-heading-left fusion-responsive-typography-calculated\" style=\"margin:0;--fontSize:15;--minFontSize:14pt;line-height:1.5;\">Indicadors de mobilitat<\/h5><span class=\"awb-title-spacer\"><\/span><div class=\"title-sep-container\"><div class=\"title-sep sep-double sep-solid\" style=\"border-color:#e0dede;\"><\/div><\/div><\/div><div class=\"fusion-text fusion-text-2\"><p>Conjunt d\u2019indicadors agregats de mobilitat d\u2019actualitzaci\u00f3 semestral.<\/p>\n<p>Estaran a disposici\u00f3 de les empreses i entitats associades.<\/p>\n<p>Els indicadors estaran ordenats per diferents tem\u00e0tiques.<\/p>\n<\/div><div class=\"fusion-clearfix\"><\/div><\/div><\/div><div class=\"fusion-layout-column fusion_builder_column fusion-builder-column-2 fusion_builder_column_1_2 1_2 fusion-one-half fusion-column-last\" style=\"width:50%;width:calc(50% - ( ( 4% ) * 0.5 ) );margin-top:0px;margin-bottom:20px;\"><div class=\"fusion-column-wrapper fusion-flex-column-wrapper-legacy\" style=\"background-position:left top;background-repeat:no-repeat;-webkit-background-size:cover;-moz-background-size:cover;-o-background-size:cover;background-size:cover;padding: 0px 0px 0px 0px;\"><style type=\"text\/css\"><\/style><div class=\"fusion-title title fusion-title-3 fusion-title-text fusion-title-size-five\" style=\"margin-top:0px;margin-right:0px;margin-bottom:31px;margin-left:0px;\"><h5 class=\"title-heading-left fusion-responsive-typography-calculated\" style=\"margin:0;--fontSize:15;--minFontSize:14pt;line-height:1.5;\">Enquesta usuaris MAD i BCN<\/h5><span class=\"awb-title-spacer\"><\/span><div class=\"title-sep-container\"><div class=\"title-sep sep-double sep-solid\" style=\"border-color:#e0dede;\"><\/div><\/div><\/div><div class=\"fusion-text fusion-text-3\"><div class=\"panel-heading\">Acc\u00e9s al Bar\u00f2metre de la Mobilitat, que \u00e9s una enquesta que medeix de manera cont\u00ednua els nous h\u00e0bits de mobilitat urbana.<\/div>\n<\/div><div class=\"fusion-clearfix\"><\/div><\/div><\/div><div class=\"fusion-layout-column fusion_builder_column fusion-builder-column-3 fusion_builder_column_1_2 1_2 fusion-one-half fusion-column-first\" style=\"width:50%;width:calc(50% - ( ( 4% ) * 0.5 ) );margin-right: 4%;margin-top:0px;margin-bottom:20px;\"><div class=\"fusion-column-wrapper fusion-flex-column-wrapper-legacy\" style=\"background-position:left top;background-repeat:no-repeat;-webkit-background-size:cover;-moz-background-size:cover;-o-background-size:cover;background-size:cover;padding: 0px 0px 0px 0px;\"><div class=\"imageframe-align-center\"><span class=\" fusion-imageframe imageframe-none imageframe-1 hover-type-none\" style=\"border:1px solid #000000;\"><img decoding=\"async\" width=\"300\" height=\"169\" title=\"Imagenes\" src=\"https:\/\/www.mobilityinstitute.es\/wp-content\/uploads\/2019\/05\/www.mobilityinstitute.es-plataforma-de-dades-imagenes-1.jpg\" data-orig-src=\"https:\/\/www.mobilityinstitute.es\/wp-content\/uploads\/2019\/05\/www.mobilityinstitute.es-plataforma-de-dades-imagenes-1-300x169.jpg\" alt class=\"lazyload img-responsive wp-image-1714\" srcset=\"data:image\/svg+xml,%3Csvg%20xmlns%3D%27http%3A%2F%2Fwww.w3.org%2F2000%2Fsvg%27%20width%3D%271280%27%20height%3D%27720%27%20viewBox%3D%270%200%201280%20720%27%3E%3Crect%20width%3D%271280%27%20height%3D%27720%27%20fill-opacity%3D%220%22%2F%3E%3C%2Fsvg%3E\" data-srcset=\"https:\/\/www.mobilityinstitute.es\/wp-content\/uploads\/2019\/05\/www.mobilityinstitute.es-plataforma-de-dades-imagenes-1-200x113.jpg 200w, https:\/\/www.mobilityinstitute.es\/wp-content\/uploads\/2019\/05\/www.mobilityinstitute.es-plataforma-de-dades-imagenes-1-400x225.jpg 400w, https:\/\/www.mobilityinstitute.es\/wp-content\/uploads\/2019\/05\/www.mobilityinstitute.es-plataforma-de-dades-imagenes-1-600x338.jpg 600w, https:\/\/www.mobilityinstitute.es\/wp-content\/uploads\/2019\/05\/www.mobilityinstitute.es-plataforma-de-dades-imagenes-1-800x450.jpg 800w, https:\/\/www.mobilityinstitute.es\/wp-content\/uploads\/2019\/05\/www.mobilityinstitute.es-plataforma-de-dades-imagenes-1-1200x675.jpg 1200w, https:\/\/www.mobilityinstitute.es\/wp-content\/uploads\/2019\/05\/www.mobilityinstitute.es-plataforma-de-dades-imagenes-1.jpg 1280w\" data-sizes=\"auto\" data-orig-sizes=\"(max-width: 800px) 100vw, 600px\" \/><\/span><\/div><div class=\"fusion-clearfix\"><\/div><\/div><\/div><div class=\"fusion-layout-column fusion_builder_column fusion-builder-column-4 fusion_builder_column_1_2 1_2 fusion-one-half fusion-column-last\" style=\"width:50%;width:calc(50% - ( ( 4% ) * 0.5 ) );margin-top:0px;margin-bottom:20px;\"><div class=\"fusion-column-wrapper fusion-flex-column-wrapper-legacy\" style=\"background-position:left top;background-repeat:no-repeat;-webkit-background-size:cover;-moz-background-size:cover;-o-background-size:cover;background-size:cover;padding: 0px 0px 0px 0px;\"><div class=\"imageframe-align-center\"><span class=\" fusion-imageframe imageframe-none imageframe-2 hover-type-none\" style=\"border:1px solid #000000;\"><img decoding=\"async\" width=\"300\" height=\"169\" title=\"Imagenes5\" src=\"https:\/\/www.mobilityinstitute.es\/wp-content\/uploads\/2019\/07\/www.mobilityinstitute.es-plataforma-de-dades-imagenes5.jpg\" data-orig-src=\"https:\/\/www.mobilityinstitute.es\/wp-content\/uploads\/2019\/07\/www.mobilityinstitute.es-plataforma-de-dades-imagenes5-300x169.jpg\" alt class=\"lazyload img-responsive wp-image-2622\" srcset=\"data:image\/svg+xml,%3Csvg%20xmlns%3D%27http%3A%2F%2Fwww.w3.org%2F2000%2Fsvg%27%20width%3D%271280%27%20height%3D%27720%27%20viewBox%3D%270%200%201280%20720%27%3E%3Crect%20width%3D%271280%27%20height%3D%27720%27%20fill-opacity%3D%220%22%2F%3E%3C%2Fsvg%3E\" data-srcset=\"https:\/\/www.mobilityinstitute.es\/wp-content\/uploads\/2019\/07\/www.mobilityinstitute.es-plataforma-de-dades-imagenes5-200x113.jpg 200w, https:\/\/www.mobilityinstitute.es\/wp-content\/uploads\/2019\/07\/www.mobilityinstitute.es-plataforma-de-dades-imagenes5-400x225.jpg 400w, https:\/\/www.mobilityinstitute.es\/wp-content\/uploads\/2019\/07\/www.mobilityinstitute.es-plataforma-de-dades-imagenes5-600x338.jpg 600w, https:\/\/www.mobilityinstitute.es\/wp-content\/uploads\/2019\/07\/www.mobilityinstitute.es-plataforma-de-dades-imagenes5-800x450.jpg 800w, https:\/\/www.mobilityinstitute.es\/wp-content\/uploads\/2019\/07\/www.mobilityinstitute.es-plataforma-de-dades-imagenes5-1200x675.jpg 1200w, https:\/\/www.mobilityinstitute.es\/wp-content\/uploads\/2019\/07\/www.mobilityinstitute.es-plataforma-de-dades-imagenes5.jpg 1280w\" data-sizes=\"auto\" data-orig-sizes=\"(max-width: 800px) 100vw, 600px\" \/><\/span><\/div><div class=\"fusion-clearfix\"><\/div><\/div><\/div><div class=\"fusion-layout-column fusion_builder_column fusion-builder-column-5 fusion_builder_column_1_2 1_2 fusion-one-half fusion-column-first\" style=\"width:50%;width:calc(50% - ( ( 4% ) * 0.5 ) );margin-right: 4%;margin-top:0px;margin-bottom:20px;\"><div class=\"fusion-column-wrapper fusion-flex-column-wrapper-legacy\" style=\"background-position:left top;background-repeat:no-repeat;-webkit-background-size:cover;-moz-background-size:cover;-o-background-size:cover;background-size:cover;padding: 0px 0px 0px 0px;\"><style type=\"text\/css\"><\/style><div class=\"fusion-title title fusion-title-4 fusion-title-text fusion-title-size-five\" style=\"margin-top:0px;margin-right:0px;margin-bottom:31px;margin-left:0px;\"><h5 class=\"title-heading-left fusion-responsive-typography-calculated\" style=\"margin:0;--fontSize:15;--minFontSize:14pt;line-height:1.5;\">Informaci\u00f3 de dades de tr\u00e0nsit<\/h5><span class=\"awb-title-spacer\"><\/span><div class=\"title-sep-container\"><div class=\"title-sep sep-double sep-solid\" style=\"border-color:#e0dede;\"><\/div><\/div><\/div><div class=\"fusion-text fusion-text-4\"><div class=\"panel-heading\">Informaci\u00f3 de tr\u00e0nsit (velocitats, congestions, incid\u00e8ncies, matrius O\/D, trips) de la xarxa vi\u00e0ria espanyola i europea en temps real i a nivell hist\u00f2ric.<\/div>\n<div id=\"collapse-6-1544\" class=\"panel-collapse collapse in\">\n<p>Possibilitat de fer estudis en detall d&#8217;\u00e0rees concretes.<\/p>\n<\/div>\n<\/div><div class=\"fusion-clearfix\"><\/div><\/div><\/div><div class=\"fusion-layout-column fusion_builder_column fusion-builder-column-6 fusion_builder_column_1_2 1_2 fusion-one-half fusion-column-last\" style=\"width:50%;width:calc(50% - ( ( 4% ) * 0.5 ) );margin-top:0px;margin-bottom:20px;\"><div class=\"fusion-column-wrapper fusion-flex-column-wrapper-legacy\" style=\"background-position:left top;background-repeat:no-repeat;-webkit-background-size:cover;-moz-background-size:cover;-o-background-size:cover;background-size:cover;padding: 0px 0px 0px 0px;\"><style type=\"text\/css\"><\/style><div class=\"fusion-title title fusion-title-5 fusion-title-text fusion-title-size-five\" style=\"margin-top:0px;margin-right:0px;margin-bottom:31px;margin-left:0px;\"><h5 class=\"title-heading-left fusion-responsive-typography-calculated\" style=\"margin:0;--fontSize:15;--minFontSize:14pt;line-height:1.5;\">Dades de mobilitat compartida<\/h5><span class=\"awb-title-spacer\"><\/span><div class=\"title-sep-container\"><div class=\"title-sep sep-double sep-solid\" style=\"border-color:#e0dede;\"><\/div><\/div><\/div><div class=\"fusion-text fusion-text-5\"><p>Dades d&#8217;utilitzaci\u00f3 dels serveis de mobilitat compartida.<\/p>\n<\/div><div class=\"fusion-clearfix\"><\/div><\/div><\/div><div class=\"fusion-layout-column fusion_builder_column fusion-builder-column-7 fusion_builder_column_1_2 1_2 fusion-one-half fusion-column-first\" style=\"width:50%;width:calc(50% - ( ( 4% ) * 0.5 ) );margin-right: 4%;margin-top:0px;margin-bottom:20px;\"><div class=\"fusion-column-wrapper fusion-flex-column-wrapper-legacy\" style=\"background-position:left top;background-repeat:no-repeat;-webkit-background-size:cover;-moz-background-size:cover;-o-background-size:cover;background-size:cover;padding: 0px 0px 0px 0px;\"><div class=\"imageframe-align-center\"><span class=\" fusion-imageframe imageframe-none imageframe-3 hover-type-none\" style=\"border:1px solid #3a3a3a;\"><img decoding=\"async\" width=\"300\" height=\"169\" title=\"Imagenes2\" src=\"https:\/\/www.mobilityinstitute.es\/wp-content\/uploads\/2019\/05\/www.mobilityinstitute.es-plataforma-de-dades-imagenes2-1.jpg\" data-orig-src=\"https:\/\/www.mobilityinstitute.es\/wp-content\/uploads\/2019\/05\/www.mobilityinstitute.es-plataforma-de-dades-imagenes2-1-300x169.jpg\" alt class=\"lazyload img-responsive wp-image-1711\" srcset=\"data:image\/svg+xml,%3Csvg%20xmlns%3D%27http%3A%2F%2Fwww.w3.org%2F2000%2Fsvg%27%20width%3D%271280%27%20height%3D%27720%27%20viewBox%3D%270%200%201280%20720%27%3E%3Crect%20width%3D%271280%27%20height%3D%27720%27%20fill-opacity%3D%220%22%2F%3E%3C%2Fsvg%3E\" data-srcset=\"https:\/\/www.mobilityinstitute.es\/wp-content\/uploads\/2019\/05\/www.mobilityinstitute.es-plataforma-de-dades-imagenes2-1-200x113.jpg 200w, https:\/\/www.mobilityinstitute.es\/wp-content\/uploads\/2019\/05\/www.mobilityinstitute.es-plataforma-de-dades-imagenes2-1-400x225.jpg 400w, https:\/\/www.mobilityinstitute.es\/wp-content\/uploads\/2019\/05\/www.mobilityinstitute.es-plataforma-de-dades-imagenes2-1-600x338.jpg 600w, https:\/\/www.mobilityinstitute.es\/wp-content\/uploads\/2019\/05\/www.mobilityinstitute.es-plataforma-de-dades-imagenes2-1-800x450.jpg 800w, https:\/\/www.mobilityinstitute.es\/wp-content\/uploads\/2019\/05\/www.mobilityinstitute.es-plataforma-de-dades-imagenes2-1-1200x675.jpg 1200w, https:\/\/www.mobilityinstitute.es\/wp-content\/uploads\/2019\/05\/www.mobilityinstitute.es-plataforma-de-dades-imagenes2-1.jpg 1280w\" data-sizes=\"auto\" data-orig-sizes=\"(max-width: 800px) 100vw, 600px\" \/><\/span><\/div><div class=\"fusion-clearfix\"><\/div><\/div><\/div><div class=\"fusion-layout-column fusion_builder_column fusion-builder-column-8 fusion_builder_column_1_2 1_2 fusion-one-half fusion-column-last\" style=\"width:50%;width:calc(50% - ( ( 4% ) * 0.5 ) );margin-top:0px;margin-bottom:20px;\"><div class=\"fusion-column-wrapper fusion-flex-column-wrapper-legacy\" style=\"background-position:left top;background-repeat:no-repeat;-webkit-background-size:cover;-moz-background-size:cover;-o-background-size:cover;background-size:cover;padding: 0px 0px 0px 0px;\"><div class=\"imageframe-align-center\"><span class=\" fusion-imageframe imageframe-none imageframe-4 hover-type-none\" style=\"border:1px solid #000000;\"><img decoding=\"async\" width=\"300\" height=\"169\" title=\"Imagenes3\" src=\"https:\/\/www.mobilityinstitute.es\/wp-content\/uploads\/2019\/05\/www.mobilityinstitute.es-plataforma-de-dades-imagenes3.jpg\" data-orig-src=\"https:\/\/www.mobilityinstitute.es\/wp-content\/uploads\/2019\/05\/www.mobilityinstitute.es-plataforma-de-dades-imagenes3-300x169.jpg\" alt class=\"lazyload img-responsive wp-image-1721\" srcset=\"data:image\/svg+xml,%3Csvg%20xmlns%3D%27http%3A%2F%2Fwww.w3.org%2F2000%2Fsvg%27%20width%3D%271280%27%20height%3D%27720%27%20viewBox%3D%270%200%201280%20720%27%3E%3Crect%20width%3D%271280%27%20height%3D%27720%27%20fill-opacity%3D%220%22%2F%3E%3C%2Fsvg%3E\" data-srcset=\"https:\/\/www.mobilityinstitute.es\/wp-content\/uploads\/2019\/05\/www.mobilityinstitute.es-plataforma-de-dades-imagenes3-200x113.jpg 200w, https:\/\/www.mobilityinstitute.es\/wp-content\/uploads\/2019\/05\/www.mobilityinstitute.es-plataforma-de-dades-imagenes3-400x225.jpg 400w, https:\/\/www.mobilityinstitute.es\/wp-content\/uploads\/2019\/05\/www.mobilityinstitute.es-plataforma-de-dades-imagenes3-600x338.jpg 600w, https:\/\/www.mobilityinstitute.es\/wp-content\/uploads\/2019\/05\/www.mobilityinstitute.es-plataforma-de-dades-imagenes3-800x450.jpg 800w, https:\/\/www.mobilityinstitute.es\/wp-content\/uploads\/2019\/05\/www.mobilityinstitute.es-plataforma-de-dades-imagenes3-1200x675.jpg 1200w, https:\/\/www.mobilityinstitute.es\/wp-content\/uploads\/2019\/05\/www.mobilityinstitute.es-plataforma-de-dades-imagenes3.jpg 1280w\" data-sizes=\"auto\" data-orig-sizes=\"(max-width: 800px) 100vw, 600px\" \/><\/span><\/div><div class=\"fusion-clearfix\"><\/div><\/div><\/div><\/div><\/div><div class=\"fusion-fullwidth fullwidth-box fusion-builder-row-3 nonhundred-percent-fullwidth non-hundred-percent-height-scrolling\" style=\"background-color: rgba(255,255,255,0);background-position: center center;background-repeat: no-repeat;padding-top:0px;padding-right:0px;padding-bottom:0px;padding-left:0px;margin-bottom: 20px;margin-top: 0px;border-width: 0px 0px 0px 0px;border-color:#eae9e9;border-style:solid;\" ><div class=\"fusion-builder-row fusion-row\"><\/div><\/div><div class=\"fusion-fullwidth fullwidth-box fusion-builder-row-4 nonhundred-percent-fullwidth non-hundred-percent-height-scrolling\" style=\"background-color: rgba(255,255,255,0);background-position: center center;background-repeat: no-repeat;padding-top:0px;padding-right:0px;padding-bottom:0px;padding-left:0px;margin-bottom: 80px;margin-top: 0px;border-width: 0px 0px 0px 0px;border-color:#eae9e9;border-style:solid;\" ><div class=\"fusion-builder-row fusion-row\"><div class=\"fusion-layout-column fusion_builder_column fusion-builder-column-9 fusion_builder_column_1_1 1_1 fusion-one-full fusion-column-first fusion-column-last\" style=\"margin-top:0px;margin-bottom:20px;\"><div class=\"fusion-column-wrapper fusion-flex-column-wrapper-legacy\" style=\"background-position:left top;background-repeat:no-repeat;-webkit-background-size:cover;-moz-background-size:cover;-o-background-size:cover;background-size:cover;padding: 0px 0px 0px 0px;\"><div class=\"fusion-clearfix\"><\/div><\/div><\/div><\/div><\/div><\/p>\n","protected":false},"excerpt":{"rendered":"","protected":false},"author":1,"featured_media":0,"parent":10,"menu_order":186,"comment_status":"closed","ping_status":"closed","template":"","meta":{"footnotes":""},"yst_prominent_words":[],"class_list":["post-225","page","type-page","status-publish","hentry"],"_links":{"self":[{"href":"https:\/\/www.mobilityinstitute.es\/ca\/wp-json\/wp\/v2\/pages\/225","targetHints":{"allow":["GET"]}}],"collection":[{"href":"https:\/\/www.mobilityinstitute.es\/ca\/wp-json\/wp\/v2\/pages"}],"about":[{"href":"https:\/\/www.mobilityinstitute.es\/ca\/wp-json\/wp\/v2\/types\/page"}],"author":[{"embeddable":true,"href":"https:\/\/www.mobilityinstitute.es\/ca\/wp-json\/wp\/v2\/users\/1"}],"replies":[{"embeddable":true,"href":"https:\/\/www.mobilityinstitute.es\/ca\/wp-json\/wp\/v2\/comments?post=225"}],"version-history":[{"count":0,"href":"https:\/\/www.mobilityinstitute.es\/ca\/wp-json\/wp\/v2\/pages\/225\/revisions"}],"up":[{"embeddable":true,"href":"https:\/\/www.mobilityinstitute.es\/ca\/wp-json\/wp\/v2\/pages\/10"}],"wp:attachment":[{"href":"https:\/\/www.mobilityinstitute.es\/ca\/wp-json\/wp\/v2\/media?parent=225"}],"wp:term":[{"taxonomy":"yst_prominent_words","embeddable":true,"href":"https:\/\/www.mobilityinstitute.es\/ca\/wp-json\/wp\/v2\/yst_prominent_words?post=225"}],"curies":[{"name":"wp","href":"https:\/\/api.w.org\/{rel}","templated":true}]}}