{"id":3186,"date":"2019-12-03T10:34:43","date_gmt":"2019-12-03T09:34:43","guid":{"rendered":"https:\/\/www.mobilityinstitute.es\/mobility-talks\/"},"modified":"2020-09-17T12:28:36","modified_gmt":"2020-09-17T10:28:36","slug":"mobility-talks","status":"publish","type":"page","link":"https:\/\/www.mobilityinstitute.es\/ca\/mobility-talks\/","title":{"rendered":"Mobility Talks &#8211; Smart City (Novembre 2019)"},"content":{"rendered":"<div class=\"fusion-fullwidth fullwidth-box fusion-builder-row-1 nonhundred-percent-fullwidth non-hundred-percent-height-scrolling\" style=\"background-color: rgba(255,255,255,0);background-position: center center;background-repeat: no-repeat;padding-top:0px;padding-right:0px;padding-bottom:0px;padding-left:0px;margin-bottom: 0px;margin-top: 0px;border-width: 0px 0px 0px 0px;border-color:#eae9e9;border-style:solid;\" ><div class=\"fusion-builder-row fusion-row\"><div class=\"fusion-layout-column fusion_builder_column fusion-builder-column-0 fusion_builder_column_1_1 1_1 fusion-one-full fusion-column-first fusion-column-last\" style=\"margin-top:0px;margin-bottom:20px;\"><div class=\"fusion-column-wrapper fusion-flex-column-wrapper-legacy\" style=\"background-position:left top;background-repeat:no-repeat;-webkit-background-size:cover;-moz-background-size:cover;-o-background-size:cover;background-size:cover;padding: 0px 0px 0px 0px;\"><div class=\"fusion-text fusion-text-1\"><p>El passat 18 de novembre es va celebrar el primer <strong>Mobility Talks <\/strong>en el recinte de la Fira de Barcelona (Gran Via L&#8217;Hospitalet)<\/p>\n<p>El programa de l&#8217;esdeveniment va ser el seg\u00fcent:<\/p>\n<\/div><div class=\"fusion-sep-clear\"><\/div><div class=\"fusion-separator fusion-full-width-sep\" style=\"margin-left: auto;margin-right: auto;margin-top:4px;margin-bottom:4px;width:100%;\"><div class=\"fusion-separator-border sep-double\" style=\"border-color:#ffffff;border-top-width:1px;border-bottom-width:1px;\"><\/div><\/div><div class=\"fusion-sep-clear\"><\/div><div class=\"imageframe-align-center\"><span class=\" fusion-imageframe imageframe-none imageframe-1 hover-type-none\"><img decoding=\"async\" width=\"625\" height=\"343\" title=\"Agenda Web3\" src=\"https:\/\/www.mobilityinstitute.es\/wp-content\/uploads\/2019\/11\/www.mobilityinstitute.es-mobility-talks-agenda-web3.png\" data-orig-src=\"https:\/\/www.mobilityinstitute.es\/wp-content\/uploads\/2019\/11\/www.mobilityinstitute.es-mobility-talks-agenda-web3.png\" alt class=\"lazyload img-responsive wp-image-3107\" srcset=\"data:image\/svg+xml,%3Csvg%20xmlns%3D%27http%3A%2F%2Fwww.w3.org%2F2000%2Fsvg%27%20width%3D%27625%27%20height%3D%27343%27%20viewBox%3D%270%200%20625%20343%27%3E%3Crect%20width%3D%27625%27%20height%3D%27343%27%20fill-opacity%3D%220%22%2F%3E%3C%2Fsvg%3E\" data-srcset=\"https:\/\/www.mobilityinstitute.es\/wp-content\/uploads\/2019\/11\/www.mobilityinstitute.es-mobility-talks-agenda-web3-200x110.png 200w, https:\/\/www.mobilityinstitute.es\/wp-content\/uploads\/2019\/11\/www.mobilityinstitute.es-mobility-talks-agenda-web3-400x220.png 400w, https:\/\/www.mobilityinstitute.es\/wp-content\/uploads\/2019\/11\/www.mobilityinstitute.es-mobility-talks-agenda-web3-600x329.png 600w, https:\/\/www.mobilityinstitute.es\/wp-content\/uploads\/2019\/11\/www.mobilityinstitute.es-mobility-talks-agenda-web3.png 625w\" data-sizes=\"auto\" data-orig-sizes=\"(max-width: 800px) 100vw, 625px\" \/><\/span><\/div><div class=\"fusion-sep-clear\"><\/div><div class=\"fusion-separator fusion-full-width-sep\" style=\"margin-left: auto;margin-right: auto;margin-top:4px;margin-bottom:4px;width:100%;\"><div class=\"fusion-separator-border sep-double\" style=\"border-color:#ffffff;border-top-width:1px;border-bottom-width:1px;\"><\/div><\/div><div class=\"fusion-sep-clear\"><\/div><div class=\"fusion-text fusion-text-2\"><p>Des del <strong>Mobility Institute <\/strong>volem agrair\u00a0 especialment la pres\u00e8ncia d&#8217;<strong>UBER<\/strong> (Mitjan\u00e7ant Yuri Fern\u00e1ndez, Director de Comunicaci\u00f3 Sud d&#8217;Europa) per a la seva pon\u00e8ncia sobre la seva estrat\u00e8gia futura de serveis de mobilitat i, per suposat, a la resta d&#8217;entitats p\u00fabliques i privades que es van registrar per a poder assistir a l&#8217;esdeveniment:<\/p>\n<\/div><div class=\"fusion-sep-clear\"><\/div><div class=\"fusion-separator fusion-full-width-sep\" style=\"margin-left: auto;margin-right: auto;margin-top:4px;margin-bottom:4px;width:100%;\"><div class=\"fusion-separator-border sep-double\" style=\"border-color:#ffffff;border-top-width:1px;border-bottom-width:1px;\"><\/div><\/div><div class=\"fusion-sep-clear\"><\/div><div class=\"fusion-text fusion-text-3\"><h4><b>ABERTIS AUTOPISTAS,\u00a0 ACCIONA MOBILITY, \u00c0REA METROPOLITANA DE BARCELONA (AMB), AUTORITAT DEL TRANSPORT METROPOLIT\u00c0 (ATM), AUTOM\u00d2BIL CLUB D&#8217;ANDORRA, AYUNTAMIENTO DE BARCELONA, AYUNTAMIENTO DE L\u2019HOSPITALET DE LLOBREGAT, BIP&amp;DRIVE, BLULAIN, CINESI, COL\u00b7LEGI DE CAMINS, CANALS I PORTS, DELOITTE, DOYMO, ETECNIC MOVILIDAD ELECTRICA, EUROPCAR,<\/b><b> GENERALITAT DE CATALUNYA, <\/b><b>GRUPO CATALANA OCCIDENTE, IFEMA, INTRA, MOBIKE, MOVENTIA, MOVO, N\u00da\u00d1EZ Y NAVARRO, ONBOARD VENTURES, RACC, REBY RIDES, RENFE, SABA, SABADELL RENTING, SAGAL\u00c9S, SCOOT NETWORKS, SERVEI CATAL\u00c0 DE TR\u00c0NSIT, SIX-TER, SOCIAL CAR, TEKIA INGENIEROS, TRANSPORTS METROPOLITANS DE BARCELONA (TMB) y TRAXALL IBERIA.<\/b><\/h4>\n<\/div><div class=\"fusion-sep-clear\"><\/div><div class=\"fusion-separator fusion-full-width-sep\" style=\"margin-left: auto;margin-right: auto;margin-top:4px;margin-bottom:4px;width:100%;\"><div class=\"fusion-separator-border sep-double\" style=\"border-color:#ffffff;border-top-width:1px;border-bottom-width:1px;\"><\/div><\/div><div class=\"fusion-sep-clear\"><\/div><div class=\"fusion-text fusion-text-4\"><p>Incloem acc\u00e9s a les pon\u00e8ncies realitzades des del Mobility Institute:<\/p>\n<\/div><div class=\"fusion-sep-clear\"><\/div><div class=\"fusion-separator fusion-full-width-sep\" style=\"margin-left: auto;margin-right: auto;margin-top:4px;margin-bottom:4px;width:100%;\"><div class=\"fusion-separator-border sep-double\" style=\"border-color:#ffffff;border-top-width:1px;border-bottom-width:1px;\"><\/div><\/div><div class=\"fusion-sep-clear\"><\/div><div class=\"fusion-clearfix\"><\/div><\/div><\/div><div class=\"fusion-layout-column fusion_builder_column fusion-builder-column-1 fusion_builder_column_1_2 1_2 fusion-one-half fusion-column-first\" style=\"width:50%;width:calc(50% - ( ( 4% ) * 0.5 ) );margin-right: 4%;margin-top:0px;margin-bottom:20px;\"><div class=\"fusion-column-wrapper fusion-flex-column-wrapper-legacy\" style=\"background-position:left top;background-repeat:no-repeat;-webkit-background-size:cover;-moz-background-size:cover;-o-background-size:cover;background-size:cover;padding: 0px 0px 0px 0px;\"><div class=\"fusion-sep-clear\"><\/div><div class=\"fusion-separator fusion-full-width-sep\" style=\"margin-left: auto;margin-right: auto;margin-top:4px;margin-bottom:4px;width:100%;\"><div class=\"fusion-separator-border sep-double\" style=\"border-color:#ffffff;border-top-width:1px;border-bottom-width:1px;\"><\/div><\/div><div class=\"fusion-sep-clear\"><\/div><div class=\"fusion-sep-clear\"><\/div><div class=\"fusion-separator fusion-full-width-sep\" style=\"margin-left: auto;margin-right: auto;width:100%;\"><div class=\"fusion-separator-border sep-double\" style=\"border-color:#ffffff;border-top-width:1px;border-bottom-width:1px;\"><\/div><\/div><div class=\"fusion-sep-clear\"><\/div><div class=\"fusion-text fusion-text-5\">\r\n\r\n\r\n<div class=\"fusion-login-box fusion-login-box-1 fusion-login-box-login fusion-login-align-center fusion-login-field-layout-stacked\"><style type=\"text\/css\">.fusion-login-box-1 .fusion-login-heading{color:#000;}.fusion-login-box-1 .fusion-login-caption{color:#fff;}.fusion-login-box-1 a{color:#fff;}<\/style><h3 class=\"fusion-login-heading\">Introdueix les teves credencials per a accedir al contingut<\/h3><form class=\"fusion-login-form\" style=\"background-color:rgba(0,0,0,0.68);\" name=\"loginform\" id=\"loginform\" method=\"post\" action=\"https:\/\/www.mobilityinstitute.es\/wp-login.php\"><div class=\"fusion-login-fields\"><div class=\"fusion-login-input-wrapper\"><label class=\"fusion-hidden-content\" for=\"user_login-1\">Nom d&#039;usuari o correu electr\u00f2nic<\/label><input type=\"text\" name=\"log\" placeholder=\"Nom d&#039;usuari o correu electr\u00f2nic\" value=\"\" size=\"20\" class=\"fusion-login-username input-text\" id=\"user_login-1\" \/><\/div><div class=\"fusion-login-input-wrapper\"><label class=\"fusion-hidden-content\" for=\"user_pass-1\">Clau<\/label><input type=\"password\" name=\"pwd\" placeholder=\"Clau\" value=\"\" size=\"20\" class=\"fusion-login-password input-text\" id=\"user_pass-1\" \/><\/div><\/div><div class=\"fusion-login-additional-content\"><div class=\"fusion-login-submit-wrapper\"><button class=\"fusion-login-button fusion-button button-default fusion-button-default-size fusion-login-button-no-fullwidth\" type=\"submit\" name=\"wp-submit\">Accedir<\/button><input type=\"hidden\" name=\"user-cookie\" value=\"1\" \/><input type=\"hidden\" name=\"redirect_to\" value=\"https:\/\/www.mobilityinstitute.es\/ca\/wp-json\/wp\/v2\/pages\/3186\" \/><input type=\"hidden\" name=\"fusion_login_box\" value=\"true\" \/><input type=\"hidden\" name=\"_wp_http_referer\" value=\"\/ca\/wp-json\/wp\/v2\/pages\/3186\" \/><span class=\"fusion-login-nonce\" style=\"display:none;\"><\/span><\/div><div class=\"fusion-login-links\"><label class=\"fusion-login-remember-me\"><input name=\"rememberme\" type=\"checkbox\" id=\"rememberme\" value=\"forever\" \/>Recordar<\/label><a class=\"fusion-login-lost-passowrd\" target=\"_self\" href=\"https:\/\/www.mobilityinstitute.es\/ca\/resetejar-clau\/\">No recordes la teva clau?<\/a><\/div><\/div><\/form><\/div>\r\n\r\n\n<div class=\"wpcf7 no-js\" id=\"wpcf7-f933-o1\" lang=\"ca\" dir=\"ltr\" data-wpcf7-id=\"933\">\n<div class=\"screen-reader-response\"><p role=\"status\" aria-live=\"polite\" aria-atomic=\"true\"><\/p> <ul><\/ul><\/div>\n<form action=\"\/ca\/wp-json\/wp\/v2\/pages\/3186#wpcf7-f933-o1\" method=\"post\" class=\"wpcf7-form init\" aria-label=\"Formulari de contacte\" novalidate=\"novalidate\" data-status=\"init\">\n<fieldset class=\"hidden-fields-container\"><input type=\"hidden\" name=\"_wpcf7\" value=\"933\" \/><input type=\"hidden\" name=\"_wpcf7_version\" value=\"6.1.5\" \/><input type=\"hidden\" name=\"_wpcf7_locale\" value=\"ca\" \/><input type=\"hidden\" name=\"_wpcf7_unit_tag\" value=\"wpcf7-f933-o1\" \/><input type=\"hidden\" name=\"_wpcf7_container_post\" value=\"0\" \/><input type=\"hidden\" name=\"_wpcf7_posted_data_hash\" value=\"\" \/>\n<\/fieldset>\n\n<p style=\"font-weight: 400\"><em>Aquest contingut \u00e9s exclusiu per a associats del Mobility Institute. Si vol m\u00e9s informaci\u00f3 de com associar-se, contacti amb nosaltres mitjan\u00e7ant el seg\u00fcent formulari<\/em>\n<\/p>\n<p><label> Nom*<br \/>\n<span class=\"wpcf7-form-control-wrap\" data-name=\"contactname\"><input size=\"40\" maxlength=\"400\" class=\"wpcf7-form-control wpcf7-text wpcf7-validates-as-required\" id=\"name\" aria-required=\"true\" aria-invalid=\"false\" value=\"\" type=\"text\" name=\"contactname\" \/><\/span> <\/label>\n<\/p>\n<p><label> Empresa*<br \/>\n<span class=\"wpcf7-form-control-wrap\" data-name=\"empresa\"><input size=\"40\" maxlength=\"400\" class=\"wpcf7-form-control wpcf7-text wpcf7-validates-as-required\" id=\"company\" aria-required=\"true\" aria-invalid=\"false\" value=\"\" type=\"text\" name=\"empresa\" \/><\/span> <\/label>\n<\/p>\n<p><label> Tel\u00e8fon*<br \/>\n<span class=\"wpcf7-form-control-wrap\" data-name=\"phone\"><input size=\"40\" maxlength=\"400\" class=\"wpcf7-form-control wpcf7-tel wpcf7-validates-as-required wpcf7-text wpcf7-validates-as-tel\" id=\"phone\" aria-required=\"true\" aria-invalid=\"false\" value=\"\" type=\"tel\" name=\"phone\" \/><\/span> <\/label>\n<\/p>\n<p><label> E-mail*<br \/>\n<span class=\"wpcf7-form-control-wrap\" data-name=\"email\"><input size=\"40\" maxlength=\"400\" class=\"wpcf7-form-control wpcf7-email wpcf7-validates-as-required wpcf7-text wpcf7-validates-as-email\" id=\"email\" aria-required=\"true\" aria-invalid=\"false\" value=\"\" type=\"email\" name=\"email\" \/><\/span> <\/label>\n<\/p>\n<p><label> Missatge<br \/>\n<span class=\"wpcf7-form-control-wrap\" data-name=\"message\"><textarea cols=\"40\" rows=\"10\" maxlength=\"2000\" class=\"wpcf7-form-control wpcf7-textarea\" id=\"message\" aria-invalid=\"false\" name=\"message\"><\/textarea><\/span> <\/label>\n<\/p>\n<div style=\"width:100%;text-align:center;margin-top:30px\">\n\t<p><input class=\"wpcf7-form-control wpcf7-submit has-spinner fusion-button button-flat fusion-button-round button-large button-custom button-1\" id=\"submitcontact\" type=\"submit\" value=\"Enviar\" \/>\n\t<\/p>\n<\/div><div class=\"fusion-alert alert custom alert-custom fusion-alert-center wpcf7-response-output fusion-alert-capitalize alert-dismissable\" role=\"alert\" style=\"border-width:1px;\"><div class=\"fusion-alert-content-wrapper\"><span class=\"fusion-alert-content\"><\/span><\/div><button type=\"button\" class=\"close toggle-alert\" data-dismiss=\"alert\" aria-label=\"Close\">&times;<\/button><\/div>\n<\/form>\n<\/div>\n\r\n\r\n\r\n\n<\/div><div class=\"fusion-clearfix\"><\/div><\/div><\/div><div class=\"fusion-layout-column fusion_builder_column fusion-builder-column-2 fusion_builder_column_1_2 1_2 fusion-one-half fusion-column-last\" style=\"width:50%;width:calc(50% - ( ( 4% ) * 0.5 ) );margin-top:0px;margin-bottom:20px;\"><div class=\"fusion-column-wrapper fusion-flex-column-wrapper-legacy\" style=\"background-position:left top;background-repeat:no-repeat;-webkit-background-size:cover;-moz-background-size:cover;-o-background-size:cover;background-size:cover;padding: 0px 0px 0px 0px;\"><div class=\"fusion-sep-clear\"><\/div><div class=\"fusion-separator fusion-full-width-sep\" style=\"margin-left: auto;margin-right: auto;margin-top:4px;margin-bottom:4px;width:100%;\"><div class=\"fusion-separator-border sep-double\" style=\"border-color:#ffffff;border-top-width:1px;border-bottom-width:1px;\"><\/div><\/div><div class=\"fusion-sep-clear\"><\/div><div class=\"fusion-sep-clear\"><\/div><div class=\"fusion-separator fusion-full-width-sep\" style=\"margin-left: auto;margin-right: auto;width:100%;\"><div class=\"fusion-separator-border sep-double\" style=\"border-color:#ffffff;border-top-width:1px;border-bottom-width:1px;\"><\/div><\/div><div class=\"fusion-sep-clear\"><\/div><div class=\"fusion-text fusion-text-6\">\r\n\r\n\r\n<div class=\"fusion-login-box fusion-login-box-2 fusion-login-box-login fusion-login-align-center fusion-login-field-layout-stacked\"><style type=\"text\/css\">.fusion-login-box-2 .fusion-login-heading{color:#000;}.fusion-login-box-2 .fusion-login-caption{color:#fff;}.fusion-login-box-2 a{color:#fff;}<\/style><h3 class=\"fusion-login-heading\">Introdueix les teves credencials per a accedir al contingut<\/h3><form class=\"fusion-login-form\" style=\"background-color:rgba(0,0,0,0.68);\" name=\"loginform\" id=\"loginform\" method=\"post\" action=\"https:\/\/www.mobilityinstitute.es\/wp-login.php\"><div class=\"fusion-login-fields\"><div class=\"fusion-login-input-wrapper\"><label class=\"fusion-hidden-content\" for=\"user_login-2\">Nom d&#039;usuari o correu electr\u00f2nic<\/label><input type=\"text\" name=\"log\" placeholder=\"Nom d&#039;usuari o correu electr\u00f2nic\" value=\"\" size=\"20\" class=\"fusion-login-username input-text\" id=\"user_login-2\" \/><\/div><div class=\"fusion-login-input-wrapper\"><label class=\"fusion-hidden-content\" for=\"user_pass-2\">Clau<\/label><input type=\"password\" name=\"pwd\" placeholder=\"Clau\" value=\"\" size=\"20\" class=\"fusion-login-password input-text\" id=\"user_pass-2\" \/><\/div><\/div><div class=\"fusion-login-additional-content\"><div class=\"fusion-login-submit-wrapper\"><button class=\"fusion-login-button fusion-button button-default fusion-button-default-size fusion-login-button-no-fullwidth\" type=\"submit\" name=\"wp-submit\">Accedir<\/button><input type=\"hidden\" name=\"user-cookie\" value=\"1\" \/><input type=\"hidden\" name=\"redirect_to\" value=\"https:\/\/www.mobilityinstitute.es\/ca\/wp-json\/wp\/v2\/pages\/3186\" \/><input type=\"hidden\" name=\"fusion_login_box\" value=\"true\" \/><input type=\"hidden\" name=\"_wp_http_referer\" value=\"\/ca\/wp-json\/wp\/v2\/pages\/3186\" \/><span class=\"fusion-login-nonce\" style=\"display:none;\"><\/span><\/div><div class=\"fusion-login-links\"><label class=\"fusion-login-remember-me\"><input name=\"rememberme\" type=\"checkbox\" id=\"rememberme\" value=\"forever\" \/>Recordar<\/label><a class=\"fusion-login-lost-passowrd\" target=\"_self\" href=\"https:\/\/www.mobilityinstitute.es\/ca\/resetejar-clau\/\">No recordes la teva clau?<\/a><\/div><\/div><\/form><\/div>\r\n\r\n\n<div class=\"wpcf7 no-js\" id=\"wpcf7-f933-o2\" lang=\"ca\" dir=\"ltr\" data-wpcf7-id=\"933\">\n<div class=\"screen-reader-response\"><p role=\"status\" aria-live=\"polite\" aria-atomic=\"true\"><\/p> <ul><\/ul><\/div>\n<form action=\"\/ca\/wp-json\/wp\/v2\/pages\/3186#wpcf7-f933-o2\" method=\"post\" class=\"wpcf7-form init\" aria-label=\"Formulari de contacte\" novalidate=\"novalidate\" data-status=\"init\">\n<fieldset class=\"hidden-fields-container\"><input type=\"hidden\" name=\"_wpcf7\" value=\"933\" \/><input type=\"hidden\" name=\"_wpcf7_version\" value=\"6.1.5\" \/><input type=\"hidden\" name=\"_wpcf7_locale\" value=\"ca\" \/><input type=\"hidden\" name=\"_wpcf7_unit_tag\" value=\"wpcf7-f933-o2\" \/><input type=\"hidden\" name=\"_wpcf7_container_post\" value=\"0\" \/><input type=\"hidden\" name=\"_wpcf7_posted_data_hash\" value=\"\" \/>\n<\/fieldset>\n\n<p style=\"font-weight: 400\"><em>Aquest contingut \u00e9s exclusiu per a associats del Mobility Institute. Si vol m\u00e9s informaci\u00f3 de com associar-se, contacti amb nosaltres mitjan\u00e7ant el seg\u00fcent formulari<\/em>\n<\/p>\n<p><label> Nom*<br \/>\n<span class=\"wpcf7-form-control-wrap\" data-name=\"contactname\"><input size=\"40\" maxlength=\"400\" class=\"wpcf7-form-control wpcf7-text wpcf7-validates-as-required\" aria-required=\"true\" aria-invalid=\"false\" value=\"\" type=\"text\" name=\"contactname\" \/><\/span> <\/label>\n<\/p>\n<p><label> Empresa*<br \/>\n<span class=\"wpcf7-form-control-wrap\" data-name=\"empresa\"><input size=\"40\" maxlength=\"400\" class=\"wpcf7-form-control wpcf7-text wpcf7-validates-as-required\" aria-required=\"true\" aria-invalid=\"false\" value=\"\" type=\"text\" name=\"empresa\" \/><\/span> <\/label>\n<\/p>\n<p><label> Tel\u00e8fon*<br \/>\n<span class=\"wpcf7-form-control-wrap\" data-name=\"phone\"><input size=\"40\" maxlength=\"400\" class=\"wpcf7-form-control wpcf7-tel wpcf7-validates-as-required wpcf7-text wpcf7-validates-as-tel\" aria-required=\"true\" aria-invalid=\"false\" value=\"\" type=\"tel\" name=\"phone\" \/><\/span> <\/label>\n<\/p>\n<p><label> E-mail*<br \/>\n<span class=\"wpcf7-form-control-wrap\" data-name=\"email\"><input size=\"40\" maxlength=\"400\" class=\"wpcf7-form-control wpcf7-email wpcf7-validates-as-required wpcf7-text wpcf7-validates-as-email\" aria-required=\"true\" aria-invalid=\"false\" value=\"\" type=\"email\" name=\"email\" \/><\/span> <\/label>\n<\/p>\n<p><label> Missatge<br \/>\n<span class=\"wpcf7-form-control-wrap\" data-name=\"message\"><textarea cols=\"40\" rows=\"10\" maxlength=\"2000\" class=\"wpcf7-form-control wpcf7-textarea\" aria-invalid=\"false\" name=\"message\"><\/textarea><\/span> <\/label>\n<\/p>\n<div style=\"width:100%;text-align:center;margin-top:30px\">\n\t<p><input class=\"wpcf7-form-control wpcf7-submit has-spinner fusion-button button-flat fusion-button-round button-large button-custom button-1\" type=\"submit\" value=\"Enviar\" \/>\n\t<\/p>\n<\/div><div class=\"fusion-alert alert custom alert-custom fusion-alert-center wpcf7-response-output fusion-alert-capitalize alert-dismissable\" role=\"alert\" style=\"border-width:1px;\"><div class=\"fusion-alert-content-wrapper\"><span class=\"fusion-alert-content\"><\/span><\/div><button type=\"button\" class=\"close toggle-alert\" data-dismiss=\"alert\" aria-label=\"Close\">&times;<\/button><\/div>\n<\/form>\n<\/div>\n\r\n\r\n\r\n\n<\/div><div class=\"fusion-clearfix\"><\/div><\/div><\/div><div class=\"fusion-layout-column fusion_builder_column fusion-builder-column-3 fusion_builder_column_1_1 1_1 fusion-one-full fusion-column-first fusion-column-last\" style=\"margin-top:0px;margin-bottom:20px;\"><div class=\"fusion-column-wrapper fusion-flex-column-wrapper-legacy\" style=\"background-position:left top;background-repeat:no-repeat;-webkit-background-size:cover;-moz-background-size:cover;-o-background-size:cover;background-size:cover;padding: 0px 0px 0px 0px;\"><div class=\"fusion-sep-clear\"><\/div><div class=\"fusion-separator fusion-full-width-sep\" style=\"margin-left: auto;margin-right: auto;margin-top:4px;margin-bottom:4px;width:100%;\"><div class=\"fusion-separator-border sep-double\" style=\"border-color:#ffffff;border-top-width:1px;border-bottom-width:1px;\"><\/div><\/div><div class=\"fusion-sep-clear\"><\/div><div class=\"fusion-text fusion-text-7\"><p>Incloem algunes fotografies de l&#8217;esdeveniment:<\/p>\n<\/div><div class=\"fusion-sep-clear\"><\/div><div class=\"fusion-separator fusion-full-width-sep\" style=\"margin-left: auto;margin-right: auto;width:100%;\"><div class=\"fusion-separator-border sep-double\" style=\"border-color:#ffffff;border-top-width:1px;border-bottom-width:1px;\"><\/div><\/div><div class=\"fusion-sep-clear\"><\/div><style type=\"text\/css\">.fusion-gallery-1 .fusion-gallery-image {border:0px solid #f6f6f6;}<\/style><div class=\"awb-gallery-wrapper awb-gallery-wrapper-1 button-span-no\"><div class=\"fusion-gallery fusion-gallery-container fusion-grid-3 fusion-columns-total-26 fusion-gallery-layout-grid fusion-gallery-1\" style=\"margin:-5px;\"><div style=\"padding:5px;\" class=\"fusion-grid-column fusion-gallery-column fusion-gallery-column-3 hover-type-none\"><div class=\"fusion-gallery-image\"><a href=\"https:\/\/www.mobilityinstitute.es\/wp-content\/uploads\/2019\/11\/www.mobilityinstitute.es-mobility-talks-talks-01-copia.jpg\" rel=\"noreferrer\" data-rel=\"iLightbox[gallery_image_1]\" class=\"fusion-lightbox\" target=\"_self\"><img decoding=\"async\" src=\"https:\/\/www.mobilityinstitute.es\/wp-content\/uploads\/2019\/11\/www.mobilityinstitute.es-mobility-talks-talks-01-copia.jpg\" data-orig-src=\"https:\/\/www.mobilityinstitute.es\/wp-content\/uploads\/2019\/11\/www.mobilityinstitute.es-mobility-talks-talks-01-copia.jpg\" width=\"5315\" height=\"3543\" alt=\"\" title=\"Mobility Talks. Mobility Institute RACC\" aria-label=\"Mobility Talks. Mobility Institute RACC\" class=\"lazyload img-responsive wp-image-3013\" srcset=\"data:image\/svg+xml,%3Csvg%20xmlns%3D%27http%3A%2F%2Fwww.w3.org%2F2000%2Fsvg%27%20width%3D%275315%27%20height%3D%273543%27%20viewBox%3D%270%200%205315%203543%27%3E%3Crect%20width%3D%275315%27%20height%3D%273543%27%20fill-opacity%3D%220%22%2F%3E%3C%2Fsvg%3E\" data-srcset=\"https:\/\/www.mobilityinstitute.es\/wp-content\/uploads\/2019\/11\/www.mobilityinstitute.es-mobility-talks-talks-01-copia-200x133.jpg 200w, https:\/\/www.mobilityinstitute.es\/wp-content\/uploads\/2019\/11\/www.mobilityinstitute.es-mobility-talks-talks-01-copia-400x267.jpg 400w, https:\/\/www.mobilityinstitute.es\/wp-content\/uploads\/2019\/11\/www.mobilityinstitute.es-mobility-talks-talks-01-copia-600x400.jpg 600w, https:\/\/www.mobilityinstitute.es\/wp-content\/uploads\/2019\/11\/www.mobilityinstitute.es-mobility-talks-talks-01-copia-800x533.jpg 800w, https:\/\/www.mobilityinstitute.es\/wp-content\/uploads\/2019\/11\/www.mobilityinstitute.es-mobility-talks-talks-01-copia-1200x800.jpg 1200w, https:\/\/www.mobilityinstitute.es\/wp-content\/uploads\/2019\/11\/www.mobilityinstitute.es-mobility-talks-talks-01-copia.jpg 5315w\" data-sizes=\"auto\" data-orig-sizes=\"(min-width: 2200px) 100vw, (min-width: 784px) 397px, (min-width: 712px) 595px, (min-width: 640px) 712px, \" \/><\/a><\/div><\/div><div style=\"padding:5px;\" class=\"fusion-grid-column fusion-gallery-column fusion-gallery-column-3 hover-type-none\"><div class=\"fusion-gallery-image\"><a href=\"https:\/\/www.mobilityinstitute.es\/wp-content\/uploads\/2019\/11\/www.mobilityinstitute.es-mobility-talks-talks-11-copia.jpg\" rel=\"noreferrer\" data-rel=\"iLightbox[gallery_image_1]\" class=\"fusion-lightbox\" target=\"_self\"><img decoding=\"async\" src=\"https:\/\/www.mobilityinstitute.es\/wp-content\/uploads\/2019\/11\/www.mobilityinstitute.es-mobility-talks-talks-11-copia.jpg\" data-orig-src=\"https:\/\/www.mobilityinstitute.es\/wp-content\/uploads\/2019\/11\/www.mobilityinstitute.es-mobility-talks-talks-11-copia.jpg\" width=\"5125\" height=\"3416\" alt=\"\" title=\"Mobility Talks. Mobility Institute RACC\" aria-label=\"Mobility Talks. Mobility Institute RACC\" class=\"lazyload img-responsive wp-image-3019\" srcset=\"data:image\/svg+xml,%3Csvg%20xmlns%3D%27http%3A%2F%2Fwww.w3.org%2F2000%2Fsvg%27%20width%3D%275125%27%20height%3D%273416%27%20viewBox%3D%270%200%205125%203416%27%3E%3Crect%20width%3D%275125%27%20height%3D%273416%27%20fill-opacity%3D%220%22%2F%3E%3C%2Fsvg%3E\" data-srcset=\"https:\/\/www.mobilityinstitute.es\/wp-content\/uploads\/2019\/11\/www.mobilityinstitute.es-mobility-talks-talks-11-copia-200x133.jpg 200w, https:\/\/www.mobilityinstitute.es\/wp-content\/uploads\/2019\/11\/www.mobilityinstitute.es-mobility-talks-talks-11-copia-400x267.jpg 400w, https:\/\/www.mobilityinstitute.es\/wp-content\/uploads\/2019\/11\/www.mobilityinstitute.es-mobility-talks-talks-11-copia-600x400.jpg 600w, https:\/\/www.mobilityinstitute.es\/wp-content\/uploads\/2019\/11\/www.mobilityinstitute.es-mobility-talks-talks-11-copia-800x533.jpg 800w, https:\/\/www.mobilityinstitute.es\/wp-content\/uploads\/2019\/11\/www.mobilityinstitute.es-mobility-talks-talks-11-copia-1200x800.jpg 1200w, https:\/\/www.mobilityinstitute.es\/wp-content\/uploads\/2019\/11\/www.mobilityinstitute.es-mobility-talks-talks-11-copia.jpg 5125w\" data-sizes=\"auto\" data-orig-sizes=\"(min-width: 2200px) 100vw, (min-width: 784px) 397px, (min-width: 712px) 595px, (min-width: 640px) 712px, \" \/><\/a><\/div><\/div><div style=\"padding:5px;\" class=\"fusion-grid-column fusion-gallery-column fusion-gallery-column-3 hover-type-none\"><div class=\"fusion-gallery-image\"><a href=\"https:\/\/www.mobilityinstitute.es\/wp-content\/uploads\/2019\/11\/www.mobilityinstitute.es-mobility-talks-talks-13-copia.jpg\" rel=\"noreferrer\" data-rel=\"iLightbox[gallery_image_1]\" class=\"fusion-lightbox\" target=\"_self\"><img decoding=\"async\" src=\"https:\/\/www.mobilityinstitute.es\/wp-content\/uploads\/2019\/11\/www.mobilityinstitute.es-mobility-talks-talks-13-copia.jpg\" data-orig-src=\"https:\/\/www.mobilityinstitute.es\/wp-content\/uploads\/2019\/11\/www.mobilityinstitute.es-mobility-talks-talks-13-copia.jpg\" width=\"5084\" height=\"3389\" alt=\"\" title=\"Mobility Talks. Mobility Institute RACC\" aria-label=\"Mobility Talks. Mobility Institute RACC\" class=\"lazyload img-responsive wp-image-3022\" srcset=\"data:image\/svg+xml,%3Csvg%20xmlns%3D%27http%3A%2F%2Fwww.w3.org%2F2000%2Fsvg%27%20width%3D%275084%27%20height%3D%273389%27%20viewBox%3D%270%200%205084%203389%27%3E%3Crect%20width%3D%275084%27%20height%3D%273389%27%20fill-opacity%3D%220%22%2F%3E%3C%2Fsvg%3E\" data-srcset=\"https:\/\/www.mobilityinstitute.es\/wp-content\/uploads\/2019\/11\/www.mobilityinstitute.es-mobility-talks-talks-13-copia-200x133.jpg 200w, https:\/\/www.mobilityinstitute.es\/wp-content\/uploads\/2019\/11\/www.mobilityinstitute.es-mobility-talks-talks-13-copia-400x267.jpg 400w, https:\/\/www.mobilityinstitute.es\/wp-content\/uploads\/2019\/11\/www.mobilityinstitute.es-mobility-talks-talks-13-copia-600x400.jpg 600w, https:\/\/www.mobilityinstitute.es\/wp-content\/uploads\/2019\/11\/www.mobilityinstitute.es-mobility-talks-talks-13-copia-800x533.jpg 800w, https:\/\/www.mobilityinstitute.es\/wp-content\/uploads\/2019\/11\/www.mobilityinstitute.es-mobility-talks-talks-13-copia-1200x800.jpg 1200w, https:\/\/www.mobilityinstitute.es\/wp-content\/uploads\/2019\/11\/www.mobilityinstitute.es-mobility-talks-talks-13-copia.jpg 5084w\" data-sizes=\"auto\" data-orig-sizes=\"(min-width: 2200px) 100vw, (min-width: 784px) 397px, (min-width: 712px) 595px, (min-width: 640px) 712px, \" \/><\/a><\/div><\/div><div class=\"clearfix\"><\/div><div style=\"padding:5px;\" class=\"fusion-grid-column fusion-gallery-column fusion-gallery-column-3 hover-type-none\"><div class=\"fusion-gallery-image\"><a href=\"https:\/\/www.mobilityinstitute.es\/wp-content\/uploads\/2019\/11\/www.mobilityinstitute.es-mobility-talks-talks-22-copia.jpg\" rel=\"noreferrer\" data-rel=\"iLightbox[gallery_image_1]\" class=\"fusion-lightbox\" target=\"_self\"><img decoding=\"async\" src=\"https:\/\/www.mobilityinstitute.es\/wp-content\/uploads\/2019\/11\/www.mobilityinstitute.es-mobility-talks-talks-22-copia.jpg\" data-orig-src=\"https:\/\/www.mobilityinstitute.es\/wp-content\/uploads\/2019\/11\/www.mobilityinstitute.es-mobility-talks-talks-22-copia.jpg\" width=\"5315\" height=\"3543\" alt=\"\" title=\"Mobility Talks. Mobility Institute RACC\" aria-label=\"Mobility Talks. Mobility Institute RACC\" class=\"lazyload img-responsive wp-image-3025\" srcset=\"data:image\/svg+xml,%3Csvg%20xmlns%3D%27http%3A%2F%2Fwww.w3.org%2F2000%2Fsvg%27%20width%3D%275315%27%20height%3D%273543%27%20viewBox%3D%270%200%205315%203543%27%3E%3Crect%20width%3D%275315%27%20height%3D%273543%27%20fill-opacity%3D%220%22%2F%3E%3C%2Fsvg%3E\" data-srcset=\"https:\/\/www.mobilityinstitute.es\/wp-content\/uploads\/2019\/11\/www.mobilityinstitute.es-mobility-talks-talks-22-copia-200x133.jpg 200w, https:\/\/www.mobilityinstitute.es\/wp-content\/uploads\/2019\/11\/www.mobilityinstitute.es-mobility-talks-talks-22-copia-400x267.jpg 400w, https:\/\/www.mobilityinstitute.es\/wp-content\/uploads\/2019\/11\/www.mobilityinstitute.es-mobility-talks-talks-22-copia-600x400.jpg 600w, https:\/\/www.mobilityinstitute.es\/wp-content\/uploads\/2019\/11\/www.mobilityinstitute.es-mobility-talks-talks-22-copia-800x533.jpg 800w, https:\/\/www.mobilityinstitute.es\/wp-content\/uploads\/2019\/11\/www.mobilityinstitute.es-mobility-talks-talks-22-copia-1200x800.jpg 1200w, https:\/\/www.mobilityinstitute.es\/wp-content\/uploads\/2019\/11\/www.mobilityinstitute.es-mobility-talks-talks-22-copia.jpg 5315w\" data-sizes=\"auto\" data-orig-sizes=\"(min-width: 2200px) 100vw, (min-width: 784px) 397px, (min-width: 712px) 595px, (min-width: 640px) 712px, \" \/><\/a><\/div><\/div><div style=\"padding:5px;\" class=\"fusion-grid-column fusion-gallery-column fusion-gallery-column-3 hover-type-none\"><div class=\"fusion-gallery-image\"><a href=\"https:\/\/www.mobilityinstitute.es\/wp-content\/uploads\/2019\/11\/www.mobilityinstitute.es-mobility-talks-talks-23-copia.jpg\" rel=\"noreferrer\" data-rel=\"iLightbox[gallery_image_1]\" class=\"fusion-lightbox\" target=\"_self\"><img decoding=\"async\" src=\"https:\/\/www.mobilityinstitute.es\/wp-content\/uploads\/2019\/11\/www.mobilityinstitute.es-mobility-talks-talks-23-copia.jpg\" data-orig-src=\"https:\/\/www.mobilityinstitute.es\/wp-content\/uploads\/2019\/11\/www.mobilityinstitute.es-mobility-talks-talks-23-copia.jpg\" width=\"4967\" height=\"3311\" alt=\"\" title=\"Mobility Talks. Mobility Institute RACC\" aria-label=\"Mobility Talks. Mobility Institute RACC\" class=\"lazyload img-responsive wp-image-3028\" srcset=\"data:image\/svg+xml,%3Csvg%20xmlns%3D%27http%3A%2F%2Fwww.w3.org%2F2000%2Fsvg%27%20width%3D%274967%27%20height%3D%273311%27%20viewBox%3D%270%200%204967%203311%27%3E%3Crect%20width%3D%274967%27%20height%3D%273311%27%20fill-opacity%3D%220%22%2F%3E%3C%2Fsvg%3E\" data-srcset=\"https:\/\/www.mobilityinstitute.es\/wp-content\/uploads\/2019\/11\/www.mobilityinstitute.es-mobility-talks-talks-23-copia-200x133.jpg 200w, https:\/\/www.mobilityinstitute.es\/wp-content\/uploads\/2019\/11\/www.mobilityinstitute.es-mobility-talks-talks-23-copia-400x267.jpg 400w, https:\/\/www.mobilityinstitute.es\/wp-content\/uploads\/2019\/11\/www.mobilityinstitute.es-mobility-talks-talks-23-copia-600x400.jpg 600w, https:\/\/www.mobilityinstitute.es\/wp-content\/uploads\/2019\/11\/www.mobilityinstitute.es-mobility-talks-talks-23-copia-800x533.jpg 800w, https:\/\/www.mobilityinstitute.es\/wp-content\/uploads\/2019\/11\/www.mobilityinstitute.es-mobility-talks-talks-23-copia-1200x800.jpg 1200w, https:\/\/www.mobilityinstitute.es\/wp-content\/uploads\/2019\/11\/www.mobilityinstitute.es-mobility-talks-talks-23-copia.jpg 4967w\" data-sizes=\"auto\" data-orig-sizes=\"(min-width: 2200px) 100vw, (min-width: 784px) 397px, (min-width: 712px) 595px, (min-width: 640px) 712px, \" \/><\/a><\/div><\/div><div style=\"padding:5px;\" class=\"fusion-grid-column fusion-gallery-column fusion-gallery-column-3 hover-type-none\"><div class=\"fusion-gallery-image\"><a href=\"https:\/\/www.mobilityinstitute.es\/wp-content\/uploads\/2019\/11\/www.mobilityinstitute.es-mobility-talks-talks-24-copia.jpg\" rel=\"noreferrer\" data-rel=\"iLightbox[gallery_image_1]\" class=\"fusion-lightbox\" target=\"_self\"><img decoding=\"async\" src=\"https:\/\/www.mobilityinstitute.es\/wp-content\/uploads\/2019\/11\/www.mobilityinstitute.es-mobility-talks-talks-24-copia.jpg\" data-orig-src=\"https:\/\/www.mobilityinstitute.es\/wp-content\/uploads\/2019\/11\/www.mobilityinstitute.es-mobility-talks-talks-24-copia.jpg\" width=\"5187\" height=\"3458\" alt=\"\" title=\"Mobility Talks. Mobility Institute RACC\" aria-label=\"Mobility Talks. Mobility Institute RACC\" class=\"lazyload img-responsive wp-image-3031\" srcset=\"data:image\/svg+xml,%3Csvg%20xmlns%3D%27http%3A%2F%2Fwww.w3.org%2F2000%2Fsvg%27%20width%3D%275187%27%20height%3D%273458%27%20viewBox%3D%270%200%205187%203458%27%3E%3Crect%20width%3D%275187%27%20height%3D%273458%27%20fill-opacity%3D%220%22%2F%3E%3C%2Fsvg%3E\" data-srcset=\"https:\/\/www.mobilityinstitute.es\/wp-content\/uploads\/2019\/11\/www.mobilityinstitute.es-mobility-talks-talks-24-copia-200x133.jpg 200w, https:\/\/www.mobilityinstitute.es\/wp-content\/uploads\/2019\/11\/www.mobilityinstitute.es-mobility-talks-talks-24-copia-400x267.jpg 400w, https:\/\/www.mobilityinstitute.es\/wp-content\/uploads\/2019\/11\/www.mobilityinstitute.es-mobility-talks-talks-24-copia-600x400.jpg 600w, https:\/\/www.mobilityinstitute.es\/wp-content\/uploads\/2019\/11\/www.mobilityinstitute.es-mobility-talks-talks-24-copia-800x533.jpg 800w, https:\/\/www.mobilityinstitute.es\/wp-content\/uploads\/2019\/11\/www.mobilityinstitute.es-mobility-talks-talks-24-copia-1200x800.jpg 1200w, https:\/\/www.mobilityinstitute.es\/wp-content\/uploads\/2019\/11\/www.mobilityinstitute.es-mobility-talks-talks-24-copia.jpg 5187w\" data-sizes=\"auto\" data-orig-sizes=\"(min-width: 2200px) 100vw, (min-width: 784px) 397px, (min-width: 712px) 595px, (min-width: 640px) 712px, \" \/><\/a><\/div><\/div><div class=\"clearfix\"><\/div><div style=\"padding:5px;\" class=\"fusion-grid-column fusion-gallery-column fusion-gallery-column-3 hover-type-none\"><div class=\"fusion-gallery-image\"><a href=\"https:\/\/www.mobilityinstitute.es\/wp-content\/uploads\/2019\/11\/www.mobilityinstitute.es-mobility-talks-talks-25-copia.jpg\" rel=\"noreferrer\" data-rel=\"iLightbox[gallery_image_1]\" class=\"fusion-lightbox\" target=\"_self\"><img decoding=\"async\" src=\"https:\/\/www.mobilityinstitute.es\/wp-content\/uploads\/2019\/11\/www.mobilityinstitute.es-mobility-talks-talks-25-copia.jpg\" data-orig-src=\"https:\/\/www.mobilityinstitute.es\/wp-content\/uploads\/2019\/11\/www.mobilityinstitute.es-mobility-talks-talks-25-copia.jpg\" width=\"5315\" height=\"3543\" alt=\"\" title=\"Mobility Talks. Mobility Institute RACC\" aria-label=\"Mobility Talks. Mobility Institute RACC\" class=\"lazyload img-responsive wp-image-3034\" srcset=\"data:image\/svg+xml,%3Csvg%20xmlns%3D%27http%3A%2F%2Fwww.w3.org%2F2000%2Fsvg%27%20width%3D%275315%27%20height%3D%273543%27%20viewBox%3D%270%200%205315%203543%27%3E%3Crect%20width%3D%275315%27%20height%3D%273543%27%20fill-opacity%3D%220%22%2F%3E%3C%2Fsvg%3E\" data-srcset=\"https:\/\/www.mobilityinstitute.es\/wp-content\/uploads\/2019\/11\/www.mobilityinstitute.es-mobility-talks-talks-25-copia-200x133.jpg 200w, https:\/\/www.mobilityinstitute.es\/wp-content\/uploads\/2019\/11\/www.mobilityinstitute.es-mobility-talks-talks-25-copia-400x267.jpg 400w, https:\/\/www.mobilityinstitute.es\/wp-content\/uploads\/2019\/11\/www.mobilityinstitute.es-mobility-talks-talks-25-copia-600x400.jpg 600w, https:\/\/www.mobilityinstitute.es\/wp-content\/uploads\/2019\/11\/www.mobilityinstitute.es-mobility-talks-talks-25-copia-800x533.jpg 800w, https:\/\/www.mobilityinstitute.es\/wp-content\/uploads\/2019\/11\/www.mobilityinstitute.es-mobility-talks-talks-25-copia-1200x800.jpg 1200w, https:\/\/www.mobilityinstitute.es\/wp-content\/uploads\/2019\/11\/www.mobilityinstitute.es-mobility-talks-talks-25-copia.jpg 5315w\" data-sizes=\"auto\" data-orig-sizes=\"(min-width: 2200px) 100vw, (min-width: 784px) 397px, (min-width: 712px) 595px, (min-width: 640px) 712px, \" \/><\/a><\/div><\/div><div style=\"padding:5px;\" class=\"fusion-grid-column fusion-gallery-column fusion-gallery-column-3 hover-type-none\"><div class=\"fusion-gallery-image\"><a href=\"https:\/\/www.mobilityinstitute.es\/wp-content\/uploads\/2019\/11\/www.mobilityinstitute.es-mobility-talks-talks-26-copia.jpg\" rel=\"noreferrer\" data-rel=\"iLightbox[gallery_image_1]\" class=\"fusion-lightbox\" target=\"_self\"><img decoding=\"async\" src=\"https:\/\/www.mobilityinstitute.es\/wp-content\/uploads\/2019\/11\/www.mobilityinstitute.es-mobility-talks-talks-26-copia.jpg\" data-orig-src=\"https:\/\/www.mobilityinstitute.es\/wp-content\/uploads\/2019\/11\/www.mobilityinstitute.es-mobility-talks-talks-26-copia.jpg\" width=\"5104\" height=\"3402\" alt=\"\" title=\"Mobility Talks. Mobility Institute RACC\" aria-label=\"Mobility Talks. Mobility Institute RACC\" class=\"lazyload img-responsive wp-image-3037\" srcset=\"data:image\/svg+xml,%3Csvg%20xmlns%3D%27http%3A%2F%2Fwww.w3.org%2F2000%2Fsvg%27%20width%3D%275104%27%20height%3D%273402%27%20viewBox%3D%270%200%205104%203402%27%3E%3Crect%20width%3D%275104%27%20height%3D%273402%27%20fill-opacity%3D%220%22%2F%3E%3C%2Fsvg%3E\" data-srcset=\"https:\/\/www.mobilityinstitute.es\/wp-content\/uploads\/2019\/11\/www.mobilityinstitute.es-mobility-talks-talks-26-copia-200x133.jpg 200w, https:\/\/www.mobilityinstitute.es\/wp-content\/uploads\/2019\/11\/www.mobilityinstitute.es-mobility-talks-talks-26-copia-400x267.jpg 400w, https:\/\/www.mobilityinstitute.es\/wp-content\/uploads\/2019\/11\/www.mobilityinstitute.es-mobility-talks-talks-26-copia-600x400.jpg 600w, https:\/\/www.mobilityinstitute.es\/wp-content\/uploads\/2019\/11\/www.mobilityinstitute.es-mobility-talks-talks-26-copia-800x533.jpg 800w, https:\/\/www.mobilityinstitute.es\/wp-content\/uploads\/2019\/11\/www.mobilityinstitute.es-mobility-talks-talks-26-copia-1200x800.jpg 1200w, https:\/\/www.mobilityinstitute.es\/wp-content\/uploads\/2019\/11\/www.mobilityinstitute.es-mobility-talks-talks-26-copia.jpg 5104w\" data-sizes=\"auto\" data-orig-sizes=\"(min-width: 2200px) 100vw, (min-width: 784px) 397px, (min-width: 712px) 595px, (min-width: 640px) 712px, \" \/><\/a><\/div><\/div><div style=\"padding:5px;\" class=\"fusion-grid-column fusion-gallery-column fusion-gallery-column-3 hover-type-none\"><div class=\"fusion-gallery-image\"><a href=\"https:\/\/www.mobilityinstitute.es\/wp-content\/uploads\/2019\/11\/www.mobilityinstitute.es-mobility-talks-talks-28-copia.jpg\" rel=\"noreferrer\" data-rel=\"iLightbox[gallery_image_1]\" class=\"fusion-lightbox\" target=\"_self\"><img decoding=\"async\" src=\"https:\/\/www.mobilityinstitute.es\/wp-content\/uploads\/2019\/11\/www.mobilityinstitute.es-mobility-talks-talks-28-copia.jpg\" data-orig-src=\"https:\/\/www.mobilityinstitute.es\/wp-content\/uploads\/2019\/11\/www.mobilityinstitute.es-mobility-talks-talks-28-copia.jpg\" width=\"5124\" height=\"3416\" alt=\"\" title=\"Mobility Talks. Mobility Institute RACC\" aria-label=\"Mobility Talks. Mobility Institute RACC\" class=\"lazyload img-responsive wp-image-3040\" srcset=\"data:image\/svg+xml,%3Csvg%20xmlns%3D%27http%3A%2F%2Fwww.w3.org%2F2000%2Fsvg%27%20width%3D%275124%27%20height%3D%273416%27%20viewBox%3D%270%200%205124%203416%27%3E%3Crect%20width%3D%275124%27%20height%3D%273416%27%20fill-opacity%3D%220%22%2F%3E%3C%2Fsvg%3E\" data-srcset=\"https:\/\/www.mobilityinstitute.es\/wp-content\/uploads\/2019\/11\/www.mobilityinstitute.es-mobility-talks-talks-28-copia-200x133.jpg 200w, https:\/\/www.mobilityinstitute.es\/wp-content\/uploads\/2019\/11\/www.mobilityinstitute.es-mobility-talks-talks-28-copia-400x267.jpg 400w, https:\/\/www.mobilityinstitute.es\/wp-content\/uploads\/2019\/11\/www.mobilityinstitute.es-mobility-talks-talks-28-copia-600x400.jpg 600w, https:\/\/www.mobilityinstitute.es\/wp-content\/uploads\/2019\/11\/www.mobilityinstitute.es-mobility-talks-talks-28-copia-800x533.jpg 800w, https:\/\/www.mobilityinstitute.es\/wp-content\/uploads\/2019\/11\/www.mobilityinstitute.es-mobility-talks-talks-28-copia-1200x800.jpg 1200w, https:\/\/www.mobilityinstitute.es\/wp-content\/uploads\/2019\/11\/www.mobilityinstitute.es-mobility-talks-talks-28-copia.jpg 5124w\" data-sizes=\"auto\" data-orig-sizes=\"(min-width: 2200px) 100vw, (min-width: 784px) 397px, (min-width: 712px) 595px, (min-width: 640px) 712px, \" \/><\/a><\/div><\/div><div class=\"clearfix\"><\/div><div style=\"padding:5px;\" class=\"fusion-grid-column fusion-gallery-column fusion-gallery-column-3 hover-type-none\"><div class=\"fusion-gallery-image\"><a href=\"https:\/\/www.mobilityinstitute.es\/wp-content\/uploads\/2019\/11\/www.mobilityinstitute.es-mobility-talks-talks-30-copia.jpg\" rel=\"noreferrer\" data-rel=\"iLightbox[gallery_image_1]\" class=\"fusion-lightbox\" target=\"_self\"><img decoding=\"async\" src=\"https:\/\/www.mobilityinstitute.es\/wp-content\/uploads\/2019\/11\/www.mobilityinstitute.es-mobility-talks-talks-30-copia.jpg\" data-orig-src=\"https:\/\/www.mobilityinstitute.es\/wp-content\/uploads\/2019\/11\/www.mobilityinstitute.es-mobility-talks-talks-30-copia.jpg\" width=\"5315\" height=\"3543\" alt=\"\" title=\"Mobility Talks. Mobility Institute RACC\" aria-label=\"Mobility Talks. Mobility Institute RACC\" class=\"lazyload img-responsive wp-image-3043\" srcset=\"data:image\/svg+xml,%3Csvg%20xmlns%3D%27http%3A%2F%2Fwww.w3.org%2F2000%2Fsvg%27%20width%3D%275315%27%20height%3D%273543%27%20viewBox%3D%270%200%205315%203543%27%3E%3Crect%20width%3D%275315%27%20height%3D%273543%27%20fill-opacity%3D%220%22%2F%3E%3C%2Fsvg%3E\" data-srcset=\"https:\/\/www.mobilityinstitute.es\/wp-content\/uploads\/2019\/11\/www.mobilityinstitute.es-mobility-talks-talks-30-copia-200x133.jpg 200w, https:\/\/www.mobilityinstitute.es\/wp-content\/uploads\/2019\/11\/www.mobilityinstitute.es-mobility-talks-talks-30-copia-400x267.jpg 400w, https:\/\/www.mobilityinstitute.es\/wp-content\/uploads\/2019\/11\/www.mobilityinstitute.es-mobility-talks-talks-30-copia-600x400.jpg 600w, https:\/\/www.mobilityinstitute.es\/wp-content\/uploads\/2019\/11\/www.mobilityinstitute.es-mobility-talks-talks-30-copia-800x533.jpg 800w, https:\/\/www.mobilityinstitute.es\/wp-content\/uploads\/2019\/11\/www.mobilityinstitute.es-mobility-talks-talks-30-copia-1200x800.jpg 1200w, https:\/\/www.mobilityinstitute.es\/wp-content\/uploads\/2019\/11\/www.mobilityinstitute.es-mobility-talks-talks-30-copia.jpg 5315w\" data-sizes=\"auto\" data-orig-sizes=\"(min-width: 2200px) 100vw, (min-width: 784px) 397px, (min-width: 712px) 595px, (min-width: 640px) 712px, \" \/><\/a><\/div><\/div><div style=\"padding:5px;\" class=\"fusion-grid-column fusion-gallery-column fusion-gallery-column-3 hover-type-none\"><div class=\"fusion-gallery-image\"><a href=\"https:\/\/www.mobilityinstitute.es\/wp-content\/uploads\/2019\/11\/www.mobilityinstitute.es-mobility-talks-talks-31-copia.jpg\" rel=\"noreferrer\" data-rel=\"iLightbox[gallery_image_1]\" class=\"fusion-lightbox\" target=\"_self\"><img decoding=\"async\" src=\"https:\/\/www.mobilityinstitute.es\/wp-content\/uploads\/2019\/11\/www.mobilityinstitute.es-mobility-talks-talks-31-copia.jpg\" data-orig-src=\"https:\/\/www.mobilityinstitute.es\/wp-content\/uploads\/2019\/11\/www.mobilityinstitute.es-mobility-talks-talks-31-copia.jpg\" width=\"5315\" height=\"3543\" alt=\"\" title=\"Mobility Talks. Mobility Institute RACC\" aria-label=\"Mobility Talks. Mobility Institute RACC\" class=\"lazyload img-responsive wp-image-3046\" srcset=\"data:image\/svg+xml,%3Csvg%20xmlns%3D%27http%3A%2F%2Fwww.w3.org%2F2000%2Fsvg%27%20width%3D%275315%27%20height%3D%273543%27%20viewBox%3D%270%200%205315%203543%27%3E%3Crect%20width%3D%275315%27%20height%3D%273543%27%20fill-opacity%3D%220%22%2F%3E%3C%2Fsvg%3E\" data-srcset=\"https:\/\/www.mobilityinstitute.es\/wp-content\/uploads\/2019\/11\/www.mobilityinstitute.es-mobility-talks-talks-31-copia-200x133.jpg 200w, https:\/\/www.mobilityinstitute.es\/wp-content\/uploads\/2019\/11\/www.mobilityinstitute.es-mobility-talks-talks-31-copia-400x267.jpg 400w, https:\/\/www.mobilityinstitute.es\/wp-content\/uploads\/2019\/11\/www.mobilityinstitute.es-mobility-talks-talks-31-copia-600x400.jpg 600w, https:\/\/www.mobilityinstitute.es\/wp-content\/uploads\/2019\/11\/www.mobilityinstitute.es-mobility-talks-talks-31-copia-800x533.jpg 800w, https:\/\/www.mobilityinstitute.es\/wp-content\/uploads\/2019\/11\/www.mobilityinstitute.es-mobility-talks-talks-31-copia-1200x800.jpg 1200w, https:\/\/www.mobilityinstitute.es\/wp-content\/uploads\/2019\/11\/www.mobilityinstitute.es-mobility-talks-talks-31-copia.jpg 5315w\" data-sizes=\"auto\" data-orig-sizes=\"(min-width: 2200px) 100vw, (min-width: 784px) 397px, (min-width: 712px) 595px, (min-width: 640px) 712px, \" \/><\/a><\/div><\/div><div style=\"padding:5px;\" class=\"fusion-grid-column fusion-gallery-column fusion-gallery-column-3 hover-type-none\"><div class=\"fusion-gallery-image\"><a href=\"https:\/\/www.mobilityinstitute.es\/wp-content\/uploads\/2019\/11\/www.mobilityinstitute.es-mobility-talks-talks-32-copia.jpg\" rel=\"noreferrer\" data-rel=\"iLightbox[gallery_image_1]\" class=\"fusion-lightbox\" target=\"_self\"><img decoding=\"async\" src=\"https:\/\/www.mobilityinstitute.es\/wp-content\/uploads\/2019\/11\/www.mobilityinstitute.es-mobility-talks-talks-32-copia.jpg\" data-orig-src=\"https:\/\/www.mobilityinstitute.es\/wp-content\/uploads\/2019\/11\/www.mobilityinstitute.es-mobility-talks-talks-32-copia.jpg\" width=\"5315\" height=\"3543\" alt=\"\" title=\"Mobility Talks. Mobility Institute RACC\" aria-label=\"Mobility Talks. Mobility Institute RACC\" class=\"lazyload img-responsive wp-image-3049\" srcset=\"data:image\/svg+xml,%3Csvg%20xmlns%3D%27http%3A%2F%2Fwww.w3.org%2F2000%2Fsvg%27%20width%3D%275315%27%20height%3D%273543%27%20viewBox%3D%270%200%205315%203543%27%3E%3Crect%20width%3D%275315%27%20height%3D%273543%27%20fill-opacity%3D%220%22%2F%3E%3C%2Fsvg%3E\" data-srcset=\"https:\/\/www.mobilityinstitute.es\/wp-content\/uploads\/2019\/11\/www.mobilityinstitute.es-mobility-talks-talks-32-copia-200x133.jpg 200w, https:\/\/www.mobilityinstitute.es\/wp-content\/uploads\/2019\/11\/www.mobilityinstitute.es-mobility-talks-talks-32-copia-400x267.jpg 400w, https:\/\/www.mobilityinstitute.es\/wp-content\/uploads\/2019\/11\/www.mobilityinstitute.es-mobility-talks-talks-32-copia-600x400.jpg 600w, https:\/\/www.mobilityinstitute.es\/wp-content\/uploads\/2019\/11\/www.mobilityinstitute.es-mobility-talks-talks-32-copia-800x533.jpg 800w, https:\/\/www.mobilityinstitute.es\/wp-content\/uploads\/2019\/11\/www.mobilityinstitute.es-mobility-talks-talks-32-copia-1200x800.jpg 1200w, https:\/\/www.mobilityinstitute.es\/wp-content\/uploads\/2019\/11\/www.mobilityinstitute.es-mobility-talks-talks-32-copia.jpg 5315w\" data-sizes=\"auto\" data-orig-sizes=\"(min-width: 2200px) 100vw, (min-width: 784px) 397px, (min-width: 712px) 595px, (min-width: 640px) 712px, \" \/><\/a><\/div><\/div><div class=\"clearfix\"><\/div><div style=\"padding:5px;\" class=\"fusion-grid-column fusion-gallery-column fusion-gallery-column-3 hover-type-none\"><div class=\"fusion-gallery-image\"><a href=\"https:\/\/www.mobilityinstitute.es\/wp-content\/uploads\/2019\/11\/www.mobilityinstitute.es-mobility-talks-talks-33-copia.jpg\" rel=\"noreferrer\" data-rel=\"iLightbox[gallery_image_1]\" class=\"fusion-lightbox\" target=\"_self\"><img decoding=\"async\" src=\"https:\/\/www.mobilityinstitute.es\/wp-content\/uploads\/2019\/11\/www.mobilityinstitute.es-mobility-talks-talks-33-copia.jpg\" data-orig-src=\"https:\/\/www.mobilityinstitute.es\/wp-content\/uploads\/2019\/11\/www.mobilityinstitute.es-mobility-talks-talks-33-copia.jpg\" width=\"5315\" height=\"3543\" alt=\"\" title=\"Mobility Talks. Mobility Institute RACC\" aria-label=\"Mobility Talks. Mobility Institute RACC\" class=\"lazyload img-responsive wp-image-3052\" srcset=\"data:image\/svg+xml,%3Csvg%20xmlns%3D%27http%3A%2F%2Fwww.w3.org%2F2000%2Fsvg%27%20width%3D%275315%27%20height%3D%273543%27%20viewBox%3D%270%200%205315%203543%27%3E%3Crect%20width%3D%275315%27%20height%3D%273543%27%20fill-opacity%3D%220%22%2F%3E%3C%2Fsvg%3E\" data-srcset=\"https:\/\/www.mobilityinstitute.es\/wp-content\/uploads\/2019\/11\/www.mobilityinstitute.es-mobility-talks-talks-33-copia-200x133.jpg 200w, https:\/\/www.mobilityinstitute.es\/wp-content\/uploads\/2019\/11\/www.mobilityinstitute.es-mobility-talks-talks-33-copia-400x267.jpg 400w, https:\/\/www.mobilityinstitute.es\/wp-content\/uploads\/2019\/11\/www.mobilityinstitute.es-mobility-talks-talks-33-copia-600x400.jpg 600w, https:\/\/www.mobilityinstitute.es\/wp-content\/uploads\/2019\/11\/www.mobilityinstitute.es-mobility-talks-talks-33-copia-800x533.jpg 800w, https:\/\/www.mobilityinstitute.es\/wp-content\/uploads\/2019\/11\/www.mobilityinstitute.es-mobility-talks-talks-33-copia-1200x800.jpg 1200w, https:\/\/www.mobilityinstitute.es\/wp-content\/uploads\/2019\/11\/www.mobilityinstitute.es-mobility-talks-talks-33-copia.jpg 5315w\" data-sizes=\"auto\" data-orig-sizes=\"(min-width: 2200px) 100vw, (min-width: 784px) 397px, (min-width: 712px) 595px, (min-width: 640px) 712px, \" \/><\/a><\/div><\/div><div style=\"padding:5px;\" class=\"fusion-grid-column fusion-gallery-column fusion-gallery-column-3 hover-type-none\"><div class=\"fusion-gallery-image\"><a href=\"https:\/\/www.mobilityinstitute.es\/wp-content\/uploads\/2019\/11\/www.mobilityinstitute.es-mobility-talks-talks-34-copia.jpg\" rel=\"noreferrer\" data-rel=\"iLightbox[gallery_image_1]\" class=\"fusion-lightbox\" target=\"_self\"><img decoding=\"async\" src=\"https:\/\/www.mobilityinstitute.es\/wp-content\/uploads\/2019\/11\/www.mobilityinstitute.es-mobility-talks-talks-34-copia.jpg\" data-orig-src=\"https:\/\/www.mobilityinstitute.es\/wp-content\/uploads\/2019\/11\/www.mobilityinstitute.es-mobility-talks-talks-34-copia.jpg\" width=\"5315\" height=\"3543\" alt=\"\" title=\"Mobility Talks. Mobility Institute RACC\" aria-label=\"Mobility Talks. Mobility Institute RACC\" class=\"lazyload img-responsive wp-image-3055\" srcset=\"data:image\/svg+xml,%3Csvg%20xmlns%3D%27http%3A%2F%2Fwww.w3.org%2F2000%2Fsvg%27%20width%3D%275315%27%20height%3D%273543%27%20viewBox%3D%270%200%205315%203543%27%3E%3Crect%20width%3D%275315%27%20height%3D%273543%27%20fill-opacity%3D%220%22%2F%3E%3C%2Fsvg%3E\" data-srcset=\"https:\/\/www.mobilityinstitute.es\/wp-content\/uploads\/2019\/11\/www.mobilityinstitute.es-mobility-talks-talks-34-copia-200x133.jpg 200w, https:\/\/www.mobilityinstitute.es\/wp-content\/uploads\/2019\/11\/www.mobilityinstitute.es-mobility-talks-talks-34-copia-400x267.jpg 400w, https:\/\/www.mobilityinstitute.es\/wp-content\/uploads\/2019\/11\/www.mobilityinstitute.es-mobility-talks-talks-34-copia-600x400.jpg 600w, https:\/\/www.mobilityinstitute.es\/wp-content\/uploads\/2019\/11\/www.mobilityinstitute.es-mobility-talks-talks-34-copia-800x533.jpg 800w, https:\/\/www.mobilityinstitute.es\/wp-content\/uploads\/2019\/11\/www.mobilityinstitute.es-mobility-talks-talks-34-copia-1200x800.jpg 1200w, https:\/\/www.mobilityinstitute.es\/wp-content\/uploads\/2019\/11\/www.mobilityinstitute.es-mobility-talks-talks-34-copia.jpg 5315w\" data-sizes=\"auto\" data-orig-sizes=\"(min-width: 2200px) 100vw, (min-width: 784px) 397px, (min-width: 712px) 595px, (min-width: 640px) 712px, \" \/><\/a><\/div><\/div><div style=\"padding:5px;\" class=\"fusion-grid-column fusion-gallery-column fusion-gallery-column-3 hover-type-none\"><div class=\"fusion-gallery-image\"><a href=\"https:\/\/www.mobilityinstitute.es\/wp-content\/uploads\/2019\/11\/www.mobilityinstitute.es-mobility-talks-talks-38-copia.jpg\" rel=\"noreferrer\" data-rel=\"iLightbox[gallery_image_1]\" class=\"fusion-lightbox\" target=\"_self\"><img decoding=\"async\" src=\"https:\/\/www.mobilityinstitute.es\/wp-content\/uploads\/2019\/11\/www.mobilityinstitute.es-mobility-talks-talks-38-copia.jpg\" data-orig-src=\"https:\/\/www.mobilityinstitute.es\/wp-content\/uploads\/2019\/11\/www.mobilityinstitute.es-mobility-talks-talks-38-copia.jpg\" width=\"4513\" height=\"3008\" alt=\"\" title=\"Mobility Talks. Mobility Institute RACC\" aria-label=\"Mobility Talks. Mobility Institute RACC\" class=\"lazyload img-responsive wp-image-3058\" srcset=\"data:image\/svg+xml,%3Csvg%20xmlns%3D%27http%3A%2F%2Fwww.w3.org%2F2000%2Fsvg%27%20width%3D%274513%27%20height%3D%273008%27%20viewBox%3D%270%200%204513%203008%27%3E%3Crect%20width%3D%274513%27%20height%3D%273008%27%20fill-opacity%3D%220%22%2F%3E%3C%2Fsvg%3E\" data-srcset=\"https:\/\/www.mobilityinstitute.es\/wp-content\/uploads\/2019\/11\/www.mobilityinstitute.es-mobility-talks-talks-38-copia-200x133.jpg 200w, https:\/\/www.mobilityinstitute.es\/wp-content\/uploads\/2019\/11\/www.mobilityinstitute.es-mobility-talks-talks-38-copia-400x267.jpg 400w, https:\/\/www.mobilityinstitute.es\/wp-content\/uploads\/2019\/11\/www.mobilityinstitute.es-mobility-talks-talks-38-copia-600x400.jpg 600w, https:\/\/www.mobilityinstitute.es\/wp-content\/uploads\/2019\/11\/www.mobilityinstitute.es-mobility-talks-talks-38-copia-800x533.jpg 800w, https:\/\/www.mobilityinstitute.es\/wp-content\/uploads\/2019\/11\/www.mobilityinstitute.es-mobility-talks-talks-38-copia-1200x800.jpg 1200w, https:\/\/www.mobilityinstitute.es\/wp-content\/uploads\/2019\/11\/www.mobilityinstitute.es-mobility-talks-talks-38-copia.jpg 4513w\" data-sizes=\"auto\" data-orig-sizes=\"(min-width: 2200px) 100vw, (min-width: 784px) 397px, (min-width: 712px) 595px, (min-width: 640px) 712px, \" \/><\/a><\/div><\/div><div class=\"clearfix\"><\/div><div style=\"padding:5px;\" class=\"fusion-grid-column fusion-gallery-column fusion-gallery-column-3 hover-type-none\"><div class=\"fusion-gallery-image\"><a href=\"https:\/\/www.mobilityinstitute.es\/wp-content\/uploads\/2019\/11\/www.mobilityinstitute.es-mobility-talks-talks-39-copia.jpg\" rel=\"noreferrer\" data-rel=\"iLightbox[gallery_image_1]\" class=\"fusion-lightbox\" target=\"_self\"><img decoding=\"async\" src=\"https:\/\/www.mobilityinstitute.es\/wp-content\/uploads\/2019\/11\/www.mobilityinstitute.es-mobility-talks-talks-39-copia.jpg\" data-orig-src=\"https:\/\/www.mobilityinstitute.es\/wp-content\/uploads\/2019\/11\/www.mobilityinstitute.es-mobility-talks-talks-39-copia.jpg\" width=\"5315\" height=\"3543\" alt=\"\" title=\"Mobility Talks. Mobility Institute RACC\" aria-label=\"Mobility Talks. Mobility Institute RACC\" class=\"lazyload img-responsive wp-image-3061\" srcset=\"data:image\/svg+xml,%3Csvg%20xmlns%3D%27http%3A%2F%2Fwww.w3.org%2F2000%2Fsvg%27%20width%3D%275315%27%20height%3D%273543%27%20viewBox%3D%270%200%205315%203543%27%3E%3Crect%20width%3D%275315%27%20height%3D%273543%27%20fill-opacity%3D%220%22%2F%3E%3C%2Fsvg%3E\" data-srcset=\"https:\/\/www.mobilityinstitute.es\/wp-content\/uploads\/2019\/11\/www.mobilityinstitute.es-mobility-talks-talks-39-copia-200x133.jpg 200w, https:\/\/www.mobilityinstitute.es\/wp-content\/uploads\/2019\/11\/www.mobilityinstitute.es-mobility-talks-talks-39-copia-400x267.jpg 400w, https:\/\/www.mobilityinstitute.es\/wp-content\/uploads\/2019\/11\/www.mobilityinstitute.es-mobility-talks-talks-39-copia-600x400.jpg 600w, https:\/\/www.mobilityinstitute.es\/wp-content\/uploads\/2019\/11\/www.mobilityinstitute.es-mobility-talks-talks-39-copia-800x533.jpg 800w, https:\/\/www.mobilityinstitute.es\/wp-content\/uploads\/2019\/11\/www.mobilityinstitute.es-mobility-talks-talks-39-copia-1200x800.jpg 1200w, https:\/\/www.mobilityinstitute.es\/wp-content\/uploads\/2019\/11\/www.mobilityinstitute.es-mobility-talks-talks-39-copia.jpg 5315w\" data-sizes=\"auto\" data-orig-sizes=\"(min-width: 2200px) 100vw, (min-width: 784px) 397px, (min-width: 712px) 595px, (min-width: 640px) 712px, \" \/><\/a><\/div><\/div><div style=\"padding:5px;\" class=\"fusion-grid-column fusion-gallery-column fusion-gallery-column-3 hover-type-none\"><div class=\"fusion-gallery-image\"><a href=\"https:\/\/www.mobilityinstitute.es\/wp-content\/uploads\/2019\/11\/www.mobilityinstitute.es-mobility-talks-talks-40-copia.jpg\" rel=\"noreferrer\" data-rel=\"iLightbox[gallery_image_1]\" class=\"fusion-lightbox\" target=\"_self\"><img decoding=\"async\" src=\"https:\/\/www.mobilityinstitute.es\/wp-content\/uploads\/2019\/11\/www.mobilityinstitute.es-mobility-talks-talks-40-copia.jpg\" data-orig-src=\"https:\/\/www.mobilityinstitute.es\/wp-content\/uploads\/2019\/11\/www.mobilityinstitute.es-mobility-talks-talks-40-copia.jpg\" width=\"5210\" height=\"3473\" alt=\"\" title=\"Mobility Talks. Mobility Institute RACC\" aria-label=\"Mobility Talks. Mobility Institute RACC\" class=\"lazyload img-responsive wp-image-3064\" srcset=\"data:image\/svg+xml,%3Csvg%20xmlns%3D%27http%3A%2F%2Fwww.w3.org%2F2000%2Fsvg%27%20width%3D%275210%27%20height%3D%273473%27%20viewBox%3D%270%200%205210%203473%27%3E%3Crect%20width%3D%275210%27%20height%3D%273473%27%20fill-opacity%3D%220%22%2F%3E%3C%2Fsvg%3E\" data-srcset=\"https:\/\/www.mobilityinstitute.es\/wp-content\/uploads\/2019\/11\/www.mobilityinstitute.es-mobility-talks-talks-40-copia-200x133.jpg 200w, https:\/\/www.mobilityinstitute.es\/wp-content\/uploads\/2019\/11\/www.mobilityinstitute.es-mobility-talks-talks-40-copia-400x267.jpg 400w, https:\/\/www.mobilityinstitute.es\/wp-content\/uploads\/2019\/11\/www.mobilityinstitute.es-mobility-talks-talks-40-copia-600x400.jpg 600w, https:\/\/www.mobilityinstitute.es\/wp-content\/uploads\/2019\/11\/www.mobilityinstitute.es-mobility-talks-talks-40-copia-800x533.jpg 800w, https:\/\/www.mobilityinstitute.es\/wp-content\/uploads\/2019\/11\/www.mobilityinstitute.es-mobility-talks-talks-40-copia-1200x800.jpg 1200w, https:\/\/www.mobilityinstitute.es\/wp-content\/uploads\/2019\/11\/www.mobilityinstitute.es-mobility-talks-talks-40-copia.jpg 5210w\" data-sizes=\"auto\" data-orig-sizes=\"(min-width: 2200px) 100vw, (min-width: 784px) 397px, (min-width: 712px) 595px, (min-width: 640px) 712px, \" \/><\/a><\/div><\/div><div style=\"padding:5px;\" class=\"fusion-grid-column fusion-gallery-column fusion-gallery-column-3 hover-type-none\"><div class=\"fusion-gallery-image\"><a href=\"https:\/\/www.mobilityinstitute.es\/wp-content\/uploads\/2019\/11\/www.mobilityinstitute.es-mobility-talks-talks-41-copia.jpg\" rel=\"noreferrer\" data-rel=\"iLightbox[gallery_image_1]\" class=\"fusion-lightbox\" target=\"_self\"><img decoding=\"async\" src=\"https:\/\/www.mobilityinstitute.es\/wp-content\/uploads\/2019\/11\/www.mobilityinstitute.es-mobility-talks-talks-41-copia.jpg\" data-orig-src=\"https:\/\/www.mobilityinstitute.es\/wp-content\/uploads\/2019\/11\/www.mobilityinstitute.es-mobility-talks-talks-41-copia.jpg\" width=\"4444\" height=\"2963\" alt=\"\" title=\"Mobility Talks. Mobility Institute RACC\" aria-label=\"Mobility Talks. Mobility Institute RACC\" class=\"lazyload img-responsive wp-image-3067\" srcset=\"data:image\/svg+xml,%3Csvg%20xmlns%3D%27http%3A%2F%2Fwww.w3.org%2F2000%2Fsvg%27%20width%3D%274444%27%20height%3D%272963%27%20viewBox%3D%270%200%204444%202963%27%3E%3Crect%20width%3D%274444%27%20height%3D%272963%27%20fill-opacity%3D%220%22%2F%3E%3C%2Fsvg%3E\" data-srcset=\"https:\/\/www.mobilityinstitute.es\/wp-content\/uploads\/2019\/11\/www.mobilityinstitute.es-mobility-talks-talks-41-copia-200x133.jpg 200w, https:\/\/www.mobilityinstitute.es\/wp-content\/uploads\/2019\/11\/www.mobilityinstitute.es-mobility-talks-talks-41-copia-400x267.jpg 400w, https:\/\/www.mobilityinstitute.es\/wp-content\/uploads\/2019\/11\/www.mobilityinstitute.es-mobility-talks-talks-41-copia-600x400.jpg 600w, https:\/\/www.mobilityinstitute.es\/wp-content\/uploads\/2019\/11\/www.mobilityinstitute.es-mobility-talks-talks-41-copia-800x533.jpg 800w, https:\/\/www.mobilityinstitute.es\/wp-content\/uploads\/2019\/11\/www.mobilityinstitute.es-mobility-talks-talks-41-copia-1200x800.jpg 1200w, https:\/\/www.mobilityinstitute.es\/wp-content\/uploads\/2019\/11\/www.mobilityinstitute.es-mobility-talks-talks-41-copia.jpg 4444w\" data-sizes=\"auto\" data-orig-sizes=\"(min-width: 2200px) 100vw, (min-width: 784px) 397px, (min-width: 712px) 595px, (min-width: 640px) 712px, \" \/><\/a><\/div><\/div><div class=\"clearfix\"><\/div><div style=\"padding:5px;\" class=\"fusion-grid-column fusion-gallery-column fusion-gallery-column-3 hover-type-none\"><div class=\"fusion-gallery-image\"><a href=\"https:\/\/www.mobilityinstitute.es\/wp-content\/uploads\/2019\/11\/www.mobilityinstitute.es-mobility-talks-talks-42-copia.jpg\" rel=\"noreferrer\" data-rel=\"iLightbox[gallery_image_1]\" class=\"fusion-lightbox\" target=\"_self\"><img decoding=\"async\" src=\"https:\/\/www.mobilityinstitute.es\/wp-content\/uploads\/2019\/11\/www.mobilityinstitute.es-mobility-talks-talks-42-copia.jpg\" data-orig-src=\"https:\/\/www.mobilityinstitute.es\/wp-content\/uploads\/2019\/11\/www.mobilityinstitute.es-mobility-talks-talks-42-copia.jpg\" width=\"5315\" height=\"3543\" alt=\"\" title=\"Mobility Talks. Mobility Institute RACC\" aria-label=\"Mobility Talks. Mobility Institute RACC\" class=\"lazyload img-responsive wp-image-3070\" srcset=\"data:image\/svg+xml,%3Csvg%20xmlns%3D%27http%3A%2F%2Fwww.w3.org%2F2000%2Fsvg%27%20width%3D%275315%27%20height%3D%273543%27%20viewBox%3D%270%200%205315%203543%27%3E%3Crect%20width%3D%275315%27%20height%3D%273543%27%20fill-opacity%3D%220%22%2F%3E%3C%2Fsvg%3E\" data-srcset=\"https:\/\/www.mobilityinstitute.es\/wp-content\/uploads\/2019\/11\/www.mobilityinstitute.es-mobility-talks-talks-42-copia-200x133.jpg 200w, https:\/\/www.mobilityinstitute.es\/wp-content\/uploads\/2019\/11\/www.mobilityinstitute.es-mobility-talks-talks-42-copia-400x267.jpg 400w, https:\/\/www.mobilityinstitute.es\/wp-content\/uploads\/2019\/11\/www.mobilityinstitute.es-mobility-talks-talks-42-copia-600x400.jpg 600w, https:\/\/www.mobilityinstitute.es\/wp-content\/uploads\/2019\/11\/www.mobilityinstitute.es-mobility-talks-talks-42-copia-800x533.jpg 800w, https:\/\/www.mobilityinstitute.es\/wp-content\/uploads\/2019\/11\/www.mobilityinstitute.es-mobility-talks-talks-42-copia-1200x800.jpg 1200w, https:\/\/www.mobilityinstitute.es\/wp-content\/uploads\/2019\/11\/www.mobilityinstitute.es-mobility-talks-talks-42-copia.jpg 5315w\" data-sizes=\"auto\" data-orig-sizes=\"(min-width: 2200px) 100vw, (min-width: 784px) 397px, (min-width: 712px) 595px, (min-width: 640px) 712px, \" \/><\/a><\/div><\/div><div style=\"padding:5px;\" class=\"fusion-grid-column fusion-gallery-column fusion-gallery-column-3 hover-type-none\"><div class=\"fusion-gallery-image\"><a href=\"https:\/\/www.mobilityinstitute.es\/wp-content\/uploads\/2019\/11\/www.mobilityinstitute.es-mobility-talks-talks-43-copia.jpg\" rel=\"noreferrer\" data-rel=\"iLightbox[gallery_image_1]\" class=\"fusion-lightbox\" target=\"_self\"><img decoding=\"async\" src=\"https:\/\/www.mobilityinstitute.es\/wp-content\/uploads\/2019\/11\/www.mobilityinstitute.es-mobility-talks-talks-43-copia.jpg\" data-orig-src=\"https:\/\/www.mobilityinstitute.es\/wp-content\/uploads\/2019\/11\/www.mobilityinstitute.es-mobility-talks-talks-43-copia.jpg\" width=\"5315\" height=\"3543\" alt=\"\" title=\"Mobility Talks. Mobility Institute RACC\" aria-label=\"Mobility Talks. Mobility Institute RACC\" class=\"lazyload img-responsive wp-image-3073\" srcset=\"data:image\/svg+xml,%3Csvg%20xmlns%3D%27http%3A%2F%2Fwww.w3.org%2F2000%2Fsvg%27%20width%3D%275315%27%20height%3D%273543%27%20viewBox%3D%270%200%205315%203543%27%3E%3Crect%20width%3D%275315%27%20height%3D%273543%27%20fill-opacity%3D%220%22%2F%3E%3C%2Fsvg%3E\" data-srcset=\"https:\/\/www.mobilityinstitute.es\/wp-content\/uploads\/2019\/11\/www.mobilityinstitute.es-mobility-talks-talks-43-copia-200x133.jpg 200w, https:\/\/www.mobilityinstitute.es\/wp-content\/uploads\/2019\/11\/www.mobilityinstitute.es-mobility-talks-talks-43-copia-400x267.jpg 400w, https:\/\/www.mobilityinstitute.es\/wp-content\/uploads\/2019\/11\/www.mobilityinstitute.es-mobility-talks-talks-43-copia-600x400.jpg 600w, https:\/\/www.mobilityinstitute.es\/wp-content\/uploads\/2019\/11\/www.mobilityinstitute.es-mobility-talks-talks-43-copia-800x533.jpg 800w, https:\/\/www.mobilityinstitute.es\/wp-content\/uploads\/2019\/11\/www.mobilityinstitute.es-mobility-talks-talks-43-copia-1200x800.jpg 1200w, https:\/\/www.mobilityinstitute.es\/wp-content\/uploads\/2019\/11\/www.mobilityinstitute.es-mobility-talks-talks-43-copia.jpg 5315w\" data-sizes=\"auto\" data-orig-sizes=\"(min-width: 2200px) 100vw, (min-width: 784px) 397px, (min-width: 712px) 595px, (min-width: 640px) 712px, \" \/><\/a><\/div><\/div><div style=\"padding:5px;\" class=\"fusion-grid-column fusion-gallery-column fusion-gallery-column-3 hover-type-none\"><div class=\"fusion-gallery-image\"><a href=\"https:\/\/www.mobilityinstitute.es\/wp-content\/uploads\/2019\/11\/www.mobilityinstitute.es-mobility-talks-talks-44-copia.jpg\" rel=\"noreferrer\" data-rel=\"iLightbox[gallery_image_1]\" class=\"fusion-lightbox\" target=\"_self\"><img decoding=\"async\" src=\"https:\/\/www.mobilityinstitute.es\/wp-content\/uploads\/2019\/11\/www.mobilityinstitute.es-mobility-talks-talks-44-copia.jpg\" data-orig-src=\"https:\/\/www.mobilityinstitute.es\/wp-content\/uploads\/2019\/11\/www.mobilityinstitute.es-mobility-talks-talks-44-copia.jpg\" width=\"5315\" height=\"3543\" alt=\"\" title=\"Mobility Talks. Mobility Institute RACC\" aria-label=\"Mobility Talks. Mobility Institute RACC\" class=\"lazyload img-responsive wp-image-3076\" srcset=\"data:image\/svg+xml,%3Csvg%20xmlns%3D%27http%3A%2F%2Fwww.w3.org%2F2000%2Fsvg%27%20width%3D%275315%27%20height%3D%273543%27%20viewBox%3D%270%200%205315%203543%27%3E%3Crect%20width%3D%275315%27%20height%3D%273543%27%20fill-opacity%3D%220%22%2F%3E%3C%2Fsvg%3E\" data-srcset=\"https:\/\/www.mobilityinstitute.es\/wp-content\/uploads\/2019\/11\/www.mobilityinstitute.es-mobility-talks-talks-44-copia-200x133.jpg 200w, https:\/\/www.mobilityinstitute.es\/wp-content\/uploads\/2019\/11\/www.mobilityinstitute.es-mobility-talks-talks-44-copia-400x267.jpg 400w, https:\/\/www.mobilityinstitute.es\/wp-content\/uploads\/2019\/11\/www.mobilityinstitute.es-mobility-talks-talks-44-copia-600x400.jpg 600w, https:\/\/www.mobilityinstitute.es\/wp-content\/uploads\/2019\/11\/www.mobilityinstitute.es-mobility-talks-talks-44-copia-800x533.jpg 800w, https:\/\/www.mobilityinstitute.es\/wp-content\/uploads\/2019\/11\/www.mobilityinstitute.es-mobility-talks-talks-44-copia-1200x800.jpg 1200w, https:\/\/www.mobilityinstitute.es\/wp-content\/uploads\/2019\/11\/www.mobilityinstitute.es-mobility-talks-talks-44-copia.jpg 5315w\" data-sizes=\"auto\" data-orig-sizes=\"(min-width: 2200px) 100vw, (min-width: 784px) 397px, (min-width: 712px) 595px, (min-width: 640px) 712px, \" \/><\/a><\/div><\/div><div class=\"clearfix\"><\/div><div style=\"padding:5px;\" class=\"fusion-grid-column fusion-gallery-column fusion-gallery-column-3 hover-type-none\"><div class=\"fusion-gallery-image\"><a href=\"https:\/\/www.mobilityinstitute.es\/wp-content\/uploads\/2019\/11\/www.mobilityinstitute.es-mobility-talks-talks-47-copia.jpg\" rel=\"noreferrer\" data-rel=\"iLightbox[gallery_image_1]\" class=\"fusion-lightbox\" target=\"_self\"><img decoding=\"async\" src=\"https:\/\/www.mobilityinstitute.es\/wp-content\/uploads\/2019\/11\/www.mobilityinstitute.es-mobility-talks-talks-47-copia.jpg\" data-orig-src=\"https:\/\/www.mobilityinstitute.es\/wp-content\/uploads\/2019\/11\/www.mobilityinstitute.es-mobility-talks-talks-47-copia.jpg\" width=\"5315\" height=\"3543\" alt=\"\" title=\"Mobility Talks. Mobility Institute RACC\" aria-label=\"Mobility Talks. Mobility Institute RACC\" class=\"lazyload img-responsive wp-image-3079\" srcset=\"data:image\/svg+xml,%3Csvg%20xmlns%3D%27http%3A%2F%2Fwww.w3.org%2F2000%2Fsvg%27%20width%3D%275315%27%20height%3D%273543%27%20viewBox%3D%270%200%205315%203543%27%3E%3Crect%20width%3D%275315%27%20height%3D%273543%27%20fill-opacity%3D%220%22%2F%3E%3C%2Fsvg%3E\" data-srcset=\"https:\/\/www.mobilityinstitute.es\/wp-content\/uploads\/2019\/11\/www.mobilityinstitute.es-mobility-talks-talks-47-copia-200x133.jpg 200w, https:\/\/www.mobilityinstitute.es\/wp-content\/uploads\/2019\/11\/www.mobilityinstitute.es-mobility-talks-talks-47-copia-400x267.jpg 400w, https:\/\/www.mobilityinstitute.es\/wp-content\/uploads\/2019\/11\/www.mobilityinstitute.es-mobility-talks-talks-47-copia-600x400.jpg 600w, https:\/\/www.mobilityinstitute.es\/wp-content\/uploads\/2019\/11\/www.mobilityinstitute.es-mobility-talks-talks-47-copia-800x533.jpg 800w, https:\/\/www.mobilityinstitute.es\/wp-content\/uploads\/2019\/11\/www.mobilityinstitute.es-mobility-talks-talks-47-copia-1200x800.jpg 1200w, https:\/\/www.mobilityinstitute.es\/wp-content\/uploads\/2019\/11\/www.mobilityinstitute.es-mobility-talks-talks-47-copia.jpg 5315w\" data-sizes=\"auto\" data-orig-sizes=\"(min-width: 2200px) 100vw, (min-width: 784px) 397px, (min-width: 712px) 595px, (min-width: 640px) 712px, \" \/><\/a><\/div><\/div><div style=\"padding:5px;\" class=\"fusion-grid-column fusion-gallery-column fusion-gallery-column-3 hover-type-none\"><div class=\"fusion-gallery-image\"><a href=\"https:\/\/www.mobilityinstitute.es\/wp-content\/uploads\/2019\/11\/www.mobilityinstitute.es-mobility-talks-talks-50-copia.jpg\" rel=\"noreferrer\" data-rel=\"iLightbox[gallery_image_1]\" class=\"fusion-lightbox\" target=\"_self\"><img decoding=\"async\" src=\"https:\/\/www.mobilityinstitute.es\/wp-content\/uploads\/2019\/11\/www.mobilityinstitute.es-mobility-talks-talks-50-copia.jpg\" data-orig-src=\"https:\/\/www.mobilityinstitute.es\/wp-content\/uploads\/2019\/11\/www.mobilityinstitute.es-mobility-talks-talks-50-copia.jpg\" width=\"5030\" height=\"3353\" alt=\"\" title=\"Mobility Talks. Mobility Institute RACC\" aria-label=\"Mobility Talks. Mobility Institute RACC\" class=\"lazyload img-responsive wp-image-3082\" srcset=\"data:image\/svg+xml,%3Csvg%20xmlns%3D%27http%3A%2F%2Fwww.w3.org%2F2000%2Fsvg%27%20width%3D%275030%27%20height%3D%273353%27%20viewBox%3D%270%200%205030%203353%27%3E%3Crect%20width%3D%275030%27%20height%3D%273353%27%20fill-opacity%3D%220%22%2F%3E%3C%2Fsvg%3E\" data-srcset=\"https:\/\/www.mobilityinstitute.es\/wp-content\/uploads\/2019\/11\/www.mobilityinstitute.es-mobility-talks-talks-50-copia-200x133.jpg 200w, https:\/\/www.mobilityinstitute.es\/wp-content\/uploads\/2019\/11\/www.mobilityinstitute.es-mobility-talks-talks-50-copia-400x267.jpg 400w, https:\/\/www.mobilityinstitute.es\/wp-content\/uploads\/2019\/11\/www.mobilityinstitute.es-mobility-talks-talks-50-copia-600x400.jpg 600w, https:\/\/www.mobilityinstitute.es\/wp-content\/uploads\/2019\/11\/www.mobilityinstitute.es-mobility-talks-talks-50-copia-800x533.jpg 800w, https:\/\/www.mobilityinstitute.es\/wp-content\/uploads\/2019\/11\/www.mobilityinstitute.es-mobility-talks-talks-50-copia-1200x800.jpg 1200w, https:\/\/www.mobilityinstitute.es\/wp-content\/uploads\/2019\/11\/www.mobilityinstitute.es-mobility-talks-talks-50-copia.jpg 5030w\" data-sizes=\"auto\" data-orig-sizes=\"(min-width: 2200px) 100vw, (min-width: 784px) 397px, (min-width: 712px) 595px, (min-width: 640px) 712px, \" \/><\/a><\/div><\/div><div style=\"padding:5px;\" class=\"fusion-grid-column fusion-gallery-column fusion-gallery-column-3 hover-type-none\"><div class=\"fusion-gallery-image\"><a href=\"https:\/\/www.mobilityinstitute.es\/wp-content\/uploads\/2019\/11\/www.mobilityinstitute.es-mobility-talks-talks-51-copia.jpg\" rel=\"noreferrer\" data-rel=\"iLightbox[gallery_image_1]\" class=\"fusion-lightbox\" target=\"_self\"><img decoding=\"async\" src=\"https:\/\/www.mobilityinstitute.es\/wp-content\/uploads\/2019\/11\/www.mobilityinstitute.es-mobility-talks-talks-51-copia.jpg\" data-orig-src=\"https:\/\/www.mobilityinstitute.es\/wp-content\/uploads\/2019\/11\/www.mobilityinstitute.es-mobility-talks-talks-51-copia.jpg\" width=\"5315\" height=\"3543\" alt=\"\" title=\"Mobility Talks. Mobility Institute RACC\" aria-label=\"Mobility Talks. Mobility Institute RACC\" class=\"lazyload img-responsive wp-image-3085\" srcset=\"data:image\/svg+xml,%3Csvg%20xmlns%3D%27http%3A%2F%2Fwww.w3.org%2F2000%2Fsvg%27%20width%3D%275315%27%20height%3D%273543%27%20viewBox%3D%270%200%205315%203543%27%3E%3Crect%20width%3D%275315%27%20height%3D%273543%27%20fill-opacity%3D%220%22%2F%3E%3C%2Fsvg%3E\" data-srcset=\"https:\/\/www.mobilityinstitute.es\/wp-content\/uploads\/2019\/11\/www.mobilityinstitute.es-mobility-talks-talks-51-copia-200x133.jpg 200w, https:\/\/www.mobilityinstitute.es\/wp-content\/uploads\/2019\/11\/www.mobilityinstitute.es-mobility-talks-talks-51-copia-400x267.jpg 400w, https:\/\/www.mobilityinstitute.es\/wp-content\/uploads\/2019\/11\/www.mobilityinstitute.es-mobility-talks-talks-51-copia-600x400.jpg 600w, https:\/\/www.mobilityinstitute.es\/wp-content\/uploads\/2019\/11\/www.mobilityinstitute.es-mobility-talks-talks-51-copia-800x533.jpg 800w, https:\/\/www.mobilityinstitute.es\/wp-content\/uploads\/2019\/11\/www.mobilityinstitute.es-mobility-talks-talks-51-copia-1200x800.jpg 1200w, https:\/\/www.mobilityinstitute.es\/wp-content\/uploads\/2019\/11\/www.mobilityinstitute.es-mobility-talks-talks-51-copia.jpg 5315w\" data-sizes=\"auto\" data-orig-sizes=\"(min-width: 2200px) 100vw, (min-width: 784px) 397px, (min-width: 712px) 595px, (min-width: 640px) 712px, \" \/><\/a><\/div><\/div><div class=\"clearfix\"><\/div><div style=\"padding:5px;\" class=\"fusion-grid-column fusion-gallery-column fusion-gallery-column-3 hover-type-none\"><div class=\"fusion-gallery-image\"><a href=\"https:\/\/www.mobilityinstitute.es\/wp-content\/uploads\/2019\/11\/www.mobilityinstitute.es-mobility-talks-talks-54-copia.jpg\" rel=\"noreferrer\" data-rel=\"iLightbox[gallery_image_1]\" class=\"fusion-lightbox\" target=\"_self\"><img decoding=\"async\" src=\"https:\/\/www.mobilityinstitute.es\/wp-content\/uploads\/2019\/11\/www.mobilityinstitute.es-mobility-talks-talks-54-copia.jpg\" data-orig-src=\"https:\/\/www.mobilityinstitute.es\/wp-content\/uploads\/2019\/11\/www.mobilityinstitute.es-mobility-talks-talks-54-copia.jpg\" width=\"5315\" height=\"3481\" alt=\"\" title=\"Mobility Talks. Mobility Institute RACC\" aria-label=\"Mobility Talks. Mobility Institute RACC\" class=\"lazyload img-responsive wp-image-3010\" srcset=\"data:image\/svg+xml,%3Csvg%20xmlns%3D%27http%3A%2F%2Fwww.w3.org%2F2000%2Fsvg%27%20width%3D%275315%27%20height%3D%273481%27%20viewBox%3D%270%200%205315%203481%27%3E%3Crect%20width%3D%275315%27%20height%3D%273481%27%20fill-opacity%3D%220%22%2F%3E%3C%2Fsvg%3E\" data-srcset=\"https:\/\/www.mobilityinstitute.es\/wp-content\/uploads\/2019\/11\/www.mobilityinstitute.es-mobility-talks-talks-54-copia-200x131.jpg 200w, https:\/\/www.mobilityinstitute.es\/wp-content\/uploads\/2019\/11\/www.mobilityinstitute.es-mobility-talks-talks-54-copia-400x262.jpg 400w, https:\/\/www.mobilityinstitute.es\/wp-content\/uploads\/2019\/11\/www.mobilityinstitute.es-mobility-talks-talks-54-copia-600x393.jpg 600w, https:\/\/www.mobilityinstitute.es\/wp-content\/uploads\/2019\/11\/www.mobilityinstitute.es-mobility-talks-talks-54-copia-800x524.jpg 800w, https:\/\/www.mobilityinstitute.es\/wp-content\/uploads\/2019\/11\/www.mobilityinstitute.es-mobility-talks-talks-54-copia-1200x786.jpg 1200w, https:\/\/www.mobilityinstitute.es\/wp-content\/uploads\/2019\/11\/www.mobilityinstitute.es-mobility-talks-talks-54-copia.jpg 5315w\" data-sizes=\"auto\" data-orig-sizes=\"(min-width: 2200px) 100vw, (min-width: 784px) 397px, (min-width: 712px) 595px, (min-width: 640px) 712px, \" \/><\/a><\/div><\/div><div style=\"padding:5px;\" class=\"fusion-grid-column fusion-gallery-column fusion-gallery-column-3 hover-type-none\"><div class=\"fusion-gallery-image\"><a href=\"https:\/\/www.mobilityinstitute.es\/wp-content\/uploads\/2019\/11\/www.mobilityinstitute.es-mobility-talks-talks-04-copia.jpg\" rel=\"noreferrer\" data-rel=\"iLightbox[gallery_image_1]\" class=\"fusion-lightbox\" target=\"_self\"><img decoding=\"async\" src=\"https:\/\/www.mobilityinstitute.es\/wp-content\/uploads\/2019\/11\/www.mobilityinstitute.es-mobility-talks-talks-04-copia.jpg\" data-orig-src=\"https:\/\/www.mobilityinstitute.es\/wp-content\/uploads\/2019\/11\/www.mobilityinstitute.es-mobility-talks-talks-04-copia.jpg\" width=\"5149\" height=\"3433\" alt=\"\" title=\"Mobility Talks. Mobility Institute RACC\" aria-label=\"Mobility Talks. Mobility Institute RACC\" class=\"lazyload img-responsive wp-image-3016\" srcset=\"data:image\/svg+xml,%3Csvg%20xmlns%3D%27http%3A%2F%2Fwww.w3.org%2F2000%2Fsvg%27%20width%3D%275149%27%20height%3D%273433%27%20viewBox%3D%270%200%205149%203433%27%3E%3Crect%20width%3D%275149%27%20height%3D%273433%27%20fill-opacity%3D%220%22%2F%3E%3C%2Fsvg%3E\" data-srcset=\"https:\/\/www.mobilityinstitute.es\/wp-content\/uploads\/2019\/11\/www.mobilityinstitute.es-mobility-talks-talks-04-copia-200x133.jpg 200w, https:\/\/www.mobilityinstitute.es\/wp-content\/uploads\/2019\/11\/www.mobilityinstitute.es-mobility-talks-talks-04-copia-400x267.jpg 400w, https:\/\/www.mobilityinstitute.es\/wp-content\/uploads\/2019\/11\/www.mobilityinstitute.es-mobility-talks-talks-04-copia-600x400.jpg 600w, https:\/\/www.mobilityinstitute.es\/wp-content\/uploads\/2019\/11\/www.mobilityinstitute.es-mobility-talks-talks-04-copia-800x533.jpg 800w, https:\/\/www.mobilityinstitute.es\/wp-content\/uploads\/2019\/11\/www.mobilityinstitute.es-mobility-talks-talks-04-copia-1200x800.jpg 1200w, https:\/\/www.mobilityinstitute.es\/wp-content\/uploads\/2019\/11\/www.mobilityinstitute.es-mobility-talks-talks-04-copia.jpg 5149w\" data-sizes=\"auto\" data-orig-sizes=\"(min-width: 2200px) 100vw, (min-width: 784px) 397px, (min-width: 712px) 595px, (min-width: 640px) 712px, \" \/><\/a><\/div><\/div><\/div><\/div><div class=\"fusion-clearfix\"><\/div><\/div><\/div><\/div><\/div>\n","protected":false},"excerpt":{"rendered":"","protected":false},"author":570,"featured_media":0,"parent":0,"menu_order":101,"comment_status":"closed","ping_status":"closed","template":"","meta":{"footnotes":""},"yst_prominent_words":[135,131,129,127,425,429,426,424,427,423,100,428,134,99,97,96,98,273,133,430],"class_list":["post-3186","page","type-page","status-publish","hentry"],"_links":{"self":[{"href":"https:\/\/www.mobilityinstitute.es\/ca\/wp-json\/wp\/v2\/pages\/3186","targetHints":{"allow":["GET"]}}],"collection":[{"href":"https:\/\/www.mobilityinstitute.es\/ca\/wp-json\/wp\/v2\/pages"}],"about":[{"href":"https:\/\/www.mobilityinstitute.es\/ca\/wp-json\/wp\/v2\/types\/page"}],"author":[{"embeddable":true,"href":"https:\/\/www.mobilityinstitute.es\/ca\/wp-json\/wp\/v2\/users\/570"}],"replies":[{"embeddable":true,"href":"https:\/\/www.mobilityinstitute.es\/ca\/wp-json\/wp\/v2\/comments?post=3186"}],"version-history":[{"count":0,"href":"https:\/\/www.mobilityinstitute.es\/ca\/wp-json\/wp\/v2\/pages\/3186\/revisions"}],"wp:attachment":[{"href":"https:\/\/www.mobilityinstitute.es\/ca\/wp-json\/wp\/v2\/media?parent=3186"}],"wp:term":[{"taxonomy":"yst_prominent_words","embeddable":true,"href":"https:\/\/www.mobilityinstitute.es\/ca\/wp-json\/wp\/v2\/yst_prominent_words?post=3186"}],"curies":[{"name":"wp","href":"https:\/\/api.w.org\/{rel}","templated":true}]}}