{"id":3371,"date":"2020-01-29T17:12:22","date_gmt":"2020-01-29T16:12:22","guid":{"rendered":"https:\/\/www.mobilityinstitute.es\/?page_id=3371"},"modified":"2020-06-22T17:03:55","modified_gmt":"2020-06-22T15:03:55","slug":"el-teu-projecte","status":"publish","type":"page","link":"https:\/\/www.mobilityinstitute.es\/ca\/que-fem\/el-teu-projecte\/","title":{"rendered":"El teu projecte"},"content":{"rendered":"<p><div class=\"fusion-fullwidth fullwidth-box fusion-builder-row-1 serveis_a_mida nonhundred-percent-fullwidth non-hundred-percent-height-scrolling\" style=\"background-color: rgba(255,255,255,0);background-position: center center;background-repeat: no-repeat;padding-top:0px;padding-right:0px;padding-bottom:0px;padding-left:0px;margin-bottom: 20px;margin-top: 0px;border-width: 0px 0px 0px 0px;border-color:#eae9e9;border-style:solid;\" ><div class=\"fusion-builder-row fusion-row\"><div class=\"fusion-layout-column fusion_builder_column fusion-builder-column-0 fusion_builder_column_1_1 1_1 fusion-one-full fusion-column-first fusion-column-last\" style=\"margin-top:0px;margin-bottom:20px;\"><div class=\"fusion-column-wrapper fusion-flex-column-wrapper-legacy\" style=\"background-position:left top;background-repeat:no-repeat;-webkit-background-size:cover;-moz-background-size:cover;-o-background-size:cover;background-size:cover;padding: 0px 0px 0px 0px;\"><div class=\"fusion-text fusion-text-1\"><p>Qualsevol entitat o empresa pot disposar de l\u2019expertesa del Mobility Institute de manera personalitzada. Alguns exemples de projectes recents realitzats per l&#8217;equip multidiscplinar del Mobility Institute s\u00f3n:<\/p>\n<\/div><div class=\"fusion-sep-clear\"><\/div><div class=\"fusion-separator fusion-full-width-sep\" style=\"margin-left: auto;margin-right: auto;margin-top:12px;width:100%;\"><div class=\"fusion-separator-border sep-double\" style=\"border-color:#ffffff;border-top-width:1px;border-bottom-width:1px;\"><\/div><\/div><div class=\"fusion-sep-clear\"><\/div><div class=\"fusion-clearfix\"><\/div><\/div><\/div><div class=\"fusion-layout-column fusion_builder_column fusion-builder-column-1 fusion_builder_column_1_2 1_2 fusion-one-half fusion-column-first\" style=\"width:48%; margin-right: 4%;margin-top:0px;margin-bottom:0px;\"><div class=\"fusion-column-wrapper fusion-flex-column-wrapper-legacy\" style=\"background-position:left top;background-repeat:no-repeat;-webkit-background-size:cover;-moz-background-size:cover;-o-background-size:cover;background-size:cover;padding: 0px 0px 0px 0px;\"><style type=\"text\/css\"><\/style><div class=\"fusion-title title fusion-title-1 fusion-title-text fusion-title-size-five\" style=\"margin-top:0px;margin-right:0px;margin-bottom:31px;margin-left:0px;\"><h5 class=\"title-heading-left fusion-responsive-typography-calculated\" style=\"margin:0;--fontSize:15;--minFontSize:14pt;line-height:1.5;\">INVESTIGACI\u00d3 DE MERCAT<\/h5><span class=\"awb-title-spacer\"><\/span><div class=\"title-sep-container\"><div class=\"title-sep sep-double sep-solid\" style=\"border-color:#e0dede;\"><\/div><\/div><\/div><span class=\" fusion-imageframe imageframe-none imageframe-1 hover-type-none\"><img decoding=\"async\" width=\"1024\" height=\"581\" title=\"Europcar\" src=\"https:\/\/www.mobilityinstitute.es\/wp-content\/uploads\/2020\/01\/www.mobilityinstitute.es-europcar.png\" data-orig-src=\"https:\/\/www.mobilityinstitute.es\/wp-content\/uploads\/2020\/01\/www.mobilityinstitute.es-europcar-1024x581.png\" alt class=\"lazyload img-responsive wp-image-3374\" srcset=\"data:image\/svg+xml,%3Csvg%20xmlns%3D%27http%3A%2F%2Fwww.w3.org%2F2000%2Fsvg%27%20width%3D%272000%27%20height%3D%271135%27%20viewBox%3D%270%200%202000%201135%27%3E%3Crect%20width%3D%272000%27%20height%3D%271135%27%20fill-opacity%3D%220%22%2F%3E%3C%2Fsvg%3E\" data-srcset=\"https:\/\/www.mobilityinstitute.es\/wp-content\/uploads\/2020\/01\/www.mobilityinstitute.es-europcar-200x114.png 200w, https:\/\/www.mobilityinstitute.es\/wp-content\/uploads\/2020\/01\/www.mobilityinstitute.es-europcar-400x227.png 400w, https:\/\/www.mobilityinstitute.es\/wp-content\/uploads\/2020\/01\/www.mobilityinstitute.es-europcar-600x341.png 600w, https:\/\/www.mobilityinstitute.es\/wp-content\/uploads\/2020\/01\/www.mobilityinstitute.es-europcar-800x454.png 800w, https:\/\/www.mobilityinstitute.es\/wp-content\/uploads\/2020\/01\/www.mobilityinstitute.es-europcar-1200x681.png 1200w\" data-sizes=\"auto\" data-orig-sizes=\"(max-width: 800px) 100vw, 600px\" \/><\/span><div class=\"fusion-text fusion-text-2\"><p>Per enc\u00e0rrec d&#8217;Europcar Mobility Group s&#8217;ha fet un <strong>estudi detallat de les prefer\u00e8ncies dels conductors de ciutats espanyoles<\/strong>. Se&#8217;ls ha preguntat per aspectes com la sostenibilitat, la seguretat o l&#8217;adopci\u00f3 de tecnolog\u00eda en 3 situacions diferents: Mobilitat del dia a dia, trajectes d&#8217;oci o despla\u00e7aments vacacionals.<\/p>\n<p>Els resultats es van presentar el Gener de 2020 en el marc de la fira FITUR (Madrid)<\/p>\n<\/div><div class=\"fusion-clearfix\"><\/div><\/div><\/div><div class=\"fusion-layout-column fusion_builder_column fusion-builder-column-2 fusion_builder_column_1_2 1_2 fusion-one-half fusion-column-last\" style=\"width:48%;margin-top:0px;margin-bottom:20px;\"><div class=\"fusion-column-wrapper fusion-flex-column-wrapper-legacy\" style=\"background-position:left top;background-repeat:no-repeat;-webkit-background-size:cover;-moz-background-size:cover;-o-background-size:cover;background-size:cover;padding: 0px 0px 0px 0px;\"><style type=\"text\/css\"><\/style><div class=\"fusion-title title fusion-title-2 fusion-title-text fusion-title-size-five\" style=\"margin-top:0px;margin-right:0px;margin-bottom:31px;margin-left:0px;\"><h5 class=\"title-heading-left fusion-responsive-typography-calculated\" style=\"margin:0;--fontSize:15;--minFontSize:14pt;line-height:1.5;\">TRANSICI\u00d3 A FLOTA EL\u00c8CTRICA<\/h5><span class=\"awb-title-spacer\"><\/span><div class=\"title-sep-container\"><div class=\"title-sep sep-double sep-solid\" style=\"border-color:#e0dede;\"><\/div><\/div><\/div><span class=\" fusion-imageframe imageframe-none imageframe-2 hover-type-none\"><img decoding=\"async\" width=\"900\" height=\"510\" title=\"Leaf Cargando\" src=\"https:\/\/www.mobilityinstitute.es\/wp-content\/uploads\/2020\/03\/www.mobilityinstitute.es-leaf-cargando-e1585504524778.jpg\" data-orig-src=\"https:\/\/www.mobilityinstitute.es\/wp-content\/uploads\/2020\/03\/www.mobilityinstitute.es-leaf-cargando-e1585504524778.jpg\" alt class=\"lazyload img-responsive wp-image-4110\" srcset=\"data:image\/svg+xml,%3Csvg%20xmlns%3D%27http%3A%2F%2Fwww.w3.org%2F2000%2Fsvg%27%20width%3D%27900%27%20height%3D%27510%27%20viewBox%3D%270%200%20900%20510%27%3E%3Crect%20width%3D%27900%27%20height%3D%27510%27%20fill-opacity%3D%220%22%2F%3E%3C%2Fsvg%3E\" data-srcset=\"https:\/\/www.mobilityinstitute.es\/wp-content\/uploads\/2020\/03\/www.mobilityinstitute.es-leaf-cargando-e1585504524778-200x113.jpg 200w, https:\/\/www.mobilityinstitute.es\/wp-content\/uploads\/2020\/03\/www.mobilityinstitute.es-leaf-cargando-e1585504524778-400x227.jpg 400w, https:\/\/www.mobilityinstitute.es\/wp-content\/uploads\/2020\/03\/www.mobilityinstitute.es-leaf-cargando-e1585504524778-600x340.jpg 600w, https:\/\/www.mobilityinstitute.es\/wp-content\/uploads\/2020\/03\/www.mobilityinstitute.es-leaf-cargando-e1585504524778-800x453.jpg 800w, https:\/\/www.mobilityinstitute.es\/wp-content\/uploads\/2020\/03\/www.mobilityinstitute.es-leaf-cargando-e1585504524778.jpg 900w\" data-sizes=\"auto\" data-orig-sizes=\"(max-width: 800px) 100vw, 900px\" \/><\/span><div class=\"fusion-text fusion-text-3\"><p>FGC \u00e9s una de les empreses que estan fent una aposta decidida per la mobilitat sostenible.<\/p>\n<p>S&#8217;est\u00e0 desenvolupant un projecte per a convertir la flota actual de vehicles de FGC en una flota 100% el\u00e8ctrica. Fruit d&#8217;aquest projecte i de la implicaci\u00f3 de l&#8217;equip de FGC s&#8217;ha aconseguit que <strong>tots els turismes i furgonetes que s&#8217;han renovat l&#8217;any 2019 han estat vehicles el\u00e8ctrics<\/strong>. L&#8217;objetiu \u00e9s repetir el plantejament per al 2020.<\/p>\n<\/div><div class=\"fusion-clearfix\"><\/div><\/div><\/div><\/div><\/div><div class=\"fusion-fullwidth fullwidth-box fusion-builder-row-2 serveis_a_mida nonhundred-percent-fullwidth non-hundred-percent-height-scrolling\" style=\"background-color: rgba(255,255,255,0);background-position: center center;background-repeat: no-repeat;padding-top:0px;padding-right:0px;padding-bottom:0px;padding-left:0px;margin-bottom: 0px;margin-top: 0px;border-width: 0px 0px 0px 0px;border-color:#eae9e9;border-style:solid;\" ><div class=\"fusion-builder-row fusion-row\"><div class=\"fusion-layout-column fusion_builder_column fusion-builder-column-3 fusion_builder_column_1_2 1_2 fusion-one-half fusion-column-first\" style=\"width:48%; margin-right: 4%;margin-top:0px;margin-bottom:0px;\"><div class=\"fusion-column-wrapper fusion-flex-column-wrapper-legacy\" style=\"background-position:left top;background-repeat:no-repeat;-webkit-background-size:cover;-moz-background-size:cover;-o-background-size:cover;background-size:cover;padding: 0px 0px 0px 0px;\"><style type=\"text\/css\"><\/style><div class=\"fusion-title title fusion-title-3 fusion-title-text fusion-title-size-five\" style=\"margin-top:0px;margin-right:0px;margin-bottom:31px;margin-left:0px;\"><h5 class=\"title-heading-left fusion-responsive-typography-calculated\" style=\"margin:0;--fontSize:15;--minFontSize:14pt;line-height:1.5;\">ESTUDIS D&#8217;AVALUACI\u00d3 DE LA MOBILITAT GENERADA<\/h5><span class=\"awb-title-spacer\"><\/span><div class=\"title-sep-container\"><div class=\"title-sep sep-double sep-solid\" style=\"border-color:#e0dede;\"><\/div><\/div><\/div><span class=\" fusion-imageframe imageframe-none imageframe-3 hover-type-none\"><img decoding=\"async\" width=\"696\" height=\"435\" title=\"FCB\" src=\"https:\/\/www.mobilityinstitute.es\/wp-content\/uploads\/2020\/01\/www.mobilityinstitute.es-fcb.jpg\" data-orig-src=\"https:\/\/www.mobilityinstitute.es\/wp-content\/uploads\/2020\/01\/www.mobilityinstitute.es-fcb.jpg\" alt class=\"lazyload img-responsive wp-image-3378\" srcset=\"data:image\/svg+xml,%3Csvg%20xmlns%3D%27http%3A%2F%2Fwww.w3.org%2F2000%2Fsvg%27%20width%3D%27696%27%20height%3D%27435%27%20viewBox%3D%270%200%20696%20435%27%3E%3Crect%20width%3D%27696%27%20height%3D%27435%27%20fill-opacity%3D%220%22%2F%3E%3C%2Fsvg%3E\" data-srcset=\"https:\/\/www.mobilityinstitute.es\/wp-content\/uploads\/2020\/01\/www.mobilityinstitute.es-fcb-200x125.jpg 200w, https:\/\/www.mobilityinstitute.es\/wp-content\/uploads\/2020\/01\/www.mobilityinstitute.es-fcb-400x250.jpg 400w, https:\/\/www.mobilityinstitute.es\/wp-content\/uploads\/2020\/01\/www.mobilityinstitute.es-fcb-600x375.jpg 600w, https:\/\/www.mobilityinstitute.es\/wp-content\/uploads\/2020\/01\/www.mobilityinstitute.es-fcb.jpg 696w\" data-sizes=\"auto\" data-orig-sizes=\"(max-width: 800px) 100vw, 600px\" \/><\/span><div class=\"fusion-text fusion-text-4\"><p>A petici\u00f3 del FCB, l&#8217;equip que forma el Mobility Institute va fer un <strong>diagn\u00f2stic de la mobilitat alrededor del Camp Nou<\/strong>, tant en dies de partit com no, on l&#8217;aflu\u00e8ncia a zones com el museu del Bar\u00e7a tamb\u00e9 \u00e9s elevada. L&#8217;estudi va incloure enquestes als aficionats sobre els seus h\u00e0bits de mobilitat. El resultat va ser una <strong>proposta d&#8217;accions per millorar l&#8217;accesibilitat a les instal\u00b7lacions<\/strong>.<\/p>\n<\/div><div class=\"fusion-clearfix\"><\/div><\/div><\/div><div class=\"fusion-layout-column fusion_builder_column fusion-builder-column-4 fusion_builder_column_1_2 1_2 fusion-one-half fusion-column-last\" style=\"width:48%;margin-top:0px;margin-bottom:20px;\"><div class=\"fusion-column-wrapper fusion-flex-column-wrapper-legacy\" style=\"background-position:left top;background-repeat:no-repeat;-webkit-background-size:cover;-moz-background-size:cover;-o-background-size:cover;background-size:cover;padding: 0px 0px 0px 0px;\"><style type=\"text\/css\"><\/style><div class=\"fusion-title title fusion-title-4 fusion-title-text fusion-title-size-five\" style=\"margin-top:0px;margin-right:0px;margin-bottom:31px;margin-left:0px;\"><h5 class=\"title-heading-left fusion-responsive-typography-calculated\" style=\"margin:0;--fontSize:15;--minFontSize:14pt;line-height:1.5;\">AUDITORIA D&#8217;INFRAESTRUCTURES<\/h5><span class=\"awb-title-spacer\"><\/span><div class=\"title-sep-container\"><div class=\"title-sep sep-double sep-solid\" style=\"border-color:#e0dede;\"><\/div><\/div><\/div><span class=\" fusion-imageframe imageframe-none imageframe-4 hover-type-none\"><img decoding=\"async\" width=\"696\" height=\"435\" title=\"PORTUGAL\" src=\"https:\/\/www.mobilityinstitute.es\/wp-content\/uploads\/2020\/01\/www.mobilityinstitute.es-portugal.jpg\" data-orig-src=\"https:\/\/www.mobilityinstitute.es\/wp-content\/uploads\/2020\/01\/www.mobilityinstitute.es-portugal.jpg\" alt class=\"lazyload img-responsive wp-image-3384\" srcset=\"data:image\/svg+xml,%3Csvg%20xmlns%3D%27http%3A%2F%2Fwww.w3.org%2F2000%2Fsvg%27%20width%3D%27696%27%20height%3D%27435%27%20viewBox%3D%270%200%20696%20435%27%3E%3Crect%20width%3D%27696%27%20height%3D%27435%27%20fill-opacity%3D%220%22%2F%3E%3C%2Fsvg%3E\" data-srcset=\"https:\/\/www.mobilityinstitute.es\/wp-content\/uploads\/2020\/01\/www.mobilityinstitute.es-portugal-200x125.jpg 200w, https:\/\/www.mobilityinstitute.es\/wp-content\/uploads\/2020\/01\/www.mobilityinstitute.es-portugal-400x250.jpg 400w, https:\/\/www.mobilityinstitute.es\/wp-content\/uploads\/2020\/01\/www.mobilityinstitute.es-portugal-600x375.jpg 600w, https:\/\/www.mobilityinstitute.es\/wp-content\/uploads\/2020\/01\/www.mobilityinstitute.es-portugal.jpg 696w\" data-sizes=\"auto\" data-orig-sizes=\"(max-width: 800px) 100vw, 600px\" \/><\/span><div class=\"fusion-text fusion-text-5\"><p>L&#8217;equip del Mobility Institute ha aplicat la <strong>metodologia IRAP<\/strong> a uns<strong> 5.000 km de la xarxa convencional de carreteres<\/strong> per tal d&#8217;obtenir una classificaci\u00f3 d&#8217;estrelles dels trams de la xarxa que concentren m\u00e9s accidents.<\/p>\n<p>Dintre de la nostra activitat tamb\u00e9 s&#8217;ha incl\u00f3s el <strong>desenvolupament del pla d&#8217;inversi\u00f3<\/strong>, aix\u00ed com una <strong>sessi\u00f3 de training<\/strong> als t\u00e8cnics de les autoritats vi\u00e0ries portugueses.<\/p>\n<\/div><div class=\"fusion-clearfix\"><\/div><\/div><\/div><\/div><\/div><div class=\"fusion-fullwidth fullwidth-box fusion-builder-row-3 nonhundred-percent-fullwidth non-hundred-percent-height-scrolling\" style=\"background-color: rgba(255,255,255,0);background-position: center center;background-repeat: no-repeat;padding-top:0px;padding-right:0px;padding-bottom:0px;padding-left:0px;margin-bottom: 80px;margin-top: 0px;border-width: 0px 0px 0px 0px;border-color:#eae9e9;border-style:solid;\" ><div class=\"fusion-builder-row fusion-row\"><div class=\"fusion-layout-column fusion_builder_column fusion-builder-column-5 fusion_builder_column_1_1 1_1 fusion-one-full fusion-column-first fusion-column-last\" style=\"margin-top:0px;margin-bottom:20px;\"><div class=\"fusion-column-wrapper fusion-flex-column-wrapper-legacy\" style=\"background-position:left top;background-repeat:no-repeat;-webkit-background-size:cover;-moz-background-size:cover;-o-background-size:cover;background-size:cover;padding: 0px 0px 0px 0px;\"><div class=\"fusion-text fusion-text-6\"><p><b>Contacta amb nosaltres per rebre m\u00e9s informaci\u00f3 sobre els serveis a mida del Mobility Institute<\/b><\/p>\n<\/div><div class=\"fusion-clearfix\"><\/div><\/div><\/div><div class=\"fusion-layout-column fusion_builder_column fusion-builder-column-6 fusion_builder_column_1_1 1_1 fusion-one-full fusion-column-first fusion-column-last\" style=\"margin-top:0px;margin-bottom:20px;\"><div class=\"fusion-column-wrapper fusion-flex-column-wrapper-legacy\" style=\"background-position:left top;background-repeat:no-repeat;-webkit-background-size:cover;-moz-background-size:cover;-o-background-size:cover;background-size:cover;padding: 0px 60px 0px 60px;\"><div class=\"fusion-text fusion-text-7\">\n<div class=\"wpcf7 no-js\" id=\"wpcf7-f471-o1\" lang=\"ca\" dir=\"ltr\" data-wpcf7-id=\"471\">\n<div class=\"screen-reader-response\"><p role=\"status\" aria-live=\"polite\" aria-atomic=\"true\"><\/p> <ul><\/ul><\/div>\n<form action=\"\/ca\/wp-json\/wp\/v2\/pages\/3371#wpcf7-f471-o1\" method=\"post\" class=\"wpcf7-form init\" aria-label=\"Formulari de contacte\" novalidate=\"novalidate\" data-status=\"init\">\n<fieldset class=\"hidden-fields-container\"><input type=\"hidden\" name=\"_wpcf7\" value=\"471\" \/><input type=\"hidden\" name=\"_wpcf7_version\" value=\"6.1.5\" \/><input type=\"hidden\" name=\"_wpcf7_locale\" value=\"ca\" \/><input type=\"hidden\" name=\"_wpcf7_unit_tag\" value=\"wpcf7-f471-o1\" \/><input type=\"hidden\" name=\"_wpcf7_container_post\" value=\"0\" \/><input type=\"hidden\" name=\"_wpcf7_posted_data_hash\" value=\"\" \/>\n<\/fieldset>\n<p><label> Nom*<br \/>\n<span class=\"wpcf7-form-control-wrap\" data-name=\"contactname\"><input size=\"40\" maxlength=\"400\" class=\"wpcf7-form-control wpcf7-text wpcf7-validates-as-required\" id=\"name\" aria-required=\"true\" aria-invalid=\"false\" value=\"\" type=\"text\" name=\"contactname\" \/><\/span> <\/label>\n<\/p>\n<p><label> Empresa*<br \/>\n<span class=\"wpcf7-form-control-wrap\" data-name=\"empresa\"><input size=\"40\" maxlength=\"400\" class=\"wpcf7-form-control wpcf7-text wpcf7-validates-as-required\" id=\"company\" aria-required=\"true\" aria-invalid=\"false\" value=\"\" type=\"text\" name=\"empresa\" \/><\/span> <\/label>\n<\/p>\n<p><label> Tel\u00e8fon*<br \/>\n<span class=\"wpcf7-form-control-wrap\" data-name=\"phone\"><input size=\"40\" maxlength=\"400\" class=\"wpcf7-form-control wpcf7-tel wpcf7-validates-as-required wpcf7-text wpcf7-validates-as-tel\" id=\"phone\" aria-required=\"true\" aria-invalid=\"false\" value=\"\" type=\"tel\" name=\"phone\" \/><\/span> <\/label>\n<\/p>\n<p><label> E-mail*<br \/>\n<span class=\"wpcf7-form-control-wrap\" data-name=\"email\"><input size=\"40\" maxlength=\"400\" class=\"wpcf7-form-control wpcf7-email wpcf7-validates-as-required wpcf7-text wpcf7-validates-as-email\" id=\"email\" aria-required=\"true\" aria-invalid=\"false\" value=\"\" type=\"email\" name=\"email\" \/><\/span> <\/label>\n<\/p>\n<p><label> Missatge<br \/>\n<span class=\"wpcf7-form-control-wrap\" data-name=\"message\"><textarea cols=\"40\" rows=\"10\" maxlength=\"2000\" class=\"wpcf7-form-control wpcf7-textarea\" id=\"message\" aria-invalid=\"false\" name=\"message\"><\/textarea><\/span> <\/label>\n<\/p>\n<div style=\"width:100%;text-align:center\">\n\t<p><input class=\"wpcf7-form-control wpcf7-submit has-spinner fusion-button button-flat fusion-button-round button-xlarge button-custom button-1 cta_yellow\" id=\"submitcontact\" type=\"submit\" value=\"Enviar\" \/>\n\t<\/p>\n<\/div><div class=\"fusion-alert alert custom alert-custom fusion-alert-center wpcf7-response-output fusion-alert-capitalize alert-dismissable\" role=\"alert\" style=\"border-width:1px;\"><div class=\"fusion-alert-content-wrapper\"><span class=\"fusion-alert-content\"><\/span><\/div><button type=\"button\" class=\"close toggle-alert\" data-dismiss=\"alert\" aria-label=\"Close\">&times;<\/button><\/div>\n<\/form>\n<\/div>\n\n<\/div><div class=\"fusion-clearfix\"><\/div><\/div><\/div><\/div><\/div><\/p>\n","protected":false},"excerpt":{"rendered":"","protected":false},"author":570,"featured_media":0,"parent":10,"menu_order":206,"comment_status":"closed","ping_status":"closed","template":"","meta":{"footnotes":""},"yst_prominent_words":[1489,365,450,306,489,495,263,285,496,490,100,494,258,99,97,273,990,271,991,2058],"class_list":["post-3371","page","type-page","status-publish","hentry"],"_links":{"self":[{"href":"https:\/\/www.mobilityinstitute.es\/ca\/wp-json\/wp\/v2\/pages\/3371","targetHints":{"allow":["GET"]}}],"collection":[{"href":"https:\/\/www.mobilityinstitute.es\/ca\/wp-json\/wp\/v2\/pages"}],"about":[{"href":"https:\/\/www.mobilityinstitute.es\/ca\/wp-json\/wp\/v2\/types\/page"}],"author":[{"embeddable":true,"href":"https:\/\/www.mobilityinstitute.es\/ca\/wp-json\/wp\/v2\/users\/570"}],"replies":[{"embeddable":true,"href":"https:\/\/www.mobilityinstitute.es\/ca\/wp-json\/wp\/v2\/comments?post=3371"}],"version-history":[{"count":0,"href":"https:\/\/www.mobilityinstitute.es\/ca\/wp-json\/wp\/v2\/pages\/3371\/revisions"}],"up":[{"embeddable":true,"href":"https:\/\/www.mobilityinstitute.es\/ca\/wp-json\/wp\/v2\/pages\/10"}],"wp:attachment":[{"href":"https:\/\/www.mobilityinstitute.es\/ca\/wp-json\/wp\/v2\/media?parent=3371"}],"wp:term":[{"taxonomy":"yst_prominent_words","embeddable":true,"href":"https:\/\/www.mobilityinstitute.es\/ca\/wp-json\/wp\/v2\/yst_prominent_words?post=3371"}],"curies":[{"name":"wp","href":"https:\/\/api.w.org\/{rel}","templated":true}]}}