{"id":434,"date":"2019-03-13T13:29:47","date_gmt":"2019-03-13T12:29:47","guid":{"rendered":"https:\/\/www.mobilityinstitute.es\/?page_id=434"},"modified":"2020-06-01T14:28:20","modified_gmt":"2020-06-01T12:28:20","slug":"plataforma-de-coneixement","status":"publish","type":"page","link":"https:\/\/www.mobilityinstitute.es\/ca\/continguts\/plataforma-de-coneixement\/","title":{"rendered":"Plataforma de dades"},"content":{"rendered":"<p><div class=\"fusion-fullwidth fullwidth-box fusion-builder-row-1 nonhundred-percent-fullwidth non-hundred-percent-height-scrolling\" style=\"background-color: rgba(255,255,255,0);background-position: center center;background-repeat: no-repeat;padding-top:0px;padding-right:0px;padding-bottom:0px;padding-left:0px;margin-bottom: 0px;margin-top: 0px;border-width: 0px 0px 0px 0px;border-color:#eae9e9;border-style:solid;\" ><div class=\"fusion-builder-row fusion-row\"><div class=\"fusion-layout-column fusion_builder_column fusion-builder-column-0 fusion_builder_column_1_1 1_1 fusion-one-full fusion-column-first fusion-column-last\" style=\"margin-top:0px;margin-bottom:20px;\"><div class=\"fusion-column-wrapper fusion-flex-column-wrapper-legacy\" style=\"background-position:left top;background-repeat:no-repeat;-webkit-background-size:cover;-moz-background-size:cover;-o-background-size:cover;background-size:cover;padding: 0px 0px 0px 0px;\"><div class=\"fusion-text fusion-text-1\"><h2 style=\"text-align: center;\">EXPLORA ELS INDICADORS DE MOBILITAT<\/h2>\n<\/div><div class=\"fusion-sep-clear\"><\/div><div class=\"fusion-separator fusion-full-width-sep\" style=\"margin-left: auto;margin-right: auto;margin-top:20px;margin-bottom:20px;width:100%;\"><div class=\"fusion-separator-border sep-double\" style=\"border-color:#ffffff;border-top-width:1px;border-bottom-width:1px;\"><\/div><\/div><div class=\"fusion-sep-clear\"><\/div><div class=\"fusion-text fusion-text-2\"><div class=\"fusion-text\">\n<p style=\"text-align: center;\">Els associats poden accedir, per mitj\u00e0 d\u2019aquesta plataforma, a bases de dades, indicadors i recursos de mobilitat,\u00a0<b>consultables<\/b>\u00a0en format digital i\u00a0<b>descarregables<\/b>. A continuaci\u00f3 pots accedir al conjunt d\u2019indicadors de mobilitat d\u2019actualitzaci\u00f3 semestral.<\/p>\n<\/div>\n<\/div><div class=\"fusion-clearfix\"><\/div><\/div><\/div><\/div><\/div><div class=\"fusion-fullwidth fullwidth-box fusion-builder-row-2 nonhundred-percent-fullwidth non-hundred-percent-height-scrolling\" style=\"background-color: rgba(255,255,255,0);background-position: center center;background-repeat: no-repeat;padding-top:0px;padding-right:0px;padding-bottom:0px;padding-left:0px;margin-bottom: 0px;margin-top: 0px;border-width: 0px 0px 0px 0px;border-color:#eae9e9;border-style:solid;\" ><div class=\"fusion-builder-row fusion-row\"><div class=\"fusion-layout-column fusion_builder_column fusion-builder-column-1 fusion_builder_column_1_1 1_1 fusion-one-full fusion-column-first fusion-column-last\" style=\"margin-top:0px;margin-bottom:20px;\"><div class=\"fusion-column-wrapper fusion-flex-column-wrapper-legacy\" style=\"background-position:left top;background-repeat:no-repeat;-webkit-background-size:cover;-moz-background-size:cover;-o-background-size:cover;background-size:cover;padding: 0px 0px 0px 0px;\"><style type=\"text\/css\"><\/style><div class=\"fusion-title title fusion-title-1 fusion-title-text fusion-title-size-five title\" style=\"margin-top:0px;margin-right:0px;margin-bottom:20px;margin-left:0px;\" id=\"title_personas\"><h5 class=\"title-heading-left fusion-responsive-typography-calculated\" style=\"margin:0;--fontSize:15;--minFontSize:14pt;line-height:1.5;\">[+] DADES AGREGADES DE MOBILITAT DE PERSONES<\/p><\/h5><span class=\"awb-title-spacer\"><\/span><div class=\"title-sep-container\"><div class=\"title-sep sep-double sep-solid\" style=\"border-color:#e0dede;\"><\/div><\/div><\/div><div class=\"fusion-tabs fusion-tabs-1 clean hidden vertical-tabs icon-position-left mobile-mode-accordion\" id=\"content_personas\"><style type=\"text\/css\">#wrapper .fusion-tabs.fusion-tabs-1.clean .nav-tabs li a.tab-link{border-color:#ebeaea;}.fusion-tabs.fusion-tabs-1 .nav-tabs li a.tab-link{background-color:#ebeaea;}.fusion-tabs.fusion-tabs-1 .nav-tabs li.active a.tab-link,.fusion-tabs.fusion-tabs-1 .nav-tabs li.active a.tab-link:hover,.fusion-tabs.fusion-tabs-1 .nav-tabs li.active a.tab-link:focus{background-color:#ffffff;}.fusion-tabs.fusion-tabs-1 .nav-tabs li a:hover{background-color:#ffffff;border-top-color:#ffffff;}.fusion-tabs.fusion-tabs-1 .tab-pane{background-color:#ffffff;}.fusion-tabs.fusion-tabs-1 .nav,.fusion-tabs.fusion-tabs-1 .nav-tabs,.fusion-tabs.fusion-tabs-1 .tab-content .tab-pane{border-color:#ebeaea;}<\/style><div class=\"nav\"><ul class=\"nav-tabs\" role=\"tablist\"><li class=\"active\" role=\"presentation\"><a class=\"tab-link\" data-toggle=\"tab\" role=\"tab\" aria-controls=\"tab-db3c8c7365f05bbd4d5\" aria-selected=\"true\" id=\"fusion-tab-global\" href=\"#tab-db3c8c7365f05bbd4d5\"><h4 class=\"fusion-tab-heading\">Global<\/h4><\/a><\/li><li role=\"presentation\"><a class=\"tab-link\" data-toggle=\"tab\" role=\"tab\" aria-controls=\"tab-23a8783320cf4882301\" aria-selected=\"false\" tabindex=\"-1\" id=\"fusion-tab-transportp\u00fablic\" href=\"#tab-23a8783320cf4882301\"><h4 class=\"fusion-tab-heading\">Transport P\u00fablic<\/h4><\/a><\/li><li role=\"presentation\"><a class=\"tab-link\" data-toggle=\"tab\" role=\"tab\" aria-controls=\"tab-bfe2fa252cfe336791a\" aria-selected=\"false\" tabindex=\"-1\" id=\"fusion-tab-transportprivat\" href=\"#tab-bfe2fa252cfe336791a\"><h4 class=\"fusion-tab-heading\">Transport Privat<\/h4><\/a><\/li><li role=\"presentation\"><a class=\"tab-link\" data-toggle=\"tab\" role=\"tab\" aria-controls=\"tab-7232680e4e2d38456ac\" aria-selected=\"false\" tabindex=\"-1\" id=\"fusion-tab-accidentalitat\" href=\"#tab-7232680e4e2d38456ac\"><h4 class=\"fusion-tab-heading\">Accidentalitat<\/h4><\/a><\/li><\/ul><\/div><div class=\"tab-content\"><div class=\"nav fusion-mobile-tab-nav\"><ul class=\"nav-tabs\" role=\"tablist\"><li class=\"active\" role=\"presentation\"><a class=\"tab-link\" data-toggle=\"tab\" role=\"tab\" aria-controls=\"tab-db3c8c7365f05bbd4d5\" aria-selected=\"true\" id=\"mobile-fusion-tab-global\" href=\"#tab-db3c8c7365f05bbd4d5\"><h4 class=\"fusion-tab-heading\">Global<\/h4><\/a><\/li><\/ul><\/div><div class=\"tab-pane fade fusion-clearfix in active\" role=\"tabpanel\" tabindex=\"0\" aria-labelledby=\"fusion-tab-global\" id=\"tab-db3c8c7365f05bbd4d5\"><style type=\"text\/css\">.fusion-faqs-wrapper #accordian-1 .fusion-panel { border-color:#e0dede; }.fusion-faqs-wrapper #accordian-1 .fusion-panel:hover{ border-color: #e0dede; }.fusion-accordian #accordian-1 .panel-title a .fa-fusion-box:before{ font-size: 13px;}.fusion-accordian #accordian-1 .panel-title a .fa-fusion-box{ color: #ffffff;}.fusion-accordian  #accordian-1 .panel-title a{font-family:\"Noway Bold\";font-weight:700;}.fusion-accordian  #accordian-1 .toggle-content{font-family:\"Open Sans\";font-weight:400;}.fusion-accordian #accordian-1 .fa-fusion-box { background-color: #333333;border-color: #333333;}.fusion-accordian #accordian-1 .panel-title a:hover,.fusion-accordian #accordian-1 .panel-title a.hover { color: #a0ce4e;}.fusion-faq-shortcode .fusion-accordian #accordian-1 .fusion-toggle-boxed-mode:hover .panel-title a { color: #a0ce4e;}.fusion-accordian #accordian-1 .panel-title .active .fa-fusion-box,.fusion-accordian #accordian-1 .panel-title a:hover .fa-fusion-box,.fusion-accordian #accordian-1 .panel-title a.hover .fa-fusion-box { background-color: #a0ce4e!important;border-color: #a0ce4e!important;}<\/style><div class=\"fusion-faq-shortcode\" style=\"\"><div class=\"fusion-faqs-wrapper\"><div class=\"accordian fusion-accordian\"><div class=\"panel-group \" id=\"accordian-1\"><div class=\"fusion-panel panel-default fusion-faq-post fusion-faq-post-938 global \"><span class=\"entry-title rich-snippet-hidden\">1.1.1 Transport de viatgers a Espa\u00f1a per mitj\u00e0 de transport (milers de viatgers)<\/span><span class=\"vcard rich-snippet-hidden\"><span class=\"fn\"><a href=\"https:\/\/www.mobilityinstitute.es\/ca\/author\/aalcaraz\/\" title=\"Entrades de aalcaraz\" rel=\"author\">aalcaraz<\/a><\/span><\/span><span class=\"updated rich-snippet-hidden\">2020-05-18T00:48:55+02:00<\/span><div class=\"panel-heading\"><h4 id=\"faq_1-938\" class=\"panel-title toggle\"><a data-toggle=\"collapse\" class=\"collapsed\" data-target=\"#collapse-1-938\" href=\"#collapse-1-938\" aria-expanded=\"false\"><div class=\"fusion-toggle-icon-wrapper\"><div class=\"fusion-toggle-icon-wrapper-main\"><div class=\"fusion-toggle-icon-wrapper-sub\"><i class=\"fa-fusion-box active-icon awb-icon-minus\" aria-hidden=\"true\"><\/i><i class=\"fa-fusion-box inactive-icon awb-icon-plus\" aria-hidden=\"true\"><\/i><\/div><\/div><\/div><div class=\"fusion-toggle-heading\">1.1.1 Transport de viatgers a Espa\u00f1a per mitj\u00e0 de transport (milers de viatgers)<\/div><\/a><\/h4><\/div><div id=\"collapse-1-938\" aria-labelledby=\"faq_1-938\" class=\"panel-collapse collapse\"><div class=\"panel-body toggle-content post-content\"><ul>\n<li>Abast: Espanya<\/li>\n<li>Periodicitat: Semestral<\/li>\n<li>Resum: <a onclick=\"if(typeof SlimStat.ss_track == 'function'){SlimStat.ss_track('Descarga: 1.1.1 Transport de viatgers a Espanya per mitj\u00e0 de transport.pdf');}\" href='https:\/\/www.mobilityinstitute.es\/wp-admin\/admin-post.php?action=download&file=fxMcQpY%2Bx80eZlL6zDcfzT9XXONSYoLK5k93CM7wg%2BXsTs%2BmDGQr9mD0GKPPFt6Wb%2Fufm3x4uCxDpn7I5BKpTX%2BcwBFlZelesSe4RAaU94L5qQuGYTrAfscsLhBbq6UR60vZKgfobx8vnZsQEETxEZJp5fhIpFtbw1ZsYBoGURibhA%3D%3D' target='_blank' class='filename' data-filename=' Descarga: 1.1.1 Transport de viatgers a Espanya per mitj\u00e0 de transport.pdf (Flipbook)'>1.1.1 Transport de viatgers a Espanya per mitj\u00e0 de transport <img src='https:\/\/www.mobilityinstitute.es\/wp-content\/plugins\/cualinet-hideurls\/img\/mobility_download_button.png' style='margin: 4px 10px 0 10px' \/><\/a><\/li>\n<li>Dades: <a onclick=\"if(typeof SlimStat.ss_track == 'function'){SlimStat.ss_track('Descarga: 1.1.1 Transport de viatgers a Espannya per mitj\u00e0 de transport.xlsx');}\" href='https:\/\/www.mobilityinstitute.es\/wp-admin\/admin-post.php?action=download&file=M1xvKYfLY5KDvOJI1bToaepgdHmpi%2FbEVcfAtbfY0Srg20hyq%2B9otjkIRpuYFw9ahNHfYDAoUsnlpKeoGzU2qAasLFqZvFY%2FbPC0m0u6sd061E5U6%2FaR67qpoPFbL7DyF0CWSQOCB1m5dvNzLDk3%2Fn9rvjJqUjyVwY2Qi00FtTqPlbmiTQ%3D%3D' target='_blank' class='filename' data-filename=' Descarga: 1.1.1 Transport de viatgers a Espannya per mitj\u00e0 de transport.xlsx (Flipbook)'>1.1.1 Transport de viatgers a Espannya per mitj\u00e0 de transport <img src='https:\/\/www.mobilityinstitute.es\/wp-content\/plugins\/cualinet-hideurls\/img\/mobility_download_button.png' style='margin: 4px 10px 0 10px' \/><\/a><\/li>\n<\/ul>\n<\/div><\/div><\/div><div class=\"fusion-panel panel-default fusion-faq-post fusion-faq-post-940 global \"><span class=\"entry-title rich-snippet-hidden\">1.1.2 Repartiment modal de viatges en les \u00e0rees metropolitanes a Espanya (en %)<\/span><span class=\"vcard rich-snippet-hidden\"><span class=\"fn\"><a href=\"https:\/\/www.mobilityinstitute.es\/ca\/author\/aalcaraz\/\" title=\"Entrades de aalcaraz\" rel=\"author\">aalcaraz<\/a><\/span><\/span><span class=\"updated rich-snippet-hidden\">2020-05-18T00:37:30+02:00<\/span><div class=\"panel-heading\"><h4 id=\"faq_1-940\" class=\"panel-title toggle\"><a data-toggle=\"collapse\" class=\"collapsed\" data-target=\"#collapse-1-940\" href=\"#collapse-1-940\" aria-expanded=\"false\"><div class=\"fusion-toggle-icon-wrapper\"><div class=\"fusion-toggle-icon-wrapper-main\"><div class=\"fusion-toggle-icon-wrapper-sub\"><i class=\"fa-fusion-box active-icon awb-icon-minus\" aria-hidden=\"true\"><\/i><i class=\"fa-fusion-box inactive-icon awb-icon-plus\" aria-hidden=\"true\"><\/i><\/div><\/div><\/div><div class=\"fusion-toggle-heading\">1.1.2 Repartiment modal de viatges en les \u00e0rees metropolitanes a Espanya (en %)<\/div><\/a><\/h4><\/div><div id=\"collapse-1-940\" aria-labelledby=\"faq_1-940\" class=\"panel-collapse collapse\"><div class=\"panel-body toggle-content post-content\"><ul>\n<li>Periodicitat: Anual (dos anys retard)<\/li>\n<li>Resum: <a onclick=\"if(typeof SlimStat.ss_track == 'function'){SlimStat.ss_track('Descarga: 1.1.2 Repartiment modal de viatge en las \u00e0rees metropolitanes a Espanya.pdf');}\" href='https:\/\/www.mobilityinstitute.es\/wp-admin\/admin-post.php?action=download&file=WzKLtZpoKhXvZ9a3geU9wN6D1g%2BFfOHM%2FLlF9SmckYl%2Bn0LdamD6yAGZLewg8XnX5y%2B8NVUZX6Ot133rW%2BW2nIj%2FAB0elATxqWHHVpCDPxQAECW8T0ioAzOVWYefZ%2BMXdMzvnuTQaaKzcOtG3ZBDS7dGk5Q8lXvaPEsLp8jHXZ8EWw%3D%3D' target='_blank' class='filename' data-filename=' Descarga: 1.1.2 Repartiment modal de viatge en las \u00e0rees metropolitanes a Espanya.pdf (Flipbook)'>1.1.2 Repartiment modal de viatge en las \u00e0rees metropolitanes a Espanya <img src='https:\/\/www.mobilityinstitute.es\/wp-content\/plugins\/cualinet-hideurls\/img\/mobility_download_button.png' style='margin: 4px 10px 0 10px' \/><\/a><\/li>\n<li>Dades: <a onclick=\"if(typeof SlimStat.ss_track == 'function'){SlimStat.ss_track('Descarga: 1.1.2 Repartiment modal de viatges en les \u00e0rees metropolitanes a Espanya (en %).xlsx');}\" href='https:\/\/www.mobilityinstitute.es\/wp-admin\/admin-post.php?action=download&file=Uyol1WSFoe8KiohIZzGpdhShz3e4PsyECNTsqihJj47t17DxDNg4Kyt25EdMbFkJYi9UmsyLpK6CeVY8XhonOdR6y3OWqZxmROdqgVDql06qrSDBGYk6gGLjAe1wo7EIli%2Fh%2BgrsXM%2FYV2uLs72tMzo7PHSRcDCIeubjKk%2FOnytaOXU%3D' target='_blank' class='filename' data-filename=' Descarga: 1.1.2 Repartiment modal de viatges en les \u00e0rees metropolitanes a Espanya (en %).xlsx (Flipbook)'>1.1.2 Repartiment modal de viatges en les \u00e0rees metropolitanes a Espanya (en %) <img src='https:\/\/www.mobilityinstitute.es\/wp-content\/plugins\/cualinet-hideurls\/img\/mobility_download_button.png' style='margin: 4px 10px 0 10px' \/><\/a><\/li>\n<\/ul>\n<\/div><\/div><\/div><\/div><\/div><\/div><\/div><\/div><div class=\"nav fusion-mobile-tab-nav\"><ul class=\"nav-tabs\" role=\"tablist\"><li role=\"presentation\"><a class=\"tab-link\" data-toggle=\"tab\" role=\"tab\" aria-controls=\"tab-23a8783320cf4882301\" aria-selected=\"false\" tabindex=\"-1\" id=\"mobile-fusion-tab-transportp\u00fablic\" href=\"#tab-23a8783320cf4882301\"><h4 class=\"fusion-tab-heading\">Transport P\u00fablic<\/h4><\/a><\/li><\/ul><\/div><div class=\"tab-pane fade fusion-clearfix\" role=\"tabpanel\" tabindex=\"0\" aria-labelledby=\"fusion-tab-transportp\u00fablic\" id=\"tab-b043b6621644ad12dd8\"><style type=\"text\/css\">.fusion-faqs-wrapper #accordian-2 .fusion-panel { border-color:#e0dede; }.fusion-faqs-wrapper #accordian-2 .fusion-panel:hover{ border-color: #e0dede; }.fusion-accordian #accordian-2 .panel-title a .fa-fusion-box:before{ font-size: 13px;}.fusion-accordian #accordian-2 .panel-title a .fa-fusion-box{ color: #ffffff;}.fusion-accordian  #accordian-2 .panel-title a{font-family:\"Noway Bold\";font-weight:700;}.fusion-accordian  #accordian-2 .toggle-content{font-family:\"Open Sans\";font-weight:400;}.fusion-accordian #accordian-2 .fa-fusion-box { background-color: #333333;border-color: #333333;}.fusion-accordian #accordian-2 .panel-title a:hover,.fusion-accordian #accordian-2 .panel-title a.hover { color: #a0ce4e;}.fusion-faq-shortcode .fusion-accordian #accordian-2 .fusion-toggle-boxed-mode:hover .panel-title a { color: #a0ce4e;}.fusion-accordian #accordian-2 .panel-title .active .fa-fusion-box,.fusion-accordian #accordian-2 .panel-title a:hover .fa-fusion-box,.fusion-accordian #accordian-2 .panel-title a.hover .fa-fusion-box { background-color: #a0ce4e!important;border-color: #a0ce4e!important;}<\/style><div class=\"fusion-faq-shortcode\" style=\"\"><ul class=\"fusion-filters clearfix\"><li class=\"fusion-filter fusion-filter-all fusion-active\"><a data-filter=\"*\" href=\"#\">Tots<\/a><\/li><li class=\"fusion-filter fusion-hidden\"><a data-filter=\".estructura-a-espanya\" href=\"#\">Estructura a Espanya<\/a><\/li><li class=\"fusion-filter fusion-hidden\"><a data-filter=\".indicadors-segons-tipologia\" href=\"#\">Indicadors segons tipologia<\/a><\/li><\/ul><div class=\"fusion-faqs-wrapper\"><div class=\"accordian fusion-accordian\"><div class=\"panel-group \" id=\"accordian-2\"><div class=\"fusion-panel panel-default fusion-faq-post fusion-faq-post-942 estructura-a-espanya transport-public \"><span class=\"entry-title rich-snippet-hidden\">1.2.1 Transport urb\u00e0 de viatgers en les capitals metropolitanes, 2012-2019 (milers de viatgers)<\/span><span class=\"vcard rich-snippet-hidden\"><span class=\"fn\"><a href=\"https:\/\/www.mobilityinstitute.es\/ca\/author\/aalcaraz\/\" title=\"Entrades de aalcaraz\" rel=\"author\">aalcaraz<\/a><\/span><\/span><span class=\"updated rich-snippet-hidden\">2020-05-18T01:16:16+02:00<\/span><div class=\"panel-heading\"><h4 id=\"faq_2-942\" class=\"panel-title toggle\"><a data-toggle=\"collapse\" class=\"collapsed\" data-target=\"#collapse-2-942\" href=\"#collapse-2-942\" aria-expanded=\"false\"><div class=\"fusion-toggle-icon-wrapper\"><div class=\"fusion-toggle-icon-wrapper-main\"><div class=\"fusion-toggle-icon-wrapper-sub\"><i class=\"fa-fusion-box active-icon awb-icon-minus\" aria-hidden=\"true\"><\/i><i class=\"fa-fusion-box inactive-icon awb-icon-plus\" aria-hidden=\"true\"><\/i><\/div><\/div><\/div><div class=\"fusion-toggle-heading\">1.2.1 Transport urb\u00e0 de viatgers en les capitals metropolitanes, 2012-2019 (milers de viatgers)<\/div><\/a><\/h4><\/div><div id=\"collapse-2-942\" aria-labelledby=\"faq_2-942\" class=\"panel-collapse collapse\"><div class=\"panel-body toggle-content post-content\"><ul>\n<li>Abast: Barcelona, Madrid<\/li>\n<li>Periodicitat: Mensual<\/li>\n<li>Resum: <a onclick=\"if(typeof SlimStat.ss_track == 'function'){SlimStat.ss_track('Descarga: 1.2.1 Transport urb\u00e0 de viatgers en les capitals metropolitanes, 2012-2019.pdf');}\" href='https:\/\/www.mobilityinstitute.es\/wp-admin\/admin-post.php?action=download&file=ARLq54TzR2VDmvXBLKksqW0Wuq7xNbVrYsVDmL7tNbXn%2B1P1lRKaHP%2Bb5AIVdwZoIyvJoFm0vLz%2F47HYfSPcZRuwyeiUIQbX6uWmXwGdgr1yY33OThsZcPERX8si%2BMN9Ns7hK27tvMMNOL1vmVQ6AHyjoQhpBsN1Pd9JOkIYBdsK' target='_blank' class='filename' data-filename=' Descarga: 1.2.1 Transport urb\u00e0 de viatgers en les capitals metropolitanes, 2012-2019.pdf (Flipbook)'>1.2.1 Transport urb\u00e0 de viatgers en les capitals metropolitanes, 2012-2019 <img src='https:\/\/www.mobilityinstitute.es\/wp-content\/plugins\/cualinet-hideurls\/img\/mobility_download_button.png' style='margin: 4px 10px 0 10px' \/><\/a><\/li>\n<li>Dades: <a onclick=\"if(typeof SlimStat.ss_track == 'function'){SlimStat.ss_track('Descarga: 1.2.1 Transport urb\u00e0 de viatgers en les capitals metropolitanes, 2012-2019.xlsx');}\" href='https:\/\/www.mobilityinstitute.es\/wp-admin\/admin-post.php?action=download&file=ia6GQnhe%2BOjKDPqRntd0n%2F48r%2Fm5imUHOvqPU2suMSj8OI67AZgJxcW8GQjm3hoGknGxA1s5Sr80teSJ9nmeXq5yvjUHgrWkShT8X%2B29K%2FazKXg5vNElCXchewpjqjfZXxFHz%2FTrkJq9jiqiPBW%2BJ45tdtvS%2FNa%2B0SIz1%2FWlHjRgjg%3D%3D' target='_blank' class='filename' data-filename=' Descarga: 1.2.1 Transport urb\u00e0 de viatgers en les capitals metropolitanes, 2012-2019.xlsx (Flipbook)'>1.2.1 Transport urb\u00e0 de viatgers en les capitals metropolitanes, 2012-2019 <img src='https:\/\/www.mobilityinstitute.es\/wp-content\/plugins\/cualinet-hideurls\/img\/mobility_download_button.png' style='margin: 4px 10px 0 10px' \/><\/a><\/li>\n<\/ul>\n<\/div><\/div><\/div><div class=\"fusion-panel panel-default fusion-faq-post fusion-faq-post-944 indicadors-segons-tipologia transport-public \"><span class=\"entry-title rich-snippet-hidden\">1.2.2 Transport interurb\u00e0 de viatgers en autob\u00fas a Espanya (milers)<\/span><span class=\"vcard rich-snippet-hidden\"><span class=\"fn\"><a href=\"https:\/\/www.mobilityinstitute.es\/ca\/author\/aalcaraz\/\" title=\"Entrades de aalcaraz\" rel=\"author\">aalcaraz<\/a><\/span><\/span><span class=\"updated rich-snippet-hidden\">2020-05-18T01:23:41+02:00<\/span><div class=\"panel-heading\"><h4 id=\"faq_2-944\" class=\"panel-title toggle\"><a data-toggle=\"collapse\" class=\"collapsed\" data-target=\"#collapse-2-944\" href=\"#collapse-2-944\" aria-expanded=\"false\"><div class=\"fusion-toggle-icon-wrapper\"><div class=\"fusion-toggle-icon-wrapper-main\"><div class=\"fusion-toggle-icon-wrapper-sub\"><i class=\"fa-fusion-box active-icon awb-icon-minus\" aria-hidden=\"true\"><\/i><i class=\"fa-fusion-box inactive-icon awb-icon-plus\" aria-hidden=\"true\"><\/i><\/div><\/div><\/div><div class=\"fusion-toggle-heading\">1.2.2 Transport interurb\u00e0 de viatgers en autob\u00fas a Espanya (milers)<\/div><\/a><\/h4><\/div><div id=\"collapse-2-944\" aria-labelledby=\"faq_2-944\" class=\"panel-collapse collapse\"><div class=\"panel-body toggle-content post-content\"><ul>\n<li>Periodicitat: Mensual<\/li>\n<li>Resum: <a onclick=\"if(typeof SlimStat.ss_track == 'function'){SlimStat.ss_track('Descarga: 1.2.2 Transport interurb\u00e0 de viatgers en autobu\u0301s a Espanya.pdf');}\" href='https:\/\/www.mobilityinstitute.es\/wp-admin\/admin-post.php?action=download&file=HbqTGRspBMPnNojy9CT7CwcrQLi7XTRrNovSJkYjyL%2F8uCVkzuGQUek5s6YwBpcLocHkcEVE5i1fEXmpoUPGQdQy5gqJ9cOm0Oo29IQA0uCyTOZbsYcqas%2BSQx4PnfzUS8wMaVlCuSBPg%2F3eOTuiXADvcR7Ojerm1Ra73232tLfEfkKw' target='_blank' class='filename' data-filename=' Descarga: 1.2.2 Transport interurb\u00e0 de viatgers en autobu\u0301s a Espanya.pdf (Flipbook)'>1.2.2 Transport interurb\u00e0 de viatgers en autobu\u0301s a Espanya <img src='https:\/\/www.mobilityinstitute.es\/wp-content\/plugins\/cualinet-hideurls\/img\/mobility_download_button.png' style='margin: 4px 10px 0 10px' \/><\/a><\/li>\n<li>Dades: <a onclick=\"if(typeof SlimStat.ss_track == 'function'){SlimStat.ss_track('Descarga: 1.2.2 Transport interurb\u00e0 de viatgers en autobu\u0301s a Espanya.xlsx');}\" href='https:\/\/www.mobilityinstitute.es\/wp-admin\/admin-post.php?action=download&file=eGfOeLd9%2FsSte2QumUI9ezRIxl14Kggj4VIjq3LQT4oo6wGC9NtQGrHtZ17EQeQfEuFPfZezDs8GcDkYvtBOSSSl4dkDLLo4Odco9eSiYSHsBglmN%2FbCNXlagdDn6m%2FEw4tAlTw5jWwHedWiJWWzftvW1u61VbvMrVOdWwYIQX%2BeOTONGA%3D%3D' target='_blank' class='filename' data-filename=' Descarga: 1.2.2 Transport interurb\u00e0 de viatgers en autobu\u0301s a Espanya.xlsx (Flipbook)'>1.2.2 Transport interurb\u00e0 de viatgers en autobu\u0301s a Espanya <img src='https:\/\/www.mobilityinstitute.es\/wp-content\/plugins\/cualinet-hideurls\/img\/mobility_download_button.png' style='margin: 4px 10px 0 10px' \/><\/a><\/li>\n<\/ul>\n<\/div><\/div><\/div><div class=\"fusion-panel panel-default fusion-faq-post fusion-faq-post-950 indicadors-segons-tipologia transport-public \"><span class=\"entry-title rich-snippet-hidden\">1.2.3 Transport urb\u00e0 de viatgers, 2012-2019 (milers)<\/span><span class=\"vcard rich-snippet-hidden\"><span class=\"fn\"><a href=\"https:\/\/www.mobilityinstitute.es\/ca\/author\/aalcaraz\/\" title=\"Entrades de aalcaraz\" rel=\"author\">aalcaraz<\/a><\/span><\/span><span class=\"updated rich-snippet-hidden\">2020-05-18T01:33:06+02:00<\/span><div class=\"panel-heading\"><h4 id=\"faq_2-950\" class=\"panel-title toggle\"><a data-toggle=\"collapse\" class=\"collapsed\" data-target=\"#collapse-2-950\" href=\"#collapse-2-950\" aria-expanded=\"false\"><div class=\"fusion-toggle-icon-wrapper\"><div class=\"fusion-toggle-icon-wrapper-main\"><div class=\"fusion-toggle-icon-wrapper-sub\"><i class=\"fa-fusion-box active-icon awb-icon-minus\" aria-hidden=\"true\"><\/i><i class=\"fa-fusion-box inactive-icon awb-icon-plus\" aria-hidden=\"true\"><\/i><\/div><\/div><\/div><div class=\"fusion-toggle-heading\">1.2.3 Transport urb\u00e0 de viatgers, 2012-2019 (milers)<\/div><\/a><\/h4><\/div><div id=\"collapse-2-950\" aria-labelledby=\"faq_2-950\" class=\"panel-collapse collapse\"><div class=\"panel-body toggle-content post-content\"><ul>\n<li>Abast: CCAA<\/li>\n<li>Periodicitat: Mensual<\/li>\n<li>Resum: <a onclick=\"if(typeof SlimStat.ss_track == 'function'){SlimStat.ss_track('Descarga: 1.2.3 Transport urb\u00e0 de viatgers per comunitats aut\u00f2nomes.pdf');}\" href='https:\/\/www.mobilityinstitute.es\/wp-admin\/admin-post.php?action=download&file=JuW%2Fx0KTT1cEYUkrKn6Yn4aRZI0wclVu7Yi%2Fpsoza9GEEjWt76Dt0IAKRLWRnABuYwstnWJgGSIgfrw3ttkKs3%2Bu5Fw2m7zjtJTldNgI5sIK%2Bf3RkIqLcgpw9r%2BXg4blvjk%2FAefGeA42KG5OXP0lIYCPtkHx2eB35FhXtwdsLQ%3D%3D' target='_blank' class='filename' data-filename=' Descarga: 1.2.3 Transport urb\u00e0 de viatgers per comunitats aut\u00f2nomes.pdf (Flipbook)'>1.2.3 Transport urb\u00e0 de viatgers per comunitats aut\u00f2nomes <img src='https:\/\/www.mobilityinstitute.es\/wp-content\/plugins\/cualinet-hideurls\/img\/mobility_download_button.png' style='margin: 4px 10px 0 10px' \/><\/a><\/li>\n<li>Dades: <a onclick=\"if(typeof SlimStat.ss_track == 'function'){SlimStat.ss_track('Descarga: 1.2.3 Transport urb\u00e0 de viatgers per comunitats aut\u00f2nomes.xlsx');}\" href='https:\/\/www.mobilityinstitute.es\/wp-admin\/admin-post.php?action=download&file=Zr%2FMPIRQanzfby%2FKXoQDRJoYG%2BRitdzDvDAPAr1Wtho%2BiMMxvP4jLyTZk1CI9H5vcsBQJtwBNjNDzx3uEOpNq5N%2Fk3WoIc9GXfN4PP4px4Fo7nnSEbkvsnXBAd0JleS57SqGBkZrBJkJp3eYrQ0RLs7dLqk9si%2Fiy%2FlT2ySqcfw%3D' target='_blank' class='filename' data-filename=' Descarga: 1.2.3 Transport urb\u00e0 de viatgers per comunitats aut\u00f2nomes.xlsx (Flipbook)'>1.2.3 Transport urb\u00e0 de viatgers per comunitats aut\u00f2nomes <img src='https:\/\/www.mobilityinstitute.es\/wp-content\/plugins\/cualinet-hideurls\/img\/mobility_download_button.png' style='margin: 4px 10px 0 10px' \/><\/a><\/li>\n<\/ul>\n<\/div><\/div><\/div><div class=\"fusion-panel panel-default fusion-faq-post fusion-faq-post-946 indicadors-segons-tipologia transport-public \"><span class=\"entry-title rich-snippet-hidden\">1.2.4 Transport de viatgers per modes ferroviaris a Espanya, 2007-2019 (milers)<\/span><span class=\"vcard rich-snippet-hidden\"><span class=\"fn\"><a href=\"https:\/\/www.mobilityinstitute.es\/ca\/author\/aalcaraz\/\" title=\"Entrades de aalcaraz\" rel=\"author\">aalcaraz<\/a><\/span><\/span><span class=\"updated rich-snippet-hidden\">2020-05-18T13:10:55+02:00<\/span><div class=\"panel-heading\"><h4 id=\"faq_2-946\" class=\"panel-title toggle\"><a data-toggle=\"collapse\" class=\"collapsed\" data-target=\"#collapse-2-946\" href=\"#collapse-2-946\" aria-expanded=\"false\"><div class=\"fusion-toggle-icon-wrapper\"><div class=\"fusion-toggle-icon-wrapper-main\"><div class=\"fusion-toggle-icon-wrapper-sub\"><i class=\"fa-fusion-box active-icon awb-icon-minus\" aria-hidden=\"true\"><\/i><i class=\"fa-fusion-box inactive-icon awb-icon-plus\" aria-hidden=\"true\"><\/i><\/div><\/div><\/div><div class=\"fusion-toggle-heading\">1.2.4 Transport de viatgers per modes ferroviaris a Espanya, 2007-2019 (milers)<\/div><\/a><\/h4><\/div><div id=\"collapse-2-946\" aria-labelledby=\"faq_2-946\" class=\"panel-collapse collapse\"><div class=\"panel-body toggle-content post-content\"><ul>\n<li>Abast: Espanya<\/li>\n<li>Periodicitat: Mensual, Anual<\/li>\n<li>Resum: <a onclick=\"if(typeof SlimStat.ss_track == 'function'){SlimStat.ss_track('Descarga: 1.2.4 Transport de viatgers per modes ferroviaris a Espanya, 2007-2019.pdf');}\" href='https:\/\/www.mobilityinstitute.es\/wp-admin\/admin-post.php?action=download&file=gCoSe30aw7NYAf9tnu15fDoqyQGY%2FiBwTM4%2FPEJIcEnmIWh1gjyhtkqPkzll0ZbSbe7aSeZVr4FmbJS2dwdq3r%2Bs6tl4HuvUllVlB%2Bq941WPjAQ%2FRPYgGcKrqqguk6%2F%2BnwIc5sxK9dCFnamgVxD1bHm97osYPsK2pe3Fs3jrvzzDMg%3D%3D' target='_blank' class='filename' data-filename=' Descarga: 1.2.4 Transport de viatgers per modes ferroviaris a Espanya, 2007-2019.pdf (Flipbook)'>1.2.4 Transport de viatgers per modes ferroviaris a Espanya, 2007-2019 <img src='https:\/\/www.mobilityinstitute.es\/wp-content\/plugins\/cualinet-hideurls\/img\/mobility_download_button.png' style='margin: 4px 10px 0 10px' \/><\/a><\/li>\n<li>Dades: <a onclick=\"if(typeof SlimStat.ss_track == 'function'){SlimStat.ss_track('Descarga: 1.2.4 Transport de viatgers per modes ferroviaris a Espanya, 2007-2019.xlsx');}\" href='https:\/\/www.mobilityinstitute.es\/wp-admin\/admin-post.php?action=download&file=%2BF%2BQeRAr1PS6r8q9aE9SwdyGjaFmhH1qbz9WL%2F53fIoamDmv9b8ed8CKzCYWeJp2VQOH5pp792U%2FsOd8yDSsPfD5dKsynHhkltxDViO2R1Mf5p8jcW2P3O464YClQSGsqZ5nJpxgMuIBHdx1RoLNlIO1q5buSRi47dKDotGPQ6zdef0%3D' target='_blank' class='filename' data-filename=' Descarga: 1.2.4 Transport de viatgers per modes ferroviaris a Espanya, 2007-2019.xlsx (Flipbook)'>1.2.4 Transport de viatgers per modes ferroviaris a Espanya, 2007-2019 <img src='https:\/\/www.mobilityinstitute.es\/wp-content\/plugins\/cualinet-hideurls\/img\/mobility_download_button.png' style='margin: 4px 10px 0 10px' \/><\/a><\/li>\n<\/ul>\n<\/div><\/div><\/div><div class=\"fusion-panel panel-default fusion-faq-post fusion-faq-post-952 indicadors-segons-tipologia transport-public \"><span class=\"entry-title rich-snippet-hidden\">1.2.5 Turismes de Servei P\u00fablic a Espa\u00f1a, 2007-2019<\/span><span class=\"vcard rich-snippet-hidden\"><span class=\"fn\"><a href=\"https:\/\/www.mobilityinstitute.es\/ca\/author\/aalcaraz\/\" title=\"Entrades de aalcaraz\" rel=\"author\">aalcaraz<\/a><\/span><\/span><span class=\"updated rich-snippet-hidden\">2020-05-18T10:42:07+02:00<\/span><div class=\"panel-heading\"><h4 id=\"faq_2-952\" class=\"panel-title toggle\"><a data-toggle=\"collapse\" class=\"collapsed\" data-target=\"#collapse-2-952\" href=\"#collapse-2-952\" aria-expanded=\"false\"><div class=\"fusion-toggle-icon-wrapper\"><div class=\"fusion-toggle-icon-wrapper-main\"><div class=\"fusion-toggle-icon-wrapper-sub\"><i class=\"fa-fusion-box active-icon awb-icon-minus\" aria-hidden=\"true\"><\/i><i class=\"fa-fusion-box inactive-icon awb-icon-plus\" aria-hidden=\"true\"><\/i><\/div><\/div><\/div><div class=\"fusion-toggle-heading\">1.2.5 Turismes de Servei P\u00fablic a Espa\u00f1a, 2007-2019<\/div><\/a><\/h4><\/div><div id=\"collapse-2-952\" aria-labelledby=\"faq_2-952\" class=\"panel-collapse collapse\"><div class=\"panel-body toggle-content post-content\"><ul>\n<li>Abast: Espanya, CCAA, Barcelona, Madrid<\/li>\n<li>Periodicitat: Anual<\/li>\n<li>Resum: <a onclick=\"if(typeof SlimStat.ss_track == 'function'){SlimStat.ss_track('Descarga: 1.2.5 Turismes de Servei Pu\u0301blic per comunitats , amb dades de Barcelona i Madrid.pdf');}\" href='https:\/\/www.mobilityinstitute.es\/wp-admin\/admin-post.php?action=download&file=7S6E8jDHsxSfZsaZCSzUlpBQOar%2Fpd%2BdII6Yk8aofwtL8ltsN%2BbNLRtIWEee55cpSzfJmnbF4sFJ3dl1HJlCYZl01jldKmpquks08uBqhQqM9loIKTG5aC%2Bnab%2BXov9PyhxkN4DGTh450xqj%2BTyD5lwO%2B2hkiTlqPJX0D9dTFxqQ' target='_blank' class='filename' data-filename=' Descarga: 1.2.5 Turismes de Servei Pu\u0301blic per comunitats , amb dades de Barcelona i Madrid.pdf (Flipbook)'>1.2.5 Turismes de Servei Pu\u0301blic per comunitats , amb dades de Barcelona i Madrid <img src='https:\/\/www.mobilityinstitute.es\/wp-content\/plugins\/cualinet-hideurls\/img\/mobility_download_button.png' style='margin: 4px 10px 0 10px' \/><\/a><\/li>\n<li>Dades: <a onclick=\"if(typeof SlimStat.ss_track == 'function'){SlimStat.ss_track('Descarga: 1.2.5 Turismes de Servei Pu\u0301blic per comunitats, amb dades de Barcelona i Madrid.xlsx');}\" href='https:\/\/www.mobilityinstitute.es\/wp-admin\/admin-post.php?action=download&file=Dj2defAJ5gQi3t6jUd1vQ3%2BMSvf7j2sq1uMsBK0UuZPskM5XDhfkX2mMYcst1ip2SQo75Wkn0bTe5N8UUwe1dKXNmRw%2BzL2Cbxp0DC4sePZ2cI4Xj4wLBLUf5uV00Fqaqi35glQPN%2FZA0DAqddtBH8UFW8Z2muGQxOUxusrg3KcTUg%3D%3D' target='_blank' class='filename' data-filename=' Descarga: 1.2.5 Turismes de Servei Pu\u0301blic per comunitats, amb dades de Barcelona i Madrid.xlsx (Flipbook)'>1.2.5 Turismes de Servei Pu\u0301blic per comunitats, amb dades de Barcelona i Madrid <img src='https:\/\/www.mobilityinstitute.es\/wp-content\/plugins\/cualinet-hideurls\/img\/mobility_download_button.png' style='margin: 4px 10px 0 10px' \/><\/a><\/li>\n<\/ul>\n<\/div><\/div><\/div><div class=\"fusion-panel panel-default fusion-faq-post fusion-faq-post-954 indicadors-segons-tipologia transport-public \"><span class=\"entry-title rich-snippet-hidden\">1.2.6 Tr\u00e0nsit de passatgers en els aeroports espanyols, 2007-2020<\/span><span class=\"vcard rich-snippet-hidden\"><span class=\"fn\"><a href=\"https:\/\/www.mobilityinstitute.es\/ca\/author\/aalcaraz\/\" title=\"Entrades de aalcaraz\" rel=\"author\">aalcaraz<\/a><\/span><\/span><span class=\"updated rich-snippet-hidden\">2020-05-18T10:52:19+02:00<\/span><div class=\"panel-heading\"><h4 id=\"faq_2-954\" class=\"panel-title toggle\"><a data-toggle=\"collapse\" class=\"collapsed\" data-target=\"#collapse-2-954\" href=\"#collapse-2-954\" aria-expanded=\"false\"><div class=\"fusion-toggle-icon-wrapper\"><div class=\"fusion-toggle-icon-wrapper-main\"><div class=\"fusion-toggle-icon-wrapper-sub\"><i class=\"fa-fusion-box active-icon awb-icon-minus\" aria-hidden=\"true\"><\/i><i class=\"fa-fusion-box inactive-icon awb-icon-plus\" aria-hidden=\"true\"><\/i><\/div><\/div><\/div><div class=\"fusion-toggle-heading\">1.2.6 Tr\u00e0nsit de passatgers en els aeroports espanyols, 2007-2020<\/div><\/a><\/h4><\/div><div id=\"collapse-2-954\" aria-labelledby=\"faq_2-954\" class=\"panel-collapse collapse\"><div class=\"panel-body toggle-content post-content\"><ul>\n<li>Abast: Espanya, aeroports<\/li>\n<li>Periodicitat: Mensual<\/li>\n<li>Resum: <a onclick=\"if(typeof SlimStat.ss_track == 'function'){SlimStat.ss_track('Descarga: 1.2.6 Tr\u00e0nsit de passatgers en els aeroports espanyols, 2007-2020.pdf');}\" href='https:\/\/www.mobilityinstitute.es\/wp-admin\/admin-post.php?action=download&file=36cjhlROqVU3Qb3lFxXPapRrLYu%2FKzP%2FQPg3UbgJW1y4udwEajCqhaRbgdAExedf3WpRwJDdEEjVNwVKHr3q62hcgv5rr9k7OLSNCBlXd%2BnTOgi%2B5i0%2FLsXbbdzZI%2BvxzLELo2Kt2jxLrgHxMgL9LdeSI0qTKQpO%2FkTcddSE0qJOWg%3D%3D' target='_blank' class='filename' data-filename=' Descarga: 1.2.6 Tr\u00e0nsit de passatgers en els aeroports espanyols, 2007-2020.pdf (Flipbook)'>1.2.6 Tr\u00e0nsit de passatgers en els aeroports espanyols, 2007-2020 <img src='https:\/\/www.mobilityinstitute.es\/wp-content\/plugins\/cualinet-hideurls\/img\/mobility_download_button.png' style='margin: 4px 10px 0 10px' \/><\/a><\/li>\n<li>Dades: <a onclick=\"if(typeof SlimStat.ss_track == 'function'){SlimStat.ss_track('Descarga: 1.2.6 Tr\u00e0nsit de passatgers en els aeroports espanyols, 2007-2020.xlsx');}\" href='https:\/\/www.mobilityinstitute.es\/wp-admin\/admin-post.php?action=download&file=AYLEyZ2RcLCCPIL0IVq%2FS2vS2xIiHVajDfcGnHj6dfFIWUVlNZJvsHHY6ZlzhOmC4gQh9BNQ2mL4WaSY%2FY%2BtNpG9QaLy8DDu92C%2F3lExeay9M9MRcaOtkn9IQcNAZZN7mhqnHYeXjR0VTzOFCI%2Br6ptu8wsPns9DPSfnobicFNHyOZ4%3D' target='_blank' class='filename' data-filename=' Descarga: 1.2.6 Tr\u00e0nsit de passatgers en els aeroports espanyols, 2007-2020.xlsx (Flipbook)'>1.2.6 Tr\u00e0nsit de passatgers en els aeroports espanyols, 2007-2020 <img src='https:\/\/www.mobilityinstitute.es\/wp-content\/plugins\/cualinet-hideurls\/img\/mobility_download_button.png' style='margin: 4px 10px 0 10px' \/><\/a><\/li>\n<\/ul>\n<\/div><\/div><\/div><div class=\"fusion-panel panel-default fusion-faq-post fusion-faq-post-956 indicadors-segons-tipologia transport-public \"><span class=\"entry-title rich-snippet-hidden\">1.2.7 Tr\u00e0nsit de passatgers en els ports espanyols, 2007-2020<\/span><span class=\"vcard rich-snippet-hidden\"><span class=\"fn\"><a href=\"https:\/\/www.mobilityinstitute.es\/ca\/author\/aalcaraz\/\" title=\"Entrades de aalcaraz\" rel=\"author\">aalcaraz<\/a><\/span><\/span><span class=\"updated rich-snippet-hidden\">2020-05-18T11:19:55+02:00<\/span><div class=\"panel-heading\"><h4 id=\"faq_2-956\" class=\"panel-title toggle\"><a data-toggle=\"collapse\" class=\"collapsed\" data-target=\"#collapse-2-956\" href=\"#collapse-2-956\" aria-expanded=\"false\"><div class=\"fusion-toggle-icon-wrapper\"><div class=\"fusion-toggle-icon-wrapper-main\"><div class=\"fusion-toggle-icon-wrapper-sub\"><i class=\"fa-fusion-box active-icon awb-icon-minus\" aria-hidden=\"true\"><\/i><i class=\"fa-fusion-box inactive-icon awb-icon-plus\" aria-hidden=\"true\"><\/i><\/div><\/div><\/div><div class=\"fusion-toggle-heading\">1.2.7 Tr\u00e0nsit de passatgers en els ports espanyols, 2007-2020<\/div><\/a><\/h4><\/div><div id=\"collapse-2-956\" aria-labelledby=\"faq_2-956\" class=\"panel-collapse collapse\"><div class=\"panel-body toggle-content post-content\"><ul>\n<li>Abast: Espanya, ports<\/li>\n<li>Periodicitat: Mensual<\/li>\n<li>Resum: <a onclick=\"if(typeof SlimStat.ss_track == 'function'){SlimStat.ss_track('Descarga: 1.2.7 Evolucio\u0301 tr\u00e0nsit de passatgers en ports espanyols, 2007-2020.pdf');}\" href='https:\/\/www.mobilityinstitute.es\/wp-admin\/admin-post.php?action=download&file=Sv8BijuKLA8%2F1IuTtOCss0DhpQxPcWjECBdyeg00UiYGgwe%2BDHDuWoMMywOyCXeV%2BTuX5OKu4AjFHRBK9A511Yz1tUhJiBn4OWIU%2FvRNyqppO3jPgkkzVh%2FutDVOUxEeB714oI7CX%2Fztit%2FN1Tu6%2Fh9a9GkgHmGWwFJePAaH' target='_blank' class='filename' data-filename=' Descarga: 1.2.7 Evolucio\u0301 tr\u00e0nsit de passatgers en ports espanyols, 2007-2020.pdf (Flipbook)'>1.2.7 Evolucio\u0301 tr\u00e0nsit de passatgers en ports espanyols, 2007-2020 <img src='https:\/\/www.mobilityinstitute.es\/wp-content\/plugins\/cualinet-hideurls\/img\/mobility_download_button.png' style='margin: 4px 10px 0 10px' \/><\/a><\/li>\n<li>Dades: <a onclick=\"if(typeof SlimStat.ss_track == 'function'){SlimStat.ss_track('Descarga: 1.2.7 Evolucio\u0301 tr\u00e0nsit de passatgers en ports espanyols, 2007-2020.xlsx');}\" href='https:\/\/www.mobilityinstitute.es\/wp-admin\/admin-post.php?action=download&file=eP98QUiFhSqbpjy4ZLYUD0KLnh7FWrkT3hqqO%2F%2BbLbyyR0MR4%2Fnuo1UWhwO2XHIIoMVvWjQJCrrTUmM%2FbkCJK9TEdbFPJB5vGnAZxBeRShgVkpr1G%2FrYzuCICuAMFcPMCBFHIxg8STAuwjKO8q%2BVM%2Fe2n5lO%2BThiTLggPIwDLw%3D%3D' target='_blank' class='filename' data-filename=' Descarga: 1.2.7 Evolucio\u0301 tr\u00e0nsit de passatgers en ports espanyols, 2007-2020.xlsx (Flipbook)'>1.2.7 Evolucio\u0301 tr\u00e0nsit de passatgers en ports espanyols, 2007-2020 <img src='https:\/\/www.mobilityinstitute.es\/wp-content\/plugins\/cualinet-hideurls\/img\/mobility_download_button.png' style='margin: 4px 10px 0 10px' \/><\/a><\/li>\n<\/ul>\n<\/div><\/div><\/div><\/div><\/div><\/div><\/div><\/div><div class=\"nav fusion-mobile-tab-nav\"><ul class=\"nav-tabs\" role=\"tablist\"><li role=\"presentation\"><a class=\"tab-link\" data-toggle=\"tab\" role=\"tab\" aria-controls=\"tab-bfe2fa252cfe336791a\" aria-selected=\"false\" tabindex=\"-1\" id=\"mobile-fusion-tab-transportprivat\" href=\"#tab-bfe2fa252cfe336791a\"><h4 class=\"fusion-tab-heading\">Transport Privat<\/h4><\/a><\/li><\/ul><\/div><div class=\"tab-pane fade fusion-clearfix\" role=\"tabpanel\" tabindex=\"0\" aria-labelledby=\"fusion-tab-transportprivat\" id=\"tab-03555cb9c72dfdc5a92\"><style type=\"text\/css\">.fusion-faqs-wrapper #accordian-3 .fusion-panel { border-color:#e0dede; }.fusion-faqs-wrapper #accordian-3 .fusion-panel:hover{ border-color: #e0dede; }.fusion-accordian #accordian-3 .panel-title a .fa-fusion-box:before{ font-size: 13px;}.fusion-accordian #accordian-3 .panel-title a .fa-fusion-box{ color: #ffffff;}.fusion-accordian  #accordian-3 .panel-title a{font-family:\"Noway Bold\";font-weight:700;}.fusion-accordian  #accordian-3 .toggle-content{font-family:\"Open Sans\";font-weight:400;}.fusion-accordian #accordian-3 .fa-fusion-box { background-color: #333333;border-color: #333333;}.fusion-accordian #accordian-3 .panel-title a:hover,.fusion-accordian #accordian-3 .panel-title a.hover { color: #a0ce4e;}.fusion-faq-shortcode .fusion-accordian #accordian-3 .fusion-toggle-boxed-mode:hover .panel-title a { color: #a0ce4e;}.fusion-accordian #accordian-3 .panel-title .active .fa-fusion-box,.fusion-accordian #accordian-3 .panel-title a:hover .fa-fusion-box,.fusion-accordian #accordian-3 .panel-title a.hover .fa-fusion-box { background-color: #a0ce4e!important;border-color: #a0ce4e!important;}<\/style><div class=\"fusion-faq-shortcode\" style=\"\"><ul class=\"fusion-filters clearfix\"><li class=\"fusion-filter fusion-filter-all fusion-active\"><a data-filter=\"*\" href=\"#\">Tots<\/a><\/li><li class=\"fusion-filter fusion-hidden\"><a data-filter=\".automobil\" href=\"#\">Autom\u00f2bil<\/a><\/li><li class=\"fusion-filter fusion-hidden\"><a data-filter=\".conductors\" href=\"#\">Conductors<\/a><\/li><li class=\"fusion-filter fusion-hidden\"><a data-filter=\".motos\" href=\"#\">Motos<\/a><\/li><li class=\"fusion-filter fusion-hidden\"><a data-filter=\".parc-de-vehicles\" href=\"#\">Parc de vehicles<\/a><\/li><li class=\"fusion-filter fusion-hidden\"><a data-filter=\".trafic\" href=\"#\">Tr\u00e0fic<\/a><\/li><\/ul><div class=\"fusion-faqs-wrapper\"><div class=\"accordian fusion-accordian\"><div class=\"panel-group \" id=\"accordian-3\"><div class=\"fusion-panel panel-default fusion-faq-post fusion-faq-post-958 conductors transport-privat \"><span class=\"entry-title rich-snippet-hidden\">1.3.1 Evoluci\u00f3 del cens de conductors a Espanya, 2010-2018<\/span><span class=\"vcard rich-snippet-hidden\"><span class=\"fn\"><a href=\"https:\/\/www.mobilityinstitute.es\/ca\/author\/aalcaraz\/\" title=\"Entrades de aalcaraz\" rel=\"author\">aalcaraz<\/a><\/span><\/span><span class=\"updated rich-snippet-hidden\">2020-05-18T11:54:50+02:00<\/span><div class=\"panel-heading\"><h4 id=\"faq_3-958\" class=\"panel-title toggle\"><a data-toggle=\"collapse\" class=\"collapsed\" data-target=\"#collapse-3-958\" href=\"#collapse-3-958\" aria-expanded=\"false\"><div class=\"fusion-toggle-icon-wrapper\"><div class=\"fusion-toggle-icon-wrapper-main\"><div class=\"fusion-toggle-icon-wrapper-sub\"><i class=\"fa-fusion-box active-icon awb-icon-minus\" aria-hidden=\"true\"><\/i><i class=\"fa-fusion-box inactive-icon awb-icon-plus\" aria-hidden=\"true\"><\/i><\/div><\/div><\/div><div class=\"fusion-toggle-heading\">1.3.1 Evoluci\u00f3 del cens de conductors a Espanya, 2010-2018<\/div><\/a><\/h4><\/div><div id=\"collapse-3-958\" aria-labelledby=\"faq_3-958\" class=\"panel-collapse collapse\"><div class=\"panel-body toggle-content post-content\"><p><\/p>\n<p><br \/>\n<div class=\"fusion-login-box fusion-login-box-1 fusion-login-box-login fusion-login-align-center fusion-login-field-layout-stacked\"><style type=\"text\/css\">.fusion-login-box-1 .fusion-login-heading{color:#000;}.fusion-login-box-1 .fusion-login-caption{color:#fff;}.fusion-login-box-1 a{color:#fff;}<\/style><h3 class=\"fusion-login-heading\">Introdueix les teves credencials per a accedir al contingut<\/h3><form class=\"fusion-login-form\" style=\"background-color:rgba(0,0,0,0.68);\" name=\"loginform\" id=\"loginform\" method=\"post\" action=\"https:\/\/www.mobilityinstitute.es\/wp-login.php\"><div class=\"fusion-login-fields\"><div class=\"fusion-login-input-wrapper\"><label class=\"fusion-hidden-content\" for=\"user_login-1\">Nom d&#039;usuari o correu electr\u00f2nic<\/label><input type=\"text\" name=\"log\" placeholder=\"Nom d&#039;usuari o correu electr\u00f2nic\" value=\"\" size=\"20\" class=\"fusion-login-username input-text\" id=\"user_login-1\" \/><\/div><div class=\"fusion-login-input-wrapper\"><label class=\"fusion-hidden-content\" for=\"user_pass-1\">Clau<\/label><input type=\"password\" name=\"pwd\" placeholder=\"Clau\" value=\"\" size=\"20\" class=\"fusion-login-password input-text\" id=\"user_pass-1\" \/><\/div><\/div><div class=\"fusion-login-additional-content\"><div class=\"fusion-login-submit-wrapper\"><button class=\"fusion-login-button fusion-button button-default fusion-button-default-size fusion-login-button-no-fullwidth\" type=\"submit\" name=\"wp-submit\">Accedir<\/button><input type=\"hidden\" name=\"user-cookie\" value=\"1\" \/><input type=\"hidden\" name=\"redirect_to\" value=\"https:\/\/www.mobilityinstitute.es\/ca\/wp-json\/wp\/v2\/pages\/434\" \/><input type=\"hidden\" name=\"fusion_login_box\" value=\"true\" \/><input type=\"hidden\" name=\"_wp_http_referer\" value=\"\/ca\/wp-json\/wp\/v2\/pages\/434\" \/><span class=\"fusion-login-nonce\" style=\"display:none;\"><\/span><\/div><div class=\"fusion-login-links\"><label class=\"fusion-login-remember-me\"><input name=\"rememberme\" type=\"checkbox\" id=\"rememberme\" value=\"forever\" \/>Recordar<\/label><a class=\"fusion-login-lost-passowrd\" target=\"_self\" href=\"https:\/\/www.mobilityinstitute.es\/ca\/resetejar-clau\/\">No recordes la teva clau?<\/a><\/div><\/div><\/form><\/div><\/p>\n<p>\n<div class=\"wpcf7 no-js\" id=\"wpcf7-f933-o1\" lang=\"ca\" dir=\"ltr\" data-wpcf7-id=\"933\">\n<div class=\"screen-reader-response\"><p role=\"status\" aria-live=\"polite\" aria-atomic=\"true\"><\/p> <ul><\/ul><\/div>\n<form action=\"\/ca\/wp-json\/wp\/v2\/pages\/434#wpcf7-f933-o1\" method=\"post\" class=\"wpcf7-form init\" aria-label=\"Formulari de contacte\" novalidate=\"novalidate\" data-status=\"init\">\n<fieldset class=\"hidden-fields-container\"><input type=\"hidden\" name=\"_wpcf7\" value=\"933\" \/><input type=\"hidden\" name=\"_wpcf7_version\" value=\"6.1.5\" \/><input type=\"hidden\" name=\"_wpcf7_locale\" value=\"ca\" \/><input type=\"hidden\" name=\"_wpcf7_unit_tag\" value=\"wpcf7-f933-o1\" \/><input type=\"hidden\" name=\"_wpcf7_container_post\" value=\"0\" \/><input type=\"hidden\" name=\"_wpcf7_posted_data_hash\" value=\"\" \/>\n<\/fieldset>\n\n<p style=\"font-weight: 400\"><em>Aquest contingut \u00e9s exclusiu per a associats del Mobility Institute. Si vol m\u00e9s informaci\u00f3 de com associar-se, contacti amb nosaltres mitjan\u00e7ant el seg\u00fcent formulari<\/em>\n<\/p>\n<p><label> Nom*<br \/>\n<span class=\"wpcf7-form-control-wrap\" data-name=\"contactname\"><input size=\"40\" maxlength=\"400\" class=\"wpcf7-form-control wpcf7-text wpcf7-validates-as-required\" id=\"name\" aria-required=\"true\" aria-invalid=\"false\" value=\"\" type=\"text\" name=\"contactname\" \/><\/span> <\/label>\n<\/p>\n<p><label> Empresa*<br \/>\n<span class=\"wpcf7-form-control-wrap\" data-name=\"empresa\"><input size=\"40\" maxlength=\"400\" class=\"wpcf7-form-control wpcf7-text wpcf7-validates-as-required\" id=\"company\" aria-required=\"true\" aria-invalid=\"false\" value=\"\" type=\"text\" name=\"empresa\" \/><\/span> <\/label>\n<\/p>\n<p><label> Tel\u00e8fon*<br \/>\n<span class=\"wpcf7-form-control-wrap\" data-name=\"phone\"><input size=\"40\" maxlength=\"400\" class=\"wpcf7-form-control wpcf7-tel wpcf7-validates-as-required wpcf7-text wpcf7-validates-as-tel\" id=\"phone\" aria-required=\"true\" aria-invalid=\"false\" value=\"\" type=\"tel\" name=\"phone\" \/><\/span> <\/label>\n<\/p>\n<p><label> E-mail*<br \/>\n<span class=\"wpcf7-form-control-wrap\" data-name=\"email\"><input size=\"40\" maxlength=\"400\" class=\"wpcf7-form-control wpcf7-email wpcf7-validates-as-required wpcf7-text wpcf7-validates-as-email\" id=\"email\" aria-required=\"true\" aria-invalid=\"false\" value=\"\" type=\"email\" name=\"email\" \/><\/span> <\/label>\n<\/p>\n<p><label> Missatge<br \/>\n<span class=\"wpcf7-form-control-wrap\" data-name=\"message\"><textarea cols=\"40\" rows=\"10\" maxlength=\"2000\" class=\"wpcf7-form-control wpcf7-textarea\" id=\"message\" aria-invalid=\"false\" name=\"message\"><\/textarea><\/span> <\/label>\n<\/p>\n<div style=\"width:100%;text-align:center;margin-top:30px\">\n\t<p><input class=\"wpcf7-form-control wpcf7-submit has-spinner fusion-button button-flat fusion-button-round button-large button-custom button-1\" id=\"submitcontact\" type=\"submit\" value=\"Enviar\" \/>\n\t<\/p>\n<\/div><div class=\"fusion-alert alert custom alert-custom fusion-alert-center wpcf7-response-output fusion-alert-capitalize alert-dismissable\" role=\"alert\" style=\"border-width:1px;\"><div class=\"fusion-alert-content-wrapper\"><span class=\"fusion-alert-content\"><\/span><\/div><button type=\"button\" class=\"close toggle-alert\" data-dismiss=\"alert\" aria-label=\"Close\">&times;<\/button><\/div>\n<\/form>\n<\/div>\n<br \/>\n<\/p>\n<p><\/p>\n<\/div><\/div><\/div><div class=\"fusion-panel panel-default fusion-faq-post fusion-faq-post-960 conductors transport-privat \"><span class=\"entry-title rich-snippet-hidden\">1.3.2 Evoluci\u00f3 del nombre de conductors amb perm\u00eds B a Espanya per g\u00e9nere, 2007-2018<\/span><span class=\"vcard rich-snippet-hidden\"><span class=\"fn\"><a href=\"https:\/\/www.mobilityinstitute.es\/ca\/author\/aalcaraz\/\" title=\"Entrades de aalcaraz\" rel=\"author\">aalcaraz<\/a><\/span><\/span><span class=\"updated rich-snippet-hidden\">2020-05-18T12:01:38+02:00<\/span><div class=\"panel-heading\"><h4 id=\"faq_3-960\" class=\"panel-title toggle\"><a data-toggle=\"collapse\" class=\"collapsed\" data-target=\"#collapse-3-960\" href=\"#collapse-3-960\" aria-expanded=\"false\"><div class=\"fusion-toggle-icon-wrapper\"><div class=\"fusion-toggle-icon-wrapper-main\"><div class=\"fusion-toggle-icon-wrapper-sub\"><i class=\"fa-fusion-box active-icon awb-icon-minus\" aria-hidden=\"true\"><\/i><i class=\"fa-fusion-box inactive-icon awb-icon-plus\" aria-hidden=\"true\"><\/i><\/div><\/div><\/div><div class=\"fusion-toggle-heading\">1.3.2 Evoluci\u00f3 del nombre de conductors amb perm\u00eds B a Espanya per g\u00e9nere, 2007-2018<\/div><\/a><\/h4><\/div><div id=\"collapse-3-960\" aria-labelledby=\"faq_3-960\" class=\"panel-collapse collapse\"><div class=\"panel-body toggle-content post-content\"><ul>\n<li>Abast: Espanya<\/li>\n<li>Periodicitat: Anual<\/li>\n<li>Resum: <a onclick=\"if(typeof SlimStat.ss_track == 'function'){SlimStat.ss_track('Descarga: 1.3.2 Evoluci\u00f3 nombre conductors amb perm\u00eds B.pdf');}\" href='https:\/\/www.mobilityinstitute.es\/wp-admin\/admin-post.php?action=download&file=mLJ8pUGY7n5oK9XvNQ3IfYE7jgbNHWZW%2F41DjheXgFoQyDWjTdpJ4s162bQ%2BdJ0HTqvAaQdR0PwNNUgit0WbbTa%2FCuVnYzp%2F4YgKUkTcKPA1NR5zcpk6EaYxjIbi85iC%2BA%2FIrVhr5wuCo0NliTVIHwLC%2FEqgGnmdQ4RITfzGIVhKYU4gjKwqCPssqBc2379UxNMHvT23XK3RmnQdZ5e1Xzc%3D' target='_blank' class='filename' data-filename=' Descarga: 1.3.2 Evoluci\u00f3 nombre conductors amb perm\u00eds B.pdf (Flipbook)'>1.3.2 Evoluci\u00f3 nombre conductors amb perm\u00eds B <img src='https:\/\/www.mobilityinstitute.es\/wp-content\/plugins\/cualinet-hideurls\/img\/mobility_download_button.png' style='margin: 4px 10px 0 10px' \/><\/a><\/li>\n<li>Dades: <a onclick=\"if(typeof SlimStat.ss_track == 'function'){SlimStat.ss_track('Descarga: 1.3.2 Evoluci\u00f3 nombre conductors amb perm\u00eds B.xlsx');}\" href='https:\/\/www.mobilityinstitute.es\/wp-admin\/admin-post.php?action=download&file=FGd%2B9Nob8Cbyo6vL6hDDWTwH4Z5oE26L%2BTc3arXo01dDy8yr4pFAbo8mU%2BagDWOb4snePltGJM4RDr9pfTO3KeujKeJOGUCkLbF%2FyKdM5Ngw8YtlLPMvfZ2mEN6RVwPcq93s65za%2Br57f%2FBjELVfOr5Mz%2BzbB%2FfWHzV3%2BnxlUFB8QHYsM9NF2L5wEhrW0CYlHSz4fUxPFcRgEEv6Eq%2Btfmc%3D' target='_blank' class='filename' data-filename=' Descarga: 1.3.2 Evoluci\u00f3 nombre conductors amb perm\u00eds B.xlsx (Flipbook)'>1.3.2 Evoluci\u00f3 nombre conductors amb perm\u00eds B <img src='https:\/\/www.mobilityinstitute.es\/wp-content\/plugins\/cualinet-hideurls\/img\/mobility_download_button.png' style='margin: 4px 10px 0 10px' \/><\/a><\/li>\n<\/ul>\n<\/div><\/div><\/div><div class=\"fusion-panel panel-default fusion-faq-post fusion-faq-post-962 parc-de-vehicles transport-privat \"><span class=\"entry-title rich-snippet-hidden\">1.3.3 Evoluci\u00f3 del parc de vehicles a Espanya, 2007-2019<\/span><span class=\"vcard rich-snippet-hidden\"><span class=\"fn\"><a href=\"https:\/\/www.mobilityinstitute.es\/ca\/author\/aalcaraz\/\" title=\"Entrades de aalcaraz\" rel=\"author\">aalcaraz<\/a><\/span><\/span><span class=\"updated rich-snippet-hidden\">2020-05-18T11:52:45+02:00<\/span><div class=\"panel-heading\"><h4 id=\"faq_3-962\" class=\"panel-title toggle\"><a data-toggle=\"collapse\" class=\"collapsed\" data-target=\"#collapse-3-962\" href=\"#collapse-3-962\" aria-expanded=\"false\"><div class=\"fusion-toggle-icon-wrapper\"><div class=\"fusion-toggle-icon-wrapper-main\"><div class=\"fusion-toggle-icon-wrapper-sub\"><i class=\"fa-fusion-box active-icon awb-icon-minus\" aria-hidden=\"true\"><\/i><i class=\"fa-fusion-box inactive-icon awb-icon-plus\" aria-hidden=\"true\"><\/i><\/div><\/div><\/div><div class=\"fusion-toggle-heading\">1.3.3 Evoluci\u00f3 del parc de vehicles a Espanya, 2007-2019<\/div><\/a><\/h4><\/div><div id=\"collapse-3-962\" aria-labelledby=\"faq_3-962\" class=\"panel-collapse collapse\"><div class=\"panel-body toggle-content post-content\"><ul>\n<li>Abast: Espanya<\/li>\n<li>Periodicitat: Anual<\/li>\n<li>Resum: <a onclick=\"if(typeof SlimStat.ss_track == 'function'){SlimStat.ss_track('Descarga: 1.3.3 Evoluci\u00f3 parc vehicles a Espanya, 2007-2019.pdf');}\" href='https:\/\/www.mobilityinstitute.es\/wp-admin\/admin-post.php?action=download&file=BdAAsV8u2xlkw2HsyfB61oleEothU0UvXld6yvJkRbaxcGyoYK6MmLIU5Y%2BkXnVtPE1BCIIEMD94YOZqqEnyPS8DjktoHkKbBzimNc1Pg%2FLCz4k6GNI72gbG2Y8tuCkgaZbXVhbksTkik0lfUCgg4tDEcIjJuwQ%2F5w3JUdqbqJlqow%3D%3D' target='_blank' class='filename' data-filename=' Descarga: 1.3.3 Evoluci\u00f3 parc vehicles a Espanya, 2007-2019.pdf (Flipbook)'>1.3.3 Evoluci\u00f3 parc vehicles a Espanya, 2007-2019 <img src='https:\/\/www.mobilityinstitute.es\/wp-content\/plugins\/cualinet-hideurls\/img\/mobility_download_button.png' style='margin: 4px 10px 0 10px' \/><\/a><\/li>\n<li>Dades: <a onclick=\"if(typeof SlimStat.ss_track == 'function'){SlimStat.ss_track('Descarga: 1.3.3 Evoluci\u00f3 parc vehicles a Espanya, 2007-2019.xlsx');}\" href='https:\/\/www.mobilityinstitute.es\/wp-admin\/admin-post.php?action=download&file=A1222xlRIdjJNXMKYmckB0lIUClvgZ%2Buhv0mYGtn0ONY8DBFlUrC9YXNXTjcsIG4QE7c7W9pOZGPjqbW3V5z8C0o%2Fsqr%2FRu1a0KZd6TZe5mxDP2jklzxbeDev4vYja1SINfrPi9cC7p4Ih6rmGHvNg8c0fniX%2B4iboU8GVeHQGP07Xk%3D' target='_blank' class='filename' data-filename=' Descarga: 1.3.3 Evoluci\u00f3 parc vehicles a Espanya, 2007-2019.xlsx (Flipbook)'>1.3.3 Evoluci\u00f3 parc vehicles a Espanya, 2007-2019 <img src='https:\/\/www.mobilityinstitute.es\/wp-content\/plugins\/cualinet-hideurls\/img\/mobility_download_button.png' style='margin: 4px 10px 0 10px' \/><\/a><\/li>\n<\/ul>\n<\/div><\/div><\/div><div class=\"fusion-panel panel-default fusion-faq-post fusion-faq-post-964 parc-de-vehicles transport-privat \"><span class=\"entry-title rich-snippet-hidden\">1.3.4 Evoluci\u00f3 del parc de turismes a Espanya, 2007-2019<\/span><span class=\"vcard rich-snippet-hidden\"><span class=\"fn\"><a href=\"https:\/\/www.mobilityinstitute.es\/ca\/author\/aalcaraz\/\" title=\"Entrades de aalcaraz\" rel=\"author\">aalcaraz<\/a><\/span><\/span><span class=\"updated rich-snippet-hidden\">2020-05-18T12:49:08+02:00<\/span><div class=\"panel-heading\"><h4 id=\"faq_3-964\" class=\"panel-title toggle\"><a data-toggle=\"collapse\" class=\"collapsed\" data-target=\"#collapse-3-964\" href=\"#collapse-3-964\" aria-expanded=\"false\"><div class=\"fusion-toggle-icon-wrapper\"><div class=\"fusion-toggle-icon-wrapper-main\"><div class=\"fusion-toggle-icon-wrapper-sub\"><i class=\"fa-fusion-box active-icon awb-icon-minus\" aria-hidden=\"true\"><\/i><i class=\"fa-fusion-box inactive-icon awb-icon-plus\" aria-hidden=\"true\"><\/i><\/div><\/div><\/div><div class=\"fusion-toggle-heading\">1.3.4 Evoluci\u00f3 del parc de turismes a Espanya, 2007-2019<\/div><\/a><\/h4><\/div><div id=\"collapse-3-964\" aria-labelledby=\"faq_3-964\" class=\"panel-collapse collapse\"><div class=\"panel-body toggle-content post-content\"><ul>\n<li>Abast: Espanya, CCAA<\/li>\n<li>Periodicitat: Anual<\/li>\n<li>Resum: <a onclick=\"if(typeof SlimStat.ss_track == 'function'){SlimStat.ss_track('Descarga: 1.3.4. Evoluci\u00f3 parc turismes a Espanya per CCAA.pdf');}\" href='https:\/\/www.mobilityinstitute.es\/wp-admin\/admin-post.php?action=download&file=DeiY%2Ft0WxXNS3DcPMeuglXO7L3yK3a%2FRgQiPXCtap7ONLSBwLf1pUCjRbYjiNPksDe%2B1y4DqunY6KQ%2BnKJbFPc0uBg%2FSsenodIxyB5Hq7iJDSOvs1tCuDKGbgSdSqlp%2F9Ilk0xxjVlPJds3uvbYU6BDsJ4yRWvEGXaJdEkg2%2FYXzGD8%3D' target='_blank' class='filename' data-filename=' Descarga: 1.3.4. Evoluci\u00f3 parc turismes a Espanya per CCAA.pdf (Flipbook)'>1.3.4. Evoluci\u00f3 parc turismes a Espanya per CCAA <img src='https:\/\/www.mobilityinstitute.es\/wp-content\/plugins\/cualinet-hideurls\/img\/mobility_download_button.png' style='margin: 4px 10px 0 10px' \/><\/a><\/li>\n<li>Dades: <a onclick=\"if(typeof SlimStat.ss_track == 'function'){SlimStat.ss_track('Descarga: 1.3.4. Evoluci\u00f3 parc turismes a Espanya per CCAA.xlsx');}\" href='https:\/\/www.mobilityinstitute.es\/wp-admin\/admin-post.php?action=download&file=xxp31FPj4%2FUcJZTAkymwNQ1MLDnlWVAfPOXqqCOW3HdxIgZsCt1xosILFfzZtrG9dcqRbzt5DQec2vHrKSjyKyLzuTb%2BMC49889cNUo%2FiVxki5QNRwF23QjAhqaLpVunmK6xeNQh7zPBTFuA50dcFdphzyGqFEX3IqUo4KyjW1XlxKOD' target='_blank' class='filename' data-filename=' Descarga: 1.3.4. Evoluci\u00f3 parc turismes a Espanya per CCAA.xlsx (Flipbook)'>1.3.4. Evoluci\u00f3 parc turismes a Espanya per CCAA <img src='https:\/\/www.mobilityinstitute.es\/wp-content\/plugins\/cualinet-hideurls\/img\/mobility_download_button.png' style='margin: 4px 10px 0 10px' \/><\/a><\/li>\n<\/ul>\n<\/div><\/div><\/div><div class=\"fusion-panel panel-default fusion-faq-post fusion-faq-post-966 parc-de-vehicles transport-privat \"><span class=\"entry-title rich-snippet-hidden\">1.3.5 Evoluci\u00f3 del parc de motocicletes i ciclomotors a Espanya, 2007-2019<\/span><span class=\"vcard rich-snippet-hidden\"><span class=\"fn\"><a href=\"https:\/\/www.mobilityinstitute.es\/ca\/author\/aalcaraz\/\" title=\"Entrades de aalcaraz\" rel=\"author\">aalcaraz<\/a><\/span><\/span><span class=\"updated rich-snippet-hidden\">2020-05-18T13:27:11+02:00<\/span><div class=\"panel-heading\"><h4 id=\"faq_3-966\" class=\"panel-title toggle\"><a data-toggle=\"collapse\" class=\"collapsed\" data-target=\"#collapse-3-966\" href=\"#collapse-3-966\" aria-expanded=\"false\"><div class=\"fusion-toggle-icon-wrapper\"><div class=\"fusion-toggle-icon-wrapper-main\"><div class=\"fusion-toggle-icon-wrapper-sub\"><i class=\"fa-fusion-box active-icon awb-icon-minus\" aria-hidden=\"true\"><\/i><i class=\"fa-fusion-box inactive-icon awb-icon-plus\" aria-hidden=\"true\"><\/i><\/div><\/div><\/div><div class=\"fusion-toggle-heading\">1.3.5 Evoluci\u00f3 del parc de motocicletes i ciclomotors a Espanya, 2007-2019<\/div><\/a><\/h4><\/div><div id=\"collapse-3-966\" aria-labelledby=\"faq_3-966\" class=\"panel-collapse collapse\"><div class=\"panel-body toggle-content post-content\"><ul>\n<li>Abast: Espanya, CCAA<\/li>\n<li>Periodicitat: Anual<\/li>\n<li>Resum: <a onclick=\"if(typeof SlimStat.ss_track == 'function'){SlimStat.ss_track('Descarga: 1.3.5 Evoluci\u00f3 parc motocicletes i ciclomotors a Espanya, 2007-2019.pdf');}\" href='https:\/\/www.mobilityinstitute.es\/wp-admin\/admin-post.php?action=download&file=8HokYqxlNhDpmP7vFTugGYn4PqJ4c8sWSiRD8TiOD0TeOM1SofJjNEeuarO2CFhAQ7CujJ4WZr5wbOoda8iBND4XPm1pm%2F519H3VJoue5HVS6a3fF4pGMI%2B7fGOIxc8hwVR8lVDLso6dqX%2FHlzNtjoM9skLcFwSIFVa9ez%2BycVfZnsQ%3D' target='_blank' class='filename' data-filename=' Descarga: 1.3.5 Evoluci\u00f3 parc motocicletes i ciclomotors a Espanya, 2007-2019.pdf (Flipbook)'>1.3.5 Evoluci\u00f3 parc motocicletes i ciclomotors a Espanya, 2007-2019 <img src='https:\/\/www.mobilityinstitute.es\/wp-content\/plugins\/cualinet-hideurls\/img\/mobility_download_button.png' style='margin: 4px 10px 0 10px' \/><\/a><\/li>\n<li>Dades: <a onclick=\"if(typeof SlimStat.ss_track == 'function'){SlimStat.ss_track('Descarga: 1.3.5 Evoluci\u00f3 parc motocicletes i ciclomotors a Espanya, 2007-2019.xlsx');}\" href='https:\/\/www.mobilityinstitute.es\/wp-admin\/admin-post.php?action=download&file=gsTqfb4NAMlC8E71Tvz1785uNK%2BgxuZqCzDgc%2BeODdZGBDPF0Uq2MOBy2RHrgU8%2BRZL9GeqbhIeBPoo7OFANGhcl3fjZGonT4a9CaqHBNvsvP%2FzcNRoRgTGchG%2FlHV5OsB1i%2Folk3P0h64yWMgCrleNNl1soAc5dN8%2BcmQOtiW8fImdn' target='_blank' class='filename' data-filename=' Descarga: 1.3.5 Evoluci\u00f3 parc motocicletes i ciclomotors a Espanya, 2007-2019.xlsx (Flipbook)'>1.3.5 Evoluci\u00f3 parc motocicletes i ciclomotors a Espanya, 2007-2019 <img src='https:\/\/www.mobilityinstitute.es\/wp-content\/plugins\/cualinet-hideurls\/img\/mobility_download_button.png' style='margin: 4px 10px 0 10px' \/><\/a><\/li>\n<\/ul>\n<\/div><\/div><\/div><div class=\"fusion-panel panel-default fusion-faq-post fusion-faq-post-968 parc-de-vehicles transport-privat \"><span class=\"entry-title rich-snippet-hidden\">1.3.6 Evoluci\u00f3 del parc de vehicles per tipus a Barcelona i a Madrid<\/span><span class=\"vcard rich-snippet-hidden\"><span class=\"fn\"><a href=\"https:\/\/www.mobilityinstitute.es\/ca\/author\/aalcaraz\/\" title=\"Entrades de aalcaraz\" rel=\"author\">aalcaraz<\/a><\/span><\/span><span class=\"updated rich-snippet-hidden\">2020-05-18T23:46:17+02:00<\/span><div class=\"panel-heading\"><h4 id=\"faq_3-968\" class=\"panel-title toggle\"><a data-toggle=\"collapse\" class=\"collapsed\" data-target=\"#collapse-3-968\" href=\"#collapse-3-968\" aria-expanded=\"false\"><div class=\"fusion-toggle-icon-wrapper\"><div class=\"fusion-toggle-icon-wrapper-main\"><div class=\"fusion-toggle-icon-wrapper-sub\"><i class=\"fa-fusion-box active-icon awb-icon-minus\" aria-hidden=\"true\"><\/i><i class=\"fa-fusion-box inactive-icon awb-icon-plus\" aria-hidden=\"true\"><\/i><\/div><\/div><\/div><div class=\"fusion-toggle-heading\">1.3.6 Evoluci\u00f3 del parc de vehicles per tipus a Barcelona i a Madrid<\/div><\/a><\/h4><\/div><div id=\"collapse-3-968\" aria-labelledby=\"faq_3-968\" class=\"panel-collapse collapse\"><div class=\"panel-body toggle-content post-content\"><ul>\n<li>Abast: Barcelona, Madrid<\/li>\n<li>Periodicitat: Anual<\/li>\n<li>Resum: <a onclick=\"if(typeof SlimStat.ss_track == 'function'){SlimStat.ss_track('Descarga: 1.3.6 Evoluci\u00f3 del parc de vehicles a Barcelona i Madrid per tipus de vehicle.pdf');}\" href='https:\/\/www.mobilityinstitute.es\/wp-admin\/admin-post.php?action=download&file=ck9j8Pwp7rVd%2FJoPfrhkIpWt%2FVY6ulwTuC%2Ff24Bw3HgTd90JvsXzAJueTKPYghf6yof97WkI7P7Ao862CcZUrNfMNBPx3Q%2BbQ0s%2Fy86G%2FGrNc2v%2Bosdg4vcSCyDiWiSuNXOXc%2BqMdfvG2zZPQHMQ2lHxROysxW69uNc7h5KKSS73' target='_blank' class='filename' data-filename=' Descarga: 1.3.6 Evoluci\u00f3 del parc de vehicles a Barcelona i Madrid per tipus de vehicle.pdf (Flipbook)'>1.3.6 Evoluci\u00f3 del parc de vehicles a Barcelona i Madrid per tipus de vehicle <img src='https:\/\/www.mobilityinstitute.es\/wp-content\/plugins\/cualinet-hideurls\/img\/mobility_download_button.png' style='margin: 4px 10px 0 10px' \/><\/a><\/li>\n<li>Dades: <a onclick=\"if(typeof SlimStat.ss_track == 'function'){SlimStat.ss_track('Descarga: 1.3.6 Evoluci\u00f3 del parc de vehicles a Barcelona i Madrid per tipus de vehicle.xlsx');}\" href='https:\/\/www.mobilityinstitute.es\/wp-admin\/admin-post.php?action=download&file=tJBWmXW5wNS8QVMCHy7MiNjgjhzmbknA9zcnUP3C0abIXDNfj3RSyVOVCDaaAqiEK8o8nMkbYhwckomzZgQkrrFHVdj7CRkw3v8DF31Ax7Bcc6JVeWSMk519Ig6xKKoiS1%2BEYGRwELLQAuxDcF9xfDa63ebxW6b7%2Fu%2BbUMyxLi4vbw%3D%3D' target='_blank' class='filename' data-filename=' Descarga: 1.3.6 Evoluci\u00f3 del parc de vehicles a Barcelona i Madrid per tipus de vehicle.xlsx (Flipbook)'>1.3.6 Evoluci\u00f3 del parc de vehicles a Barcelona i Madrid per tipus de vehicle <img src='https:\/\/www.mobilityinstitute.es\/wp-content\/plugins\/cualinet-hideurls\/img\/mobility_download_button.png' style='margin: 4px 10px 0 10px' \/><\/a><\/li>\n<\/ul>\n<\/div><\/div><\/div><div class=\"fusion-panel panel-default fusion-faq-post fusion-faq-post-970 trafic transport-privat \"><span class=\"entry-title rich-snippet-hidden\">1.3.7 Evoluci\u00f3 del tr\u00e0nsit a les carreteres espanyoles, 2007-2018<\/span><span class=\"vcard rich-snippet-hidden\"><span class=\"fn\"><a href=\"https:\/\/www.mobilityinstitute.es\/ca\/author\/aalcaraz\/\" title=\"Entrades de aalcaraz\" rel=\"author\">aalcaraz<\/a><\/span><\/span><span class=\"updated rich-snippet-hidden\">2020-05-20T00:15:22+02:00<\/span><div class=\"panel-heading\"><h4 id=\"faq_3-970\" class=\"panel-title toggle\"><a data-toggle=\"collapse\" class=\"collapsed\" data-target=\"#collapse-3-970\" href=\"#collapse-3-970\" aria-expanded=\"false\"><div class=\"fusion-toggle-icon-wrapper\"><div class=\"fusion-toggle-icon-wrapper-main\"><div class=\"fusion-toggle-icon-wrapper-sub\"><i class=\"fa-fusion-box active-icon awb-icon-minus\" aria-hidden=\"true\"><\/i><i class=\"fa-fusion-box inactive-icon awb-icon-plus\" aria-hidden=\"true\"><\/i><\/div><\/div><\/div><div class=\"fusion-toggle-heading\">1.3.7 Evoluci\u00f3 del tr\u00e0nsit a les carreteres espanyoles, 2007-2018<\/div><\/a><\/h4><\/div><div id=\"collapse-3-970\" aria-labelledby=\"faq_3-970\" class=\"panel-collapse collapse\"><div class=\"panel-body toggle-content post-content\"><ul>\n<li>Abast: Espanya<\/li>\n<li>Periodicitat: Anual<\/li>\n<li>Resum: <a onclick=\"if(typeof SlimStat.ss_track == 'function'){SlimStat.ss_track('Descarga: 1.3.7 Evolucio\u0301 del tr\u00e0nsit a les carreteres espanyoles, 2007-2018.pdf');}\" href='https:\/\/www.mobilityinstitute.es\/wp-admin\/admin-post.php?action=download&file=bgXXiWKDQWaFsDF0oK6rQJ71fB1yn5BQjmKLU%2FLRB4V5LeCSsAWsDxddHw%2FJFjDnLx84FUeiv2KVXwLaPnRYZwkC22BWeFTgKwDWRe0ex3COOrF5TrxeImc7p9yFfTurkoDm3j0hUIqm0WJXasphZQRmqvpIFV53pfMmyKUc5WtLqw%3D%3D' target='_blank' class='filename' data-filename=' Descarga: 1.3.7 Evolucio\u0301 del tr\u00e0nsit a les carreteres espanyoles, 2007-2018.pdf (Flipbook)'>1.3.7 Evolucio\u0301 del tr\u00e0nsit a les carreteres espanyoles, 2007-2018 <img src='https:\/\/www.mobilityinstitute.es\/wp-content\/plugins\/cualinet-hideurls\/img\/mobility_download_button.png' style='margin: 4px 10px 0 10px' \/><\/a><\/li>\n<li>Dades: <a onclick=\"if(typeof SlimStat.ss_track == 'function'){SlimStat.ss_track('Descarga: 1.3.7 Evolucio\u0301 del tr\u00e0nsit a les carreteres espanyoles, 2007-2018.xlsx');}\" href='https:\/\/www.mobilityinstitute.es\/wp-admin\/admin-post.php?action=download&file=Vsn9KRs70XStD2KkoHPidAkD4QNT%2BG6aRkn%2F%2BggJr2y5aR1WZCfnc1ZIUe6J8IjyCDeDXJj6is3Cd2zqwqxziCXQwMviOi%2FI%2F5AjT4I8jNTFd8H0LqQCcqtnAOIhkTMYIUkEr8ZSb6DpHobFeIKMq4fmmDrtluvjjVg0K0FRfJiOyeE%3D' target='_blank' class='filename' data-filename=' Descarga: 1.3.7 Evolucio\u0301 del tr\u00e0nsit a les carreteres espanyoles, 2007-2018.xlsx (Flipbook)'>1.3.7 Evolucio\u0301 del tr\u00e0nsit a les carreteres espanyoles, 2007-2018 <img src='https:\/\/www.mobilityinstitute.es\/wp-content\/plugins\/cualinet-hideurls\/img\/mobility_download_button.png' style='margin: 4px 10px 0 10px' \/><\/a><\/li>\n<\/ul>\n<\/div><\/div><\/div><div class=\"fusion-panel panel-default fusion-faq-post fusion-faq-post-972 trafic transport-privat \"><span class=\"entry-title rich-snippet-hidden\">1.3.8 Evoluci\u00f3 del tr\u00e0nsit a les carreteres espanyoles per tipus de via (milions de vehicles-km)<\/span><span class=\"vcard rich-snippet-hidden\"><span class=\"fn\"><a href=\"https:\/\/www.mobilityinstitute.es\/ca\/author\/aalcaraz\/\" title=\"Entrades de aalcaraz\" rel=\"author\">aalcaraz<\/a><\/span><\/span><span class=\"updated rich-snippet-hidden\">2020-05-19T00:09:03+02:00<\/span><div class=\"panel-heading\"><h4 id=\"faq_3-972\" class=\"panel-title toggle\"><a data-toggle=\"collapse\" class=\"collapsed\" data-target=\"#collapse-3-972\" href=\"#collapse-3-972\" aria-expanded=\"false\"><div class=\"fusion-toggle-icon-wrapper\"><div class=\"fusion-toggle-icon-wrapper-main\"><div class=\"fusion-toggle-icon-wrapper-sub\"><i class=\"fa-fusion-box active-icon awb-icon-minus\" aria-hidden=\"true\"><\/i><i class=\"fa-fusion-box inactive-icon awb-icon-plus\" aria-hidden=\"true\"><\/i><\/div><\/div><\/div><div class=\"fusion-toggle-heading\">1.3.8 Evoluci\u00f3 del tr\u00e0nsit a les carreteres espanyoles per tipus de via (milions de vehicles-km)<\/div><\/a><\/h4><\/div><div id=\"collapse-3-972\" aria-labelledby=\"faq_3-972\" class=\"panel-collapse collapse\"><div class=\"panel-body toggle-content post-content\"><ul>\n<li>Abast: Espanya<\/li>\n<li>Periodicitat: Anual<\/li>\n<li>Resum: <a onclick=\"if(typeof SlimStat.ss_track == 'function'){SlimStat.ss_track('Descarga: 1.3.8 Evoluci\u00f3 del tr\u00e0nsit a les carreteres espanyoles per tipus de via.pdf');}\" href='https:\/\/www.mobilityinstitute.es\/wp-admin\/admin-post.php?action=download&file=h3UITEIQOIC0%2BZ78Vzg6pck%2B0G%2FNkm7UqKdmiLXuRfzLjFWtCAc5%2FHdnRE48IK51iPN%2FtSmcRy51Xwqzuv%2FznAz6DxLJI8vvbGoHbKvzMX14VYet%2FQLAsn4up7fgq%2FH5yL4DUqqIbGwQkHJecTYEMS8Db7uX8tmTeu6rr0GsKtwPkTcj1Q%3D%3D' target='_blank' class='filename' data-filename=' Descarga: 1.3.8 Evoluci\u00f3 del tr\u00e0nsit a les carreteres espanyoles per tipus de via.pdf (Flipbook)'>1.3.8 Evoluci\u00f3 del tr\u00e0nsit a les carreteres espanyoles per tipus de via <img src='https:\/\/www.mobilityinstitute.es\/wp-content\/plugins\/cualinet-hideurls\/img\/mobility_download_button.png' style='margin: 4px 10px 0 10px' \/><\/a><\/li>\n<li>Dades: <a onclick=\"if(typeof SlimStat.ss_track == 'function'){SlimStat.ss_track('Descarga: 1.3.8 Evoluci\u00f3 del tr\u00e0nsit a les carreteres espanyoles per tipus de via.xlsx');}\" href='https:\/\/www.mobilityinstitute.es\/wp-admin\/admin-post.php?action=download&file=2Bc%2BEQjHfV8Ws7bBZV45Yofw7pyEVAyePj11ohdF2ixJz7mPxztVACc1GgRa4p5o2zyb0CDlk4DuBEAFwoeQHmHlQOOSZivWi274SFmF3Tisz10jGq0VuwPGiTbs0OlQUzwx8GM093l%2BqyHMgFgFHWuMtDlSgAC3xrvb%2FsPFeczxTeb8bS0%3D' target='_blank' class='filename' data-filename=' Descarga: 1.3.8 Evoluci\u00f3 del tr\u00e0nsit a les carreteres espanyoles per tipus de via.xlsx (Flipbook)'>1.3.8 Evoluci\u00f3 del tr\u00e0nsit a les carreteres espanyoles per tipus de via <img src='https:\/\/www.mobilityinstitute.es\/wp-content\/plugins\/cualinet-hideurls\/img\/mobility_download_button.png' style='margin: 4px 10px 0 10px' \/><\/a><\/li>\n<\/ul>\n<\/div><\/div><\/div><div class=\"fusion-panel panel-default fusion-faq-post fusion-faq-post-974 trafic transport-privat \"><span class=\"entry-title rich-snippet-hidden\">1.3.9 Evoluci\u00f3 del tr\u00e0nsit per titularitat de les vies, 2007-2018 (milions de vehicles-km)<\/span><span class=\"vcard rich-snippet-hidden\"><span class=\"fn\"><a href=\"https:\/\/www.mobilityinstitute.es\/ca\/author\/aalcaraz\/\" title=\"Entrades de aalcaraz\" rel=\"author\">aalcaraz<\/a><\/span><\/span><span class=\"updated rich-snippet-hidden\">2020-05-19T00:19:47+02:00<\/span><div class=\"panel-heading\"><h4 id=\"faq_3-974\" class=\"panel-title toggle\"><a data-toggle=\"collapse\" class=\"collapsed\" data-target=\"#collapse-3-974\" href=\"#collapse-3-974\" aria-expanded=\"false\"><div class=\"fusion-toggle-icon-wrapper\"><div class=\"fusion-toggle-icon-wrapper-main\"><div class=\"fusion-toggle-icon-wrapper-sub\"><i class=\"fa-fusion-box active-icon awb-icon-minus\" aria-hidden=\"true\"><\/i><i class=\"fa-fusion-box inactive-icon awb-icon-plus\" aria-hidden=\"true\"><\/i><\/div><\/div><\/div><div class=\"fusion-toggle-heading\">1.3.9 Evoluci\u00f3 del tr\u00e0nsit per titularitat de les vies, 2007-2018 (milions de vehicles-km)<\/div><\/a><\/h4><\/div><div id=\"collapse-3-974\" aria-labelledby=\"faq_3-974\" class=\"panel-collapse collapse\"><div class=\"panel-body toggle-content post-content\"><ul>\n<li>Abast: Espanya<\/li>\n<li>Periodicitat: Anual<\/li>\n<li>Resum: <a onclick=\"if(typeof SlimStat.ss_track == 'function'){SlimStat.ss_track('Descarga: 1.3.9 Evolucio\u0301 del tra\u00e0nsit per titularitat de les vies, 2007-2018 (milions de vehicles-km).pdf');}\" href='https:\/\/www.mobilityinstitute.es\/wp-admin\/admin-post.php?action=download&file=MBuuKB1JyeGw6R7%2FPr4ZnXjAo3T%2BVsgjCoNTqnx7zZjrvmoTWLnTW%2FeKH1jnqnCfYi6XYUHAaA5gD%2Fb3weIeSxq9biFDAkHCoMh07tTXj60NKakO0d7JJOb%2BrtDhbLYezqRkKXj59fwReCPRSclwevpP4snKD%2Bc4PrDcLn4KJ025x0XrleXSG7k%3D' target='_blank' class='filename' data-filename=' Descarga: 1.3.9 Evolucio\u0301 del tra\u00e0nsit per titularitat de les vies, 2007-2018 (milions de vehicles-km).pdf (Flipbook)'>1.3.9 Evolucio\u0301 del tra\u00e0nsit per titularitat de les vies, 2007-2018 (milions de vehicles-km) <img src='https:\/\/www.mobilityinstitute.es\/wp-content\/plugins\/cualinet-hideurls\/img\/mobility_download_button.png' style='margin: 4px 10px 0 10px' \/><\/a><\/li>\n<li>Dades: <a onclick=\"if(typeof SlimStat.ss_track == 'function'){SlimStat.ss_track('Descarga: 1.3.9 Evolucio\u0301 del tr\u00e0nsit per titularitat de les vies, 2007-2018 (milions de vehicles-km).xlsx');}\" href='https:\/\/www.mobilityinstitute.es\/wp-admin\/admin-post.php?action=download&file=t76kb7LkoO%2BwkcnRNYY9dLERRlWGO0bPBd03%2FlWA3MW5uyQYgrXcmQazBPNAJLbjV%2FNvn2lTHeX8dOjsn7LFaXXzJ6MO4g21h%2BDay%2FDBV6eIJSbCxb%2FjmF%2BIKXTOoiyT91BvO4ZxzvBKHR3kHZLj6AFTxFu9GJJjKoU7JMNUQlKLn1eGnilxlS96' target='_blank' class='filename' data-filename=' Descarga: 1.3.9 Evolucio\u0301 del tr\u00e0nsit per titularitat de les vies, 2007-2018 (milions de vehicles-km).xlsx (Flipbook)'>1.3.9 Evolucio\u0301 del tr\u00e0nsit per titularitat de les vies, 2007-2018 (milions de vehicles-km) <img src='https:\/\/www.mobilityinstitute.es\/wp-content\/plugins\/cualinet-hideurls\/img\/mobility_download_button.png' style='margin: 4px 10px 0 10px' \/><\/a><\/li>\n<\/ul>\n<\/div><\/div><\/div><div class=\"fusion-panel panel-default fusion-faq-post fusion-faq-post-976 trafic transport-privat \"><span class=\"entry-title rich-snippet-hidden\">1.3.10 Evoluci\u00f3 del tr\u00e0nsit a la Red de Carreteras del Estado per tipus de via, 2007-2019<\/span><span class=\"vcard rich-snippet-hidden\"><span class=\"fn\"><a href=\"https:\/\/www.mobilityinstitute.es\/ca\/author\/aalcaraz\/\" title=\"Entrades de aalcaraz\" rel=\"author\">aalcaraz<\/a><\/span><\/span><span class=\"updated rich-snippet-hidden\">2020-05-19T00:30:38+02:00<\/span><div class=\"panel-heading\"><h4 id=\"faq_3-976\" class=\"panel-title toggle\"><a data-toggle=\"collapse\" class=\"collapsed\" data-target=\"#collapse-3-976\" href=\"#collapse-3-976\" aria-expanded=\"false\"><div class=\"fusion-toggle-icon-wrapper\"><div class=\"fusion-toggle-icon-wrapper-main\"><div class=\"fusion-toggle-icon-wrapper-sub\"><i class=\"fa-fusion-box active-icon awb-icon-minus\" aria-hidden=\"true\"><\/i><i class=\"fa-fusion-box inactive-icon awb-icon-plus\" aria-hidden=\"true\"><\/i><\/div><\/div><\/div><div class=\"fusion-toggle-heading\">1.3.10 Evoluci\u00f3 del tr\u00e0nsit a la Red de Carreteras del Estado per tipus de via, 2007-2019<\/div><\/a><\/h4><\/div><div id=\"collapse-3-976\" aria-labelledby=\"faq_3-976\" class=\"panel-collapse collapse\"><div class=\"panel-body toggle-content post-content\"><ul>\n<li>Abast: Espanya<\/li>\n<li>Periodicitat: Mensual<\/li>\n<li>Resum: <a onclick=\"if(typeof SlimStat.ss_track == 'function'){SlimStat.ss_track('Descarga: 1.3.10 Evolucio\u0301 del tr\u00e0nsit a la Red de Carreteras del Estado per tipus de via, 2007-2019.pdf');}\" href='https:\/\/www.mobilityinstitute.es\/wp-admin\/admin-post.php?action=download&file=YodAHg3quIslHLxXSK20GX52ZeIOHz3u2SHZLh9Av1KnmfCWVZOQ3mHWqdb%2Be7%2Byv%2BvxuN4QzNz0kdY5e0njG%2F3h4CAQZEZK%2FJNM6JjcKd90JPtuED4TN5OICkJTuv7n%2FdlMr2VZAZvtBYv2PtKVoVbp1i5FFHuZfDzx9Sw7OEbAzg%3D%3D' target='_blank' class='filename' data-filename=' Descarga: 1.3.10 Evolucio\u0301 del tr\u00e0nsit a la Red de Carreteras del Estado per tipus de via, 2007-2019.pdf (Flipbook)'>1.3.10 Evolucio\u0301 del tr\u00e0nsit a la Red de Carreteras del Estado per tipus de via, 2007-2019 <img src='https:\/\/www.mobilityinstitute.es\/wp-content\/plugins\/cualinet-hideurls\/img\/mobility_download_button.png' style='margin: 4px 10px 0 10px' \/><\/a><\/li>\n<li>Dades: <a onclick=\"if(typeof SlimStat.ss_track == 'function'){SlimStat.ss_track('Descarga: 1.3.10 Evolucio\u0301 del tr\u00e0nsit a la Red de Carreteras del Estado per tipus de via, 2007-2019.xlsx');}\" href='https:\/\/www.mobilityinstitute.es\/wp-admin\/admin-post.php?action=download&file=zaI0xxPAlI6WUkzTxToIjOtgc0x%2BB6qW9h%2FRr%2FMfC2vsnSFqjnoxw9MDLmE7sKxME8VPVbjGFZ1IFe6ZjUS5Mqnyjyqp2qGcQJSm0Un4tV4rPJb8utgMOJGaF9nadyc2CKo6GN1qv8waffwLQT00kU%2BYN1upP7QN00KQmDQR9VFru2U%3D' target='_blank' class='filename' data-filename=' Descarga: 1.3.10 Evolucio\u0301 del tr\u00e0nsit a la Red de Carreteras del Estado per tipus de via, 2007-2019.xlsx (Flipbook)'>1.3.10 Evolucio\u0301 del tr\u00e0nsit a la Red de Carreteras del Estado per tipus de via, 2007-2019 <img src='https:\/\/www.mobilityinstitute.es\/wp-content\/plugins\/cualinet-hideurls\/img\/mobility_download_button.png' style='margin: 4px 10px 0 10px' \/><\/a><\/li>\n<\/ul>\n<\/div><\/div><\/div><div class=\"fusion-panel panel-default fusion-faq-post fusion-faq-post-978 automobil transport-privat \"><span class=\"entry-title rich-snippet-hidden\">1.3.11 Evoluci\u00f3 de la matriculaci\u00f3 de turismes a Europa, 2007-2019<\/span><span class=\"vcard rich-snippet-hidden\"><span class=\"fn\"><a href=\"https:\/\/www.mobilityinstitute.es\/ca\/author\/aalcaraz\/\" title=\"Entrades de aalcaraz\" rel=\"author\">aalcaraz<\/a><\/span><\/span><span class=\"updated rich-snippet-hidden\">2020-05-19T00:38:44+02:00<\/span><div class=\"panel-heading\"><h4 id=\"faq_3-978\" class=\"panel-title toggle\"><a data-toggle=\"collapse\" class=\"collapsed\" data-target=\"#collapse-3-978\" href=\"#collapse-3-978\" aria-expanded=\"false\"><div class=\"fusion-toggle-icon-wrapper\"><div class=\"fusion-toggle-icon-wrapper-main\"><div class=\"fusion-toggle-icon-wrapper-sub\"><i class=\"fa-fusion-box active-icon awb-icon-minus\" aria-hidden=\"true\"><\/i><i class=\"fa-fusion-box inactive-icon awb-icon-plus\" aria-hidden=\"true\"><\/i><\/div><\/div><\/div><div class=\"fusion-toggle-heading\">1.3.11 Evoluci\u00f3 de la matriculaci\u00f3 de turismes a Europa, 2007-2019<\/div><\/a><\/h4><\/div><div id=\"collapse-3-978\" aria-labelledby=\"faq_3-978\" class=\"panel-collapse collapse\"><div class=\"panel-body toggle-content post-content\"><ul>\n<li>Abast: Europa<\/li>\n<li>Periodicitat: Mensual<\/li>\n<li>Resum: <a onclick=\"if(typeof SlimStat.ss_track == 'function'){SlimStat.ss_track('Descarga: 1.3.11 Evoluci\u00f3 matriculaci\u00f3 de turismes a Europa, 2007-2019.pdf');}\" href='https:\/\/www.mobilityinstitute.es\/wp-admin\/admin-post.php?action=download&file=JexYnNSeUECIrr3bXvDi9O7Dp6JKL5%2By0HrP9IdRKGdryZVFU2EGUXbb6RlDMB9c%2FMPZnJl5SIl9r0%2Fu32u8Bjmwyr4sgagO3ePOZB7ck%2BpaqAGp9p%2FoqqyyfzFd%2BA%2BGrVCW7d3TSh28LJDWX9INDT9YIAlHnexPqOaTJd8pPw%3D%3D' target='_blank' class='filename' data-filename=' Descarga: 1.3.11 Evoluci\u00f3 matriculaci\u00f3 de turismes a Europa, 2007-2019.pdf (Flipbook)'>1.3.11 Evoluci\u00f3 matriculaci\u00f3 de turismes a Europa, 2007-2019 <img src='https:\/\/www.mobilityinstitute.es\/wp-content\/plugins\/cualinet-hideurls\/img\/mobility_download_button.png' style='margin: 4px 10px 0 10px' \/><\/a><\/li>\n<li>Dades: <a onclick=\"if(typeof SlimStat.ss_track == 'function'){SlimStat.ss_track('Descarga: 1.3.11 Evolucio\u0301 matriculacio\u0301 de turismes a Europa, 2007-2019.xlsx');}\" href='https:\/\/www.mobilityinstitute.es\/wp-admin\/admin-post.php?action=download&file=ZzIUlqVT8k6ZeL34yARR1xVyONnwkiDDxaW2IehEKAsgjZhhQ06MLcC3qN3b0MWpC2SP45SurY6gEnxHJ72QSiC1eGmqgK2cuWvudSW0HphY8qsujwgU4BA5Fp6inw6XxSkp%2B6FA9nmF1lAdiPGsoeaGhjv24CaoeoTHiyDP2q8%3D' target='_blank' class='filename' data-filename=' Descarga: 1.3.11 Evolucio\u0301 matriculacio\u0301 de turismes a Europa, 2007-2019.xlsx (Flipbook)'>1.3.11 Evolucio\u0301 matriculacio\u0301 de turismes a Europa, 2007-2019 <img src='https:\/\/www.mobilityinstitute.es\/wp-content\/plugins\/cualinet-hideurls\/img\/mobility_download_button.png' style='margin: 4px 10px 0 10px' \/><\/a><\/li>\n<\/ul>\n<\/div><\/div><\/div><div class=\"fusion-panel panel-default fusion-faq-post fusion-faq-post-980 automobil transport-privat \"><span class=\"entry-title rich-snippet-hidden\">1.3.12 Evoluci\u00f3 de la matriculaci\u00f3 de turismes a Espanya, 2007-2020<\/span><span class=\"vcard rich-snippet-hidden\"><span class=\"fn\"><a href=\"https:\/\/www.mobilityinstitute.es\/ca\/author\/aalcaraz\/\" title=\"Entrades de aalcaraz\" rel=\"author\">aalcaraz<\/a><\/span><\/span><span class=\"updated rich-snippet-hidden\">2020-05-20T00:01:51+02:00<\/span><div class=\"panel-heading\"><h4 id=\"faq_3-980\" class=\"panel-title toggle\"><a data-toggle=\"collapse\" class=\"collapsed\" data-target=\"#collapse-3-980\" href=\"#collapse-3-980\" aria-expanded=\"false\"><div class=\"fusion-toggle-icon-wrapper\"><div class=\"fusion-toggle-icon-wrapper-main\"><div class=\"fusion-toggle-icon-wrapper-sub\"><i class=\"fa-fusion-box active-icon awb-icon-minus\" aria-hidden=\"true\"><\/i><i class=\"fa-fusion-box inactive-icon awb-icon-plus\" aria-hidden=\"true\"><\/i><\/div><\/div><\/div><div class=\"fusion-toggle-heading\">1.3.12 Evoluci\u00f3 de la matriculaci\u00f3 de turismes a Espanya, 2007-2020<\/div><\/a><\/h4><\/div><div id=\"collapse-3-980\" aria-labelledby=\"faq_3-980\" class=\"panel-collapse collapse\"><div class=\"panel-body toggle-content post-content\"><ul>\n<li>Abast: Espanya, CCAA<\/li>\n<li>Periodicitat: Anual<\/li>\n<li>Resum: <a onclick=\"if(typeof SlimStat.ss_track == 'function'){SlimStat.ss_track('Descarga: 1.3.12 Evolucio\u0301 de la matriculacio\u0301 de turismes a Espanya, 2007-2019.pdf');}\" href='https:\/\/www.mobilityinstitute.es\/wp-admin\/admin-post.php?action=download&file=ktIoxM0RJ4vtaS45UHAj8BfaiCNT9CXX8sIRzpT9K%2BBX8%2FX4OyfRsS73ZugeuqVaODuZ09JvESn7yROP%2FYReOOBqArygplDsdAk45ZTDJORzI26V2YiobV5S53EnFxFQEynVa066Gk7zEGT8yTUXCadSBwAlD0lE1KDAQPywnqRbdd4%3D' target='_blank' class='filename' data-filename=' Descarga: 1.3.12 Evolucio\u0301 de la matriculacio\u0301 de turismes a Espanya, 2007-2019.pdf (Flipbook)'>1.3.12 Evolucio\u0301 de la matriculacio\u0301 de turismes a Espanya, 2007-2019 <img src='https:\/\/www.mobilityinstitute.es\/wp-content\/plugins\/cualinet-hideurls\/img\/mobility_download_button.png' style='margin: 4px 10px 0 10px' \/><\/a><\/li>\n<li>Dades: <a onclick=\"if(typeof SlimStat.ss_track == 'function'){SlimStat.ss_track('Descarga: 1.3.12 Evolucio\u0301 de la matriculacio\u0301 de turismes a Espanya, 2007-2019.xlsx');}\" href='https:\/\/www.mobilityinstitute.es\/wp-admin\/admin-post.php?action=download&file=ko9ceD1JARkpxKXUupABzf0OIZNj2eSaxRto6d9Pwy3rHYX4166wJXXsvc4oTo8lA8FxrNzSm1x5Y7kCIGjGOv7aAY0J83cWvclmbBe8MO62JnF4wcvqRpQiEIRLGWnmhVSZAZrOX%2FaySF5e3fXbDFOLaOeCG4zHN%2BiCjKD6vuZAXc7w' target='_blank' class='filename' data-filename=' Descarga: 1.3.12 Evolucio\u0301 de la matriculacio\u0301 de turismes a Espanya, 2007-2019.xlsx (Flipbook)'>1.3.12 Evolucio\u0301 de la matriculacio\u0301 de turismes a Espanya, 2007-2019 <img src='https:\/\/www.mobilityinstitute.es\/wp-content\/plugins\/cualinet-hideurls\/img\/mobility_download_button.png' style='margin: 4px 10px 0 10px' \/><\/a><\/li>\n<\/ul>\n<\/div><\/div><\/div><div class=\"fusion-panel panel-default fusion-faq-post fusion-faq-post-982 automobil transport-privat \"><span class=\"entry-title rich-snippet-hidden\">1.3.13 Producci\u00f3 de vehicles a Espanya, 2007-2019<\/span><span class=\"vcard rich-snippet-hidden\"><span class=\"fn\"><a href=\"https:\/\/www.mobilityinstitute.es\/ca\/author\/aalcaraz\/\" title=\"Entrades de aalcaraz\" rel=\"author\">aalcaraz<\/a><\/span><\/span><span class=\"updated rich-snippet-hidden\">2020-05-20T00:12:01+02:00<\/span><div class=\"panel-heading\"><h4 id=\"faq_3-982\" class=\"panel-title toggle\"><a data-toggle=\"collapse\" class=\"collapsed\" data-target=\"#collapse-3-982\" href=\"#collapse-3-982\" aria-expanded=\"false\"><div class=\"fusion-toggle-icon-wrapper\"><div class=\"fusion-toggle-icon-wrapper-main\"><div class=\"fusion-toggle-icon-wrapper-sub\"><i class=\"fa-fusion-box active-icon awb-icon-minus\" aria-hidden=\"true\"><\/i><i class=\"fa-fusion-box inactive-icon awb-icon-plus\" aria-hidden=\"true\"><\/i><\/div><\/div><\/div><div class=\"fusion-toggle-heading\">1.3.13 Producci\u00f3 de vehicles a Espanya, 2007-2019<\/div><\/a><\/h4><\/div><div id=\"collapse-3-982\" aria-labelledby=\"faq_3-982\" class=\"panel-collapse collapse\"><div class=\"panel-body toggle-content post-content\"><ul>\n<li>Abast: Espanya<\/li>\n<li>Periodicitat: Anual<\/li>\n<li>Resum: <a onclick=\"if(typeof SlimStat.ss_track == 'function'){SlimStat.ss_track('Descarga: 1.3.13 Producci\u00f3 de vehicles a Espanya per tipus de vehicles, 2007-2020.pdf');}\" href='https:\/\/www.mobilityinstitute.es\/wp-admin\/admin-post.php?action=download&file=etmimBr6Lz4U%2BRmXp1n7zxFZ8IuSsvGwHHfFRUV5qRLijAyH5%2B%2F5tcbptSHIoT%2Fi3EA5cbTnM4pWj6NobHYgsxv16x0WmCLqH%2B2suT2AK4%2BLMc%2F1%2BF5c0E4KG6dztXSv9lwQecUwPeFlg5OEkEBL7JgDFeR0S%2B6qJ2c8LHgW9A%3D%3D' target='_blank' class='filename' data-filename=' Descarga: 1.3.13 Producci\u00f3 de vehicles a Espanya per tipus de vehicles, 2007-2020.pdf (Flipbook)'>1.3.13 Producci\u00f3 de vehicles a Espanya per tipus de vehicles, 2007-2020 <img src='https:\/\/www.mobilityinstitute.es\/wp-content\/plugins\/cualinet-hideurls\/img\/mobility_download_button.png' style='margin: 4px 10px 0 10px' \/><\/a><\/li>\n<li>Dades: <a onclick=\"if(typeof SlimStat.ss_track == 'function'){SlimStat.ss_track('Descarga: 1.3.13 Producci\u00f3 de vehicles a Espanya per tipus de vehicles, 2007-2020.xlsx');}\" href='https:\/\/www.mobilityinstitute.es\/wp-admin\/admin-post.php?action=download&file=y4Ghj%2Bd736SoynLGreInzRmd59PajXciV2kMIbXpkj4nWDcO56lxvQt2O%2FSmDQoPbV666AD0F9ralRSCPZLdtAd8%2B4dQ%2BadoXxuB5E9zT%2FrOFgsQPcPmHPakIuZ5uYih14fG96cJ%2FlMK2XKss4AdqLiSVQVu1lu0WUYPBChTze4%3D' target='_blank' class='filename' data-filename=' Descarga: 1.3.13 Producci\u00f3 de vehicles a Espanya per tipus de vehicles, 2007-2020.xlsx (Flipbook)'>1.3.13 Producci\u00f3 de vehicles a Espanya per tipus de vehicles, 2007-2020 <img src='https:\/\/www.mobilityinstitute.es\/wp-content\/plugins\/cualinet-hideurls\/img\/mobility_download_button.png' style='margin: 4px 10px 0 10px' \/><\/a><\/li>\n<\/ul>\n<\/div><\/div><\/div><div class=\"fusion-panel panel-default fusion-faq-post fusion-faq-post-984 automobil transport-privat \"><span class=\"entry-title rich-snippet-hidden\">1.3.14 Exportaci\u00f3 de vehicles a Espanya, 2007-2019<\/span><span class=\"vcard rich-snippet-hidden\"><span class=\"fn\"><a href=\"https:\/\/www.mobilityinstitute.es\/ca\/author\/aalcaraz\/\" title=\"Entrades de aalcaraz\" rel=\"author\">aalcaraz<\/a><\/span><\/span><span class=\"updated rich-snippet-hidden\">2020-05-20T00:23:57+02:00<\/span><div class=\"panel-heading\"><h4 id=\"faq_3-984\" class=\"panel-title toggle\"><a data-toggle=\"collapse\" class=\"collapsed\" data-target=\"#collapse-3-984\" href=\"#collapse-3-984\" aria-expanded=\"false\"><div class=\"fusion-toggle-icon-wrapper\"><div class=\"fusion-toggle-icon-wrapper-main\"><div class=\"fusion-toggle-icon-wrapper-sub\"><i class=\"fa-fusion-box active-icon awb-icon-minus\" aria-hidden=\"true\"><\/i><i class=\"fa-fusion-box inactive-icon awb-icon-plus\" aria-hidden=\"true\"><\/i><\/div><\/div><\/div><div class=\"fusion-toggle-heading\">1.3.14 Exportaci\u00f3 de vehicles a Espanya, 2007-2019<\/div><\/a><\/h4><\/div><div id=\"collapse-3-984\" aria-labelledby=\"faq_3-984\" class=\"panel-collapse collapse\"><div class=\"panel-body toggle-content post-content\"><ul>\n<li>Abast: Espanya<\/li>\n<li>Periodicitat: Anual<\/li>\n<li>Resum: <a onclick=\"if(typeof SlimStat.ss_track == 'function'){SlimStat.ss_track('Descarga: 1.3.14 Exportaci\u00f3 de vehicles a Espanya per tipus de vehicle.pdf');}\" href='https:\/\/www.mobilityinstitute.es\/wp-admin\/admin-post.php?action=download&file=Ypk%2FW%2F2qTG3Pt9umizll6pxjMY3d6fsHs%2F5TvF7eHR557SulgYEcz7AQT7NIdaxk%2F%2BfjPxebtwmai2k%2BRd%2BUrqHSDwkncg3lCocsyP%2BOpH%2FpxZbJFa1XjzKJVYFXsFcwqeVju6IQiih%2B0oVhW2wyLJQ71y2Apr5lG8tupsjv1eC1' target='_blank' class='filename' data-filename=' Descarga: 1.3.14 Exportaci\u00f3 de vehicles a Espanya per tipus de vehicle.pdf (Flipbook)'>1.3.14 Exportaci\u00f3 de vehicles a Espanya per tipus de vehicle <img src='https:\/\/www.mobilityinstitute.es\/wp-content\/plugins\/cualinet-hideurls\/img\/mobility_download_button.png' style='margin: 4px 10px 0 10px' \/><\/a><\/li>\n<li>Dades: <a onclick=\"if(typeof SlimStat.ss_track == 'function'){SlimStat.ss_track('Descarga: 1.3.14 Exportaci\u00f3 de vehicles a Espanya per tipus de vehicle.xlsx');}\" href='https:\/\/www.mobilityinstitute.es\/wp-admin\/admin-post.php?action=download&file=aaKjHtrmh2X4%2BdeT8zlyhyK0%2Bhsn4dnmn8uoiiQUDcq5FUrAVDRAJoycovviFFL4jq%2FRgrTa9x0QiL%2FT6Xr5EszUdPaPPhvZZfWopJ4vzLdV1N%2B6vvfhCLvEcOlBZ%2FuHrwwMCaONZwJjo%2FwruBoYceSXmL1aQrpBybA4vKB4WI4cxA%3D%3D' target='_blank' class='filename' data-filename=' Descarga: 1.3.14 Exportaci\u00f3 de vehicles a Espanya per tipus de vehicle.xlsx (Flipbook)'>1.3.14 Exportaci\u00f3 de vehicles a Espanya per tipus de vehicle <img src='https:\/\/www.mobilityinstitute.es\/wp-content\/plugins\/cualinet-hideurls\/img\/mobility_download_button.png' style='margin: 4px 10px 0 10px' \/><\/a><\/li>\n<\/ul>\n<\/div><\/div><\/div><div class=\"fusion-panel panel-default fusion-faq-post fusion-faq-post-986 motos transport-privat \"><span class=\"entry-title rich-snippet-hidden\">1.3.15 Evoluci\u00f3 matriculaci\u00f3 de motocicletes i ciclomotors a Espanya, 2007-2019<\/span><span class=\"vcard rich-snippet-hidden\"><span class=\"fn\"><a href=\"https:\/\/www.mobilityinstitute.es\/ca\/author\/aalcaraz\/\" title=\"Entrades de aalcaraz\" rel=\"author\">aalcaraz<\/a><\/span><\/span><span class=\"updated rich-snippet-hidden\">2020-05-26T16:09:38+02:00<\/span><div class=\"panel-heading\"><h4 id=\"faq_3-986\" class=\"panel-title toggle\"><a data-toggle=\"collapse\" class=\"collapsed\" data-target=\"#collapse-3-986\" href=\"#collapse-3-986\" aria-expanded=\"false\"><div class=\"fusion-toggle-icon-wrapper\"><div class=\"fusion-toggle-icon-wrapper-main\"><div class=\"fusion-toggle-icon-wrapper-sub\"><i class=\"fa-fusion-box active-icon awb-icon-minus\" aria-hidden=\"true\"><\/i><i class=\"fa-fusion-box inactive-icon awb-icon-plus\" aria-hidden=\"true\"><\/i><\/div><\/div><\/div><div class=\"fusion-toggle-heading\">1.3.15 Evoluci\u00f3 matriculaci\u00f3 de motocicletes i ciclomotors a Espanya, 2007-2019<\/div><\/a><\/h4><\/div><div id=\"collapse-3-986\" aria-labelledby=\"faq_3-986\" class=\"panel-collapse collapse\"><div class=\"panel-body toggle-content post-content\"><ul>\n<li>Abast: Espanya<\/li>\n<li>Periodicitat: Anual<\/li>\n<li>Resum: <a onclick=\"if(typeof SlimStat.ss_track == 'function'){SlimStat.ss_track('Descarga: 1.3.15 Evoluci\u00f3 matriculaci\u00f3 motocicletes i ciclomotors a Espanya.pdf');}\" href='https:\/\/www.mobilityinstitute.es\/wp-admin\/admin-post.php?action=download&file=xZXBDU0pRSm1TE4EjAdPWUsR7em7iof9tMaVH5quAyB872blduFulZr880I4TjwUYoyn0TpO1mpjbbQjlKEYQx14mYN7dfTgqTuL6jE4RSzfrg23eBtbhlLx4mnAYkC1Xp9AeV1eqPST%2FgHOWZUAHmlML3Sj65RvfCL2ZbESHwLEGtAeWOE%3D' target='_blank' class='filename' data-filename=' Descarga: 1.3.15 Evoluci\u00f3 matriculaci\u00f3 motocicletes i ciclomotors a Espanya.pdf (Flipbook)'>1.3.15 Evoluci\u00f3 matriculaci\u00f3 motocicletes i ciclomotors a Espanya <img src='https:\/\/www.mobilityinstitute.es\/wp-content\/plugins\/cualinet-hideurls\/img\/mobility_download_button.png' style='margin: 4px 10px 0 10px' \/><\/a><\/li>\n<li>Dades: <a onclick=\"if(typeof SlimStat.ss_track == 'function'){SlimStat.ss_track('Descarga: 1.3.15 Evoluci\u00f3 matriculaci\u00f3 motocicletes i ciclomotors a Espanya.xlsx');}\" href='https:\/\/www.mobilityinstitute.es\/wp-admin\/admin-post.php?action=download&file=jn3rQ8g8WKpT%2B143Ob64B0NayDjeC2GZMmsjVO6GmvmDSiiGDXGvFbCK0QuLkXA7BaQ1fqW6x38c%2Fpy24YAgWXhUIUe5VRoRATh8e%2B%2F%2BnNKipDS0dMVFTIKmQA4weJAqwTA%2BBY6Zs%2FE%2BBNuACSKtiDMjmC5Wb8VPqxAxraID60MFWgBecQju' target='_blank' class='filename' data-filename=' Descarga: 1.3.15 Evoluci\u00f3 matriculaci\u00f3 motocicletes i ciclomotors a Espanya.xlsx (Flipbook)'>1.3.15 Evoluci\u00f3 matriculaci\u00f3 motocicletes i ciclomotors a Espanya <img src='https:\/\/www.mobilityinstitute.es\/wp-content\/plugins\/cualinet-hideurls\/img\/mobility_download_button.png' style='margin: 4px 10px 0 10px' \/><\/a><\/li>\n<\/ul>\n<\/div><\/div><\/div><div class=\"fusion-panel panel-default fusion-faq-post fusion-faq-post-2321 motos transport-privat \"><span class=\"entry-title rich-snippet-hidden\">1.3.16 Evoluci\u00f3 matriculaci\u00f3 motocicletes i ciclomotors a Espanya, per CCAA 2007-2019<\/span><span class=\"vcard rich-snippet-hidden\"><span class=\"fn\"><a href=\"https:\/\/www.mobilityinstitute.es\/ca\/author\/max-zanarturacc-es\/\" title=\"Entrades de Max Za\u00f1artu\" rel=\"author\">Max Za\u00f1artu<\/a><\/span><\/span><span class=\"updated rich-snippet-hidden\">2020-05-26T16:14:50+02:00<\/span><div class=\"panel-heading\"><h4 id=\"faq_3-2321\" class=\"panel-title toggle\"><a data-toggle=\"collapse\" class=\"collapsed\" data-target=\"#collapse-3-2321\" href=\"#collapse-3-2321\" aria-expanded=\"false\"><div class=\"fusion-toggle-icon-wrapper\"><div class=\"fusion-toggle-icon-wrapper-main\"><div class=\"fusion-toggle-icon-wrapper-sub\"><i class=\"fa-fusion-box active-icon awb-icon-minus\" aria-hidden=\"true\"><\/i><i class=\"fa-fusion-box inactive-icon awb-icon-plus\" aria-hidden=\"true\"><\/i><\/div><\/div><\/div><div class=\"fusion-toggle-heading\">1.3.16 Evoluci\u00f3 matriculaci\u00f3 motocicletes i ciclomotors a Espanya, per CCAA 2007-2019<\/div><\/a><\/h4><\/div><div id=\"collapse-3-2321\" aria-labelledby=\"faq_3-2321\" class=\"panel-collapse collapse\"><div class=\"panel-body toggle-content post-content\"><ul>\n<li>Abast: Espanya<\/li>\n<li>Periodicitat: Anual<\/li>\n<li>Resum: <a onclick=\"if(typeof SlimStat.ss_track == 'function'){SlimStat.ss_track('Descarga: 1.3.16 Evoluci\u00f3 matriculaci\u00f3 motocicletes a Espanya, per CCAA.pdf');}\" href='https:\/\/www.mobilityinstitute.es\/wp-admin\/admin-post.php?action=download&file=oGmNPl70phCavnE%2B7MNWFmr%2Bs7n%2BMN%2F9ou4hqdRIIroBfMw%2BStqeAkzWBb9zifAcw26XMCjE94e7TUlNbOUHCGFoRI1%2BUnNcKGvaDo7%2BUIRgfcq0HKfLc65rwcqTiK4SsjdqnM3NGxVrMAT%2BwHB0sT3h0KUsf6FH45MrUi5rTm4xS5E4Dw%3D%3D' target='_blank' class='filename' data-filename=' Descarga: 1.3.16 Evoluci\u00f3 matriculaci\u00f3 motocicletes a Espanya, per CCAA.pdf (Flipbook)'>1.3.16 Evoluci\u00f3 matriculaci\u00f3 motocicletes a Espanya, per CCAA <img src='https:\/\/www.mobilityinstitute.es\/wp-content\/plugins\/cualinet-hideurls\/img\/mobility_download_button.png' style='margin: 4px 10px 0 10px' \/><\/a><\/li>\n<li>Dades: <a onclick=\"if(typeof SlimStat.ss_track == 'function'){SlimStat.ss_track('Descarga: 1.3.16 Evoluci\u00f3 matriculaci\u00f3 motocicletes a Espanya, per CCAA.xlsx');}\" href='https:\/\/www.mobilityinstitute.es\/wp-admin\/admin-post.php?action=download&file=MtPqxAvRqqO3WrFrftd7pfhkoGrNj%2BJIvLELoyA2ZDc34170R5tRtQ4jhObEL0lRULzM6L7DkKhvvX%2Bbq2RRhilAVNbCnLpN3NFZhmg%2BR5v53xlKFIRRfPsBQHfprI1lJkbPP%2FeHfLGICru0Ht6V4LfYwRXEWYHJ5Fgt6yR6WH39Ef8JeSw%3D' target='_blank' class='filename' data-filename=' Descarga: 1.3.16 Evoluci\u00f3 matriculaci\u00f3 motocicletes a Espanya, per CCAA.xlsx (Flipbook)'>1.3.16 Evoluci\u00f3 matriculaci\u00f3 motocicletes a Espanya, per CCAA <img src='https:\/\/www.mobilityinstitute.es\/wp-content\/plugins\/cualinet-hideurls\/img\/mobility_download_button.png' style='margin: 4px 10px 0 10px' \/><\/a><\/li>\n<\/ul>\n<\/div><\/div><\/div><\/div><\/div><\/div><\/div><\/div><div class=\"nav fusion-mobile-tab-nav\"><ul class=\"nav-tabs\" role=\"tablist\"><li role=\"presentation\"><a class=\"tab-link\" data-toggle=\"tab\" role=\"tab\" aria-controls=\"tab-7232680e4e2d38456ac\" aria-selected=\"false\" tabindex=\"-1\" id=\"mobile-fusion-tab-accidentalitat\" href=\"#tab-7232680e4e2d38456ac\"><h4 class=\"fusion-tab-heading\">Accidentalitat<\/h4><\/a><\/li><\/ul><\/div><div class=\"tab-pane fade fusion-clearfix\" role=\"tabpanel\" tabindex=\"0\" aria-labelledby=\"fusion-tab-accidentalitat\" id=\"tab-15dc3c8538ec1eabf01\"><style type=\"text\/css\">.fusion-faqs-wrapper #accordian-4 .fusion-panel { border-color:#e0dede; }.fusion-faqs-wrapper #accordian-4 .fusion-panel:hover{ border-color: #e0dede; }.fusion-accordian #accordian-4 .panel-title a .fa-fusion-box:before{ font-size: 13px;}.fusion-accordian #accordian-4 .panel-title a .fa-fusion-box{ color: #ffffff;}.fusion-accordian  #accordian-4 .panel-title a{font-family:\"Noway Bold\";font-weight:700;}.fusion-accordian  #accordian-4 .toggle-content{font-family:\"Open Sans\";font-weight:400;}.fusion-accordian #accordian-4 .fa-fusion-box { background-color: #333333;border-color: #333333;}.fusion-accordian #accordian-4 .panel-title a:hover,.fusion-accordian #accordian-4 .panel-title a.hover { color: #a0ce4e;}.fusion-faq-shortcode .fusion-accordian #accordian-4 .fusion-toggle-boxed-mode:hover .panel-title a { color: #a0ce4e;}.fusion-accordian #accordian-4 .panel-title .active .fa-fusion-box,.fusion-accordian #accordian-4 .panel-title a:hover .fa-fusion-box,.fusion-accordian #accordian-4 .panel-title a.hover .fa-fusion-box { background-color: #a0ce4e!important;border-color: #a0ce4e!important;}<\/style><div class=\"fusion-faq-shortcode\" style=\"\"><div class=\"fusion-faqs-wrapper\"><div class=\"accordian fusion-accordian\"><div class=\"panel-group \" id=\"accordian-4\"><div class=\"fusion-panel panel-default fusion-faq-post fusion-faq-post-988 accidentalitat \"><span class=\"entry-title rich-snippet-hidden\">1.4.1 Evoluci\u00f3 morts accidents tr\u00e0nsit Espanya, 2007-2019 (morts a 24 hores)<\/span><span class=\"vcard rich-snippet-hidden\"><span class=\"fn\"><a href=\"https:\/\/www.mobilityinstitute.es\/ca\/author\/aalcaraz\/\" title=\"Entrades de aalcaraz\" rel=\"author\">aalcaraz<\/a><\/span><\/span><span class=\"updated rich-snippet-hidden\">2020-05-26T16:41:11+02:00<\/span><div class=\"panel-heading\"><h4 id=\"faq_4-988\" class=\"panel-title toggle\"><a data-toggle=\"collapse\" class=\"collapsed\" data-target=\"#collapse-4-988\" href=\"#collapse-4-988\" aria-expanded=\"false\"><div class=\"fusion-toggle-icon-wrapper\"><div class=\"fusion-toggle-icon-wrapper-main\"><div class=\"fusion-toggle-icon-wrapper-sub\"><i class=\"fa-fusion-box active-icon awb-icon-minus\" aria-hidden=\"true\"><\/i><i class=\"fa-fusion-box inactive-icon awb-icon-plus\" aria-hidden=\"true\"><\/i><\/div><\/div><\/div><div class=\"fusion-toggle-heading\">1.4.1 Evoluci\u00f3 morts accidents tr\u00e0nsit Espanya, 2007-2019 (morts a 24 hores)<\/div><\/a><\/h4><\/div><div id=\"collapse-4-988\" aria-labelledby=\"faq_4-988\" class=\"panel-collapse collapse\"><div class=\"panel-body toggle-content post-content\"><ul>\n<li>Abast: Espanya<\/li>\n<li>Periodicitat: Anual<\/li>\n<li>Resum: <a onclick=\"if(typeof SlimStat.ss_track == 'function'){SlimStat.ss_track('Descarga: 1.4.1 Evoluci\u00f3 morts accidents tr\u00e0nsit Espanya 2007-2019. 24 hores.pdf');}\" href='https:\/\/www.mobilityinstitute.es\/wp-admin\/admin-post.php?action=download&file=MbTeRHJ3O4OrUF0ULoud6il7lrUWnxjQRv3hYw32Lh0hxVtHUOgkGnY3AxFMjkoTAP5%2B2PBrAWnwIghJ76RpKV30iANWbbPUMICHXJEZSjgcPqYRuOM6UchnruoB7Ivfg1PDG6HpOKbY6e%2Fg4Ln%2FEafdLZ2aQqCoAlOvcF8HoiXUhSPv5ZUUxVA%3D' target='_blank' class='filename' data-filename=' Descarga: 1.4.1 Evoluci\u00f3 morts accidents tr\u00e0nsit Espanya 2007-2019. 24 hores.pdf (Flipbook)'>1.4.1 Evoluci\u00f3 morts accidents tr\u00e0nsit Espanya 2007-2019. 24 hores <img src='https:\/\/www.mobilityinstitute.es\/wp-content\/plugins\/cualinet-hideurls\/img\/mobility_download_button.png' style='margin: 4px 10px 0 10px' \/><\/a><\/li>\n<li>Dades: <a onclick=\"if(typeof SlimStat.ss_track == 'function'){SlimStat.ss_track('Descarga: 1.4.1 Evoluci\u00f3 morts accidents tr\u00e0nsit Espanya 2007-2019. 24 hores.xlsx');}\" href='https:\/\/www.mobilityinstitute.es\/wp-admin\/admin-post.php?action=download&file=DuGIZLWsY6auH%2B8uew4WPlFoqlRd6s75WQfnTmb5fsQUQlQBvpEtQhqI3HAX36bdwWaMi2sWTPO3IErHOXraeyqKhuR4fBjTwUY4rAFCwcDZivyZzK%2BWVixMK0cAgQs4TZQCKm9VIDPlugOB4GqllWKTfM6YKFVbDGuOpeeq8n67liTfYIgu%2FIkz' target='_blank' class='filename' data-filename=' Descarga: 1.4.1 Evoluci\u00f3 morts accidents tr\u00e0nsit Espanya 2007-2019. 24 hores.xlsx (Flipbook)'>1.4.1 Evoluci\u00f3 morts accidents tr\u00e0nsit Espanya 2007-2019. 24 hores <img src='https:\/\/www.mobilityinstitute.es\/wp-content\/plugins\/cualinet-hideurls\/img\/mobility_download_button.png' style='margin: 4px 10px 0 10px' \/><\/a><\/li>\n<\/ul>\n<\/div><\/div><\/div><div class=\"fusion-panel panel-default fusion-faq-post fusion-faq-post-990 accidentalitat \"><span class=\"entry-title rich-snippet-hidden\">1.4.2 Nombre d&#8217;accidents amb v\u00edctimes a Espanya per tipus de via, 2007-2018<\/span><span class=\"vcard rich-snippet-hidden\"><span class=\"fn\"><a href=\"https:\/\/www.mobilityinstitute.es\/ca\/author\/aalcaraz\/\" title=\"Entrades de aalcaraz\" rel=\"author\">aalcaraz<\/a><\/span><\/span><span class=\"updated rich-snippet-hidden\">2020-05-26T17:05:47+02:00<\/span><div class=\"panel-heading\"><h4 id=\"faq_4-990\" class=\"panel-title toggle\"><a data-toggle=\"collapse\" class=\"collapsed\" data-target=\"#collapse-4-990\" href=\"#collapse-4-990\" aria-expanded=\"false\"><div class=\"fusion-toggle-icon-wrapper\"><div class=\"fusion-toggle-icon-wrapper-main\"><div class=\"fusion-toggle-icon-wrapper-sub\"><i class=\"fa-fusion-box active-icon awb-icon-minus\" aria-hidden=\"true\"><\/i><i class=\"fa-fusion-box inactive-icon awb-icon-plus\" aria-hidden=\"true\"><\/i><\/div><\/div><\/div><div class=\"fusion-toggle-heading\">1.4.2 Nombre d&#8217;accidents amb v\u00edctimes a Espanya per tipus de via, 2007-2018<\/div><\/a><\/h4><\/div><div id=\"collapse-4-990\" aria-labelledby=\"faq_4-990\" class=\"panel-collapse collapse\"><div class=\"panel-body toggle-content post-content\"><ul>\n<li>Abast: Espanya<\/li>\n<li>Periodicitat: Anual<\/li>\n<li>Resum: <a onclick=\"if(typeof SlimStat.ss_track == 'function'){SlimStat.ss_track('Descarga: 1.4.2 Evoluci\u00f3 nombre accidents amb v\u00edctimes a Espanya per tipus de via.pdf');}\" href='https:\/\/www.mobilityinstitute.es\/wp-admin\/admin-post.php?action=download&file=3t60rXGL0sTDxVzoIskblk9Gp4jHASLHhmtCJcJREeyqYNcI9%2FWjj0o6HH711GEE19RygzeXr5CP%2BK3OeYm1E50L0qVXkiEiFlN1zgJ5Kg1rEN79gVNngmg%2F5fRV8vyv00rIxZuyVNHxAze4iwvydEGgMmYILlk9jrBxu%2FSbRNbkTU5L' target='_blank' class='filename' data-filename=' Descarga: 1.4.2 Evoluci\u00f3 nombre accidents amb v\u00edctimes a Espanya per tipus de via.pdf (Flipbook)'>1.4.2 Evoluci\u00f3 nombre accidents amb v\u00edctimes a Espanya per tipus de via <img src='https:\/\/www.mobilityinstitute.es\/wp-content\/plugins\/cualinet-hideurls\/img\/mobility_download_button.png' style='margin: 4px 10px 0 10px' \/><\/a><\/li>\n<li>Dades: <a onclick=\"if(typeof SlimStat.ss_track == 'function'){SlimStat.ss_track('Descarga: 1.4.2 Evoluci\u00f3 nombre accidents amb v\u00edctimes a Espanya per tipus de via.xlsx');}\" href='https:\/\/www.mobilityinstitute.es\/wp-admin\/admin-post.php?action=download&file=hv04NVBSQtRFk6csUD273rU7ViZVOHsSV97CVhshm3m2qVo%2BoApm%2BTCpcUQq7%2B9ohjcbzh0e1btSHgGxNRivcVu5AKBzb7Nn0a%2B8n45x4hkRQQs8O7BH38cBGdv08rVwxPjjRm2UUSqINw8Gz2ejRxnsgbbYhR%2FjIomcC5JXSeD36VolfQ%3D%3D' target='_blank' class='filename' data-filename=' Descarga: 1.4.2 Evoluci\u00f3 nombre accidents amb v\u00edctimes a Espanya per tipus de via.xlsx (Flipbook)'>1.4.2 Evoluci\u00f3 nombre accidents amb v\u00edctimes a Espanya per tipus de via <img src='https:\/\/www.mobilityinstitute.es\/wp-content\/plugins\/cualinet-hideurls\/img\/mobility_download_button.png' style='margin: 4px 10px 0 10px' \/><\/a><\/li>\n<\/ul>\n<\/div><\/div><\/div><div class=\"fusion-panel panel-default fusion-faq-post fusion-faq-post-992 accidentalitat \"><span class=\"entry-title rich-snippet-hidden\">1.4.3 Evoluci\u00f3 nombre de morts accidents de tr\u00e0nsit, 2007-2017 (morts a 30 dies)<\/span><span class=\"vcard rich-snippet-hidden\"><span class=\"fn\"><a href=\"https:\/\/www.mobilityinstitute.es\/ca\/author\/aalcaraz\/\" title=\"Entrades de aalcaraz\" rel=\"author\">aalcaraz<\/a><\/span><\/span><span class=\"updated rich-snippet-hidden\">2020-05-26T17:30:06+02:00<\/span><div class=\"panel-heading\"><h4 id=\"faq_4-992\" class=\"panel-title toggle\"><a data-toggle=\"collapse\" class=\"collapsed\" data-target=\"#collapse-4-992\" href=\"#collapse-4-992\" aria-expanded=\"false\"><div class=\"fusion-toggle-icon-wrapper\"><div class=\"fusion-toggle-icon-wrapper-main\"><div class=\"fusion-toggle-icon-wrapper-sub\"><i class=\"fa-fusion-box active-icon awb-icon-minus\" aria-hidden=\"true\"><\/i><i class=\"fa-fusion-box inactive-icon awb-icon-plus\" aria-hidden=\"true\"><\/i><\/div><\/div><\/div><div class=\"fusion-toggle-heading\">1.4.3 Evoluci\u00f3 nombre de morts accidents de tr\u00e0nsit, 2007-2017 (morts a 30 dies)<\/div><\/a><\/h4><\/div><div id=\"collapse-4-992\" aria-labelledby=\"faq_4-992\" class=\"panel-collapse collapse\"><div class=\"panel-body toggle-content post-content\"><ul>\n<li>Abast: Espanya<\/li>\n<li>Periodicitat: Anual<\/li>\n<li>Resum: <a onclick=\"if(typeof SlimStat.ss_track == 'function'){SlimStat.ss_track('Descarga: 1.4.3 Evoluci\u00f3 nombre de morts en accidents de tr\u00e0nsit a Espanya.pdf');}\" href='https:\/\/www.mobilityinstitute.es\/wp-admin\/admin-post.php?action=download&file=ZZxehwU%2Bp2ZsNgUQbdM8pxhioyRUmdA72NeGZJfOtASZNz21oWGL7FSdllr9x%2FGEj9oFAvP0EbtZI3deQIujy8HlDWz%2BR2WSi%2F6gx3onruy%2F379LfylwR9E1rggBlipQyUyLsVFBrAsgQTajxprffiVE0iZ7A%2BI1KeR%2BZn42LDZsZRfyM9%2FHq3oj%2Bejbf6T1E%2F6qdv2MJtjaiTXnYdH7d7rT0RbilCuPACZXYEBNQp6D' target='_blank' class='filename' data-filename=' Descarga: 1.4.3 Evoluci\u00f3 nombre de morts en accidents de tr\u00e0nsit a Espanya.pdf (Flipbook)'>1.4.3 Evoluci\u00f3 nombre de morts en accidents de tr\u00e0nsit a Espanya <img src='https:\/\/www.mobilityinstitute.es\/wp-content\/plugins\/cualinet-hideurls\/img\/mobility_download_button.png' style='margin: 4px 10px 0 10px' \/><\/a><\/li>\n<li>Dades: <a onclick=\"if(typeof SlimStat.ss_track == 'function'){SlimStat.ss_track('Descarga: 1.4.3 Evoluci\u00f3 nombre de morts en accidents de tr\u00e0nsit a Espanya.xlsx');}\" href='https:\/\/www.mobilityinstitute.es\/wp-admin\/admin-post.php?action=download&file=HGWep22uGo66ugyEgeNbuD3o%2FcbRCBADM8M1AhMe8mNQ7GF%2FlBSuPp9MoXblZ3lz1f%2Bo7KWfo1Pk92n1qT0y1WunYqdNHuKw5MVnaxhdtClLbYNxQcSydGo8xBhnglNmv9aHGy9CWqqTQAXjopvKGRgIFui7G75mIydBQuZB9nowwmZxdTWbbfF7Pp%2B8nLobNY3%2BVmtyNxEyqCOnK1tPmoDq%2FB5IwbbiexSN2sUcDLB38Q%3D%3D' target='_blank' class='filename' data-filename=' Descarga: 1.4.3 Evoluci\u00f3 nombre de morts en accidents de tr\u00e0nsit a Espanya.xlsx (Flipbook)'>1.4.3 Evoluci\u00f3 nombre de morts en accidents de tr\u00e0nsit a Espanya <img src='https:\/\/www.mobilityinstitute.es\/wp-content\/plugins\/cualinet-hideurls\/img\/mobility_download_button.png' style='margin: 4px 10px 0 10px' \/><\/a><\/li>\n<\/ul>\n<\/div><\/div><\/div><div class=\"fusion-panel panel-default fusion-faq-post fusion-faq-post-994 accidentalitat \"><span class=\"entry-title rich-snippet-hidden\">1.4.4 \u00cdndex de sinistralitat a Espanya. Morts (a 30 dies) per mili\u00f3 d&#8217;habitants i mili\u00f3 de vehicles, 2007-2018<\/span><span class=\"vcard rich-snippet-hidden\"><span class=\"fn\"><a href=\"https:\/\/www.mobilityinstitute.es\/ca\/author\/aalcaraz\/\" title=\"Entrades de aalcaraz\" rel=\"author\">aalcaraz<\/a><\/span><\/span><span class=\"updated rich-snippet-hidden\">2020-05-26T17:50:10+02:00<\/span><div class=\"panel-heading\"><h4 id=\"faq_4-994\" class=\"panel-title toggle\"><a data-toggle=\"collapse\" class=\"collapsed\" data-target=\"#collapse-4-994\" href=\"#collapse-4-994\" aria-expanded=\"false\"><div class=\"fusion-toggle-icon-wrapper\"><div class=\"fusion-toggle-icon-wrapper-main\"><div class=\"fusion-toggle-icon-wrapper-sub\"><i class=\"fa-fusion-box active-icon awb-icon-minus\" aria-hidden=\"true\"><\/i><i class=\"fa-fusion-box inactive-icon awb-icon-plus\" aria-hidden=\"true\"><\/i><\/div><\/div><\/div><div class=\"fusion-toggle-heading\">1.4.4 \u00cdndex de sinistralitat a Espanya. Morts (a 30 dies) per mili\u00f3 d&#8217;habitants i mili\u00f3 de vehicles, 2007-2018<\/div><\/a><\/h4><\/div><div id=\"collapse-4-994\" aria-labelledby=\"faq_4-994\" class=\"panel-collapse collapse\"><div class=\"panel-body toggle-content post-content\"><ul>\n<li>Abast: Espanya<\/li>\n<li>Periodicitat: Anual<\/li>\n<li>Resum: <a onclick=\"if(typeof SlimStat.ss_track == 'function'){SlimStat.ss_track('Descarga: 1.4.4 \u00cdndex de sinistralitat a Espanya. Morts (a 30 dies) per mili\u00f3 d\u2019habitants i mili\u00f3 de vehicles, 2007-2018.pdf');}\" href='https:\/\/www.mobilityinstitute.es\/wp-admin\/admin-post.php?action=download&file=%2FxNLbyKxyQ1X1IOWzqpEdD934FanJGeTUywAAs1nkECluO9u6%2BHHbwl4cYyn1zGrMinjE%2BJgkcWdv3aetFD8neVlyAKz1v2RC6M1qRnDo7PBNt6BA6bYjpPXsH12F0YM%2BHGxaRMeytiC2uqnGhUzRiglsD0A9nswHl3jPVDqQjhUE9W0uLIpGd0ig7k%3D' target='_blank' class='filename' data-filename=' Descarga: 1.4.4 \u00cdndex de sinistralitat a Espanya. Morts (a 30 dies) per mili\u00f3 d\u2019habitants i mili\u00f3 de vehicles, 2007-2018.pdf (Flipbook)'>1.4.4 \u00cdndex de sinistralitat a Espanya. Morts (a 30 dies) per mili\u00f3 d\u2019habitants i mili\u00f3 de vehicles, 2007-2018 <img src='https:\/\/www.mobilityinstitute.es\/wp-content\/plugins\/cualinet-hideurls\/img\/mobility_download_button.png' style='margin: 4px 10px 0 10px' \/><\/a><\/li>\n<li>Dades: <a onclick=\"if(typeof SlimStat.ss_track == 'function'){SlimStat.ss_track('Descarga: 1.4.4 \u00cdndex de sinistralitat a Espanya. Morts (a 30 dies) per mili\u00f3 d\u2019habitants i mili\u00f3 de vehicles, 2007-2018.xlsx');}\" href='https:\/\/www.mobilityinstitute.es\/wp-admin\/admin-post.php?action=download&file=aFjT9WvhYJaWsHGgnuX3fVf1jqfSP3kOVwHoUPiYXIs3XAYm1ueG8afsQEgOXf3Ru5tbKnvAq9TXK3OoJqPsIi7Kk7A4Mva4Z0pJHYdS93STrpAfGU0%2FRfgW4vMpXqDtzgT0Gq2DZVyuLfJ%2FKIfXTe1OXpeX7t1I5cWOqaxT9T75h8MKg3C0QPJylXtm' target='_blank' class='filename' data-filename=' Descarga: 1.4.4 \u00cdndex de sinistralitat a Espanya. Morts (a 30 dies) per mili\u00f3 d\u2019habitants i mili\u00f3 de vehicles, 2007-2018.xlsx (Flipbook)'>1.4.4 \u00cdndex de sinistralitat a Espanya. Morts (a 30 dies) per mili\u00f3 d\u2019habitants i mili\u00f3 de vehicles, 2007-2018 <img src='https:\/\/www.mobilityinstitute.es\/wp-content\/plugins\/cualinet-hideurls\/img\/mobility_download_button.png' style='margin: 4px 10px 0 10px' \/><\/a><\/li>\n<\/ul>\n<\/div><\/div><\/div><div class=\"fusion-panel panel-default fusion-faq-post fusion-faq-post-996 accidentalitat \"><span class=\"entry-title rich-snippet-hidden\">1.4.5 Evoluci\u00f3 del nombre de morts en accident de tr\u00e0nsit a Madrid i Barcelona, 2007-2018<\/span><span class=\"vcard rich-snippet-hidden\"><span class=\"fn\"><a href=\"https:\/\/www.mobilityinstitute.es\/ca\/author\/aalcaraz\/\" title=\"Entrades de aalcaraz\" rel=\"author\">aalcaraz<\/a><\/span><\/span><span class=\"updated rich-snippet-hidden\">2020-05-26T17:34:17+02:00<\/span><div class=\"panel-heading\"><h4 id=\"faq_4-996\" class=\"panel-title toggle\"><a data-toggle=\"collapse\" class=\"collapsed\" data-target=\"#collapse-4-996\" href=\"#collapse-4-996\" aria-expanded=\"false\"><div class=\"fusion-toggle-icon-wrapper\"><div class=\"fusion-toggle-icon-wrapper-main\"><div class=\"fusion-toggle-icon-wrapper-sub\"><i class=\"fa-fusion-box active-icon awb-icon-minus\" aria-hidden=\"true\"><\/i><i class=\"fa-fusion-box inactive-icon awb-icon-plus\" aria-hidden=\"true\"><\/i><\/div><\/div><\/div><div class=\"fusion-toggle-heading\">1.4.5 Evoluci\u00f3 del nombre de morts en accident de tr\u00e0nsit a Madrid i Barcelona, 2007-2018<\/div><\/a><\/h4><\/div><div id=\"collapse-4-996\" aria-labelledby=\"faq_4-996\" class=\"panel-collapse collapse\"><div class=\"panel-body toggle-content post-content\"><ul>\n<li>Abast: Madrid i Barcelona<\/li>\n<li>Periodicitat: Anual<\/li>\n<li>Resum: <a onclick=\"if(typeof SlimStat.ss_track == 'function'){SlimStat.ss_track('Descarga: 1.4.5 Evoluci\u00f3 mortalitat en accident de tr\u00e0nsit a Madrid i Barcelona.pdf');}\" href='https:\/\/www.mobilityinstitute.es\/wp-admin\/admin-post.php?action=download&file=UqKMcYTMHykZtzFpEHdFQErxZNLy84NXKGXjq6mdzfGWVcMHpDw62aWE4CeQJpOtW9n1zX6uJYkaOynzb8YUxXf24EPLkcLFbHp00LCM%2BgssHtfrqm8ydFD%2B5VCVUglDfgDlVC4nmPcTd%2F3vK%2BHIOKdDBU6izrpB5CI%2BXNb%2Bzt%2B1CmUgerrxcr1sTznoL6fqr%2FcdXjNkhBJH2HaqEE6BMZS50rc8QGu%2FfJsUBbBPUyZe' target='_blank' class='filename' data-filename=' Descarga: 1.4.5 Evoluci\u00f3 mortalitat en accident de tr\u00e0nsit a Madrid i Barcelona.pdf (Flipbook)'>1.4.5 Evoluci\u00f3 mortalitat en accident de tr\u00e0nsit a Madrid i Barcelona <img src='https:\/\/www.mobilityinstitute.es\/wp-content\/plugins\/cualinet-hideurls\/img\/mobility_download_button.png' style='margin: 4px 10px 0 10px' \/><\/a><\/li>\n<li>Dades: <a onclick=\"if(typeof SlimStat.ss_track == 'function'){SlimStat.ss_track('Descarga: 1.4.5 Evoluci\u00f3 mortalitat en accident de tr\u00e0nsit a Madrid i Barcelona.xlsx');}\" href='https:\/\/www.mobilityinstitute.es\/wp-admin\/admin-post.php?action=download&file=jS8IY2o34OOne9LzBfHCHmYstfSwx5K41FY4xplq3VOdtu6KjpPhggXrOTFICf6H6uWuFkY0yQogPmoC6cu3BC2jZ1GA8b%2FfDXuPBlfIpd0ZH%2BTKFzQgaHUQ267A7CtGSfa65Z7c4Mtkpu4dC9NM9M4oIGdX8TjcWbifXzNIy8XuEw9zUXL68Surl%2FWzxPJ9k2TiGOKoogrkhx2C7aUZTk00CDn0PWa%2BBA2fK87lILefhQ%3D%3D' target='_blank' class='filename' data-filename=' Descarga: 1.4.5 Evoluci\u00f3 mortalitat en accident de tr\u00e0nsit a Madrid i Barcelona.xlsx (Flipbook)'>1.4.5 Evoluci\u00f3 mortalitat en accident de tr\u00e0nsit a Madrid i Barcelona <img src='https:\/\/www.mobilityinstitute.es\/wp-content\/plugins\/cualinet-hideurls\/img\/mobility_download_button.png' style='margin: 4px 10px 0 10px' \/><\/a><\/li>\n<\/ul>\n<\/div><\/div><\/div><\/div><\/div><\/div><\/div><\/div><\/div><\/div><div class=\"fusion-clearfix\"><\/div><\/div><\/div><\/div><\/div><div class=\"fusion-fullwidth fullwidth-box fusion-builder-row-3 nonhundred-percent-fullwidth non-hundred-percent-height-scrolling\" style=\"background-color: rgba(255,255,255,0);background-position: center center;background-repeat: no-repeat;padding-top:0px;padding-right:0px;padding-bottom:0px;padding-left:0px;margin-bottom: 0px;margin-top: 0px;border-width: 0px 0px 0px 0px;border-color:#eae9e9;border-style:solid;\" ><div class=\"fusion-builder-row fusion-row\"><div class=\"fusion-layout-column fusion_builder_column fusion-builder-column-2 fusion_builder_column_1_1 1_1 fusion-one-full fusion-column-first fusion-column-last\" style=\"margin-top:0px;margin-bottom:20px;\"><div class=\"fusion-column-wrapper fusion-flex-column-wrapper-legacy\" style=\"background-position:left top;background-repeat:no-repeat;-webkit-background-size:cover;-moz-background-size:cover;-o-background-size:cover;background-size:cover;padding: 0px 0px 0px 0px;\"><style type=\"text\/css\"><\/style><div class=\"fusion-title title fusion-title-2 fusion-title-text fusion-title-size-five title\" style=\"margin-top:0px;margin-right:0px;margin-bottom:20px;margin-left:0px;\" id=\"title_mercaderias\"><h5 class=\"title-heading-left fusion-responsive-typography-calculated\" style=\"margin:0;--fontSize:15;--minFontSize:14pt;line-height:1.5;\">[+] DADES AGREGADES DE MOBILITAT DE MERCADERIES<\/p><\/h5><span class=\"awb-title-spacer\"><\/span><div class=\"title-sep-container\"><div class=\"title-sep sep-double sep-solid\" style=\"border-color:#e0dede;\"><\/div><\/div><\/div><div class=\"fusion-tabs fusion-tabs-2 clean hidden vertical-tabs icon-position-left mobile-mode-accordion\" id=\"content_mercaderias\"><style type=\"text\/css\">#wrapper .fusion-tabs.fusion-tabs-2.clean .nav-tabs li a.tab-link{border-color:#ebeaea;}.fusion-tabs.fusion-tabs-2 .nav-tabs li a.tab-link{background-color:#ebeaea;}.fusion-tabs.fusion-tabs-2 .nav-tabs li.active a.tab-link,.fusion-tabs.fusion-tabs-2 .nav-tabs li.active a.tab-link:hover,.fusion-tabs.fusion-tabs-2 .nav-tabs li.active a.tab-link:focus{background-color:#ffffff;}.fusion-tabs.fusion-tabs-2 .nav-tabs li a:hover{background-color:#ffffff;border-top-color:#ffffff;}.fusion-tabs.fusion-tabs-2 .tab-pane{background-color:#ffffff;}.fusion-tabs.fusion-tabs-2 .nav,.fusion-tabs.fusion-tabs-2 .nav-tabs,.fusion-tabs.fusion-tabs-2 .tab-content .tab-pane{border-color:#ebeaea;}<\/style><div class=\"nav\"><ul class=\"nav-tabs\" role=\"tablist\"><li class=\"active\" role=\"presentation\"><a class=\"tab-link\" data-toggle=\"tab\" role=\"tab\" aria-controls=\"tab-0416c6fd0c6b1657abe\" aria-selected=\"true\" id=\"fusion-tab-evoluci\u00f3\" href=\"#tab-0416c6fd0c6b1657abe\"><h4 class=\"fusion-tab-heading\">Evoluci\u00f3<\/h4><\/a><\/li><\/ul><\/div><div class=\"tab-content\"><div class=\"nav fusion-mobile-tab-nav\"><ul class=\"nav-tabs\" role=\"tablist\"><li class=\"active\" role=\"presentation\"><a class=\"tab-link\" data-toggle=\"tab\" role=\"tab\" aria-controls=\"tab-0416c6fd0c6b1657abe\" aria-selected=\"true\" id=\"mobile-fusion-tab-evoluci\u00f3\" href=\"#tab-0416c6fd0c6b1657abe\"><h4 class=\"fusion-tab-heading\">Evoluci\u00f3<\/h4><\/a><\/li><\/ul><\/div><div class=\"tab-pane fade fusion-clearfix in active\" role=\"tabpanel\" tabindex=\"0\" aria-labelledby=\"fusion-tab-evoluci\u00f3\" id=\"tab-0416c6fd0c6b1657abe\">\n<style type=\"text\/css\">.fusion-faqs-wrapper #accordian-5 .fusion-panel { border-color:#e0dede; }.fusion-faqs-wrapper #accordian-5 .fusion-panel:hover{ border-color: #e0dede; }.fusion-accordian #accordian-5 .panel-title a .fa-fusion-box:before{ font-size: 13px;}.fusion-accordian #accordian-5 .panel-title a .fa-fusion-box{ color: #ffffff;}.fusion-accordian  #accordian-5 .panel-title a{font-family:\"Noway Bold\";font-weight:700;}.fusion-accordian  #accordian-5 .toggle-content{font-family:\"Open Sans\";font-weight:400;}.fusion-accordian #accordian-5 .fa-fusion-box { background-color: #333333;border-color: #333333;}.fusion-accordian #accordian-5 .panel-title a:hover,.fusion-accordian #accordian-5 .panel-title a.hover { color: #a0ce4e;}.fusion-faq-shortcode .fusion-accordian #accordian-5 .fusion-toggle-boxed-mode:hover .panel-title a { color: #a0ce4e;}.fusion-accordian #accordian-5 .panel-title .active .fa-fusion-box,.fusion-accordian #accordian-5 .panel-title a:hover .fa-fusion-box,.fusion-accordian #accordian-5 .panel-title a.hover .fa-fusion-box { background-color: #a0ce4e!important;border-color: #a0ce4e!important;}<\/style><div class=\"fusion-faq-shortcode\" style=\"\"><div class=\"fusion-faqs-wrapper\"><div class=\"accordian fusion-accordian\"><div class=\"panel-group \" id=\"accordian-5\"><div class=\"fusion-panel panel-default fusion-faq-post fusion-faq-post-998 mercaderies \"><span class=\"entry-title rich-snippet-hidden\">2.1 Evoluci\u00f3 del transport total de mercaderies per mode, 2007-2018 (tones)<\/span><span class=\"vcard rich-snippet-hidden\"><span class=\"fn\"><a href=\"https:\/\/www.mobilityinstitute.es\/ca\/author\/aalcaraz\/\" title=\"Entrades de aalcaraz\" rel=\"author\">aalcaraz<\/a><\/span><\/span><span class=\"updated rich-snippet-hidden\">2020-05-26T17:59:01+02:00<\/span><div class=\"panel-heading\"><h4 id=\"faq_5-998\" class=\"panel-title toggle\"><a data-toggle=\"collapse\" class=\"collapsed\" data-target=\"#collapse-5-998\" href=\"#collapse-5-998\" aria-expanded=\"false\"><div class=\"fusion-toggle-icon-wrapper\"><div class=\"fusion-toggle-icon-wrapper-main\"><div class=\"fusion-toggle-icon-wrapper-sub\"><i class=\"fa-fusion-box active-icon awb-icon-minus\" aria-hidden=\"true\"><\/i><i class=\"fa-fusion-box inactive-icon awb-icon-plus\" aria-hidden=\"true\"><\/i><\/div><\/div><\/div><div class=\"fusion-toggle-heading\">2.1 Evoluci\u00f3 del transport total de mercaderies per mode, 2007-2018 (tones)<\/div><\/a><\/h4><\/div><div id=\"collapse-5-998\" aria-labelledby=\"faq_5-998\" class=\"panel-collapse collapse\"><div class=\"panel-body toggle-content post-content\"><ul>\n<li>Abast: Espanya<\/li>\n<li>Periodicitat: Semestral<\/li>\n<li>Resum: <a onclick=\"if(typeof SlimStat.ss_track == 'function'){SlimStat.ss_track('Descarga: 2.1 Evoluci\u00f3 del transport de mercaderies a Espanya per mode de transport, 2007-2018.pdf');}\" href='https:\/\/www.mobilityinstitute.es\/wp-admin\/admin-post.php?action=download&file=uNN4i7OAutebOgtmRknugmZp0T9UvxMoS%2FAq9Gx3RDTb3RMwBrlrYiOrHlwErWHH5v0mVsyn2i5WTX70L%2FkozHHERgSwaGGjkqQFjUEWCMi%2FfYRKYofTv0eOEeqf6M8XKlRLPN33gZRpP4PbiSecF%2BMVpHKSXPX1MAvfm1e9WQ%3D%3D' target='_blank' class='filename' data-filename=' Descarga: 2.1 Evoluci\u00f3 del transport de mercaderies a Espanya per mode de transport, 2007-2018.pdf (Flipbook)'>2.1 Evoluci\u00f3 del transport de mercaderies a Espanya per mode de transport, 2007-2018 <img src='https:\/\/www.mobilityinstitute.es\/wp-content\/plugins\/cualinet-hideurls\/img\/mobility_download_button.png' style='margin: 4px 10px 0 10px' \/><\/a><\/li>\n<li>Dades: <a onclick=\"if(typeof SlimStat.ss_track == 'function'){SlimStat.ss_track('Descarga: 2.1 Evoluci\u00f3 del transport de mercaderies a Espanya per mode de transport, 2007-2018.xlsx');}\" href='https:\/\/www.mobilityinstitute.es\/wp-admin\/admin-post.php?action=download&file=XORWHw%2FPdp%2FaCkNmrFtqSzIVPbV3zNwHP0YzDaihPnXRQVBafKe0PH1lT%2Blww2KRYHA5DAJV5jXF%2BAkI8TtGuHRJciql5vxuWfZTl6lRWFDtzBJN50N05aUgS6Kn5sPYeReWXULuO32WFe1inPQPdQnd9aTZzanJWUXvjIULEd8%3D' target='_blank' class='filename' data-filename=' Descarga: 2.1 Evoluci\u00f3 del transport de mercaderies a Espanya per mode de transport, 2007-2018.xlsx (Flipbook)'>2.1 Evoluci\u00f3 del transport de mercaderies a Espanya per mode de transport, 2007-2018 <img src='https:\/\/www.mobilityinstitute.es\/wp-content\/plugins\/cualinet-hideurls\/img\/mobility_download_button.png' style='margin: 4px 10px 0 10px' \/><\/a><\/li>\n<\/ul>\n<\/div><\/div><\/div><div class=\"fusion-panel panel-default fusion-faq-post fusion-faq-post-1000 mercaderies \"><span class=\"entry-title rich-snippet-hidden\">2.2 Evoluci\u00f3 del transport interior de mercaderies per mode, 2007-2018 (milers de tones)<\/span><span class=\"vcard rich-snippet-hidden\"><span class=\"fn\"><a href=\"https:\/\/www.mobilityinstitute.es\/ca\/author\/aalcaraz\/\" title=\"Entrades de aalcaraz\" rel=\"author\">aalcaraz<\/a><\/span><\/span><span class=\"updated rich-snippet-hidden\">2020-05-26T18:13:11+02:00<\/span><div class=\"panel-heading\"><h4 id=\"faq_5-1000\" class=\"panel-title toggle\"><a data-toggle=\"collapse\" class=\"collapsed\" data-target=\"#collapse-5-1000\" href=\"#collapse-5-1000\" aria-expanded=\"false\"><div class=\"fusion-toggle-icon-wrapper\"><div class=\"fusion-toggle-icon-wrapper-main\"><div class=\"fusion-toggle-icon-wrapper-sub\"><i class=\"fa-fusion-box active-icon awb-icon-minus\" aria-hidden=\"true\"><\/i><i class=\"fa-fusion-box inactive-icon awb-icon-plus\" aria-hidden=\"true\"><\/i><\/div><\/div><\/div><div class=\"fusion-toggle-heading\">2.2 Evoluci\u00f3 del transport interior de mercaderies per mode, 2007-2018 (milers de tones)<\/div><\/a><\/h4><\/div><div id=\"collapse-5-1000\" aria-labelledby=\"faq_5-1000\" class=\"panel-collapse collapse\"><div class=\"panel-body toggle-content post-content\"><ul>\n<li>Abast: Espanya<\/li>\n<li>Periodicitat: Semestral<\/li>\n<li>Resum: <a onclick=\"if(typeof SlimStat.ss_track == 'function'){SlimStat.ss_track('Descarga: 2.2 Evoluci\u00f3 del transport interior de mercaderies a Espanya per mode de transport, 2007-2018.pdf');}\" href='https:\/\/www.mobilityinstitute.es\/wp-admin\/admin-post.php?action=download&file=KEgqIkSTdG6SW5FlJZzNcRy99EcR0sPxTZKfAKeE1qyZi%2B7GF6lPsu7G6hlL%2FK4rBLfuuuHwL1F%2B9W%2BFWa3Ag4ZT9QyatBPCfy5zznAPNhvwudK%2BB3gqSJe%2BPQF0btI9CN5alQrY%2F8JydL0yPu26Et%2BxC9IlWJch9cpthptRFUeEZQi6wLJp' target='_blank' class='filename' data-filename=' Descarga: 2.2 Evoluci\u00f3 del transport interior de mercaderies a Espanya per mode de transport, 2007-2018.pdf (Flipbook)'>2.2 Evoluci\u00f3 del transport interior de mercaderies a Espanya per mode de transport, 2007-2018 <img src='https:\/\/www.mobilityinstitute.es\/wp-content\/plugins\/cualinet-hideurls\/img\/mobility_download_button.png' style='margin: 4px 10px 0 10px' \/><\/a><\/li>\n<li>Dades: <a onclick=\"if(typeof SlimStat.ss_track == 'function'){SlimStat.ss_track('Descarga: 2.2 Evoluci\u00f3 del transport interior de mercaderies a Espanya per mode de transport, 2007-2018.xlsx');}\" href='https:\/\/www.mobilityinstitute.es\/wp-admin\/admin-post.php?action=download&file=5ONkQoo8N8UzfE%2Bv50ABCPO0Hu1CgzsEw3aa7xluKlkmC4v%2FKr2tej3wAZl9jl6ZqX1uApQfmraWrO%2FtXYVbDUE%2BOaTZTnhHKmgGP8P7IU4zXvGnT2Aeqach%2B9W8o3XAEKJAyIw1X82Xzq7ylGB49oZS8HCObDxgpSp3ef%2BHLABJbdvNO2xJoQ%3D%3D' target='_blank' class='filename' data-filename=' Descarga: 2.2 Evoluci\u00f3 del transport interior de mercaderies a Espanya per mode de transport, 2007-2018.xlsx (Flipbook)'>2.2 Evoluci\u00f3 del transport interior de mercaderies a Espanya per mode de transport, 2007-2018 <img src='https:\/\/www.mobilityinstitute.es\/wp-content\/plugins\/cualinet-hideurls\/img\/mobility_download_button.png' style='margin: 4px 10px 0 10px' \/><\/a><\/li>\n<\/ul>\n<\/div><\/div><\/div><div class=\"fusion-panel panel-default fusion-faq-post fusion-faq-post-1002 mercaderies \"><span class=\"entry-title rich-snippet-hidden\">2.3 Evoluci\u00f3 del transport internacional de mercaderies per mode, 2007-2018 (milers de tones)<\/span><span class=\"vcard rich-snippet-hidden\"><span class=\"fn\"><a href=\"https:\/\/www.mobilityinstitute.es\/ca\/author\/aalcaraz\/\" title=\"Entrades de aalcaraz\" rel=\"author\">aalcaraz<\/a><\/span><\/span><span class=\"updated rich-snippet-hidden\">2020-05-26T18:29:31+02:00<\/span><div class=\"panel-heading\"><h4 id=\"faq_5-1002\" class=\"panel-title toggle\"><a data-toggle=\"collapse\" class=\"collapsed\" data-target=\"#collapse-5-1002\" href=\"#collapse-5-1002\" aria-expanded=\"false\"><div class=\"fusion-toggle-icon-wrapper\"><div class=\"fusion-toggle-icon-wrapper-main\"><div class=\"fusion-toggle-icon-wrapper-sub\"><i class=\"fa-fusion-box active-icon awb-icon-minus\" aria-hidden=\"true\"><\/i><i class=\"fa-fusion-box inactive-icon awb-icon-plus\" aria-hidden=\"true\"><\/i><\/div><\/div><\/div><div class=\"fusion-toggle-heading\">2.3 Evoluci\u00f3 del transport internacional de mercaderies per mode, 2007-2018 (milers de tones)<\/div><\/a><\/h4><\/div><div id=\"collapse-5-1002\" aria-labelledby=\"faq_5-1002\" class=\"panel-collapse collapse\"><div class=\"panel-body toggle-content post-content\"><ul>\n<li>Abast: Espanya<\/li>\n<li>Periodicitat: Semestral<\/li>\n<li>Resum: <a onclick=\"if(typeof SlimStat.ss_track == 'function'){SlimStat.ss_track('Descarga: 2.3 Evoluci\u00f3 del transport internacional de mercaderies a Espanya per mode de transport.pdf');}\" href='https:\/\/www.mobilityinstitute.es\/wp-admin\/admin-post.php?action=download&file=BX%2FgMqFeQ7My8vbi%2FWUSUPdyKmbmBRGIeCemwAVVlCim9oAGMAeFuv2uJh29f987ovdF6Fkz00rpLyQh2JPd7P7NLyN54Vxdpjf7wilfX0P4pPVbUxufVLgB%2BQw2q81n3AyhLg5UnuE45%2B3oqr6U6%2BuWMIfFGI6AQirLTVOIj7zNKsDROs5s1bE%3D' target='_blank' class='filename' data-filename=' Descarga: 2.3 Evoluci\u00f3 del transport internacional de mercaderies a Espanya per mode de transport.pdf (Flipbook)'>2.3 Evoluci\u00f3 del transport internacional de mercaderies a Espanya per mode de transport <img src='https:\/\/www.mobilityinstitute.es\/wp-content\/plugins\/cualinet-hideurls\/img\/mobility_download_button.png' style='margin: 4px 10px 0 10px' \/><\/a><\/li>\n<li>Dades: <a onclick=\"if(typeof SlimStat.ss_track == 'function'){SlimStat.ss_track('Descarga: 2.3 Evoluci\u00f3 del transport internacional de mercaderies a Espanya per mode de transport.xlsx');}\" href='https:\/\/www.mobilityinstitute.es\/wp-admin\/admin-post.php?action=download&file=29rSyZBPYQnYhJV6vuMCIz7N094HKhBH3AUeJxbK799zKIMkIM93KLZ8cTwLTtHeRAbzOGUccDI%2FI4g6cHoaxLTwxUAOeZ4o71Kz81xTfhrYDXzlUvrvliQzfge4u3wLVXuzsDr9JrDDrW7o6r3%2BM6fO82UQ0zQeGxykfevo1CdJDKcKR9RU0GRi' target='_blank' class='filename' data-filename=' Descarga: 2.3 Evoluci\u00f3 del transport internacional de mercaderies a Espanya per mode de transport.xlsx (Flipbook)'>2.3 Evoluci\u00f3 del transport internacional de mercaderies a Espanya per mode de transport <img src='https:\/\/www.mobilityinstitute.es\/wp-content\/plugins\/cualinet-hideurls\/img\/mobility_download_button.png' style='margin: 4px 10px 0 10px' \/><\/a><\/li>\n<\/ul>\n<\/div><\/div><\/div><\/div><\/div><\/div><\/div>\n<\/div><\/div><\/div><div class=\"fusion-clearfix\"><\/div><\/div><\/div><\/div><\/div><div class=\"fusion-fullwidth fullwidth-box fusion-builder-row-4 nonhundred-percent-fullwidth non-hundred-percent-height-scrolling\" style=\"background-color: rgba(255,255,255,0);background-position: center center;background-repeat: no-repeat;padding-top:0px;padding-right:0px;padding-bottom:0px;padding-left:0px;margin-bottom: 0px;margin-top: 0px;border-width: 0px 0px 0px 0px;border-color:#eae9e9;border-style:solid;\" ><div class=\"fusion-builder-row fusion-row\"><div class=\"fusion-layout-column fusion_builder_column fusion-builder-column-3 fusion_builder_column_1_1 1_1 fusion-one-full fusion-column-first fusion-column-last\" style=\"margin-top:0px;margin-bottom:20px;\"><div class=\"fusion-column-wrapper fusion-flex-column-wrapper-legacy\" style=\"background-position:left top;background-repeat:no-repeat;-webkit-background-size:cover;-moz-background-size:cover;-o-background-size:cover;background-size:cover;padding: 0px 0px 0px 0px;\"><style type=\"text\/css\"><\/style><div class=\"fusion-title title fusion-title-3 fusion-title-text fusion-title-size-five title\" style=\"margin-top:0px;margin-right:0px;margin-bottom:20px;margin-left:0px;\" id=\"title_hidrocarburs\"><h5 class=\"title-heading-left fusion-responsive-typography-calculated\" style=\"margin:0;--fontSize:15;--minFontSize:14pt;line-height:1.5;\">[+] DADES AGREGADES DE CONSUM D&#8217;HIDROCARBURS<\/p><\/h5><span class=\"awb-title-spacer\"><\/span><div class=\"title-sep-container\"><div class=\"title-sep sep-double sep-solid\" style=\"border-color:#e0dede;\"><\/div><\/div><\/div><div class=\"fusion-tabs fusion-tabs-3 clean hidden vertical-tabs icon-position-left mobile-mode-accordion\" id=\"content_hidrocarburs\"><style type=\"text\/css\">#wrapper .fusion-tabs.fusion-tabs-3.clean .nav-tabs li a.tab-link{border-color:#ebeaea;}.fusion-tabs.fusion-tabs-3 .nav-tabs li a.tab-link{background-color:#ebeaea;}.fusion-tabs.fusion-tabs-3 .nav-tabs li.active a.tab-link,.fusion-tabs.fusion-tabs-3 .nav-tabs li.active a.tab-link:hover,.fusion-tabs.fusion-tabs-3 .nav-tabs li.active a.tab-link:focus{background-color:#ffffff;}.fusion-tabs.fusion-tabs-3 .nav-tabs li a:hover{background-color:#ffffff;border-top-color:#ffffff;}.fusion-tabs.fusion-tabs-3 .tab-pane{background-color:#ffffff;}.fusion-tabs.fusion-tabs-3 .nav,.fusion-tabs.fusion-tabs-3 .nav-tabs,.fusion-tabs.fusion-tabs-3 .tab-content .tab-pane{border-color:#ebeaea;}<\/style><div class=\"nav\"><ul class=\"nav-tabs\" role=\"tablist\"><li class=\"active\" role=\"presentation\"><a class=\"tab-link\" data-toggle=\"tab\" role=\"tab\" aria-controls=\"tab-89ab55f053cae82474b\" aria-selected=\"true\" id=\"fusion-tab-evoluci\u00f3\" href=\"#tab-89ab55f053cae82474b\"><h4 class=\"fusion-tab-heading\">Evoluci\u00f3<\/h4><\/a><\/li><\/ul><\/div><div class=\"tab-content\"><div class=\"nav fusion-mobile-tab-nav\"><ul class=\"nav-tabs\" role=\"tablist\"><li class=\"active\" role=\"presentation\"><a class=\"tab-link\" data-toggle=\"tab\" role=\"tab\" aria-controls=\"tab-89ab55f053cae82474b\" aria-selected=\"true\" id=\"mobile-fusion-tab-evoluci\u00f3\" href=\"#tab-89ab55f053cae82474b\"><h4 class=\"fusion-tab-heading\">Evoluci\u00f3<\/h4><\/a><\/li><\/ul><\/div><div class=\"tab-pane fade fusion-clearfix in active\" role=\"tabpanel\" tabindex=\"0\" aria-labelledby=\"fusion-tab-evoluci\u00f3\" id=\"tab-89ab55f053cae82474b\">\n<style type=\"text\/css\">.fusion-faqs-wrapper #accordian-6 .fusion-panel { border-color:#e0dede; }.fusion-faqs-wrapper #accordian-6 .fusion-panel:hover{ border-color: #e0dede; }.fusion-accordian #accordian-6 .panel-title a .fa-fusion-box:before{ font-size: 13px;}.fusion-accordian #accordian-6 .panel-title a .fa-fusion-box{ color: #ffffff;}.fusion-accordian  #accordian-6 .panel-title a{font-family:\"Noway Bold\";font-weight:700;}.fusion-accordian  #accordian-6 .toggle-content{font-family:\"Open Sans\";font-weight:400;}.fusion-accordian #accordian-6 .fa-fusion-box { background-color: #333333;border-color: #333333;}.fusion-accordian #accordian-6 .panel-title a:hover,.fusion-accordian #accordian-6 .panel-title a.hover { color: #a0ce4e;}.fusion-faq-shortcode .fusion-accordian #accordian-6 .fusion-toggle-boxed-mode:hover .panel-title a { color: #a0ce4e;}.fusion-accordian #accordian-6 .panel-title .active .fa-fusion-box,.fusion-accordian #accordian-6 .panel-title a:hover .fa-fusion-box,.fusion-accordian #accordian-6 .panel-title a.hover .fa-fusion-box { background-color: #a0ce4e!important;border-color: #a0ce4e!important;}<\/style><div class=\"fusion-faq-shortcode\" style=\"\"><div class=\"fusion-faqs-wrapper\"><div class=\"accordian fusion-accordian\"><div class=\"panel-group \" id=\"accordian-6\"><div class=\"fusion-panel panel-default fusion-faq-post fusion-faq-post-6040 hidrocarburs \"><span class=\"entry-title rich-snippet-hidden\">3.1 Evoluci\u00f3 consum hidrocarburs a Espanya, 2007-2019 (tones)<\/span><span class=\"vcard rich-snippet-hidden\"><span class=\"fn\"><a href=\"https:\/\/www.mobilityinstitute.es\/ca\/author\/max-zanarturacc-es\/\" title=\"Entrades de Max Za\u00f1artu\" rel=\"author\">Max Za\u00f1artu<\/a><\/span><\/span><span class=\"updated rich-snippet-hidden\">2020-05-26T19:07:28+02:00<\/span><div class=\"panel-heading\"><h4 id=\"faq_6-6040\" class=\"panel-title toggle\"><a data-toggle=\"collapse\" class=\"collapsed\" data-target=\"#collapse-6-6040\" href=\"#collapse-6-6040\" aria-expanded=\"false\"><div class=\"fusion-toggle-icon-wrapper\"><div class=\"fusion-toggle-icon-wrapper-main\"><div class=\"fusion-toggle-icon-wrapper-sub\"><i class=\"fa-fusion-box active-icon awb-icon-minus\" aria-hidden=\"true\"><\/i><i class=\"fa-fusion-box inactive-icon awb-icon-plus\" aria-hidden=\"true\"><\/i><\/div><\/div><\/div><div class=\"fusion-toggle-heading\">3.1 Evoluci\u00f3 consum hidrocarburs a Espanya, 2007-2019 (tones)<\/div><\/a><\/h4><\/div><div id=\"collapse-6-6040\" aria-labelledby=\"faq_6-6040\" class=\"panel-collapse collapse\"><div class=\"panel-body toggle-content post-content\"><ul>\n<li>Abast: Espanya<\/li>\n<li>Periodicitat: Trimestral<\/li>\n<li>Resum: <a onclick=\"if(typeof SlimStat.ss_track == 'function'){SlimStat.ss_track('Descarga: 2.1 Evoluci\u00f3 consum hidrocarburs a Espanya, 2007-2019.pdf');}\" href='https:\/\/www.mobilityinstitute.es\/wp-admin\/admin-post.php?action=download&file=PWV0mntsw7PDXctOkFu1SXS9CgmBBUfhVrS0Ber45%2B1veG6%2B04IQn6%2BaTOCFV9q8Y%2FcbLto3cuZK%2BjFMu%2B5%2BY9DxpoSDPDX3YksSucYCYrRusSH71QDl6o%2FmR%2Fe9upoR6VU6hlOsZXxQeSvVKpgSCPwZEYZD%2BkEyrgy0%2FpGLDLn8jvI%3D' target='_blank' class='filename' data-filename=' Descarga: 2.1 Evoluci\u00f3 consum hidrocarburs a Espanya, 2007-2019.pdf (Flipbook)'>2.1 Evoluci\u00f3 consum hidrocarburs a Espanya, 2007-2019 <img src='https:\/\/www.mobilityinstitute.es\/wp-content\/plugins\/cualinet-hideurls\/img\/mobility_download_button.png' style='margin: 4px 10px 0 10px' \/><\/a><\/li>\n<li>Dades: <a onclick=\"if(typeof SlimStat.ss_track == 'function'){SlimStat.ss_track('Descarga: 2.1 Evoluci\u00f3 consum hidrocrburs a Espanya, 2007-2019.xlsx');}\" href='https:\/\/www.mobilityinstitute.es\/wp-admin\/admin-post.php?action=download&file=fs%2FhXLcs%2BaHqjKWxC8UZ8SIXIlkPh4bvPeMij0Khi9FtXG%2B7Wxukug6KKuGMDpfXQiVCNUGpLbA9S2sUlssdnh168p3qMWxhcG8pAvcM3SZUtTCopKDyoQp1165DFrP3tLOQv8dGYuOdAss0EC91d069aZnYBzkMWpSXOCrG6Sx9KaNZ' target='_blank' class='filename' data-filename=' Descarga: 2.1 Evoluci\u00f3 consum hidrocrburs a Espanya, 2007-2019.xlsx (Flipbook)'>2.1 Evoluci\u00f3 consum hidrocrburs a Espanya, 2007-2019 <img src='https:\/\/www.mobilityinstitute.es\/wp-content\/plugins\/cualinet-hideurls\/img\/mobility_download_button.png' style='margin: 4px 10px 0 10px' \/><\/a><\/li>\n<\/ul>\n<\/div><\/div><\/div><\/div><\/div><\/div><\/div>\n<\/div><\/div><\/div><div class=\"fusion-clearfix\"><\/div><\/div><\/div><\/div><\/div><div class=\"fusion-fullwidth fullwidth-box fusion-builder-row-5 nonhundred-percent-fullwidth non-hundred-percent-height-scrolling\" style=\"background-color: rgba(255,255,255,0);background-position: center center;background-repeat: no-repeat;padding-top:0px;padding-right:0px;padding-bottom:0px;padding-left:0px;margin-bottom: 0px;margin-top: 0px;border-width: 0px 0px 0px 0px;border-color:#eae9e9;border-style:solid;\" ><div class=\"fusion-builder-row fusion-row\"><div class=\"fusion-layout-column fusion_builder_column fusion-builder-column-4 fusion_builder_column_1_1 1_1 fusion-one-full fusion-column-first fusion-column-last\" style=\"margin-top:0px;margin-bottom:20px;\"><div class=\"fusion-column-wrapper fusion-flex-column-wrapper-legacy\" style=\"background-position:left top;background-repeat:no-repeat;-webkit-background-size:cover;-moz-background-size:cover;-o-background-size:cover;background-size:cover;padding: 0px 0px 0px 0px;\"><style type=\"text\/css\"><\/style><div class=\"fusion-title title fusion-title-4 fusion-title-text fusion-title-size-five title\" style=\"margin-top:0px;margin-right:0px;margin-bottom:20px;margin-left:0px;\" id=\"title_dadestransit\"><h5 class=\"title-heading-left fusion-responsive-typography-calculated\" style=\"margin:0;--fontSize:15;--minFontSize:14pt;line-height:1.5;\">[+] INFORMACI\u00d3 DE DADES DE TR\u00c0NSIT<\/p><\/h5><span class=\"awb-title-spacer\"><\/span><div class=\"title-sep-container\"><div class=\"title-sep sep-double sep-solid\" style=\"border-color:#e0dede;\"><\/div><\/div><\/div><div class=\"fusion-tabs fusion-tabs-4 clean hidden vertical-tabs icon-position-left mobile-mode-accordion\" id=\"content_dadestransit\"><style type=\"text\/css\">#wrapper .fusion-tabs.fusion-tabs-4.clean .nav-tabs li a.tab-link{border-color:#ebeaea;}.fusion-tabs.fusion-tabs-4 .nav-tabs li a.tab-link{background-color:#ebeaea;}.fusion-tabs.fusion-tabs-4 .nav-tabs li.active a.tab-link,.fusion-tabs.fusion-tabs-4 .nav-tabs li.active a.tab-link:hover,.fusion-tabs.fusion-tabs-4 .nav-tabs li.active a.tab-link:focus{background-color:#ffffff;}.fusion-tabs.fusion-tabs-4 .nav-tabs li a:hover{background-color:#ffffff;border-top-color:#ffffff;}.fusion-tabs.fusion-tabs-4 .tab-pane{background-color:#ffffff;}.fusion-tabs.fusion-tabs-4 .nav,.fusion-tabs.fusion-tabs-4 .nav-tabs,.fusion-tabs.fusion-tabs-4 .tab-content .tab-pane{border-color:#ebeaea;}<\/style><div class=\"nav\"><ul class=\"nav-tabs\" role=\"tablist\"><li class=\"active\" role=\"presentation\"><a class=\"tab-link\" data-toggle=\"tab\" role=\"tab\" aria-controls=\"tab-f0460ddbd91d6ad4842\" aria-selected=\"true\" id=\"fusion-tab-informaci\u00f3\" href=\"#tab-f0460ddbd91d6ad4842\"><h4 class=\"fusion-tab-heading\">Informaci\u00f3<\/h4><\/a><\/li><\/ul><\/div><div class=\"tab-content\"><div class=\"nav fusion-mobile-tab-nav\"><ul class=\"nav-tabs\" role=\"tablist\"><li class=\"active\" role=\"presentation\"><a class=\"tab-link\" data-toggle=\"tab\" role=\"tab\" aria-controls=\"tab-f0460ddbd91d6ad4842\" aria-selected=\"true\" id=\"mobile-fusion-tab-informaci\u00f3\" href=\"#tab-f0460ddbd91d6ad4842\"><h4 class=\"fusion-tab-heading\">Informaci\u00f3<\/h4><\/a><\/li><\/ul><\/div><div class=\"tab-pane fade fusion-clearfix in active\" role=\"tabpanel\" tabindex=\"0\" aria-labelledby=\"fusion-tab-informaci\u00f3\" id=\"tab-f0460ddbd91d6ad4842\">\n<style type=\"text\/css\">.fusion-faqs-wrapper #accordian-7 .fusion-panel { border-color:#e0dede; }.fusion-faqs-wrapper #accordian-7 .fusion-panel:hover{ border-color: #e0dede; }.fusion-accordian #accordian-7 .panel-title a .fa-fusion-box:before{ font-size: 13px;}.fusion-accordian #accordian-7 .panel-title a .fa-fusion-box{ color: #ffffff;}.fusion-accordian  #accordian-7 .panel-title a{font-family:\"Noway Bold\";font-weight:700;}.fusion-accordian  #accordian-7 .toggle-content{font-family:\"Open Sans\";font-weight:400;}.fusion-accordian #accordian-7 .fa-fusion-box { background-color: #333333;border-color: #333333;}.fusion-accordian #accordian-7 .panel-title a:hover,.fusion-accordian #accordian-7 .panel-title a.hover { color: #a0ce4e;}.fusion-faq-shortcode .fusion-accordian #accordian-7 .fusion-toggle-boxed-mode:hover .panel-title a { color: #a0ce4e;}.fusion-accordian #accordian-7 .panel-title .active .fa-fusion-box,.fusion-accordian #accordian-7 .panel-title a:hover .fa-fusion-box,.fusion-accordian #accordian-7 .panel-title a.hover .fa-fusion-box { background-color: #a0ce4e!important;border-color: #a0ce4e!important;}<\/style><div class=\"fusion-faq-shortcode\" style=\"\"><div class=\"fusion-faqs-wrapper\"><div class=\"accordian fusion-accordian\"><div class=\"panel-group \" id=\"accordian-7\"><div class=\"fusion-panel panel-default fusion-faq-post fusion-faq-post-1544 dades-transit \"><span class=\"entry-title rich-snippet-hidden\">Informaci\u00f3 de tr\u00e0nsit (velocitats, congestions, incid\u00e8ncies, matrius O\/D, trips) de la xarxa vi\u00e0ria espanyola i europea en temps real i a nivell hist\u00f2ric<\/span><span class=\"vcard rich-snippet-hidden\"><span class=\"fn\"><a href=\"https:\/\/www.mobilityinstitute.es\/ca\/author\/aalcaraz\/\" title=\"Entrades de aalcaraz\" rel=\"author\">aalcaraz<\/a><\/span><\/span><span class=\"updated rich-snippet-hidden\">2019-05-31T09:39:39+02:00<\/span><div class=\"panel-heading\"><h4 id=\"faq_7-1544\" class=\"panel-title toggle\"><a data-toggle=\"collapse\" class=\"collapsed\" data-target=\"#collapse-7-1544\" href=\"#collapse-7-1544\" aria-expanded=\"false\"><div class=\"fusion-toggle-icon-wrapper\"><div class=\"fusion-toggle-icon-wrapper-main\"><div class=\"fusion-toggle-icon-wrapper-sub\"><i class=\"fa-fusion-box active-icon awb-icon-minus\" aria-hidden=\"true\"><\/i><i class=\"fa-fusion-box inactive-icon awb-icon-plus\" aria-hidden=\"true\"><\/i><\/div><\/div><\/div><div class=\"fusion-toggle-heading\">Informaci\u00f3 de tr\u00e0nsit (velocitats, congestions, incid\u00e8ncies, matrius O\/D, trips) de la xarxa vi\u00e0ria espanyola i europea en temps real i a nivell hist\u00f2ric<\/div><\/a><\/h4><\/div><div id=\"collapse-7-1544\" aria-labelledby=\"faq_7-1544\" class=\"panel-collapse collapse\"><div class=\"panel-body toggle-content post-content\"><p style=\"font-weight: 400;\">Per accedir a aquesta informaci\u00f3 \u00e9s necessari posar-se en contacte amb el vostre interlocutor habitual del Mobility Institute o mitjan\u00e7ant <a href=\"mailto:hola@mobilityinstitute.es\">hola@mobilityinstitute.es<\/a><\/p>\n<p>&nbsp;<\/p>\n<p><img decoding=\"async\" class=\"lazyload alignnone size-medium wp-image-1711\" src=\"https:\/\/www.mobilityinstitute.es\/wp-content\/uploads\/2019\/05\/www.mobilityinstitute.es-plataforma-de-dades-imagenes2-1-300x169.jpg\" data-orig-src=\"https:\/\/www.mobilityinstitute.es\/wp-content\/uploads\/2019\/05\/www.mobilityinstitute.es-plataforma-de-dades-imagenes2-1-300x169.jpg\" alt=\"\" width=\"300\" height=\"169\" srcset=\"data:image\/svg+xml,%3Csvg%20xmlns%3D%27http%3A%2F%2Fwww.w3.org%2F2000%2Fsvg%27%20width%3D%27300%27%20height%3D%27169%27%20viewBox%3D%270%200%20300%20169%27%3E%3Crect%20width%3D%27300%27%20height%3D%27169%27%20fill-opacity%3D%220%22%2F%3E%3C%2Fsvg%3E\" data-srcset=\"https:\/\/www.mobilityinstitute.es\/wp-content\/uploads\/2019\/05\/www.mobilityinstitute.es-plataforma-de-dades-imagenes2-1-200x113.jpg 200w, https:\/\/www.mobilityinstitute.es\/wp-content\/uploads\/2019\/05\/www.mobilityinstitute.es-plataforma-de-dades-imagenes2-1-300x169.jpg 300w, https:\/\/www.mobilityinstitute.es\/wp-content\/uploads\/2019\/05\/www.mobilityinstitute.es-plataforma-de-dades-imagenes2-1-400x225.jpg 400w, https:\/\/www.mobilityinstitute.es\/wp-content\/uploads\/2019\/05\/www.mobilityinstitute.es-plataforma-de-dades-imagenes2-1-600x338.jpg 600w, https:\/\/www.mobilityinstitute.es\/wp-content\/uploads\/2019\/05\/www.mobilityinstitute.es-plataforma-de-dades-imagenes2-1-768x432.jpg 768w, https:\/\/www.mobilityinstitute.es\/wp-content\/uploads\/2019\/05\/www.mobilityinstitute.es-plataforma-de-dades-imagenes2-1-800x450.jpg 800w, https:\/\/www.mobilityinstitute.es\/wp-content\/uploads\/2019\/05\/www.mobilityinstitute.es-plataforma-de-dades-imagenes2-1-1024x576.jpg 1024w, https:\/\/www.mobilityinstitute.es\/wp-content\/uploads\/2019\/05\/www.mobilityinstitute.es-plataforma-de-dades-imagenes2-1-1200x675.jpg 1200w, https:\/\/www.mobilityinstitute.es\/wp-content\/uploads\/2019\/05\/www.mobilityinstitute.es-plataforma-de-dades-imagenes2-1.jpg 1280w\" data-sizes=\"auto\" data-orig-sizes=\"(max-width: 300px) 100vw, 300px\" \/><\/p>\n<\/div><\/div><\/div><\/div><\/div><\/div><\/div>\n<\/div><\/div><\/div><div class=\"fusion-clearfix\"><\/div><\/div><\/div><\/div><\/div><div class=\"fusion-fullwidth fullwidth-box fusion-builder-row-6 nonhundred-percent-fullwidth non-hundred-percent-height-scrolling\" style=\"background-color: rgba(255,255,255,0);background-position: center center;background-repeat: no-repeat;padding-top:0px;padding-right:0px;padding-bottom:0px;padding-left:0px;margin-bottom: 0px;margin-top: 0px;border-width: 0px 0px 0px 0px;border-color:#eae9e9;border-style:solid;\" ><div class=\"fusion-builder-row fusion-row\"><div class=\"fusion-layout-column fusion_builder_column fusion-builder-column-5 fusion_builder_column_1_1 1_1 fusion-one-full fusion-column-first fusion-column-last\" style=\"margin-top:0px;margin-bottom:20px;\"><div class=\"fusion-column-wrapper fusion-flex-column-wrapper-legacy\" style=\"background-position:left top;background-repeat:no-repeat;-webkit-background-size:cover;-moz-background-size:cover;-o-background-size:cover;background-size:cover;padding: 0px 0px 0px 0px;\"><style type=\"text\/css\"><\/style><div class=\"fusion-title title fusion-title-5 fusion-title-text fusion-title-size-five title\" style=\"margin-top:0px;margin-right:0px;margin-bottom:20px;margin-left:0px;\" id=\"title_movilidadurbana\"><h5 class=\"title-heading-left fusion-responsive-typography-calculated\" style=\"margin:0;--fontSize:15;--minFontSize:14pt;line-height:1.5;\">[+] DADES DE MOBILITAT COMPARTIDA<\/p><\/h5><span class=\"awb-title-spacer\"><\/span><div class=\"title-sep-container\"><div class=\"title-sep sep-double sep-solid\" style=\"border-color:#e0dede;\"><\/div><\/div><\/div><div class=\"fusion-tabs fusion-tabs-5 clean hidden vertical-tabs icon-position-left mobile-mode-accordion\" id=\"content_movilidadurbana\"><style type=\"text\/css\">#wrapper .fusion-tabs.fusion-tabs-5.clean .nav-tabs li a.tab-link{border-color:#ebeaea;}.fusion-tabs.fusion-tabs-5 .nav-tabs li a.tab-link{background-color:#ebeaea;}.fusion-tabs.fusion-tabs-5 .nav-tabs li.active a.tab-link,.fusion-tabs.fusion-tabs-5 .nav-tabs li.active a.tab-link:hover,.fusion-tabs.fusion-tabs-5 .nav-tabs li.active a.tab-link:focus{background-color:#ffffff;}.fusion-tabs.fusion-tabs-5 .nav-tabs li a:hover{background-color:#ffffff;border-top-color:#ffffff;}.fusion-tabs.fusion-tabs-5 .tab-pane{background-color:#ffffff;}.fusion-tabs.fusion-tabs-5 .nav,.fusion-tabs.fusion-tabs-5 .nav-tabs,.fusion-tabs.fusion-tabs-5 .tab-content .tab-pane{border-color:#ebeaea;}<\/style><div class=\"nav\"><ul class=\"nav-tabs\" role=\"tablist\"><li class=\"active\" role=\"presentation\"><a class=\"tab-link\" data-toggle=\"tab\" role=\"tab\" aria-controls=\"tab-10bef1e44b33eaa960d\" aria-selected=\"true\" id=\"fusion-tab-informaci\u00f3\" href=\"#tab-10bef1e44b33eaa960d\"><h4 class=\"fusion-tab-heading\">Informaci\u00f3<\/h4><\/a><\/li><\/ul><\/div><div class=\"tab-content\"><div class=\"nav fusion-mobile-tab-nav\"><ul class=\"nav-tabs\" role=\"tablist\"><li class=\"active\" role=\"presentation\"><a class=\"tab-link\" data-toggle=\"tab\" role=\"tab\" aria-controls=\"tab-10bef1e44b33eaa960d\" aria-selected=\"true\" id=\"mobile-fusion-tab-informaci\u00f3\" href=\"#tab-10bef1e44b33eaa960d\"><h4 class=\"fusion-tab-heading\">Informaci\u00f3<\/h4><\/a><\/li><\/ul><\/div><div class=\"tab-pane fade fusion-clearfix in active\" role=\"tabpanel\" tabindex=\"0\" aria-labelledby=\"fusion-tab-informaci\u00f3\" id=\"tab-10bef1e44b33eaa960d\"><style type=\"text\/css\">.fusion-faqs-wrapper #accordian-8 .fusion-panel { border-color:#e0dede; }.fusion-faqs-wrapper #accordian-8 .fusion-panel:hover{ border-color: #e0dede; }.fusion-accordian #accordian-8 .panel-title a .fa-fusion-box:before{ font-size: 13px;}.fusion-accordian #accordian-8 .panel-title a .fa-fusion-box{ color: #ffffff;}.fusion-accordian  #accordian-8 .panel-title a{font-family:\"Noway Bold\";font-weight:700;}.fusion-accordian  #accordian-8 .toggle-content{font-family:\"Open Sans\";font-weight:400;}.fusion-accordian #accordian-8 .fa-fusion-box { background-color: #333333;border-color: #333333;}.fusion-accordian #accordian-8 .panel-title a:hover,.fusion-accordian #accordian-8 .panel-title a.hover { color: #a0ce4e;}.fusion-faq-shortcode .fusion-accordian #accordian-8 .fusion-toggle-boxed-mode:hover .panel-title a { color: #a0ce4e;}.fusion-accordian #accordian-8 .panel-title .active .fa-fusion-box,.fusion-accordian #accordian-8 .panel-title a:hover .fa-fusion-box,.fusion-accordian #accordian-8 .panel-title a.hover .fa-fusion-box { background-color: #a0ce4e!important;border-color: #a0ce4e!important;}<\/style><div class=\"fusion-faq-shortcode\" style=\"\"><div class=\"fusion-faqs-wrapper\"><div class=\"accordian fusion-accordian\"><div class=\"panel-group \" id=\"accordian-8\"><div class=\"fusion-panel panel-default fusion-faq-post fusion-faq-post-1551 dades-mobilitat-urbana \"><span class=\"entry-title rich-snippet-hidden\">Acc\u00e9s a les dades d\u2019utilitzaci\u00f3 dels serveis de mobilitat compartida<\/span><span class=\"vcard rich-snippet-hidden\"><span class=\"fn\"><a href=\"https:\/\/www.mobilityinstitute.es\/ca\/author\/aalcaraz\/\" title=\"Entrades de aalcaraz\" rel=\"author\">aalcaraz<\/a><\/span><\/span><span class=\"updated rich-snippet-hidden\">2019-05-30T17:18:30+02:00<\/span><div class=\"panel-heading\"><h4 id=\"faq_8-1551\" class=\"panel-title toggle\"><a data-toggle=\"collapse\" class=\"collapsed\" data-target=\"#collapse-8-1551\" href=\"#collapse-8-1551\" aria-expanded=\"false\"><div class=\"fusion-toggle-icon-wrapper\"><div class=\"fusion-toggle-icon-wrapper-main\"><div class=\"fusion-toggle-icon-wrapper-sub\"><i class=\"fa-fusion-box active-icon awb-icon-minus\" aria-hidden=\"true\"><\/i><i class=\"fa-fusion-box inactive-icon awb-icon-plus\" aria-hidden=\"true\"><\/i><\/div><\/div><\/div><div class=\"fusion-toggle-heading\">Acc\u00e9s a les dades d\u2019utilitzaci\u00f3 dels serveis de mobilitat compartida<\/div><\/a><\/h4><\/div><div id=\"collapse-8-1551\" aria-labelledby=\"faq_8-1551\" class=\"panel-collapse collapse\"><div class=\"panel-body toggle-content post-content\"><p style=\"font-weight: 400;\">Per accedir a aquesta informaci\u00f3 \u00e9s necessari posar-se en contacte amb el vostre interlocutor habitual del Mobility Institute o mitjan\u00e7ant <a href=\"mailto:hola@mobilityinstitute.es\">hola@mobilityinstitute.es<\/a><\/p>\n<p><img decoding=\"async\" class=\"lazyload alignnone size-medium wp-image-1721\" src=\"https:\/\/www.mobilityinstitute.es\/wp-content\/uploads\/2019\/05\/www.mobilityinstitute.es-plataforma-de-dades-imagenes3-300x169.jpg\" data-orig-src=\"https:\/\/www.mobilityinstitute.es\/wp-content\/uploads\/2019\/05\/www.mobilityinstitute.es-plataforma-de-dades-imagenes3-300x169.jpg\" alt=\"\" width=\"300\" height=\"169\" srcset=\"data:image\/svg+xml,%3Csvg%20xmlns%3D%27http%3A%2F%2Fwww.w3.org%2F2000%2Fsvg%27%20width%3D%27300%27%20height%3D%27169%27%20viewBox%3D%270%200%20300%20169%27%3E%3Crect%20width%3D%27300%27%20height%3D%27169%27%20fill-opacity%3D%220%22%2F%3E%3C%2Fsvg%3E\" data-srcset=\"https:\/\/www.mobilityinstitute.es\/wp-content\/uploads\/2019\/05\/www.mobilityinstitute.es-plataforma-de-dades-imagenes3-200x113.jpg 200w, https:\/\/www.mobilityinstitute.es\/wp-content\/uploads\/2019\/05\/www.mobilityinstitute.es-plataforma-de-dades-imagenes3-300x169.jpg 300w, https:\/\/www.mobilityinstitute.es\/wp-content\/uploads\/2019\/05\/www.mobilityinstitute.es-plataforma-de-dades-imagenes3-400x225.jpg 400w, https:\/\/www.mobilityinstitute.es\/wp-content\/uploads\/2019\/05\/www.mobilityinstitute.es-plataforma-de-dades-imagenes3-600x338.jpg 600w, https:\/\/www.mobilityinstitute.es\/wp-content\/uploads\/2019\/05\/www.mobilityinstitute.es-plataforma-de-dades-imagenes3-768x432.jpg 768w, https:\/\/www.mobilityinstitute.es\/wp-content\/uploads\/2019\/05\/www.mobilityinstitute.es-plataforma-de-dades-imagenes3-800x450.jpg 800w, https:\/\/www.mobilityinstitute.es\/wp-content\/uploads\/2019\/05\/www.mobilityinstitute.es-plataforma-de-dades-imagenes3-1024x576.jpg 1024w, https:\/\/www.mobilityinstitute.es\/wp-content\/uploads\/2019\/05\/www.mobilityinstitute.es-plataforma-de-dades-imagenes3-1200x675.jpg 1200w, https:\/\/www.mobilityinstitute.es\/wp-content\/uploads\/2019\/05\/www.mobilityinstitute.es-plataforma-de-dades-imagenes3.jpg 1280w\" data-sizes=\"auto\" data-orig-sizes=\"(max-width: 300px) 100vw, 300px\" \/><\/p>\n<p>&nbsp;<\/p>\n<\/div><\/div><\/div><\/div><\/div><\/div><\/div><\/div><\/div><\/div><div class=\"fusion-clearfix\"><\/div><\/div><\/div><\/div><\/div><\/p>\n","protected":false},"excerpt":{"rendered":"","protected":false},"author":1,"featured_media":0,"parent":12,"menu_order":180,"comment_status":"closed","ping_status":"closed","template":"100-width.php","meta":{"footnotes":""},"yst_prominent_words":[2395,2061,2130,2560,2357,2600,2181,2180,2559,2599,2602,2601,2184,2179,2280,2278,2397,1974,1881,2060],"class_list":["post-434","page","type-page","status-publish","hentry"],"_links":{"self":[{"href":"https:\/\/www.mobilityinstitute.es\/ca\/wp-json\/wp\/v2\/pages\/434","targetHints":{"allow":["GET"]}}],"collection":[{"href":"https:\/\/www.mobilityinstitute.es\/ca\/wp-json\/wp\/v2\/pages"}],"about":[{"href":"https:\/\/www.mobilityinstitute.es\/ca\/wp-json\/wp\/v2\/types\/page"}],"author":[{"embeddable":true,"href":"https:\/\/www.mobilityinstitute.es\/ca\/wp-json\/wp\/v2\/users\/1"}],"replies":[{"embeddable":true,"href":"https:\/\/www.mobilityinstitute.es\/ca\/wp-json\/wp\/v2\/comments?post=434"}],"version-history":[{"count":0,"href":"https:\/\/www.mobilityinstitute.es\/ca\/wp-json\/wp\/v2\/pages\/434\/revisions"}],"up":[{"embeddable":true,"href":"https:\/\/www.mobilityinstitute.es\/ca\/wp-json\/wp\/v2\/pages\/12"}],"wp:attachment":[{"href":"https:\/\/www.mobilityinstitute.es\/ca\/wp-json\/wp\/v2\/media?parent=434"}],"wp:term":[{"taxonomy":"yst_prominent_words","embeddable":true,"href":"https:\/\/www.mobilityinstitute.es\/ca\/wp-json\/wp\/v2\/yst_prominent_words?post=434"}],"curies":[{"name":"wp","href":"https:\/\/api.w.org\/{rel}","templated":true}]}}