{"id":5310,"date":"2020-05-12T17:28:35","date_gmt":"2020-05-12T15:28:35","guid":{"rendered":"https:\/\/www.mobilityinstitute.es\/mobility-webinars-lhora-de-la-micromobilitat\/"},"modified":"2020-09-17T12:20:01","modified_gmt":"2020-09-17T10:20:01","slug":"mobility-webinar-mi","status":"publish","type":"page","link":"https:\/\/www.mobilityinstitute.es\/ca\/mobility-webinar-mi\/","title":{"rendered":"Mobility Webinars &#8211; L&#8217;hora de la micromobilitat (Maig 2020)"},"content":{"rendered":"<p><div class=\"fusion-fullwidth fullwidth-box fusion-builder-row-1 nonhundred-percent-fullwidth non-hundred-percent-height-scrolling\" style=\"background-color: rgba(255,255,255,0);background-position: center center;background-repeat: no-repeat;padding-top:0px;padding-right:0px;padding-bottom:0px;padding-left:0px;margin-bottom: 0px;margin-top: 0px;border-width: 0px 0px 0px 0px;border-color:#eae9e9;border-style:solid;\" ><div class=\"fusion-builder-row fusion-row\"><div class=\"fusion-layout-column fusion_builder_column fusion-builder-column-0 fusion_builder_column_1_1 1_1 fusion-one-full fusion-column-first fusion-column-last\" style=\"margin-top:0px;margin-bottom:20px;\"><div class=\"fusion-column-wrapper fusion-flex-column-wrapper-legacy\" style=\"background-position:left top;background-repeat:no-repeat;-webkit-background-size:cover;-moz-background-size:cover;-o-background-size:cover;background-size:cover;padding: 0px 0px 0px 0px;\"><div class=\"fusion-text fusion-text-1\"><p>La micromobilitat tindr\u00e0 una import\u00e0ncia creixent en el nou escenari de mobilitat urbana despr\u00e9s del COVID-19. Aprofitant la recent publicaci\u00f3 del Mobility Insigths <strong>&#8220;La hora de la micromovilidad&#8221;<\/strong>, el passat 07 de maig es va celebrar un <strong>Mobility Webinars\u00a0<\/strong>exclusiu per a associats,\u00a0 que va consistir en una presentaci\u00f3 de les dades d&#8217;aquest estudi, seguit d&#8217;un torn de preguntes i respostes en directe amb els associats.<\/p>\n<\/div><div class=\"fusion-sep-clear\"><\/div><div class=\"fusion-separator fusion-full-width-sep\" style=\"margin-left: auto;margin-right: auto;margin-top:10px;width:100%;\"><div class=\"fusion-separator-border sep-double\" style=\"border-color:#ffffff;border-top-width:1px;border-bottom-width:1px;\"><\/div><\/div><div class=\"fusion-sep-clear\"><\/div><div class=\"fusion-text fusion-text-2\"><p>Agra\u00efm la participaci\u00f3 que han tingut en aquest monogr\u00e0fic de micromobilitat a <strong>Llu\u00eds Alegre<\/strong> (Director de mobilitat de l&#8217;<strong>ATM<\/strong>), <strong>Ramon Sagal\u00e9s<\/strong> (CEO de <strong>Sagal\u00e9s<\/strong>) i <strong>Cristina Castillo<\/strong> (Co-fundadora de <strong>Reby<\/strong>).<\/p>\n<\/div><div class=\"fusion-clearfix\"><\/div><\/div><\/div><div class=\"fusion-layout-column fusion_builder_column fusion-builder-column-1 fusion_builder_column_1_1 1_1 fusion-one-full fusion-column-first fusion-column-last\" style=\"margin-top:0px;margin-bottom:20px;\"><div class=\"fusion-column-wrapper fusion-flex-column-wrapper-legacy\" style=\"background-position:left top;background-repeat:no-repeat;-webkit-background-size:cover;-moz-background-size:cover;-o-background-size:cover;background-size:cover;padding: 0px 0px 0px 0px;\"><div class=\"fusion-sep-clear\"><\/div><div class=\"fusion-separator fusion-full-width-sep\" style=\"margin-left: auto;margin-right: auto;margin-top:20px;margin-bottom:4px;width:100%;\"><div class=\"fusion-separator-border sep-double\" style=\"border-color:#ffffff;border-top-width:1px;border-bottom-width:1px;\"><\/div><\/div><div class=\"fusion-sep-clear\"><\/div><div class=\"fusion-text fusion-text-3\"><p>A continuaci\u00f3 es pot accedir al <strong>v\u00eddeo <\/strong>del Webinar<strong>:<\/strong><\/p>\n<p>(Disponible \u00fanicament per a usuaris registrats)<\/p>\n<\/div><div class=\"fusion-sep-clear\"><\/div><div class=\"fusion-separator fusion-full-width-sep\" style=\"margin-left: auto;margin-right: auto;margin-top:4px;margin-bottom:4px;width:100%;\"><div class=\"fusion-separator-border sep-double\" style=\"border-color:#ffffff;border-top-width:1px;border-bottom-width:1px;\"><\/div><\/div><div class=\"fusion-sep-clear\"><\/div><div class=\"fusion-clearfix\"><\/div><\/div><\/div><\/div><\/div><div class=\"fusion-fullwidth fullwidth-box fusion-builder-row-2 nonhundred-percent-fullwidth non-hundred-percent-height-scrolling\" style=\"background-color: rgba(255,255,255,0);background-position: center center;background-repeat: no-repeat;padding-top:0px;padding-right:0px;padding-bottom:0px;padding-left:0px;margin-bottom: 0px;margin-top: 0px;border-width: 0px 0px 0px 0px;border-color:#eae9e9;border-style:solid;\" ><div class=\"fusion-builder-row fusion-row\"><div class=\"fusion-layout-column fusion_builder_column fusion-builder-column-2 fusion_builder_column_1_6 1_6 fusion-one-sixth fusion-column-first\" style=\"width:16.666666666667%;width:calc(16.666666666667% - ( ( 4% + 4% ) * 0.16666666666667 ) );margin-right: 4%;margin-top:0px;margin-bottom:20px;\"><div class=\"fusion-column-wrapper fusion-flex-column-wrapper-legacy\" style=\"background-position:left top;background-repeat:no-repeat;-webkit-background-size:cover;-moz-background-size:cover;-o-background-size:cover;background-size:cover;padding: 0px 0px 0px 0px;\"><div class=\"fusion-clearfix\"><\/div><\/div><\/div><div class=\"fusion-layout-column fusion_builder_column fusion-builder-column-3 fusion_builder_column_2_3 2_3 fusion-two-third\" style=\"width:66.666666666667%;width:calc(66.666666666667% - ( ( 4% + 4% ) * 0.66666666666667 ) );margin-right: 4%;margin-top:0px;margin-bottom:20px;\"><div class=\"fusion-column-wrapper fusion-flex-column-wrapper-legacy\" style=\"background-position:left top;background-repeat:no-repeat;-webkit-background-size:cover;-moz-background-size:cover;-o-background-size:cover;background-size:cover;padding: 0px 0px 0px 0px;\"><div class=\"fusion-text fusion-text-4\">\n<\/div><div class=\"fusion-clearfix\"><\/div><\/div><\/div><div class=\"fusion-layout-column fusion_builder_column fusion-builder-column-4 fusion_builder_column_1_6 1_6 fusion-one-sixth fusion-column-last\" style=\"width:16.666666666667%;width:calc(16.666666666667% - ( ( 4% + 4% ) * 0.16666666666667 ) );margin-top:0px;margin-bottom:20px;\"><div class=\"fusion-column-wrapper fusion-flex-column-wrapper-legacy\" style=\"background-position:left top;background-repeat:no-repeat;-webkit-background-size:cover;-moz-background-size:cover;-o-background-size:cover;background-size:cover;padding: 0px 0px 0px 0px;\"><div class=\"fusion-clearfix\"><\/div><\/div><\/div><div class=\"fusion-layout-column fusion_builder_column fusion-builder-column-5 fusion_builder_column_1_3 1_3 fusion-one-third fusion-column-first\" style=\"width:33.333333333333%;width:calc(33.333333333333% - ( ( 4% + 4% ) * 0.33333333333333 ) );margin-right: 4%;margin-top:0px;margin-bottom:20px;\"><div class=\"fusion-column-wrapper fusion-flex-column-wrapper-legacy\" style=\"background-position:left top;background-repeat:no-repeat;-webkit-background-size:cover;-moz-background-size:cover;-o-background-size:cover;background-size:cover;padding: 0px 0px 0px 0px;\"><div class=\"fusion-clearfix\"><\/div><\/div><\/div><div class=\"fusion-layout-column fusion_builder_column fusion-builder-column-6 fusion_builder_column_1_3 1_3 fusion-one-third\" style=\"width:33.333333333333%;width:calc(33.333333333333% - ( ( 4% + 4% ) * 0.33333333333333 ) );margin-right: 4%;margin-top:0px;margin-bottom:20px;\"><div class=\"fusion-column-wrapper fusion-flex-column-wrapper-legacy\" style=\"background-position:left top;background-repeat:no-repeat;-webkit-background-size:cover;-moz-background-size:cover;-o-background-size:cover;background-size:cover;padding: 0px 0px 0px 0px;\"><div class=\"fusion-text fusion-text-5\">\n<div class=\"fusion-login-box fusion-login-box-1 fusion-login-box-login fusion-login-align-center fusion-login-field-layout-stacked\"><style type=\"text\/css\">.fusion-login-box-1 .fusion-login-heading{color:#000;}.fusion-login-box-1 .fusion-login-caption{color:#fff;}.fusion-login-box-1 a{color:rgb(160, 206, 78);}<\/style><form class=\"fusion-login-form\" style=\"background-color:rgba(0,0,0,0);padding:0;\" name=\"loginform\" id=\"loginform\" method=\"post\" action=\"https:\/\/www.mobilityinstitute.es\/wp-login.php\"><div class=\"fusion-login-fields\"><div class=\"fusion-login-input-wrapper\"><label class=\"fusion-hidden-content\" for=\"user_login-1\">Nom d&#039;usuari o correu electr\u00f2nic<\/label><input type=\"text\" name=\"log\" placeholder=\"Nom d&#039;usuari o correu electr\u00f2nic\" value=\"\" size=\"20\" class=\"fusion-login-username input-text\" id=\"user_login-1\" \/><\/div><div class=\"fusion-login-input-wrapper\"><label class=\"fusion-hidden-content\" for=\"user_pass-1\">Clau<\/label><input type=\"password\" name=\"pwd\" placeholder=\"Clau\" value=\"\" size=\"20\" class=\"fusion-login-password input-text\" id=\"user_pass-1\" \/><\/div><\/div><div class=\"fusion-login-additional-content\"><div class=\"fusion-login-submit-wrapper\"><button class=\"fusion-login-button fusion-button button-default fusion-button-default-size fusion-login-button-no-fullwidth\" type=\"submit\" name=\"wp-submit\">Accedir<\/button><input type=\"hidden\" name=\"user-cookie\" value=\"1\" \/><input type=\"hidden\" name=\"redirect_to\" value=\"https:\/\/www.mobilityinstitute.es\/ca\/wp-json\/wp\/v2\/pages\/5310\" \/><input type=\"hidden\" name=\"fusion_login_box\" value=\"true\" \/><input type=\"hidden\" name=\"_wp_http_referer\" value=\"\/ca\/wp-json\/wp\/v2\/pages\/5310\" \/><span class=\"fusion-login-nonce\" style=\"display:none;\"><\/span><\/div><div class=\"fusion-login-links\"><a class=\"fusion-login-lost-passowrd\" target=\"_self\" href=\"https:\/\/www.mobilityinstitute.es\/resetear-contrasena\/\">No recordes la teva clau?<\/a><\/div><\/div><\/form><\/div>\n\n<\/div><div class=\"fusion-clearfix\"><\/div><\/div><\/div><div class=\"fusion-layout-column fusion_builder_column fusion-builder-column-7 fusion_builder_column_1_3 1_3 fusion-one-third fusion-column-last\" style=\"width:33.333333333333%;width:calc(33.333333333333% - ( ( 4% + 4% ) * 0.33333333333333 ) );margin-top:0px;margin-bottom:20px;\"><div class=\"fusion-column-wrapper fusion-flex-column-wrapper-legacy\" style=\"background-position:left top;background-repeat:no-repeat;-webkit-background-size:cover;-moz-background-size:cover;-o-background-size:cover;background-size:cover;padding: 0px 0px 0px 0px;\"><div class=\"fusion-clearfix\"><\/div><\/div><\/div><\/div><\/div><div class=\"fusion-fullwidth fullwidth-box fusion-builder-row-3 nonhundred-percent-fullwidth non-hundred-percent-height-scrolling\" style=\"background-color: rgba(255,255,255,0);background-position: center center;background-repeat: no-repeat;padding-top:0px;padding-right:0px;padding-bottom:0px;padding-left:0px;margin-bottom: 0px;margin-top: 0px;border-width: 0px 0px 0px 0px;border-color:#eae9e9;border-style:solid;\" ><div class=\"fusion-builder-row fusion-row\"><div class=\"fusion-layout-column fusion_builder_column fusion-builder-column-8 fusion_builder_column_1_1 1_1 fusion-one-full fusion-column-first fusion-column-last\" style=\"margin-top:0px;margin-bottom:20px;\"><div class=\"fusion-column-wrapper fusion-flex-column-wrapper-legacy\" style=\"background-position:left top;background-repeat:no-repeat;-webkit-background-size:cover;-moz-background-size:cover;-o-background-size:cover;background-size:cover;border:1px solid #000000;padding: 0px 0px 0px 0px;\"><div class=\"fusion-sep-clear\"><\/div><div class=\"fusion-separator fusion-full-width-sep\" style=\"margin-left: auto;margin-right: auto;margin-top:4px;margin-bottom:4px;width:100%;\"><div class=\"fusion-separator-border sep-double\" style=\"border-color:#ffffff;border-top-width:1px;border-bottom-width:1px;\"><\/div><\/div><div class=\"fusion-sep-clear\"><\/div><div class=\"fusion-text fusion-text-6\"><p style=\"padding-left: 40px;\">Algunes de las reflexions m\u00e9s interessants dels actors que han participat en aquest monogr\u00e0fic s\u00f3n les respostes a una mateixa pregunta: Respecte la micromobilitat, <strong>\u00bfQuines 3 coses demanaries en una carta als Reis Mags?<\/strong><\/p>\n<\/div><div class=\"fusion-sep-clear\"><\/div><div class=\"fusion-separator fusion-full-width-sep\" style=\"margin-left: auto;margin-right: auto;margin-top:15px;margin-bottom:4px;width:100%;\"><div class=\"fusion-separator-border sep-double\" style=\"border-color:#ffffff;border-top-width:1px;border-bottom-width:1px;\"><\/div><\/div><div class=\"fusion-sep-clear\"><\/div><div class=\"fusion-builder-row fusion-builder-row-inner fusion-row\"><div class=\"fusion-layout-column fusion_builder_column_inner fusion-builder-nested-column-0 fusion_builder_column_inner_1_5 1_5 fusion-one-fifth fusion-column-first\" style=\"width:20%;width:calc(20% - ( ( 4% ) * 0.2 ) );margin-right: 4%;margin-top:0px;margin-bottom:20px;\"><div class=\"fusion-column-wrapper fusion-flex-column-wrapper-legacy\" style=\"background-position:left top;background-repeat:no-repeat;-webkit-background-size:cover;-moz-background-size:cover;-o-background-size:cover;background-size:cover;padding: 0px 0px 0px 0px;\"><div class=\"fusion-sep-clear\"><\/div><div class=\"fusion-separator fusion-full-width-sep\" style=\"margin-left: auto;margin-right: auto;margin-top:5px;width:100%;\"><div class=\"fusion-separator-border sep-double\" style=\"border-color:#ffffff;border-top-width:1px;border-bottom-width:1px;\"><\/div><\/div><div class=\"fusion-sep-clear\"><\/div><div class=\"imageframe-align-center\"><span class=\" fusion-imageframe imageframe-none imageframe-1 hover-type-none\"><img decoding=\"async\" width=\"127\" height=\"127\" title=\"RSAGALES\" src=\"data:image\/svg+xml,%3Csvg%20xmlns%3D%27http%3A%2F%2Fwww.w3.org%2F2000%2Fsvg%27%20width%3D%27127%27%20height%3D%27127%27%20viewBox%3D%270%200%20127%20127%27%3E%3Crect%20width%3D%27127%27%20height%3D%27127%27%20fill-opacity%3D%220%22%2F%3E%3C%2Fsvg%3E\" data-orig-src=\"https:\/\/www.mobilityinstitute.es\/wp-content\/uploads\/2020\/05\/www.mobilityinstitute.es-rsagales.png\" alt class=\"lazyload img-responsive wp-image-5223\"\/><\/span><\/div><div class=\"fusion-clearfix\"><\/div><\/div><\/div><div class=\"fusion-layout-column fusion_builder_column_inner fusion-builder-nested-column-1 fusion_builder_column_inner_4_5 4_5 fusion-four-fifth fusion-column-last\" style=\"width:80%;width:calc(80% - ( ( 4% ) * 0.8 ) );margin-top:0px;margin-bottom:20px;\"><div class=\"fusion-column-wrapper fusion-flex-column-wrapper-legacy\" style=\"background-position:left top;background-repeat:no-repeat;-webkit-background-size:cover;-moz-background-size:cover;-o-background-size:cover;background-size:cover;padding: 0px 0px 0px 0px;\"><div class=\"fusion-sep-clear\"><\/div><div class=\"fusion-separator fusion-full-width-sep\" style=\"margin-left: auto;margin-right: auto;margin-top:5px;width:100%;\"><div class=\"fusion-separator-border sep-double\" style=\"border-color:#ffffff;border-top-width:1px;border-bottom-width:1px;\"><\/div><\/div><div class=\"fusion-sep-clear\"><\/div><div class=\"fusion-text fusion-text-7\"><p style=\"padding-left: 40px;\"><em>&#8220;Com a operador de micromobilitat, a les administracions els demanaria 3 coses:\u00a0<\/em><\/p>\n<ul>\n<li style=\"list-style-type: none;\">\n<ul>\n<li><em>L&#8217;administraci\u00f3 central (DGT) hauria de definir un reglament clar per a aquests tipus de vehicles: Normatives, llic\u00e8ncies, per circular, etc.<\/em><\/li>\n<li><em>On hi ha administracions metropolitanes, les regulacions haurien de ser a nivell metropolit\u00e0. No t\u00e9 sentit que no es reguli igual en tota una \u00e0rea metropolitana i que la realitat sigui diferent a Barcelona, a l&#8217;Hospitalet o a San Boi.<\/em><\/li>\n<li><em>Que apostin pels modes de transport que siguin m\u00e9s sostenibles i saludables, com la bicicleta.&#8221;<\/em><\/li>\n<\/ul>\n<\/li>\n<\/ul>\n<p style=\"padding-left: 40px;\"><strong>Ramon Sagal\u00e9s (CEO de Sagal\u00e9s)<\/strong><\/p>\n<\/div><div class=\"fusion-clearfix\"><\/div><\/div><\/div><\/div><div class=\"fusion-sep-clear\"><\/div><div class=\"fusion-separator\" style=\"margin-left: auto;margin-right: auto;width:100%;max-width:80%;\"><div class=\"fusion-separator-border sep-single sep-solid\" style=\"border-color:#8bc34a;border-top-width:1px;\"><\/div><\/div><div class=\"fusion-sep-clear\"><\/div><div class=\"fusion-builder-row fusion-builder-row-inner fusion-row\"><div class=\"fusion-layout-column fusion_builder_column_inner fusion-builder-nested-column-2 fusion_builder_column_inner_4_5 4_5 fusion-four-fifth fusion-column-first\" style=\"width:80%;width:calc(80% - ( ( 4% ) * 0.8 ) );margin-right: 4%;margin-top:0px;margin-bottom:20px;\"><div class=\"fusion-column-wrapper fusion-flex-column-wrapper-legacy\" style=\"background-position:left top;background-repeat:no-repeat;-webkit-background-size:cover;-moz-background-size:cover;-o-background-size:cover;background-size:cover;padding: 0px 0px 0px 0px;\"><div class=\"fusion-sep-clear\"><\/div><div class=\"fusion-separator fusion-full-width-sep\" style=\"margin-left: auto;margin-right: auto;margin-top:5px;width:100%;\"><div class=\"fusion-separator-border sep-double\" style=\"border-color:#ffffff;border-top-width:1px;border-bottom-width:1px;\"><\/div><\/div><div class=\"fusion-sep-clear\"><\/div><div class=\"fusion-text fusion-text-8\"><p style=\"padding-left: 40px;\"><em>&#8220;Como a operador de micromobilitat, a les administracions els demanaria 3 coses:\u00a0<\/em><\/p>\n<ul>\n<li style=\"list-style-type: none;\">\n<ul>\n<li><em>Limitar el nombre d&#8217;operadors per ciutat<\/em><\/li>\n<li><em>Regular l&#8217;activitat\u00a0 mitjan\u00e7ant concursos en els que es valorin les empreses amb m\u00e9s capacitat t\u00e8cnica, m\u00e9s sostenibles i responsables socialment<\/em><\/li>\n<li><em>Per\u00f2 sobretot: que siguin valents ! Que pensin en la transcend\u00e8ncia que pot tenir per a la seva ciutat i per a la salut\u00a0 de les persones el prendre decisions valentes que ens permetin un canvi a una mobilitat m\u00e1s sostenible.&#8221;<\/em><\/li>\n<\/ul>\n<\/li>\n<\/ul>\n<p style=\"padding-left: 40px;\"><strong>Cristina Castillo (co-fundadora de Reby)<\/strong><\/p>\n<\/div><div class=\"fusion-clearfix\"><\/div><\/div><\/div><div class=\"fusion-layout-column fusion_builder_column_inner fusion-builder-nested-column-3 fusion_builder_column_inner_1_5 1_5 fusion-one-fifth fusion-column-last\" style=\"width:20%;width:calc(20% - ( ( 4% ) * 0.2 ) );margin-top:0px;margin-bottom:20px;\"><div class=\"fusion-column-wrapper fusion-flex-column-wrapper-legacy\" style=\"background-image: linear-gradient(180deg, #ffffff 0%,#ffffff 100%);background-position:left top;background-repeat:no-repeat;-webkit-background-size:cover;-moz-background-size:cover;-o-background-size:cover;background-size:cover;background-color:#ffffff;padding: 0px 0px 0px 0px;\"><div class=\"fusion-sep-clear\"><\/div><div class=\"fusion-separator fusion-full-width-sep\" style=\"margin-left: auto;margin-right: auto;margin-top:5px;width:100%;\"><div class=\"fusion-separator-border sep-double\" style=\"border-color:#ffffff;border-top-width:1px;border-bottom-width:1px;\"><\/div><\/div><div class=\"fusion-sep-clear\"><\/div><div class=\"imageframe-align-center\"><span class=\" fusion-imageframe imageframe-none imageframe-2 hover-type-none\"><img decoding=\"async\" width=\"127\" height=\"127\" title=\"CCASTILLO\" src=\"data:image\/svg+xml,%3Csvg%20xmlns%3D%27http%3A%2F%2Fwww.w3.org%2F2000%2Fsvg%27%20width%3D%27127%27%20height%3D%27127%27%20viewBox%3D%270%200%20127%20127%27%3E%3Crect%20width%3D%27127%27%20height%3D%27127%27%20fill-opacity%3D%220%22%2F%3E%3C%2Fsvg%3E\" data-orig-src=\"https:\/\/www.mobilityinstitute.es\/wp-content\/uploads\/2020\/05\/www.mobilityinstitute.es-ccastillo.png\" alt class=\"lazyload img-responsive wp-image-5212\"\/><\/span><\/div><div class=\"fusion-clearfix\"><\/div><\/div><\/div><\/div><div class=\"fusion-sep-clear\"><\/div><div class=\"fusion-separator\" style=\"margin-left: auto;margin-right: auto;width:100%;max-width:80%;\"><div class=\"fusion-separator-border sep-single sep-solid\" style=\"border-color:#8bc34a;border-top-width:1px;\"><\/div><\/div><div class=\"fusion-sep-clear\"><\/div><div class=\"fusion-builder-row fusion-builder-row-inner fusion-row\"><div class=\"fusion-layout-column fusion_builder_column_inner fusion-builder-nested-column-4 fusion_builder_column_inner_1_5 1_5 fusion-one-fifth fusion-column-first\" style=\"width:20%;width:calc(20% - ( ( 4% ) * 0.2 ) );margin-right: 4%;margin-top:0px;margin-bottom:20px;\"><div class=\"fusion-column-wrapper fusion-flex-column-wrapper-legacy\" style=\"background-position:left top;background-repeat:no-repeat;-webkit-background-size:cover;-moz-background-size:cover;-o-background-size:cover;background-size:cover;padding: 0px 0px 0px 0px;\"><div class=\"fusion-sep-clear\"><\/div><div class=\"fusion-separator fusion-full-width-sep\" style=\"margin-left: auto;margin-right: auto;margin-top:5px;width:100%;\"><div class=\"fusion-separator-border sep-double\" style=\"border-color:#ffffff;border-top-width:1px;border-bottom-width:1px;\"><\/div><\/div><div class=\"fusion-sep-clear\"><\/div><div class=\"imageframe-align-center\"><span class=\" fusion-imageframe imageframe-none imageframe-3 hover-type-none\"><img decoding=\"async\" width=\"127\" height=\"128\" title=\"LALEGRE\" src=\"data:image\/svg+xml,%3Csvg%20xmlns%3D%27http%3A%2F%2Fwww.w3.org%2F2000%2Fsvg%27%20width%3D%27127%27%20height%3D%27128%27%20viewBox%3D%270%200%20127%20128%27%3E%3Crect%20width%3D%27127%27%20height%3D%27128%27%20fill-opacity%3D%220%22%2F%3E%3C%2Fsvg%3E\" data-orig-src=\"https:\/\/www.mobilityinstitute.es\/wp-content\/uploads\/2020\/05\/www.mobilityinstitute.es-lalegre.png\" alt class=\"lazyload img-responsive wp-image-5220\"\/><\/span><\/div><div class=\"fusion-clearfix\"><\/div><\/div><\/div><div class=\"fusion-layout-column fusion_builder_column_inner fusion-builder-nested-column-5 fusion_builder_column_inner_4_5 4_5 fusion-four-fifth fusion-column-last\" style=\"width:80%;width:calc(80% - ( ( 4% ) * 0.8 ) );margin-top:0px;margin-bottom:20px;\"><div class=\"fusion-column-wrapper fusion-flex-column-wrapper-legacy\" style=\"background-position:left top;background-repeat:no-repeat;-webkit-background-size:cover;-moz-background-size:cover;-o-background-size:cover;background-size:cover;padding: 0px 0px 0px 0px;\"><div class=\"fusion-sep-clear\"><\/div><div class=\"fusion-separator fusion-full-width-sep\" style=\"margin-left: auto;margin-right: auto;margin-top:5px;width:100%;\"><div class=\"fusion-separator-border sep-double\" style=\"border-color:#ffffff;border-top-width:1px;border-bottom-width:1px;\"><\/div><\/div><div class=\"fusion-sep-clear\"><\/div><div class=\"fusion-text fusion-text-9\"><p style=\"padding-left: 40px;\"><em>&#8220;Como a representant de las administracions p\u00fabliques, als operadors de micromobilitat els demanaria:\u00a0<\/em><\/p>\n<ul>\n<li style=\"list-style-type: none;\">\n<ul>\n<li><em>Compartir\/cedir dades<\/em><\/li>\n<li><em>Funcionament integrat (gesti\u00f3 i tecnologia)amb la resta de modes de transport del seu entorn.<\/em><\/li>\n<li><em>No tinguin por a donar servei en zones amb menys densitat de poblaci\u00f3 (segur que hi ha ninxols)&#8221;<\/em><\/li>\n<\/ul>\n<\/li>\n<\/ul>\n<p style=\"padding-left: 40px;\"><strong>Lluis Alegre (Director \u00e0rea de mobilitat de l&#8217;Autoritat Tranport Metropolit\u00e0)<\/strong><\/p>\n<\/div><div class=\"fusion-clearfix\"><\/div><\/div><\/div><\/div><div class=\"fusion-clearfix\"><\/div><\/div><\/div><div class=\"fusion-layout-column fusion_builder_column fusion-builder-column-9 fusion_builder_column_1_1 1_1 fusion-one-full fusion-column-first fusion-column-last\" style=\"margin-top:0px;margin-bottom:20px;\"><div class=\"fusion-column-wrapper fusion-flex-column-wrapper-legacy\" style=\"background-position:left top;background-repeat:no-repeat;-webkit-background-size:cover;-moz-background-size:cover;-o-background-size:cover;background-size:cover;border:1px solid #000000;padding: 0px 0px 0px 0px;\"><div class=\"fusion-sep-clear\"><\/div><div class=\"fusion-separator fusion-full-width-sep\" style=\"margin-left: auto;margin-right: auto;margin-top:4px;margin-bottom:4px;width:100%;\"><div class=\"fusion-separator-border sep-double\" style=\"border-color:#ffffff;border-top-width:1px;border-bottom-width:1px;\"><\/div><\/div><div class=\"fusion-sep-clear\"><\/div><div class=\"fusion-text fusion-text-10\"><p style=\"padding-left: 40px;\">Des del <strong>Mobility Institute <\/strong>volem agrair a totes les entitats p\u00fabliques i privades que es van registrar per a poder assistir a aquest segon Webinar:<\/p>\n<p style=\"padding-left: 40px;\">(En orden alfab\u00e9tico)<\/p>\n<\/div><div class=\"fusion-sep-clear\"><\/div><div class=\"fusion-separator fusion-full-width-sep\" style=\"margin-left: auto;margin-right: auto;margin-top:4px;margin-bottom:4px;width:100%;\"><div class=\"fusion-separator-border sep-double\" style=\"border-color:#ffffff;border-top-width:1px;border-bottom-width:1px;\"><\/div><\/div><div class=\"fusion-sep-clear\"><\/div><div class=\"fusion-text fusion-text-11\"><p style=\"padding-left: 40px;\"><em><strong>AUTOM\u00d2BIL CLUB D\u2019ANDORRA, <\/strong><\/em><em><strong>AUTOM\u00d3VIL CLUB DE CHILE, <\/strong><\/em><em><strong>ASOCIACI\u00d3N ESPA\u00d1OLA DEL RENTING (AER), <\/strong><\/em><em><strong>AJUNTAMENT DEL PRAT DE LLOBREGAT, \u00c0<\/strong><\/em><em><strong>REA METROPOLITANA DE BARCELONA (AMB), <\/strong><\/em><em><strong>ATLANTIS IT, <\/strong><\/em><em><strong>AUTORITAT DEL TRANSPORT METROPOLIT\u00c0 (ATM), <\/strong><\/em><em><strong>AUTOPISTAS, <\/strong><\/em><em><strong>BIP&amp;DRIVE, <\/strong><\/em><em><strong>CINESI, <\/strong><\/em><em><strong>DELOITTE, <\/strong><\/em><em><strong>DOYMO, <\/strong><\/em><em><strong>FERROCARRILS DE LA GENERALITAT DE CATALUNYA (FGC), <\/strong><\/em><em><strong>FIRA BARCELONA (SMART CITY CONGRESS), <\/strong><\/em><em><strong>GRUP CATALANA OCCIDENT, <\/strong><\/em><em><strong>IFEMA, <\/strong><\/em><em><strong>INTRA, <\/strong><\/em><em><strong>NOMMON SOLUTIONS AND TECHNOLOGIES, <\/strong><\/em><em><strong>RACC, <\/strong><\/em><em><strong>REBY, <\/strong><\/em><em><strong>SABA, <\/strong><\/em><em><strong>SAGAL\u00c9S, <\/strong><\/em><em><strong>SEAT, <\/strong><\/em><em><strong>TEKIA INGENIEROS, <\/strong><\/em><em><strong>TMB, <\/strong><\/em><em><strong>TRAXALL IBERIA i <\/strong><\/em><em><strong>UNIVERSITAT OBERTA DE CATALUNYA.<\/strong><\/em><\/p>\n<\/div><div class=\"fusion-sep-clear\"><\/div><div class=\"fusion-separator fusion-full-width-sep\" style=\"margin-left: auto;margin-right: auto;margin-top:4px;margin-bottom:4px;width:100%;\"><div class=\"fusion-separator-border sep-double\" style=\"border-color:#ffffff;border-top-width:1px;border-bottom-width:1px;\"><\/div><\/div><div class=\"fusion-sep-clear\"><\/div><div class=\"fusion-clearfix\"><\/div><\/div><\/div><\/div><\/div><\/p>\n","protected":false},"excerpt":{"rendered":"","protected":false},"author":570,"featured_media":0,"parent":0,"menu_order":91,"comment_status":"closed","ping_status":"closed","template":"","meta":{"footnotes":""},"yst_prominent_words":[1790,1785,1780,1777,1783,1782,1776,1698,1705,1700,1699,1642,1787,1791,1786,1781,1789,1704,1640,1703],"class_list":["post-5310","page","type-page","status-publish","hentry"],"_links":{"self":[{"href":"https:\/\/www.mobilityinstitute.es\/ca\/wp-json\/wp\/v2\/pages\/5310","targetHints":{"allow":["GET"]}}],"collection":[{"href":"https:\/\/www.mobilityinstitute.es\/ca\/wp-json\/wp\/v2\/pages"}],"about":[{"href":"https:\/\/www.mobilityinstitute.es\/ca\/wp-json\/wp\/v2\/types\/page"}],"author":[{"embeddable":true,"href":"https:\/\/www.mobilityinstitute.es\/ca\/wp-json\/wp\/v2\/users\/570"}],"replies":[{"embeddable":true,"href":"https:\/\/www.mobilityinstitute.es\/ca\/wp-json\/wp\/v2\/comments?post=5310"}],"version-history":[{"count":0,"href":"https:\/\/www.mobilityinstitute.es\/ca\/wp-json\/wp\/v2\/pages\/5310\/revisions"}],"wp:attachment":[{"href":"https:\/\/www.mobilityinstitute.es\/ca\/wp-json\/wp\/v2\/media?parent=5310"}],"wp:term":[{"taxonomy":"yst_prominent_words","embeddable":true,"href":"https:\/\/www.mobilityinstitute.es\/ca\/wp-json\/wp\/v2\/yst_prominent_words?post=5310"}],"curies":[{"name":"wp","href":"https:\/\/api.w.org\/{rel}","templated":true}]}}