{"id":7113,"date":"2020-09-17T01:58:12","date_gmt":"2020-09-16T23:58:12","guid":{"rendered":"https:\/\/www.mobilityinstitute.es\/mobility-webinars-la-mobilitat-dels-millennial-i-els-centennial\/"},"modified":"2020-09-17T10:21:08","modified_gmt":"2020-09-17T08:21:08","slug":"mobility-webinars-mobilitat-generacions","status":"publish","type":"page","link":"https:\/\/www.mobilityinstitute.es\/ca\/mobility-webinars-mobilitat-generacions\/","title":{"rendered":"Mobility Webinars &#8211; La  mobilitat dels millennial i els centennial (Setembre 2020)"},"content":{"rendered":"<p><div class=\"fusion-fullwidth fullwidth-box fusion-builder-row-1 nonhundred-percent-fullwidth non-hundred-percent-height-scrolling\" style=\"background-color: rgba(255,255,255,0);background-position: center center;background-repeat: no-repeat;padding-top:0px;padding-right:0px;padding-bottom:0px;padding-left:0px;margin-bottom: 0px;margin-top: 0px;border-width: 0px 0px 0px 0px;border-color:#eae9e9;border-style:solid;\" ><div class=\"fusion-builder-row fusion-row\"><div class=\"fusion-layout-column fusion_builder_column fusion-builder-column-0 fusion_builder_column_1_1 1_1 fusion-one-full fusion-column-first fusion-column-last\" style=\"margin-top:0px;margin-bottom:20px;\"><div class=\"fusion-column-wrapper fusion-flex-column-wrapper-legacy\" style=\"background-position:left top;background-repeat:no-repeat;-webkit-background-size:cover;-moz-background-size:cover;-o-background-size:cover;background-size:cover;padding: 0px 0px 0px 0px;\"><div class=\"fusion-text fusion-text-1\"><p>\u00bfQui s\u00f3n i quines <strong>necessitats\u00a0 i prefer\u00e8ncies de mobilitat tenen les generacions Millennial y Centennial<\/strong>? Aquesta pregunta i altres semblants s&#8217;han respost en aquest Webinar. Aprofitant la recent publicaci\u00f3 del Mobility Insigths &#8220;<em>La movilidad Millennial y Centennial: Una perspectiva generacional<\/em>&#8220;, el passat 15 de setembre es va celebrar un Mobility Webinars exclusiu per a associats en el que es va parlar de mobilitat amb una perspectiva generacional. Entendre les claus de la mobilitat d&#8217;aquestes generacions ens ajudar\u00e0 a con\u00e8ixer la mobilitat del futur.<\/p>\n<\/div><div class=\"fusion-sep-clear\"><\/div><div class=\"fusion-separator fusion-full-width-sep\" style=\"margin-left: auto;margin-right: auto;margin-top:10px;width:100%;\"><div class=\"fusion-separator-border sep-double\" style=\"border-color:#ffffff;border-top-width:1px;border-bottom-width:1px;\"><\/div><\/div><div class=\"fusion-sep-clear\"><\/div><div class=\"fusion-text fusion-text-2\"><p>En aquest webinar v\u00e0rem tenir l&#8217;honor de tenir amb nosaltres a la <strong>Mar Alarc\u00f3n<\/strong> (Co-fundadora i CEO de <strong>SocialCar<\/strong>), la <strong>M\u00f3nica Casanovas<\/strong> (City Manager a Barcelona de <strong>Ubeeqo<\/strong>) i la <strong>Cristina Castillo <\/strong>(Co-fundadora de <strong>Reby<\/strong>).<\/p>\n<\/div><div class=\"fusion-clearfix\"><\/div><\/div><\/div><div class=\"fusion-layout-column fusion_builder_column fusion-builder-column-1 fusion_builder_column_1_1 1_1 fusion-one-full fusion-column-first fusion-column-last\" style=\"margin-top:0px;margin-bottom:20px;\"><div class=\"fusion-column-wrapper fusion-flex-column-wrapper-legacy\" style=\"background-position:left top;background-repeat:no-repeat;-webkit-background-size:cover;-moz-background-size:cover;-o-background-size:cover;background-size:cover;padding: 0px 0px 0px 0px;\"><div class=\"fusion-sep-clear\"><\/div><div class=\"fusion-separator fusion-full-width-sep\" style=\"margin-left: auto;margin-right: auto;margin-top:20px;margin-bottom:4px;width:100%;\"><div class=\"fusion-separator-border sep-double\" style=\"border-color:#ffffff;border-top-width:1px;border-bottom-width:1px;\"><\/div><\/div><div class=\"fusion-sep-clear\"><\/div><div class=\"fusion-text fusion-text-3\"><p>A continuaci\u00f3 es pot accedir al <strong>V\u00cdDEO DEL WEBINAR:<\/strong><\/p>\n<p>(Disponible \u00fanicament per a usuaris registrats)<\/p>\n<\/div><div class=\"fusion-sep-clear\"><\/div><div class=\"fusion-separator fusion-full-width-sep\" style=\"margin-left: auto;margin-right: auto;margin-top:4px;margin-bottom:4px;width:100%;\"><div class=\"fusion-separator-border sep-double\" style=\"border-color:#ffffff;border-top-width:1px;border-bottom-width:1px;\"><\/div><\/div><div class=\"fusion-sep-clear\"><\/div><div class=\"fusion-clearfix\"><\/div><\/div><\/div><\/div><\/div><div class=\"fusion-fullwidth fullwidth-box fusion-builder-row-2 nonhundred-percent-fullwidth non-hundred-percent-height-scrolling\" style=\"background-color: rgba(255,255,255,0);background-position: center center;background-repeat: no-repeat;padding-top:0px;padding-right:0px;padding-bottom:0px;padding-left:0px;margin-bottom: 0px;margin-top: 0px;border-width: 0px 0px 0px 0px;border-color:#eae9e9;border-style:solid;\" ><div class=\"fusion-builder-row fusion-row\"><div class=\"fusion-layout-column fusion_builder_column fusion-builder-column-2 fusion_builder_column_1_6 1_6 fusion-one-sixth fusion-column-first\" style=\"width:16.666666666667%;width:calc(16.666666666667% - ( ( 4% + 4% ) * 0.16666666666667 ) );margin-right: 4%;margin-top:0px;margin-bottom:20px;\"><div class=\"fusion-column-wrapper fusion-flex-column-wrapper-legacy\" style=\"background-position:left top;background-repeat:no-repeat;-webkit-background-size:cover;-moz-background-size:cover;-o-background-size:cover;background-size:cover;padding: 0px 0px 0px 0px;\"><div class=\"fusion-clearfix\"><\/div><\/div><\/div><div class=\"fusion-layout-column fusion_builder_column fusion-builder-column-3 fusion_builder_column_2_3 2_3 fusion-two-third\" style=\"width:66.666666666667%;width:calc(66.666666666667% - ( ( 4% + 4% ) * 0.66666666666667 ) );margin-right: 4%;margin-top:0px;margin-bottom:20px;\"><div class=\"fusion-column-wrapper fusion-flex-column-wrapper-legacy\" style=\"background-position:left top;background-repeat:no-repeat;-webkit-background-size:cover;-moz-background-size:cover;-o-background-size:cover;background-size:cover;padding: 0px 0px 0px 0px;\"><div class=\"fusion-text fusion-text-4\">\n<\/div><div class=\"fusion-clearfix\"><\/div><\/div><\/div><div class=\"fusion-layout-column fusion_builder_column fusion-builder-column-4 fusion_builder_column_1_6 1_6 fusion-one-sixth fusion-column-last\" style=\"width:16.666666666667%;width:calc(16.666666666667% - ( ( 4% + 4% ) * 0.16666666666667 ) );margin-top:0px;margin-bottom:20px;\"><div class=\"fusion-column-wrapper fusion-flex-column-wrapper-legacy\" style=\"background-position:left top;background-repeat:no-repeat;-webkit-background-size:cover;-moz-background-size:cover;-o-background-size:cover;background-size:cover;padding: 0px 0px 0px 0px;\"><div class=\"fusion-clearfix\"><\/div><\/div><\/div><div class=\"fusion-layout-column fusion_builder_column fusion-builder-column-5 fusion_builder_column_1_3 1_3 fusion-one-third fusion-column-first\" style=\"width:33.333333333333%;width:calc(33.333333333333% - ( ( 4% + 4% ) * 0.33333333333333 ) );margin-right: 4%;margin-top:0px;margin-bottom:20px;\"><div class=\"fusion-column-wrapper fusion-flex-column-wrapper-legacy\" style=\"background-position:left top;background-repeat:no-repeat;-webkit-background-size:cover;-moz-background-size:cover;-o-background-size:cover;background-size:cover;padding: 0px 0px 0px 0px;\"><div class=\"fusion-clearfix\"><\/div><\/div><\/div><div class=\"fusion-layout-column fusion_builder_column fusion-builder-column-6 fusion_builder_column_1_3 1_3 fusion-one-third\" style=\"width:33.333333333333%;width:calc(33.333333333333% - ( ( 4% + 4% ) * 0.33333333333333 ) );margin-right: 4%;margin-top:0px;margin-bottom:20px;\"><div class=\"fusion-column-wrapper fusion-flex-column-wrapper-legacy\" style=\"background-position:left top;background-repeat:no-repeat;-webkit-background-size:cover;-moz-background-size:cover;-o-background-size:cover;background-size:cover;padding: 0px 0px 0px 0px;\"><div class=\"fusion-text fusion-text-5\">\n<div class=\"fusion-login-box fusion-login-box-1 fusion-login-box-login fusion-login-align-center fusion-login-field-layout-stacked\"><style type=\"text\/css\">.fusion-login-box-1 .fusion-login-heading{color:#000;}.fusion-login-box-1 .fusion-login-caption{color:#fff;}.fusion-login-box-1 a{color:rgb(160, 206, 78);}<\/style><form class=\"fusion-login-form\" style=\"background-color:rgba(0,0,0,0);padding:0;\" name=\"loginform\" id=\"loginform\" method=\"post\" action=\"https:\/\/www.mobilityinstitute.es\/wp-login.php\"><div class=\"fusion-login-fields\"><div class=\"fusion-login-input-wrapper\"><label class=\"fusion-hidden-content\" for=\"user_login-1\">Nom d&#039;usuari o correu electr\u00f2nic<\/label><input type=\"text\" name=\"log\" placeholder=\"Nom d&#039;usuari o correu electr\u00f2nic\" value=\"\" size=\"20\" class=\"fusion-login-username input-text\" id=\"user_login-1\" \/><\/div><div class=\"fusion-login-input-wrapper\"><label class=\"fusion-hidden-content\" for=\"user_pass-1\">Clau<\/label><input type=\"password\" name=\"pwd\" placeholder=\"Clau\" value=\"\" size=\"20\" class=\"fusion-login-password input-text\" id=\"user_pass-1\" \/><\/div><\/div><div class=\"fusion-login-additional-content\"><div class=\"fusion-login-submit-wrapper\"><button class=\"fusion-login-button fusion-button button-default fusion-button-default-size fusion-login-button-no-fullwidth\" type=\"submit\" name=\"wp-submit\">Accedir<\/button><input type=\"hidden\" name=\"user-cookie\" value=\"1\" \/><input type=\"hidden\" name=\"redirect_to\" value=\"https:\/\/www.mobilityinstitute.es\/ca\/wp-json\/wp\/v2\/pages\/7113\" \/><input type=\"hidden\" name=\"fusion_login_box\" value=\"true\" \/><input type=\"hidden\" name=\"_wp_http_referer\" value=\"\/ca\/wp-json\/wp\/v2\/pages\/7113\" \/><span class=\"fusion-login-nonce\" style=\"display:none;\"><\/span><\/div><div class=\"fusion-login-links\"><a class=\"fusion-login-lost-passowrd\" target=\"_self\" href=\"https:\/\/www.mobilityinstitute.es\/resetear-contrasena\/\">No recordes la teva clau?<\/a><\/div><\/div><\/form><\/div>\n\n<\/div><div class=\"fusion-clearfix\"><\/div><\/div><\/div><div class=\"fusion-layout-column fusion_builder_column fusion-builder-column-7 fusion_builder_column_1_3 1_3 fusion-one-third fusion-column-last\" style=\"width:33.333333333333%;width:calc(33.333333333333% - ( ( 4% + 4% ) * 0.33333333333333 ) );margin-top:0px;margin-bottom:20px;\"><div class=\"fusion-column-wrapper fusion-flex-column-wrapper-legacy\" style=\"background-position:left top;background-repeat:no-repeat;-webkit-background-size:cover;-moz-background-size:cover;-o-background-size:cover;background-size:cover;padding: 0px 0px 0px 0px;\"><div class=\"fusion-clearfix\"><\/div><\/div><\/div><\/div><\/div><div class=\"fusion-fullwidth fullwidth-box fusion-builder-row-3 nonhundred-percent-fullwidth non-hundred-percent-height-scrolling\" style=\"background-color: rgba(255,255,255,0);background-position: center center;background-repeat: no-repeat;padding-top:0px;padding-right:0px;padding-bottom:0px;padding-left:0px;margin-bottom: 0px;margin-top: 0px;border-width: 0px 0px 0px 0px;border-color:#eae9e9;border-style:solid;\" ><div class=\"fusion-builder-row fusion-row\"><div class=\"fusion-layout-column fusion_builder_column fusion-builder-column-8 fusion_builder_column_1_1 1_1 fusion-one-full fusion-column-first fusion-column-last\" style=\"margin-top:0px;margin-bottom:20px;\"><div class=\"fusion-column-wrapper fusion-flex-column-wrapper-legacy\" style=\"background-position:left top;background-repeat:no-repeat;-webkit-background-size:cover;-moz-background-size:cover;-o-background-size:cover;background-size:cover;border:1px solid #000000;padding: 0px 0px 0px 0px;\"><div class=\"fusion-sep-clear\"><\/div><div class=\"fusion-separator fusion-full-width-sep\" style=\"margin-left: auto;margin-right: auto;margin-top:4px;margin-bottom:4px;width:100%;\"><div class=\"fusion-separator-border sep-double\" style=\"border-color:#ffffff;border-top-width:1px;border-bottom-width:1px;\"><\/div><\/div><div class=\"fusion-sep-clear\"><\/div><div class=\"fusion-text fusion-text-6\"><p style=\"padding-left: 40px;\">Algunes de les reflexions dels convidats que han participat en aquest Webinar s\u00f3n:<\/p>\n<\/div><div class=\"fusion-sep-clear\"><\/div><div class=\"fusion-separator fusion-full-width-sep\" style=\"margin-left: auto;margin-right: auto;margin-top:15px;margin-bottom:4px;width:100%;\"><div class=\"fusion-separator-border sep-double\" style=\"border-color:#ffffff;border-top-width:1px;border-bottom-width:1px;\"><\/div><\/div><div class=\"fusion-sep-clear\"><\/div><div class=\"fusion-builder-row fusion-builder-row-inner fusion-row\"><div class=\"fusion-layout-column fusion_builder_column_inner fusion-builder-nested-column-0 fusion_builder_column_inner_1_5 1_5 fusion-one-fifth fusion-column-first\" style=\"width:20%;width:calc(20% - ( ( 4% ) * 0.2 ) );margin-right: 4%;margin-top:0px;margin-bottom:20px;\"><div class=\"fusion-column-wrapper fusion-flex-column-wrapper-legacy\" style=\"background-position:left top;background-repeat:no-repeat;-webkit-background-size:cover;-moz-background-size:cover;-o-background-size:cover;background-size:cover;padding: 0px 0px 0px 0px;\"><div class=\"fusion-sep-clear\"><\/div><div class=\"fusion-separator fusion-full-width-sep\" style=\"margin-left: auto;margin-right: auto;margin-top:30px;width:100%;\"><div class=\"fusion-separator-border sep-double\" style=\"border-color:#ffffff;border-top-width:1px;border-bottom-width:1px;\"><\/div><\/div><div class=\"fusion-sep-clear\"><\/div><div class=\"imageframe-align-center\"><span class=\" fusion-imageframe imageframe-none imageframe-1 hover-type-none\"><img decoding=\"async\" width=\"200\" height=\"200\" title=\"Mar\" src=\"data:image\/svg+xml,%3Csvg%20xmlns%3D%27http%3A%2F%2Fwww.w3.org%2F2000%2Fsvg%27%20width%3D%27200%27%20height%3D%27200%27%20viewBox%3D%270%200%20200%20200%27%3E%3Crect%20width%3D%27200%27%20height%3D%27200%27%20fill-opacity%3D%220%22%2F%3E%3C%2Fsvg%3E\" data-orig-src=\"https:\/\/www.mobilityinstitute.es\/wp-content\/uploads\/2020\/09\/www.mobilityinstitute.es-mar.png\" alt class=\"lazyload img-responsive wp-image-7096\"\/><\/span><\/div><div class=\"fusion-clearfix\"><\/div><\/div><\/div><div class=\"fusion-layout-column fusion_builder_column_inner fusion-builder-nested-column-1 fusion_builder_column_inner_4_5 4_5 fusion-four-fifth fusion-column-last\" style=\"width:80%;width:calc(80% - ( ( 4% ) * 0.8 ) );margin-top:0px;margin-bottom:20px;\"><div class=\"fusion-column-wrapper fusion-flex-column-wrapper-legacy\" style=\"background-position:left top;background-repeat:no-repeat;-webkit-background-size:cover;-moz-background-size:cover;-o-background-size:cover;background-size:cover;padding: 0px 0px 0px 0px;\"><div class=\"fusion-sep-clear\"><\/div><div class=\"fusion-separator fusion-full-width-sep\" style=\"margin-left: auto;margin-right: auto;margin-top:5px;width:100%;\"><div class=\"fusion-separator-border sep-double\" style=\"border-color:#ffffff;border-top-width:1px;border-bottom-width:1px;\"><\/div><\/div><div class=\"fusion-sep-clear\"><\/div><div class=\"fusion-text fusion-text-7\"><ul>\n<li><em>&#8220;Les empreses ens trobem davant el repte d&#8217;acostarnos a aquestes generacions&#8221;<\/em><\/li>\n<li><em>&#8220;La mobilitat compartida t\u00e9 elements d&#8217;immediatesa i efici\u00e8ncia que estan a l&#8217;ADN dels Millennial i els Centennial&#8221;<\/em><\/li>\n<li><em>&#8220;A SocialCar veiem les difer\u00e8ncies entre generacions, els m\u00e9s grans s\u00f3n els que lloguen el seu vehicle i els m\u00e9s joves s\u00f3n els que utilizen els nostres serveis per a tenir acc\u00e9s a vehicles&#8221;<\/em><\/li>\n<li><em>&#8220;Recentment hem arribat a un acord amb UBER per a millorar la nostra oferta multimodal&#8221;<\/em><\/li>\n<li><em>&#8220;\u00c9s necessari m\u00e9s di\u00e0leg amb les administracions per a implantar, de manera m\u00e9s \u00e0gil, millores en la mobilitat que seran en benefici de tots els ciutadans&#8221;\u00a0<\/em><\/li>\n<\/ul>\n<p style=\"padding-left: 40px;\"><strong>Mar Alarc\u00f3n\u00a0 (Co-fundadora y CEO de SocialCar)<\/strong><\/p>\n<\/div><div class=\"fusion-clearfix\"><\/div><\/div><\/div><\/div><div class=\"fusion-sep-clear\"><\/div><div class=\"fusion-separator\" style=\"margin-left: auto;margin-right: auto;width:100%;max-width:80%;\"><div class=\"fusion-separator-border sep-single sep-solid\" style=\"border-color:#8bc34a;border-top-width:1px;\"><\/div><\/div><div class=\"fusion-sep-clear\"><\/div><div class=\"fusion-builder-row fusion-builder-row-inner fusion-row\"><div class=\"fusion-layout-column fusion_builder_column_inner fusion-builder-nested-column-2 fusion_builder_column_inner_4_5 4_5 fusion-four-fifth fusion-column-first\" style=\"width:80%;width:calc(80% - ( ( 4% ) * 0.8 ) );margin-right: 4%;margin-top:0px;margin-bottom:20px;\"><div class=\"fusion-column-wrapper fusion-flex-column-wrapper-legacy\" style=\"background-position:left top;background-repeat:no-repeat;-webkit-background-size:cover;-moz-background-size:cover;-o-background-size:cover;background-size:cover;padding: 0px 0px 0px 0px;\"><div class=\"fusion-sep-clear\"><\/div><div class=\"fusion-separator fusion-full-width-sep\" style=\"margin-left: auto;margin-right: auto;margin-top:5px;width:100%;\"><div class=\"fusion-separator-border sep-double\" style=\"border-color:#ffffff;border-top-width:1px;border-bottom-width:1px;\"><\/div><\/div><div class=\"fusion-sep-clear\"><\/div><div class=\"fusion-text fusion-text-8\"><ul>\n<li><em>&#8220;Els Millennial s\u00f3n el nostre principal perfil de client, per exemplo, acostumen a fer utilitzacions m\u00e9s llargues dels nostres serveis que els Centennial&#8221;<\/em><\/li>\n<li><em>&#8220;Estem comen\u00e7ant a crear productes per als Centennials i hem baixat fins els 19 anys l&#8217;edad m\u00ednima de contractaci\u00f3 dels nostres serveis per a que els m\u00e9s joves ens comencin a provar&#8221;<\/em><\/li>\n<li><em>&#8220;\u00c9s important tenir els joves en compte, per\u00f2 a Ubeeqo no ens oblidem de ning\u00fa perqu\u00e8 tots els clients s\u00f3n importants&#8221;<\/em><\/li>\n<li><em>&#8220;\u00c9s necess\u00e0ria m\u00e9s col\u00b7laboraci\u00f3. Pes exemple, la mobilitat compartida i el transport p\u00fablic es podrien integrar en un mateix sistema tarifari&#8221;<\/em><\/li>\n<\/ul>\n<p style=\"text-align: right;\"><strong>M\u00f3nica Casanovas (City Manager en Barcelona de Ubeeqo)<\/strong><\/p>\n<\/div><div class=\"fusion-clearfix\"><\/div><\/div><\/div><div class=\"fusion-layout-column fusion_builder_column_inner fusion-builder-nested-column-3 fusion_builder_column_inner_1_5 1_5 fusion-one-fifth fusion-column-last\" style=\"width:20%;width:calc(20% - ( ( 4% ) * 0.2 ) );margin-top:0px;margin-bottom:20px;\"><div class=\"fusion-column-wrapper fusion-flex-column-wrapper-legacy\" style=\"background-image: linear-gradient(180deg, #ffffff 0%,#ffffff 100%);background-position:left top;background-repeat:no-repeat;-webkit-background-size:cover;-moz-background-size:cover;-o-background-size:cover;background-size:cover;background-color:#ffffff;padding: 0px 0px 0px 0px;\"><div class=\"fusion-sep-clear\"><\/div><div class=\"fusion-separator fusion-full-width-sep\" style=\"margin-left: auto;margin-right: auto;margin-top:30px;width:100%;\"><div class=\"fusion-separator-border sep-double\" style=\"border-color:#ffffff;border-top-width:1px;border-bottom-width:1px;\"><\/div><\/div><div class=\"fusion-sep-clear\"><\/div><div class=\"imageframe-align-center\"><span class=\" fusion-imageframe imageframe-none imageframe-2 hover-type-none\"><img decoding=\"async\" width=\"201\" height=\"200\" title=\"M\u00f3nica\" src=\"https:\/\/www.mobilityinstitute.es\/wp-content\/uploads\/2020\/09\/www.mobilityinstitute.es-monica.png\" data-orig-src=\"https:\/\/www.mobilityinstitute.es\/wp-content\/uploads\/2020\/09\/www.mobilityinstitute.es-monica.png\" alt class=\"lazyload img-responsive wp-image-7099\" srcset=\"data:image\/svg+xml,%3Csvg%20xmlns%3D%27http%3A%2F%2Fwww.w3.org%2F2000%2Fsvg%27%20width%3D%27201%27%20height%3D%27200%27%20viewBox%3D%270%200%20201%20200%27%3E%3Crect%20width%3D%27201%27%20height%3D%27200%27%20fill-opacity%3D%220%22%2F%3E%3C%2Fsvg%3E\" data-srcset=\"https:\/\/www.mobilityinstitute.es\/wp-content\/uploads\/2020\/09\/www.mobilityinstitute.es-monica-200x199.png 200w, https:\/\/www.mobilityinstitute.es\/wp-content\/uploads\/2020\/09\/www.mobilityinstitute.es-monica.png 201w\" data-sizes=\"auto\" data-orig-sizes=\"(max-width: 800px) 100vw, 201px\" \/><\/span><\/div><div class=\"fusion-clearfix\"><\/div><\/div><\/div><\/div><div class=\"fusion-sep-clear\"><\/div><div class=\"fusion-separator\" style=\"margin-left: auto;margin-right: auto;width:100%;max-width:80%;\"><div class=\"fusion-separator-border sep-single sep-solid\" style=\"border-color:#8bc34a;border-top-width:1px;\"><\/div><\/div><div class=\"fusion-sep-clear\"><\/div><div class=\"fusion-builder-row fusion-builder-row-inner fusion-row\"><div class=\"fusion-layout-column fusion_builder_column_inner fusion-builder-nested-column-4 fusion_builder_column_inner_1_5 1_5 fusion-one-fifth fusion-column-first\" style=\"width:20%;width:calc(20% - ( ( 4% ) * 0.2 ) );margin-right: 4%;margin-top:0px;margin-bottom:20px;\"><div class=\"fusion-column-wrapper fusion-flex-column-wrapper-legacy\" style=\"background-position:left top;background-repeat:no-repeat;-webkit-background-size:cover;-moz-background-size:cover;-o-background-size:cover;background-size:cover;padding: 0px 0px 0px 0px;\"><div class=\"fusion-sep-clear\"><\/div><div class=\"fusion-separator fusion-full-width-sep\" style=\"margin-left: auto;margin-right: auto;margin-top:30px;width:100%;\"><div class=\"fusion-separator-border sep-double\" style=\"border-color:#ffffff;border-top-width:1px;border-bottom-width:1px;\"><\/div><\/div><div class=\"fusion-sep-clear\"><\/div><div class=\"imageframe-align-center\"><span class=\" fusion-imageframe imageframe-none imageframe-3 hover-type-none\"><img decoding=\"async\" width=\"200\" height=\"200\" title=\"Cristina\" src=\"data:image\/svg+xml,%3Csvg%20xmlns%3D%27http%3A%2F%2Fwww.w3.org%2F2000%2Fsvg%27%20width%3D%27200%27%20height%3D%27200%27%20viewBox%3D%270%200%20200%20200%27%3E%3Crect%20width%3D%27200%27%20height%3D%27200%27%20fill-opacity%3D%220%22%2F%3E%3C%2Fsvg%3E\" data-orig-src=\"https:\/\/www.mobilityinstitute.es\/wp-content\/uploads\/2020\/09\/www.mobilityinstitute.es-cristina.png\" alt class=\"lazyload img-responsive wp-image-7093\"\/><\/span><\/div><div class=\"fusion-clearfix\"><\/div><\/div><\/div><div class=\"fusion-layout-column fusion_builder_column_inner fusion-builder-nested-column-5 fusion_builder_column_inner_4_5 4_5 fusion-four-fifth fusion-column-last\" style=\"width:80%;width:calc(80% - ( ( 4% ) * 0.8 ) );margin-top:0px;margin-bottom:20px;\"><div class=\"fusion-column-wrapper fusion-flex-column-wrapper-legacy\" style=\"background-position:left top;background-repeat:no-repeat;-webkit-background-size:cover;-moz-background-size:cover;-o-background-size:cover;background-size:cover;padding: 0px 0px 0px 0px;\"><div class=\"fusion-sep-clear\"><\/div><div class=\"fusion-separator fusion-full-width-sep\" style=\"margin-left: auto;margin-right: auto;margin-top:5px;width:100%;\"><div class=\"fusion-separator-border sep-double\" style=\"border-color:#ffffff;border-top-width:1px;border-bottom-width:1px;\"><\/div><\/div><div class=\"fusion-sep-clear\"><\/div><div class=\"fusion-text fusion-text-9\"><ul>\n<li><em>&#8220;Els m\u00e9s joves, pel seu sentit de la immediatesa, no tenen por a provar coses diferents. Hem detectat que introdueixen els nous serveis de mobilitat en el seu entorn familiar&#8221;<\/em><\/li>\n<li><em>&#8220;\u00c9s important que als joves se&#8217;ls\u00a0 incentivi a utilitzar bicicletes i patinets abans que comencin a utilitzr els vechicles privats&#8221;<\/em><\/li>\n<li><em>&#8220;Si tot est\u00e0 ben treballat, \u00e9s un fals mite que els m\u00e9s joves siguin els que generin m\u00e9s incidents en el servei&#8221;<\/em><\/li>\n<li><em>&#8220;El paper de les administracions \u00e9s fonamental, a It\u00e0lia la micromobilitat est\u00e0 creixent molt en els darrers mesos per l&#8217;aposta decidida de les seves autoritats&#8221;<\/em><\/li>\n<\/ul>\n<p style=\"padding-left: 40px;\"><strong>Cristina Castillo (Co-fundadora de Reby)<\/strong><\/p>\n<\/div><div class=\"fusion-clearfix\"><\/div><\/div><\/div><\/div><div class=\"fusion-clearfix\"><\/div><\/div><\/div><div class=\"fusion-layout-column fusion_builder_column fusion-builder-column-9 fusion_builder_column_1_1 1_1 fusion-one-full fusion-column-first fusion-column-last\" style=\"margin-top:0px;margin-bottom:20px;\"><div class=\"fusion-column-wrapper fusion-flex-column-wrapper-legacy\" style=\"background-position:left top;background-repeat:no-repeat;-webkit-background-size:cover;-moz-background-size:cover;-o-background-size:cover;background-size:cover;border:1px solid #000000;padding: 0px 0px 0px 0px;\"><div class=\"fusion-sep-clear\"><\/div><div class=\"fusion-separator fusion-full-width-sep\" style=\"margin-left: auto;margin-right: auto;margin-top:4px;margin-bottom:4px;width:100%;\"><div class=\"fusion-separator-border sep-double\" style=\"border-color:#ffffff;border-top-width:1px;border-bottom-width:1px;\"><\/div><\/div><div class=\"fusion-sep-clear\"><\/div><div class=\"fusion-text fusion-text-10\"><p style=\"padding-left: 40px;\">Desde el <strong>Mobility Institute\u00a0<\/strong>volem agrair a les <strong>26 entitats p\u00fabliques i privades<\/strong> que es van registrar a aquest sis\u00e8 Webinar:<\/p>\n<p style=\"padding-left: 40px;\">(En orden alfab\u00e9tico)<\/p>\n<\/div><div class=\"fusion-sep-clear\"><\/div><div class=\"fusion-separator fusion-full-width-sep\" style=\"margin-left: auto;margin-right: auto;margin-top:4px;margin-bottom:4px;width:100%;\"><div class=\"fusion-separator-border sep-double\" style=\"border-color:#ffffff;border-top-width:1px;border-bottom-width:1px;\"><\/div><\/div><div class=\"fusion-sep-clear\"><\/div><div class=\"fusion-text fusion-text-11\"><p style=\"padding-left: 40px;\"><strong><em>ACCIONA,<\/em><\/strong> <strong><em>AUTOM\u00d2BIL CLUB D\u2019ANDORRA, ASOCIACI\u00d3N ESPA\u00d1OLA DEL RENTING (AER), ALSA, ATLANTIS IT, AUTOPISTAS, BMS, BARCELONA DE SERVEIS MUNICIPALS (B:SM), CINESI, DELOITTE, EMT MADRID, EUROPCAR, GRUP CATALANA OCCIDENT, IFEMA, RACC, REBY, RENFE, SABA, SAGAL\u00c9S, SEMAT, SMART CITY CONGRESS, SOCIALCAR, TEKIA INGENIEROS, TRANSPORTS METROPOLITANS DE BARCELONA (TMB), TRAXALL IBERIA i UBEEQO.<\/em><\/strong><\/p>\n<\/div><div class=\"fusion-sep-clear\"><\/div><div class=\"fusion-separator fusion-full-width-sep\" style=\"margin-left: auto;margin-right: auto;margin-top:4px;margin-bottom:4px;width:100%;\"><div class=\"fusion-separator-border sep-double\" style=\"border-color:#ffffff;border-top-width:1px;border-bottom-width:1px;\"><\/div><\/div><div class=\"fusion-sep-clear\"><\/div><div class=\"fusion-clearfix\"><\/div><\/div><\/div><\/div><\/div><\/p>\n","protected":false},"excerpt":{"rendered":"","protected":false},"author":570,"featured_media":0,"parent":0,"menu_order":87,"comment_status":"closed","ping_status":"closed","template":"","meta":{"footnotes":""},"yst_prominent_words":[3213,3207,3205,1698,3199,1700,1699,1642,3211,3209,3208,3190,264,3212,3182,3204,3201,3214,3210,273],"class_list":["post-7113","page","type-page","status-publish","hentry"],"_links":{"self":[{"href":"https:\/\/www.mobilityinstitute.es\/ca\/wp-json\/wp\/v2\/pages\/7113","targetHints":{"allow":["GET"]}}],"collection":[{"href":"https:\/\/www.mobilityinstitute.es\/ca\/wp-json\/wp\/v2\/pages"}],"about":[{"href":"https:\/\/www.mobilityinstitute.es\/ca\/wp-json\/wp\/v2\/types\/page"}],"author":[{"embeddable":true,"href":"https:\/\/www.mobilityinstitute.es\/ca\/wp-json\/wp\/v2\/users\/570"}],"replies":[{"embeddable":true,"href":"https:\/\/www.mobilityinstitute.es\/ca\/wp-json\/wp\/v2\/comments?post=7113"}],"version-history":[{"count":0,"href":"https:\/\/www.mobilityinstitute.es\/ca\/wp-json\/wp\/v2\/pages\/7113\/revisions"}],"wp:attachment":[{"href":"https:\/\/www.mobilityinstitute.es\/ca\/wp-json\/wp\/v2\/media?parent=7113"}],"wp:term":[{"taxonomy":"yst_prominent_words","embeddable":true,"href":"https:\/\/www.mobilityinstitute.es\/ca\/wp-json\/wp\/v2\/yst_prominent_words?post=7113"}],"curies":[{"name":"wp","href":"https:\/\/api.w.org\/{rel}","templated":true}]}}