{"id":7571,"date":"2020-11-26T15:53:53","date_gmt":"2020-11-26T14:53:53","guid":{"rendered":"https:\/\/www.mobilityinstitute.es\/mobility-webinars-presentacio-enquesta-barometre-mobilitat-2020-novembre-2020\/"},"modified":"2020-11-26T17:02:10","modified_gmt":"2020-11-26T16:02:10","slug":"mobility-webinars-presentacio-enquesta-barometre-mobilitat-2020-novembre-2020","status":"publish","type":"page","link":"https:\/\/www.mobilityinstitute.es\/ca\/mobility-webinars-presentacio-enquesta-barometre-mobilitat-2020-novembre-2020\/","title":{"rendered":"Mobility Webinars &#8211; Presentaci\u00f3 enquesta Bar\u00f2metre Mobilitat 2020 (Novembre 2020)"},"content":{"rendered":"<p><div class=\"fusion-fullwidth fullwidth-box fusion-builder-row-1 nonhundred-percent-fullwidth non-hundred-percent-height-scrolling\" style=\"background-color: rgba(255,255,255,0);background-position: center center;background-repeat: no-repeat;padding-top:0px;padding-right:0px;padding-bottom:0px;padding-left:0px;margin-bottom: 0px;margin-top: 0px;border-width: 0px 0px 0px 0px;border-color:#eae9e9;border-style:solid;\" ><div class=\"fusion-builder-row fusion-row\"><div class=\"fusion-layout-column fusion_builder_column fusion-builder-column-0 fusion_builder_column_1_1 1_1 fusion-one-full fusion-column-first fusion-column-last\" style=\"margin-top:0px;margin-bottom:20px;\"><div class=\"fusion-column-wrapper fusion-flex-column-wrapper-legacy\" style=\"background-position:left top;background-repeat:no-repeat;-webkit-background-size:cover;-moz-background-size:cover;-o-background-size:cover;background-size:cover;padding: 0px 0px 0px 0px;\"><div class=\"fusion-text fusion-text-1\"><p>El passat 20 de novembre es va presentar el Bar\u00f2metre de la nova mobilitat, una <strong>enquesta<\/strong>\u00a0<strong>de mesura cont\u00ednua sobre els nous h\u00e0bitos de mobilitat urbana<\/strong> en les dues principals ciutats espanyoles, <strong>Madrid i Barcelona. <\/strong>Aquesta presentaci\u00f3n va ser realitzada per l&#8217;equip del Mobility\u00a0 Institute en el marc de la setmana del <strong>Smart City Live 2020 de Barcelona<\/strong>.<\/p>\n<\/div><div class=\"fusion-sep-clear\"><\/div><div class=\"fusion-separator fusion-full-width-sep\" style=\"margin-left: auto;margin-right: auto;margin-top:10px;width:100%;\"><div class=\"fusion-separator-border sep-double\" style=\"border-color:#ffffff;border-top-width:1px;border-bottom-width:1px;\"><\/div><\/div><div class=\"fusion-sep-clear\"><\/div><div class=\"fusion-text fusion-text-2\"><p>Agra\u00efm a <strong>Gabriele Palma<\/strong> i a tot el seu equip haber acollit aquesta presentaci\u00f3 a <strong>CASA SEAT<\/strong>.<\/p>\n<\/div><div class=\"fusion-clearfix\"><\/div><\/div><\/div><div class=\"fusion-layout-column fusion_builder_column fusion-builder-column-1 fusion_builder_column_1_1 1_1 fusion-one-full fusion-column-first fusion-column-last\" style=\"margin-top:0px;margin-bottom:20px;\"><div class=\"fusion-column-wrapper fusion-flex-column-wrapper-legacy\" style=\"background-position:left top;background-repeat:no-repeat;-webkit-background-size:cover;-moz-background-size:cover;-o-background-size:cover;background-size:cover;padding: 0px 0px 0px 0px;\"><div class=\"fusion-sep-clear\"><\/div><div class=\"fusion-separator fusion-full-width-sep\" style=\"margin-left: auto;margin-right: auto;margin-top:20px;margin-bottom:4px;width:100%;\"><div class=\"fusion-separator-border sep-double\" style=\"border-color:#ffffff;border-top-width:1px;border-bottom-width:1px;\"><\/div><\/div><div class=\"fusion-sep-clear\"><\/div><div class=\"fusion-text fusion-text-3\"><p>A continuaci\u00f3 es pot accedir al<strong> V\u00cdDEO DEL WEBINAR:<\/strong> (Disponible \u00fanicament per a usuaris registrats)<\/p>\n<\/div><div class=\"fusion-sep-clear\"><\/div><div class=\"fusion-separator fusion-full-width-sep\" style=\"margin-left: auto;margin-right: auto;margin-top:4px;margin-bottom:4px;width:100%;\"><div class=\"fusion-separator-border sep-double\" style=\"border-color:#ffffff;border-top-width:1px;border-bottom-width:1px;\"><\/div><\/div><div class=\"fusion-sep-clear\"><\/div><div class=\"fusion-clearfix\"><\/div><\/div><\/div><\/div><\/div><div class=\"fusion-fullwidth fullwidth-box fusion-builder-row-2 nonhundred-percent-fullwidth non-hundred-percent-height-scrolling\" style=\"background-color: rgba(255,255,255,0);background-position: center center;background-repeat: no-repeat;padding-top:0px;padding-right:0px;padding-bottom:0px;padding-left:0px;margin-bottom: 0px;margin-top: 0px;border-width: 0px 0px 0px 0px;border-color:#eae9e9;border-style:solid;\" ><div class=\"fusion-builder-row fusion-row\"><div class=\"fusion-layout-column fusion_builder_column fusion-builder-column-2 fusion_builder_column_1_6 1_6 fusion-one-sixth fusion-column-first\" style=\"width:16.666666666667%;width:calc(16.666666666667% - ( ( 4% + 4% ) * 0.16666666666667 ) );margin-right: 4%;margin-top:0px;margin-bottom:20px;\"><div class=\"fusion-column-wrapper fusion-flex-column-wrapper-legacy\" style=\"background-position:left top;background-repeat:no-repeat;-webkit-background-size:cover;-moz-background-size:cover;-o-background-size:cover;background-size:cover;padding: 0px 0px 0px 0px;\"><div class=\"fusion-clearfix\"><\/div><\/div><\/div><div class=\"fusion-layout-column fusion_builder_column fusion-builder-column-3 fusion_builder_column_2_3 2_3 fusion-two-third\" style=\"width:66.666666666667%;width:calc(66.666666666667% - ( ( 4% + 4% ) * 0.66666666666667 ) );margin-right: 4%;margin-top:0px;margin-bottom:20px;\"><div class=\"fusion-column-wrapper fusion-flex-column-wrapper-legacy\" style=\"background-position:left top;background-repeat:no-repeat;-webkit-background-size:cover;-moz-background-size:cover;-o-background-size:cover;background-size:cover;padding: 0px 0px 0px 0px;\"><div class=\"fusion-text fusion-text-4\">\n<\/div><div class=\"fusion-clearfix\"><\/div><\/div><\/div><div class=\"fusion-layout-column fusion_builder_column fusion-builder-column-4 fusion_builder_column_1_6 1_6 fusion-one-sixth fusion-column-last\" style=\"width:16.666666666667%;width:calc(16.666666666667% - ( ( 4% + 4% ) * 0.16666666666667 ) );margin-top:0px;margin-bottom:20px;\"><div class=\"fusion-column-wrapper fusion-flex-column-wrapper-legacy\" style=\"background-position:left top;background-repeat:no-repeat;-webkit-background-size:cover;-moz-background-size:cover;-o-background-size:cover;background-size:cover;padding: 0px 0px 0px 0px;\"><div class=\"fusion-clearfix\"><\/div><\/div><\/div><div class=\"fusion-layout-column fusion_builder_column fusion-builder-column-5 fusion_builder_column_1_3 1_3 fusion-one-third fusion-column-first\" style=\"width:33.333333333333%;width:calc(33.333333333333% - ( ( 4% + 4% ) * 0.33333333333333 ) );margin-right: 4%;margin-top:0px;margin-bottom:20px;\"><div class=\"fusion-column-wrapper fusion-flex-column-wrapper-legacy\" style=\"background-position:left top;background-repeat:no-repeat;-webkit-background-size:cover;-moz-background-size:cover;-o-background-size:cover;background-size:cover;padding: 0px 0px 0px 0px;\"><div class=\"fusion-clearfix\"><\/div><\/div><\/div><div class=\"fusion-layout-column fusion_builder_column fusion-builder-column-6 fusion_builder_column_1_3 1_3 fusion-one-third\" style=\"width:33.333333333333%;width:calc(33.333333333333% - ( ( 4% + 4% ) * 0.33333333333333 ) );margin-right: 4%;margin-top:0px;margin-bottom:20px;\"><div class=\"fusion-column-wrapper fusion-flex-column-wrapper-legacy\" style=\"background-position:left top;background-repeat:no-repeat;-webkit-background-size:cover;-moz-background-size:cover;-o-background-size:cover;background-size:cover;padding: 0px 0px 0px 0px;\"><div class=\"fusion-text fusion-text-5\">\n<div class=\"fusion-login-box fusion-login-box-1 fusion-login-box-login fusion-login-align-center fusion-login-field-layout-stacked\"><style type=\"text\/css\">.fusion-login-box-1 .fusion-login-heading{color:#000;}.fusion-login-box-1 .fusion-login-caption{color:#fff;}.fusion-login-box-1 a{color:rgb(160, 206, 78);}<\/style><form class=\"fusion-login-form\" style=\"background-color:rgba(0,0,0,0);padding:0;\" name=\"loginform\" id=\"loginform\" method=\"post\" action=\"https:\/\/www.mobilityinstitute.es\/wp-login.php\"><div class=\"fusion-login-fields\"><div class=\"fusion-login-input-wrapper\"><label class=\"fusion-hidden-content\" for=\"user_login-1\">Nom d&#039;usuari o correu electr\u00f2nic<\/label><input type=\"text\" name=\"log\" placeholder=\"Nom d&#039;usuari o correu electr\u00f2nic\" value=\"\" size=\"20\" class=\"fusion-login-username input-text\" id=\"user_login-1\" \/><\/div><div class=\"fusion-login-input-wrapper\"><label class=\"fusion-hidden-content\" for=\"user_pass-1\">Clau<\/label><input type=\"password\" name=\"pwd\" placeholder=\"Clau\" value=\"\" size=\"20\" class=\"fusion-login-password input-text\" id=\"user_pass-1\" \/><\/div><\/div><div class=\"fusion-login-additional-content\"><div class=\"fusion-login-submit-wrapper\"><button class=\"fusion-login-button fusion-button button-default fusion-button-default-size fusion-login-button-no-fullwidth\" type=\"submit\" name=\"wp-submit\">Accedir<\/button><input type=\"hidden\" name=\"user-cookie\" value=\"1\" \/><input type=\"hidden\" name=\"redirect_to\" value=\"https:\/\/www.mobilityinstitute.es\/ca\/wp-json\/wp\/v2\/pages\/7571\" \/><input type=\"hidden\" name=\"fusion_login_box\" value=\"true\" \/><input type=\"hidden\" name=\"_wp_http_referer\" value=\"\/ca\/wp-json\/wp\/v2\/pages\/7571\" \/><span class=\"fusion-login-nonce\" style=\"display:none;\"><\/span><\/div><div class=\"fusion-login-links\"><a class=\"fusion-login-lost-passowrd\" target=\"_self\" href=\"https:\/\/www.mobilityinstitute.es\/resetear-contrasena\/\">No recordes la teva clau?<\/a><\/div><\/div><\/form><\/div>\n\n<\/div><div class=\"fusion-clearfix\"><\/div><\/div><\/div><div class=\"fusion-layout-column fusion_builder_column fusion-builder-column-7 fusion_builder_column_1_3 1_3 fusion-one-third fusion-column-last\" style=\"width:33.333333333333%;width:calc(33.333333333333% - ( ( 4% + 4% ) * 0.33333333333333 ) );margin-top:0px;margin-bottom:20px;\"><div class=\"fusion-column-wrapper fusion-flex-column-wrapper-legacy\" style=\"background-position:left top;background-repeat:no-repeat;-webkit-background-size:cover;-moz-background-size:cover;-o-background-size:cover;background-size:cover;padding: 0px 0px 0px 0px;\"><div class=\"fusion-clearfix\"><\/div><\/div><\/div><\/div><\/div><div class=\"fusion-fullwidth fullwidth-box fusion-builder-row-3 nonhundred-percent-fullwidth non-hundred-percent-height-scrolling\" style=\"background-color: rgba(255,255,255,0);background-position: center center;background-repeat: no-repeat;padding-top:0px;padding-right:0px;padding-bottom:0px;padding-left:0px;margin-bottom: 0px;margin-top: 0px;border-width: 0px 0px 0px 0px;border-color:#eae9e9;border-style:solid;\" ><div class=\"fusion-builder-row fusion-row\"><div class=\"fusion-layout-column fusion_builder_column fusion-builder-column-8 fusion_builder_column_1_1 1_1 fusion-one-full fusion-column-first fusion-column-last\" style=\"margin-top:0px;margin-bottom:0px;\"><div class=\"fusion-column-wrapper fusion-flex-column-wrapper-legacy\" style=\"background-position:left top;background-repeat:no-repeat;-webkit-background-size:cover;-moz-background-size:cover;-o-background-size:cover;background-size:cover;padding: 0px 0px 0px 0px;\"><div class=\"fusion-sep-clear\"><\/div><div class=\"fusion-separator fusion-full-width-sep\" style=\"margin-left: auto;margin-right: auto;margin-top:4px;margin-bottom:4px;width:100%;\"><div class=\"fusion-separator-border sep-double\" style=\"border-color:#ffffff;border-top-width:1px;border-bottom-width:1px;\"><\/div><\/div><div class=\"fusion-sep-clear\"><\/div><div class=\"fusion-text fusion-text-6\">\r\n\r\n\r\n<div class=\"fusion-login-box fusion-login-box-2 fusion-login-box-login fusion-login-align-center fusion-login-field-layout-stacked\"><style type=\"text\/css\">.fusion-login-box-2 .fusion-login-heading{color:#000;}.fusion-login-box-2 .fusion-login-caption{color:#fff;}.fusion-login-box-2 a{color:#fff;}<\/style><h3 class=\"fusion-login-heading\">Introdueix les teves credencials per a accedir al contingut<\/h3><form class=\"fusion-login-form\" style=\"background-color:rgba(0,0,0,0.68);\" name=\"loginform\" id=\"loginform\" method=\"post\" action=\"https:\/\/www.mobilityinstitute.es\/wp-login.php\"><div class=\"fusion-login-fields\"><div class=\"fusion-login-input-wrapper\"><label class=\"fusion-hidden-content\" for=\"user_login-2\">Nom d&#039;usuari o correu electr\u00f2nic<\/label><input type=\"text\" name=\"log\" placeholder=\"Nom d&#039;usuari o correu electr\u00f2nic\" value=\"\" size=\"20\" class=\"fusion-login-username input-text\" id=\"user_login-2\" \/><\/div><div class=\"fusion-login-input-wrapper\"><label class=\"fusion-hidden-content\" for=\"user_pass-2\">Clau<\/label><input type=\"password\" name=\"pwd\" placeholder=\"Clau\" value=\"\" size=\"20\" class=\"fusion-login-password input-text\" id=\"user_pass-2\" \/><\/div><\/div><div class=\"fusion-login-additional-content\"><div class=\"fusion-login-submit-wrapper\"><button class=\"fusion-login-button fusion-button button-default fusion-button-default-size fusion-login-button-no-fullwidth\" type=\"submit\" name=\"wp-submit\">Accedir<\/button><input type=\"hidden\" name=\"user-cookie\" value=\"1\" \/><input type=\"hidden\" name=\"redirect_to\" value=\"https:\/\/www.mobilityinstitute.es\/ca\/wp-json\/wp\/v2\/pages\/7571\" \/><input type=\"hidden\" name=\"fusion_login_box\" value=\"true\" \/><input type=\"hidden\" name=\"_wp_http_referer\" value=\"\/ca\/wp-json\/wp\/v2\/pages\/7571\" \/><span class=\"fusion-login-nonce\" style=\"display:none;\"><\/span><\/div><div class=\"fusion-login-links\"><label class=\"fusion-login-remember-me\"><input name=\"rememberme\" type=\"checkbox\" id=\"rememberme\" value=\"forever\" \/>Recordar<\/label><a class=\"fusion-login-lost-passowrd\" target=\"_self\" href=\"https:\/\/www.mobilityinstitute.es\/ca\/resetejar-clau\/\">No recordes la teva clau?<\/a><\/div><\/div><\/form><\/div>\r\n\r\n\n<div class=\"wpcf7 no-js\" id=\"wpcf7-f933-o1\" lang=\"ca\" dir=\"ltr\" data-wpcf7-id=\"933\">\n<div class=\"screen-reader-response\"><p role=\"status\" aria-live=\"polite\" aria-atomic=\"true\"><\/p> <ul><\/ul><\/div>\n<form action=\"\/ca\/wp-json\/wp\/v2\/pages\/7571#wpcf7-f933-o1\" method=\"post\" class=\"wpcf7-form init\" aria-label=\"Formulari de contacte\" novalidate=\"novalidate\" data-status=\"init\">\n<fieldset class=\"hidden-fields-container\"><input type=\"hidden\" name=\"_wpcf7\" value=\"933\" \/><input type=\"hidden\" name=\"_wpcf7_version\" value=\"6.1.5\" \/><input type=\"hidden\" name=\"_wpcf7_locale\" value=\"ca\" \/><input type=\"hidden\" name=\"_wpcf7_unit_tag\" value=\"wpcf7-f933-o1\" \/><input type=\"hidden\" name=\"_wpcf7_container_post\" value=\"0\" \/><input type=\"hidden\" name=\"_wpcf7_posted_data_hash\" value=\"\" \/>\n<\/fieldset>\n\n<p style=\"font-weight: 400\"><em>Aquest contingut \u00e9s exclusiu per a associats del Mobility Institute. Si vol m\u00e9s informaci\u00f3 de com associar-se, contacti amb nosaltres mitjan\u00e7ant el seg\u00fcent formulari<\/em>\n<\/p>\n<p><label> Nom*<br \/>\n<span class=\"wpcf7-form-control-wrap\" data-name=\"contactname\"><input size=\"40\" maxlength=\"400\" class=\"wpcf7-form-control wpcf7-text wpcf7-validates-as-required\" id=\"name\" aria-required=\"true\" aria-invalid=\"false\" value=\"\" type=\"text\" name=\"contactname\" \/><\/span> <\/label>\n<\/p>\n<p><label> Empresa*<br \/>\n<span class=\"wpcf7-form-control-wrap\" data-name=\"empresa\"><input size=\"40\" maxlength=\"400\" class=\"wpcf7-form-control wpcf7-text wpcf7-validates-as-required\" id=\"company\" aria-required=\"true\" aria-invalid=\"false\" value=\"\" type=\"text\" name=\"empresa\" \/><\/span> <\/label>\n<\/p>\n<p><label> Tel\u00e8fon*<br \/>\n<span class=\"wpcf7-form-control-wrap\" data-name=\"phone\"><input size=\"40\" maxlength=\"400\" class=\"wpcf7-form-control wpcf7-tel wpcf7-validates-as-required wpcf7-text wpcf7-validates-as-tel\" id=\"phone\" aria-required=\"true\" aria-invalid=\"false\" value=\"\" type=\"tel\" name=\"phone\" \/><\/span> <\/label>\n<\/p>\n<p><label> E-mail*<br \/>\n<span class=\"wpcf7-form-control-wrap\" data-name=\"email\"><input size=\"40\" maxlength=\"400\" class=\"wpcf7-form-control wpcf7-email wpcf7-validates-as-required wpcf7-text wpcf7-validates-as-email\" id=\"email\" aria-required=\"true\" aria-invalid=\"false\" value=\"\" type=\"email\" name=\"email\" \/><\/span> <\/label>\n<\/p>\n<p><label> Missatge<br \/>\n<span class=\"wpcf7-form-control-wrap\" data-name=\"message\"><textarea cols=\"40\" rows=\"10\" maxlength=\"2000\" class=\"wpcf7-form-control wpcf7-textarea\" id=\"message\" aria-invalid=\"false\" name=\"message\"><\/textarea><\/span> <\/label>\n<\/p>\n<div style=\"width:100%;text-align:center;margin-top:30px\">\n\t<p><input class=\"wpcf7-form-control wpcf7-submit has-spinner fusion-button button-flat fusion-button-round button-large button-custom button-1\" id=\"submitcontact\" type=\"submit\" value=\"Enviar\" \/>\n\t<\/p>\n<\/div><div class=\"fusion-alert alert custom alert-custom fusion-alert-center wpcf7-response-output fusion-alert-capitalize alert-dismissable\" role=\"alert\" style=\"border-width:1px;\"><div class=\"fusion-alert-content-wrapper\"><span class=\"fusion-alert-content\"><\/span><\/div><button type=\"button\" class=\"close toggle-alert\" data-dismiss=\"alert\" aria-label=\"Close\">&times;<\/button><\/div>\n<\/form>\n<\/div>\n\r\n\r\n\r\n\n<\/div><div class=\"fusion-clearfix\"><\/div><\/div><\/div><div class=\"fusion-layout-column fusion_builder_column fusion-builder-column-9 fusion_builder_column_1_1 1_1 fusion-one-full fusion-column-first fusion-column-last\" style=\"margin-top:0px;margin-bottom:0px;\"><div class=\"fusion-column-wrapper fusion-flex-column-wrapper-legacy\" style=\"background-position:left top;background-repeat:no-repeat;-webkit-background-size:cover;-moz-background-size:cover;-o-background-size:cover;background-size:cover;padding: 0px 0px 0px 0px;\"><div class=\"fusion-text fusion-text-7\"><p>Accedeix mitjan\u00e7ant aquest enlla\u00e7 a tota la informaci\u00f3 de l&#8217;enquesta:<\/p>\n<p><a href=\"https:\/\/www.mobilityinstitute.es\/ca\/enquesta-usuaris\/\" target=\"_blank\" rel=\"noopener noreferrer\">Informaci\u00f3 complerta de l&#8217;enquesta a usuaris de Madrid i Barcelona<\/a><\/p>\n<\/div><div class=\"fusion-sep-clear\"><\/div><div class=\"fusion-separator fusion-full-width-sep\" style=\"margin-left: auto;margin-right: auto;margin-top:4px;margin-bottom:4px;width:100%;\"><div class=\"fusion-separator-border sep-double\" style=\"border-color:#ffffff;border-top-width:1px;border-bottom-width:1px;\"><\/div><\/div><div class=\"fusion-sep-clear\"><\/div><div class=\"fusion-clearfix\"><\/div><\/div><\/div><div class=\"fusion-layout-column fusion_builder_column fusion-builder-column-10 fusion_builder_column_1_1 1_1 fusion-one-full fusion-column-first fusion-column-last\" style=\"margin-top:0px;margin-bottom:20px;\"><div class=\"fusion-column-wrapper fusion-flex-column-wrapper-legacy\" style=\"background-position:left top;background-repeat:no-repeat;-webkit-background-size:cover;-moz-background-size:cover;-o-background-size:cover;background-size:cover;border-width: 1px 1px 1px 1px;border-color:#000000;border-style:solid;padding: 0px 0px 0px 0px;\"><div class=\"fusion-sep-clear\"><\/div><div class=\"fusion-separator fusion-full-width-sep\" style=\"margin-left: auto;margin-right: auto;margin-top:4px;margin-bottom:4px;width:100%;\"><div class=\"fusion-separator-border sep-double\" style=\"border-color:#ffffff;border-top-width:1px;border-bottom-width:1px;\"><\/div><\/div><div class=\"fusion-sep-clear\"><\/div><div class=\"fusion-text fusion-text-8\"><p style=\"padding-left: 40px;\">Resumim breument <strong>3 dels insights presentats<\/strong>:<\/p>\n<\/div><div class=\"fusion-sep-clear\"><\/div><div class=\"fusion-separator fusion-full-width-sep\" style=\"margin-left: auto;margin-right: auto;margin-top:15px;margin-bottom:4px;width:100%;\"><div class=\"fusion-separator-border sep-double\" style=\"border-color:#ffffff;border-top-width:1px;border-bottom-width:1px;\"><\/div><\/div><div class=\"fusion-sep-clear\"><\/div><div class=\"fusion-builder-row fusion-builder-row-inner fusion-row\"><div class=\"fusion-layout-column fusion_builder_column_inner fusion-builder-nested-column-0 fusion_builder_column_inner_1_5 1_5 fusion-one-fifth fusion-column-first\" style=\"width:20%;width:calc(20% - ( ( 4% ) * 0.2 ) );margin-right: 4%;margin-top:0px;margin-bottom:20px;\"><div class=\"fusion-column-wrapper fusion-flex-column-wrapper-legacy\" style=\"background-position:left top;background-repeat:no-repeat;-webkit-background-size:cover;-moz-background-size:cover;-o-background-size:cover;background-size:cover;padding: 0px 0px 0px 0px;\"><div class=\"fusion-sep-clear\"><\/div><div class=\"fusion-separator fusion-full-width-sep\" style=\"margin-left: auto;margin-right: auto;margin-top:30px;width:100%;\"><div class=\"fusion-separator-border sep-double\" style=\"border-color:#ffffff;border-top-width:1px;border-bottom-width:1px;\"><\/div><\/div><div class=\"fusion-sep-clear\"><\/div><div class=\"imageframe-align-center\"><span class=\" fusion-imageframe imageframe-none imageframe-1 hover-type-none\"><img decoding=\"async\" width=\"237\" height=\"152\" title=\"TP\" src=\"https:\/\/www.mobilityinstitute.es\/wp-content\/uploads\/2020\/11\/www.mobilityinstitute.es-tp.png\" data-orig-src=\"https:\/\/www.mobilityinstitute.es\/wp-content\/uploads\/2020\/11\/www.mobilityinstitute.es-tp.png\" alt class=\"lazyload img-responsive wp-image-7452\" srcset=\"data:image\/svg+xml,%3Csvg%20xmlns%3D%27http%3A%2F%2Fwww.w3.org%2F2000%2Fsvg%27%20width%3D%27237%27%20height%3D%27152%27%20viewBox%3D%270%200%20237%20152%27%3E%3Crect%20width%3D%27237%27%20height%3D%27152%27%20fill-opacity%3D%220%22%2F%3E%3C%2Fsvg%3E\" data-srcset=\"https:\/\/www.mobilityinstitute.es\/wp-content\/uploads\/2020\/11\/www.mobilityinstitute.es-tp-200x128.png 200w, https:\/\/www.mobilityinstitute.es\/wp-content\/uploads\/2020\/11\/www.mobilityinstitute.es-tp.png 237w\" data-sizes=\"auto\" data-orig-sizes=\"(max-width: 800px) 100vw, 237px\" \/><\/span><\/div><div class=\"fusion-clearfix\"><\/div><\/div><\/div><div class=\"fusion-layout-column fusion_builder_column_inner fusion-builder-nested-column-1 fusion_builder_column_inner_4_5 4_5 fusion-four-fifth fusion-column-last\" style=\"width:80%;width:calc(80% - ( ( 4% ) * 0.8 ) );margin-top:0px;margin-bottom:20px;\"><div class=\"fusion-column-wrapper fusion-flex-column-wrapper-legacy\" style=\"background-position:left top;background-repeat:no-repeat;-webkit-background-size:cover;-moz-background-size:cover;-o-background-size:cover;background-size:cover;padding: 0px 0px 0px 0px;\"><div class=\"fusion-sep-clear\"><\/div><div class=\"fusion-separator fusion-full-width-sep\" style=\"margin-left: auto;margin-right: auto;margin-top:5px;width:100%;\"><div class=\"fusion-separator-border sep-double\" style=\"border-color:#ffffff;border-top-width:1px;border-bottom-width:1px;\"><\/div><\/div><div class=\"fusion-sep-clear\"><\/div><div class=\"fusion-text fusion-text-9\"><p><b>Respecte al mode troncal de mobilitat en els dies laborables: Tot tornar\u00e0 a la situaci\u00f3 normal<\/b><\/p>\n<ul>\n<li>En els darrers mesos ha hagut un descens de la gent que utilitza el transporte p\u00fablic, que ara utilitza altres modes: vehicle privat, micro-mobilitat o va caminant.<\/li>\n<li>Tanmateix, hi\u00a0 ha aproximadament <b>un 30% de persones que ja s&#8217;est\u00e0 plantejant canviar<\/b> la seva mobilitat, y d&#8217;aquests <b>m\u00e9s de la meitat (56% a BCN i 59% a MAD) es plantegen tornar al transport p\u00fablic<\/b>.<\/li>\n<li>La nostra lectura \u00e9s que la mobilitat acabar\u00e1 &#8220;tornant a la seva normalitat&#8221; (Encara que probablment amb menys despla\u00e7aments totals).<\/li>\n<\/ul>\n<\/div><div class=\"fusion-clearfix\"><\/div><\/div><\/div><\/div><div class=\"fusion-sep-clear\"><\/div><div class=\"fusion-separator\" style=\"margin-left: auto;margin-right: auto;width:100%;max-width:80%;\"><div class=\"fusion-separator-border sep-single sep-solid\" style=\"border-color:#8bc34a;border-top-width:1px;\"><\/div><\/div><div class=\"fusion-sep-clear\"><\/div><div class=\"fusion-builder-row fusion-builder-row-inner fusion-row\"><div class=\"fusion-layout-column fusion_builder_column_inner fusion-builder-nested-column-2 fusion_builder_column_inner_4_5 4_5 fusion-four-fifth fusion-column-first\" style=\"width:80%;width:calc(80% - ( ( 4% ) * 0.8 ) );margin-right: 4%;margin-top:0px;margin-bottom:20px;\"><div class=\"fusion-column-wrapper fusion-flex-column-wrapper-legacy\" style=\"background-position:left top;background-repeat:no-repeat;-webkit-background-size:cover;-moz-background-size:cover;-o-background-size:cover;background-size:cover;padding: 0px 0px 0px 0px;\"><div class=\"fusion-sep-clear\"><\/div><div class=\"fusion-separator fusion-full-width-sep\" style=\"margin-left: auto;margin-right: auto;margin-top:5px;width:100%;\"><div class=\"fusion-separator-border sep-double\" style=\"border-color:#ffffff;border-top-width:1px;border-bottom-width:1px;\"><\/div><\/div><div class=\"fusion-sep-clear\"><\/div><div class=\"fusion-text fusion-text-10\"><p style=\"text-align: right;\"><b>Respecte a la utilitzaci\u00f3 dels VMP privats: Ha crescut, ja no creixer\u00e0 tant,\u00a0 per\u00f2 \u00e9s un mode fidelitzat.<\/b><\/p>\n<ul>\n<li>La utilitzaci\u00f3 de patinets a Barcelona ha crescut molt. A l&#8217;any 2020, hi ha un <b>15% de Llars que declaren tenir algun patinet a casa<\/b>. A l&#8217;any 2019, aquesta dada era la meitad, el 7%. A Madrid tamb\u00e9 ha crescut per\u00f2 no tant, ha passat del 5% al 2019 al 8% al 2020.<\/li>\n<li>Creiem que <b>el creixement desaccelerar\u00e0<\/b>. El % de ciutadans que es planteja cambiar-se al patinet ha baixat respecte l&#8217;any passat.<\/li>\n<li><b>Entre les llars amb algun patinet, al 2020 a Barcelona el 52% declara tenir m\u00e9s d&#8217;un patinet a casa. A Madrid aquesta cifra \u00e9s del 48%<\/b>. L&#8217;any 2019 aquesta cifra era el 14% i 26% respectivament. La nostra lectura \u00e9s que quan es prova, hi ha m\u00e9s d&#8217;un membre de la fam\u00edlia que el compra. Per tant, creiem que \u00e9s un mode que est\u00e0 consolidat entre els seus usuarios actuals.<\/li>\n<\/ul>\n<\/div><div class=\"fusion-clearfix\"><\/div><\/div><\/div><div class=\"fusion-layout-column fusion_builder_column_inner fusion-builder-nested-column-3 fusion_builder_column_inner_1_5 1_5 fusion-one-fifth fusion-column-last\" style=\"width:20%;width:calc(20% - ( ( 4% ) * 0.2 ) );margin-top:0px;margin-bottom:20px;\"><div class=\"fusion-column-wrapper fusion-flex-column-wrapper-legacy\" style=\"background-image: linear-gradient(180deg, #ffffff 0%,#ffffff 100%);background-position:left top;background-repeat:no-repeat;-webkit-background-size:cover;-moz-background-size:cover;-o-background-size:cover;background-size:cover;background-color:#ffffff;padding: 0px 0px 0px 0px;\"><div class=\"fusion-sep-clear\"><\/div><div class=\"fusion-separator fusion-full-width-sep\" style=\"margin-left: auto;margin-right: auto;margin-top:30px;width:100%;\"><div class=\"fusion-separator-border sep-double\" style=\"border-color:#ffffff;border-top-width:1px;border-bottom-width:1px;\"><\/div><\/div><div class=\"fusion-sep-clear\"><\/div><div class=\"imageframe-align-center\"><span class=\" fusion-imageframe imageframe-none imageframe-2 hover-type-none\"><img decoding=\"async\" width=\"178\" height=\"183\" title=\"patinete\" src=\"data:image\/svg+xml,%3Csvg%20xmlns%3D%27http%3A%2F%2Fwww.w3.org%2F2000%2Fsvg%27%20width%3D%27178%27%20height%3D%27183%27%20viewBox%3D%270%200%20178%20183%27%3E%3Crect%20width%3D%27178%27%20height%3D%27183%27%20fill-opacity%3D%220%22%2F%3E%3C%2Fsvg%3E\" data-orig-src=\"https:\/\/www.mobilityinstitute.es\/wp-content\/uploads\/2020\/11\/www.mobilityinstitute.es-patinete.png\" alt class=\"lazyload img-responsive wp-image-7471\"\/><\/span><\/div><div class=\"fusion-clearfix\"><\/div><\/div><\/div><\/div><div class=\"fusion-sep-clear\"><\/div><div class=\"fusion-separator\" style=\"margin-left: auto;margin-right: auto;width:100%;max-width:80%;\"><div class=\"fusion-separator-border sep-single sep-solid\" style=\"border-color:#8bc34a;border-top-width:1px;\"><\/div><\/div><div class=\"fusion-sep-clear\"><\/div><div class=\"fusion-builder-row fusion-builder-row-inner fusion-row\"><div class=\"fusion-layout-column fusion_builder_column_inner fusion-builder-nested-column-4 fusion_builder_column_inner_1_5 1_5 fusion-one-fifth fusion-column-first\" style=\"width:20%;width:calc(20% - ( ( 4% ) * 0.2 ) );margin-right: 4%;margin-top:0px;margin-bottom:20px;\"><div class=\"fusion-column-wrapper fusion-flex-column-wrapper-legacy\" style=\"background-image: linear-gradient(180deg, #ffffff 0%,#ffffff 100%);background-position:left top;background-repeat:no-repeat;-webkit-background-size:cover;-moz-background-size:cover;-o-background-size:cover;background-size:cover;background-color:#ffffff;padding: 0px 0px 0px 0px;\"><div class=\"fusion-sep-clear\"><\/div><div class=\"fusion-separator fusion-full-width-sep\" style=\"margin-left: auto;margin-right: auto;margin-top:30px;width:100%;\"><div class=\"fusion-separator-border sep-double\" style=\"border-color:#ffffff;border-top-width:1px;border-bottom-width:1px;\"><\/div><\/div><div class=\"fusion-sep-clear\"><\/div><div class=\"imageframe-align-center\"><span class=\" fusion-imageframe imageframe-none imageframe-3 hover-type-none\"><img decoding=\"async\" width=\"178\" height=\"166\" title=\"Ciudadanos\" src=\"data:image\/svg+xml,%3Csvg%20xmlns%3D%27http%3A%2F%2Fwww.w3.org%2F2000%2Fsvg%27%20width%3D%27178%27%20height%3D%27166%27%20viewBox%3D%270%200%20178%20166%27%3E%3Crect%20width%3D%27178%27%20height%3D%27166%27%20fill-opacity%3D%220%22%2F%3E%3C%2Fsvg%3E\" data-orig-src=\"https:\/\/www.mobilityinstitute.es\/wp-content\/uploads\/2020\/11\/www.mobilityinstitute.es-ciudadanos.png\" alt class=\"lazyload img-responsive wp-image-7462\"\/><\/span><\/div><div class=\"fusion-clearfix\"><\/div><\/div><\/div><div class=\"fusion-layout-column fusion_builder_column_inner fusion-builder-nested-column-5 fusion_builder_column_inner_4_5 4_5 fusion-four-fifth fusion-column-last\" style=\"width:80%;width:calc(80% - ( ( 4% ) * 0.8 ) );margin-top:0px;margin-bottom:20px;\"><div class=\"fusion-column-wrapper fusion-flex-column-wrapper-legacy\" style=\"background-position:left top;background-repeat:no-repeat;-webkit-background-size:cover;-moz-background-size:cover;-o-background-size:cover;background-size:cover;padding: 0px 15px 0px 0px;\"><div class=\"fusion-sep-clear\"><\/div><div class=\"fusion-separator fusion-full-width-sep\" style=\"margin-left: auto;margin-right: auto;margin-top:5px;width:100%;\"><div class=\"fusion-separator-border sep-double\" style=\"border-color:#ffffff;border-top-width:1px;border-bottom-width:1px;\"><\/div><\/div><div class=\"fusion-sep-clear\"><\/div><div class=\"fusion-text fusion-text-11\"><p><strong>Respecte a les entregues de e-commerce: Hi ha un important grup d&#8217;usuaris que estaria disposat a recollir a Hubs<\/strong><\/p>\n<ul>\n<li>Entre els usuaris que declaren comprar per Internet, <strong>a Madrid hi ha un 87% que reben les compres a casa<\/strong>. <strong>A Barcelona aquesta xifra \u00e9s del 81%<\/strong>.<\/li>\n<li>Per\u00f2 quan proposem alternatives, a Madrid hi ha un <strong>45% d&#8217;usuaris d&#8217;e-commerce que aceptaria rebre les compres en un aparcament p\u00fablic proper amb un servei 24h (&#8220;Hub&#8221;)<\/strong>: 25% perqu\u00e8 \u00e9s una millora en la log\u00edstica urbana i un 20% ho aceptar\u00eda si hagu\u00e9s un estalvi en les despeses d&#8217;enviament.<\/li>\n<li><strong>A Barcelona<\/strong> el % de compradors afins a aquest sistema \u00e9s encara superior: <strong>Un 51% aceptaria recollida a &#8220;Hubs&#8221;<\/strong>. Un 33% ho acceptar\u00eda per a millorar la sostenibilidad de la mobilitat a la ciutat i un 18% ho utilitzaria si hagu\u00e9s una reducci\u00f3 de les despeses d&#8217;enviament.<\/li>\n<\/ul>\n<\/div><div class=\"fusion-clearfix\"><\/div><\/div><\/div><\/div><div class=\"fusion-clearfix\"><\/div><\/div><\/div><div class=\"fusion-layout-column fusion_builder_column fusion-builder-column-11 fusion_builder_column_1_1 1_1 fusion-one-full fusion-column-first fusion-column-last\" style=\"margin-top:0px;margin-bottom:20px;\"><div class=\"fusion-column-wrapper fusion-flex-column-wrapper-legacy\" style=\"background-position:left top;background-repeat:no-repeat;-webkit-background-size:cover;-moz-background-size:cover;-o-background-size:cover;background-size:cover;border-width: 1px 1px 1px 1px;border-color:#000000;border-style:solid;padding: 0px 0px 0px 0px;\"><div class=\"fusion-sep-clear\"><\/div><div class=\"fusion-separator fusion-full-width-sep\" style=\"margin-left: auto;margin-right: auto;margin-top:4px;margin-bottom:4px;width:100%;\"><div class=\"fusion-separator-border sep-double\" style=\"border-color:#ffffff;border-top-width:1px;border-bottom-width:1px;\"><\/div><\/div><div class=\"fusion-sep-clear\"><\/div><div class=\"fusion-text fusion-text-12\"><p style=\"padding-left: 40px;\">Des del <strong>Mobility Institute\u00a0<\/strong>volem agrair a les <strong>33 entitats p\u00fabliques i privades<\/strong> que es van registrar a aquest vuit\u00e8 Webinar:<\/p>\n<p style=\"padding-left: 40px;\">(En orden alfab\u00e9tico)<\/p>\n<\/div><div class=\"fusion-sep-clear\"><\/div><div class=\"fusion-separator fusion-full-width-sep\" style=\"margin-left: auto;margin-right: auto;margin-top:4px;margin-bottom:4px;width:100%;\"><div class=\"fusion-separator-border sep-double\" style=\"border-color:#ffffff;border-top-width:1px;border-bottom-width:1px;\"><\/div><\/div><div class=\"fusion-sep-clear\"><\/div><div class=\"fusion-text fusion-text-13\"><p style=\"padding-left: 40px;\"><strong><em>ACCIONA,<\/em><\/strong> <strong><em>AUTOM\u00d2BIL CLUB D\u2019ANDORRA, ASOCIACI\u00d3N ESPA\u00d1OLA DEL RENTING (AER), AJUNTAMENT DE L&#8217;HOSPITALET DE LLOBREGAT, \u00c0REA METROPOLITANA DE BARCELONA( AMB), ATLANTIS IT, AUTOPISTAS, AUTORITAT TRANSPORT METROPOLIT\u00c0 (ATM), AYUNTAMIENTO DE MADRID, BARCELONA DE SERVEIS MUNICIPALS (B:SM), CINESI, DELOITTE, DOYMO, <\/em><\/strong><strong><em>ETECNIC, EUROPCAR, FERROCARRILS DE LA GENERALITAT DE CATALUNYA (FGC), GENERALITAT DE CATALUNYA, GRUP CATALANA OCCIDENT, GRUPO INDIGO, IFEMA, NOMMON, RACC, RAILGRUP, REBY, RENFE, SABA, SAGAL\u00c9S, SERVEI CATAL\u00c0 DE TRANSIT (SCT) , SOCIAL CAR, TEKIA INGENIEROS, TRANSPORTS METROPOLITANS DE BARCELONA (TMB), TRAXALL IBERIA i WIBLE.<\/em><\/strong><\/p>\n<\/div><div class=\"fusion-sep-clear\"><\/div><div class=\"fusion-separator fusion-full-width-sep\" style=\"margin-left: auto;margin-right: auto;margin-top:4px;margin-bottom:4px;width:100%;\"><div class=\"fusion-separator-border sep-double\" style=\"border-color:#ffffff;border-top-width:1px;border-bottom-width:1px;\"><\/div><\/div><div class=\"fusion-sep-clear\"><\/div><div class=\"fusion-clearfix\"><\/div><\/div><\/div><\/div><\/div><div class=\"fusion-fullwidth fullwidth-box fusion-builder-row-4 fusion-flex-container nonhundred-percent-fullwidth non-hundred-percent-height-scrolling\" style=\"background-color: rgba(255,255,255,0);background-position: center center;background-repeat: no-repeat;border-width: 0px 0px 0px 0px;border-color:#eae9e9;border-style:solid;\" ><div class=\"fusion-builder-row fusion-row fusion-flex-align-items-flex-start\" style=\"max-width:1248px;margin-left: calc(-4% \/ 2 );margin-right: calc(-4% \/ 2 );\"><div class=\"fusion-layout-column fusion_builder_column fusion-builder-column-12 fusion_builder_column_1_1 1_1 fusion-flex-column\"><div class=\"fusion-column-wrapper fusion-flex-justify-content-flex-start fusion-content-layout-column\" style=\"background-position:left top;background-repeat:no-repeat;-webkit-background-size:cover;-moz-background-size:cover;-o-background-size:cover;background-size:cover;padding: 0px 0px 0px 0px;\"><div class=\"fusion-text fusion-text-14\"><p>A continuaci\u00f3 es mostren algunes imatges de la presentaci\u00f3:<\/p>\n<\/div><div class=\"fusion-separator fusion-full-width-sep\" style=\"align-self: center;margin-left: auto;margin-right: auto;margin-top:4px;margin-bottom:4px;width:100%;\"><div class=\"fusion-separator-border sep-double\" style=\"border-color:#ffffff;border-top-width:1px;border-bottom-width:1px;\"><\/div><\/div><style type=\"text\/css\">.fusion-gallery-1 .fusion-gallery-image {border:0px solid #f6f6f6;}<\/style><div class=\"awb-gallery-wrapper awb-gallery-wrapper-1 button-span-no\"><div class=\"fusion-gallery fusion-gallery-container fusion-grid-3 fusion-columns-total-6 fusion-gallery-layout-grid fusion-gallery-1\" style=\"margin:-5px;\"><div style=\"padding:5px;\" class=\"fusion-grid-column fusion-gallery-column fusion-gallery-column-3 hover-type-none\"><div class=\"fusion-gallery-image\"><a href=\"https:\/\/www.mobilityinstitute.es\/wp-content\/uploads\/2020\/11\/www.mobilityinstitute.es-11.jpg\" rel=\"noreferrer\" data-rel=\"iLightbox[gallery_image_1]\" class=\"fusion-lightbox\" target=\"_self\"><img decoding=\"async\" src=\"https:\/\/www.mobilityinstitute.es\/wp-content\/uploads\/2020\/11\/www.mobilityinstitute.es-11.jpg\" data-orig-src=\"https:\/\/www.mobilityinstitute.es\/wp-content\/uploads\/2020\/11\/www.mobilityinstitute.es-11.jpg\" width=\"1768\" height=\"1125\" alt=\"\" title=\"11\" aria-label=\"11\" class=\"lazyload img-responsive wp-image-7538\" srcset=\"data:image\/svg+xml,%3Csvg%20xmlns%3D%27http%3A%2F%2Fwww.w3.org%2F2000%2Fsvg%27%20width%3D%271768%27%20height%3D%271125%27%20viewBox%3D%270%200%201768%201125%27%3E%3Crect%20width%3D%271768%27%20height%3D%271125%27%20fill-opacity%3D%220%22%2F%3E%3C%2Fsvg%3E\" data-srcset=\"https:\/\/www.mobilityinstitute.es\/wp-content\/uploads\/2020\/11\/www.mobilityinstitute.es-11-200x127.jpg 200w, https:\/\/www.mobilityinstitute.es\/wp-content\/uploads\/2020\/11\/www.mobilityinstitute.es-11-400x255.jpg 400w, https:\/\/www.mobilityinstitute.es\/wp-content\/uploads\/2020\/11\/www.mobilityinstitute.es-11-600x382.jpg 600w, https:\/\/www.mobilityinstitute.es\/wp-content\/uploads\/2020\/11\/www.mobilityinstitute.es-11-800x509.jpg 800w, https:\/\/www.mobilityinstitute.es\/wp-content\/uploads\/2020\/11\/www.mobilityinstitute.es-11-1200x764.jpg 1200w, https:\/\/www.mobilityinstitute.es\/wp-content\/uploads\/2020\/11\/www.mobilityinstitute.es-11.jpg 1768w\" data-sizes=\"auto\" data-orig-sizes=\"(min-width: 2200px) 100vw, (min-width: 784px) 397px, (min-width: 712px) 595px, (min-width: 640px) 712px, \" \/><\/a><\/div><\/div><div style=\"padding:5px;\" class=\"fusion-grid-column fusion-gallery-column fusion-gallery-column-3 hover-type-none\"><div class=\"fusion-gallery-image\"><a href=\"https:\/\/www.mobilityinstitute.es\/wp-content\/uploads\/2020\/11\/www.mobilityinstitute.es-12.jpg\" rel=\"noreferrer\" data-rel=\"iLightbox[gallery_image_1]\" class=\"fusion-lightbox\" target=\"_self\"><img decoding=\"async\" src=\"https:\/\/www.mobilityinstitute.es\/wp-content\/uploads\/2020\/11\/www.mobilityinstitute.es-12.jpg\" data-orig-src=\"https:\/\/www.mobilityinstitute.es\/wp-content\/uploads\/2020\/11\/www.mobilityinstitute.es-12.jpg\" width=\"1771\" height=\"1122\" alt=\"\" title=\"12\" aria-label=\"12\" class=\"lazyload img-responsive wp-image-7541\" srcset=\"data:image\/svg+xml,%3Csvg%20xmlns%3D%27http%3A%2F%2Fwww.w3.org%2F2000%2Fsvg%27%20width%3D%271771%27%20height%3D%271122%27%20viewBox%3D%270%200%201771%201122%27%3E%3Crect%20width%3D%271771%27%20height%3D%271122%27%20fill-opacity%3D%220%22%2F%3E%3C%2Fsvg%3E\" data-srcset=\"https:\/\/www.mobilityinstitute.es\/wp-content\/uploads\/2020\/11\/www.mobilityinstitute.es-12-200x127.jpg 200w, https:\/\/www.mobilityinstitute.es\/wp-content\/uploads\/2020\/11\/www.mobilityinstitute.es-12-400x253.jpg 400w, https:\/\/www.mobilityinstitute.es\/wp-content\/uploads\/2020\/11\/www.mobilityinstitute.es-12-600x380.jpg 600w, https:\/\/www.mobilityinstitute.es\/wp-content\/uploads\/2020\/11\/www.mobilityinstitute.es-12-800x507.jpg 800w, https:\/\/www.mobilityinstitute.es\/wp-content\/uploads\/2020\/11\/www.mobilityinstitute.es-12-1200x760.jpg 1200w, https:\/\/www.mobilityinstitute.es\/wp-content\/uploads\/2020\/11\/www.mobilityinstitute.es-12.jpg 1771w\" data-sizes=\"auto\" data-orig-sizes=\"(min-width: 2200px) 100vw, (min-width: 784px) 397px, (min-width: 712px) 595px, (min-width: 640px) 712px, \" \/><\/a><\/div><\/div><div style=\"padding:5px;\" class=\"fusion-grid-column fusion-gallery-column fusion-gallery-column-3 hover-type-none\"><div class=\"fusion-gallery-image\"><a href=\"https:\/\/www.mobilityinstitute.es\/wp-content\/uploads\/2020\/11\/www.mobilityinstitute.es-13.jpg\" rel=\"noreferrer\" data-rel=\"iLightbox[gallery_image_1]\" class=\"fusion-lightbox\" target=\"_self\"><img decoding=\"async\" src=\"https:\/\/www.mobilityinstitute.es\/wp-content\/uploads\/2020\/11\/www.mobilityinstitute.es-13.jpg\" data-orig-src=\"https:\/\/www.mobilityinstitute.es\/wp-content\/uploads\/2020\/11\/www.mobilityinstitute.es-13.jpg\" width=\"1773\" height=\"1125\" alt=\"\" title=\"13\" aria-label=\"13\" class=\"lazyload img-responsive wp-image-7544\" srcset=\"data:image\/svg+xml,%3Csvg%20xmlns%3D%27http%3A%2F%2Fwww.w3.org%2F2000%2Fsvg%27%20width%3D%271773%27%20height%3D%271125%27%20viewBox%3D%270%200%201773%201125%27%3E%3Crect%20width%3D%271773%27%20height%3D%271125%27%20fill-opacity%3D%220%22%2F%3E%3C%2Fsvg%3E\" data-srcset=\"https:\/\/www.mobilityinstitute.es\/wp-content\/uploads\/2020\/11\/www.mobilityinstitute.es-13-200x127.jpg 200w, https:\/\/www.mobilityinstitute.es\/wp-content\/uploads\/2020\/11\/www.mobilityinstitute.es-13-400x254.jpg 400w, https:\/\/www.mobilityinstitute.es\/wp-content\/uploads\/2020\/11\/www.mobilityinstitute.es-13-600x381.jpg 600w, https:\/\/www.mobilityinstitute.es\/wp-content\/uploads\/2020\/11\/www.mobilityinstitute.es-13-800x508.jpg 800w, https:\/\/www.mobilityinstitute.es\/wp-content\/uploads\/2020\/11\/www.mobilityinstitute.es-13-1200x761.jpg 1200w, https:\/\/www.mobilityinstitute.es\/wp-content\/uploads\/2020\/11\/www.mobilityinstitute.es-13.jpg 1773w\" data-sizes=\"auto\" data-orig-sizes=\"(min-width: 2200px) 100vw, (min-width: 784px) 397px, (min-width: 712px) 595px, (min-width: 640px) 712px, \" \/><\/a><\/div><\/div><div class=\"clearfix\"><\/div><div style=\"padding:5px;\" class=\"fusion-grid-column fusion-gallery-column fusion-gallery-column-3 hover-type-none\"><div class=\"fusion-gallery-image\"><a href=\"https:\/\/www.mobilityinstitute.es\/wp-content\/uploads\/2020\/11\/www.mobilityinstitute.es-14.jpg\" rel=\"noreferrer\" data-rel=\"iLightbox[gallery_image_1]\" class=\"fusion-lightbox\" target=\"_self\"><img decoding=\"async\" src=\"https:\/\/www.mobilityinstitute.es\/wp-content\/uploads\/2020\/11\/www.mobilityinstitute.es-14.jpg\" data-orig-src=\"https:\/\/www.mobilityinstitute.es\/wp-content\/uploads\/2020\/11\/www.mobilityinstitute.es-14.jpg\" width=\"1774\" height=\"1125\" alt=\"\" title=\"14\" aria-label=\"14\" class=\"lazyload img-responsive wp-image-7547\" srcset=\"data:image\/svg+xml,%3Csvg%20xmlns%3D%27http%3A%2F%2Fwww.w3.org%2F2000%2Fsvg%27%20width%3D%271774%27%20height%3D%271125%27%20viewBox%3D%270%200%201774%201125%27%3E%3Crect%20width%3D%271774%27%20height%3D%271125%27%20fill-opacity%3D%220%22%2F%3E%3C%2Fsvg%3E\" data-srcset=\"https:\/\/www.mobilityinstitute.es\/wp-content\/uploads\/2020\/11\/www.mobilityinstitute.es-14-200x127.jpg 200w, https:\/\/www.mobilityinstitute.es\/wp-content\/uploads\/2020\/11\/www.mobilityinstitute.es-14-400x254.jpg 400w, https:\/\/www.mobilityinstitute.es\/wp-content\/uploads\/2020\/11\/www.mobilityinstitute.es-14-600x380.jpg 600w, https:\/\/www.mobilityinstitute.es\/wp-content\/uploads\/2020\/11\/www.mobilityinstitute.es-14-800x507.jpg 800w, https:\/\/www.mobilityinstitute.es\/wp-content\/uploads\/2020\/11\/www.mobilityinstitute.es-14-1200x761.jpg 1200w, https:\/\/www.mobilityinstitute.es\/wp-content\/uploads\/2020\/11\/www.mobilityinstitute.es-14.jpg 1774w\" data-sizes=\"auto\" data-orig-sizes=\"(min-width: 2200px) 100vw, (min-width: 784px) 397px, (min-width: 712px) 595px, (min-width: 640px) 712px, \" \/><\/a><\/div><\/div><div style=\"padding:5px;\" class=\"fusion-grid-column fusion-gallery-column fusion-gallery-column-3 hover-type-none\"><div class=\"fusion-gallery-image\"><a href=\"https:\/\/www.mobilityinstitute.es\/wp-content\/uploads\/2020\/11\/www.mobilityinstitute.es-15-1.jpg\" rel=\"noreferrer\" data-rel=\"iLightbox[gallery_image_1]\" class=\"fusion-lightbox\" target=\"_self\"><img decoding=\"async\" src=\"https:\/\/www.mobilityinstitute.es\/wp-content\/uploads\/2020\/11\/www.mobilityinstitute.es-15-1.jpg\" data-orig-src=\"https:\/\/www.mobilityinstitute.es\/wp-content\/uploads\/2020\/11\/www.mobilityinstitute.es-15-1.jpg\" width=\"1768\" height=\"1125\" alt=\"\" title=\"15\" aria-label=\"15\" class=\"lazyload img-responsive wp-image-7560\" srcset=\"data:image\/svg+xml,%3Csvg%20xmlns%3D%27http%3A%2F%2Fwww.w3.org%2F2000%2Fsvg%27%20width%3D%271768%27%20height%3D%271125%27%20viewBox%3D%270%200%201768%201125%27%3E%3Crect%20width%3D%271768%27%20height%3D%271125%27%20fill-opacity%3D%220%22%2F%3E%3C%2Fsvg%3E\" data-srcset=\"https:\/\/www.mobilityinstitute.es\/wp-content\/uploads\/2020\/11\/www.mobilityinstitute.es-15-1-200x127.jpg 200w, https:\/\/www.mobilityinstitute.es\/wp-content\/uploads\/2020\/11\/www.mobilityinstitute.es-15-1-400x255.jpg 400w, https:\/\/www.mobilityinstitute.es\/wp-content\/uploads\/2020\/11\/www.mobilityinstitute.es-15-1-600x382.jpg 600w, https:\/\/www.mobilityinstitute.es\/wp-content\/uploads\/2020\/11\/www.mobilityinstitute.es-15-1-800x509.jpg 800w, https:\/\/www.mobilityinstitute.es\/wp-content\/uploads\/2020\/11\/www.mobilityinstitute.es-15-1-1200x764.jpg 1200w, https:\/\/www.mobilityinstitute.es\/wp-content\/uploads\/2020\/11\/www.mobilityinstitute.es-15-1.jpg 1768w\" data-sizes=\"auto\" data-orig-sizes=\"(min-width: 2200px) 100vw, (min-width: 784px) 397px, (min-width: 712px) 595px, (min-width: 640px) 712px, \" \/><\/a><\/div><\/div><div style=\"padding:5px;\" class=\"fusion-grid-column fusion-gallery-column fusion-gallery-column-3 hover-type-none\"><div class=\"fusion-gallery-image\"><a href=\"https:\/\/www.mobilityinstitute.es\/wp-content\/uploads\/2020\/11\/www.mobilityinstitute.es-16.jpg\" rel=\"noreferrer\" data-rel=\"iLightbox[gallery_image_1]\" class=\"fusion-lightbox\" target=\"_self\"><img decoding=\"async\" src=\"https:\/\/www.mobilityinstitute.es\/wp-content\/uploads\/2020\/11\/www.mobilityinstitute.es-16.jpg\" data-orig-src=\"https:\/\/www.mobilityinstitute.es\/wp-content\/uploads\/2020\/11\/www.mobilityinstitute.es-16.jpg\" width=\"1768\" height=\"1125\" alt=\"\" title=\"16\" aria-label=\"16\" class=\"lazyload img-responsive wp-image-7553\" srcset=\"data:image\/svg+xml,%3Csvg%20xmlns%3D%27http%3A%2F%2Fwww.w3.org%2F2000%2Fsvg%27%20width%3D%271768%27%20height%3D%271125%27%20viewBox%3D%270%200%201768%201125%27%3E%3Crect%20width%3D%271768%27%20height%3D%271125%27%20fill-opacity%3D%220%22%2F%3E%3C%2Fsvg%3E\" data-srcset=\"https:\/\/www.mobilityinstitute.es\/wp-content\/uploads\/2020\/11\/www.mobilityinstitute.es-16-200x127.jpg 200w, https:\/\/www.mobilityinstitute.es\/wp-content\/uploads\/2020\/11\/www.mobilityinstitute.es-16-400x255.jpg 400w, https:\/\/www.mobilityinstitute.es\/wp-content\/uploads\/2020\/11\/www.mobilityinstitute.es-16-600x382.jpg 600w, https:\/\/www.mobilityinstitute.es\/wp-content\/uploads\/2020\/11\/www.mobilityinstitute.es-16-800x509.jpg 800w, https:\/\/www.mobilityinstitute.es\/wp-content\/uploads\/2020\/11\/www.mobilityinstitute.es-16-1200x764.jpg 1200w, https:\/\/www.mobilityinstitute.es\/wp-content\/uploads\/2020\/11\/www.mobilityinstitute.es-16.jpg 1768w\" data-sizes=\"auto\" data-orig-sizes=\"(min-width: 2200px) 100vw, (min-width: 784px) 397px, (min-width: 712px) 595px, (min-width: 640px) 712px, \" \/><\/a><\/div><\/div><div class=\"clearfix\"><\/div><\/div><\/div><\/div><style type=\"text\/css\">.fusion-body .fusion-builder-column-12{width:100% !important;margin-top : 0px;margin-bottom : 20px;}.fusion-builder-column-12 > .fusion-column-wrapper {padding-top : 0px !important;padding-right : 0px !important;margin-right : 1.92%;padding-bottom : 0px !important;padding-left : 0px !important;margin-left : 1.92%;}@media only screen and (max-width:1024px) {.fusion-body .fusion-builder-column-12{width:100% !important;order : 0;}.fusion-builder-column-12 > .fusion-column-wrapper {margin-right : 1.92%;margin-left : 1.92%;}}@media only screen and (max-width:640px) {.fusion-body .fusion-builder-column-12{width:100% !important;order : 0;}.fusion-builder-column-12 > .fusion-column-wrapper {margin-right : 1.92%;margin-left : 1.92%;}}<\/style><\/div><\/div><style type=\"text\/css\">.fusion-body .fusion-flex-container.fusion-builder-row-4{ padding-top : 0px;margin-top : 0px;padding-right : 0px;padding-bottom : 0px;margin-bottom : 0px;padding-left : 0px;}<\/style><\/div><\/p>\n","protected":false},"excerpt":{"rendered":"","protected":false},"author":570,"featured_media":0,"parent":0,"menu_order":9,"comment_status":"closed","ping_status":"closed","template":"","meta":{"footnotes":""},"yst_prominent_words":[131,3629,3623,3619,3627,3560,2527,3625,2526,2525,97,3539,3624,3628,3626,3622,3630,3621,3620,3631],"class_list":["post-7571","page","type-page","status-publish","hentry"],"_links":{"self":[{"href":"https:\/\/www.mobilityinstitute.es\/ca\/wp-json\/wp\/v2\/pages\/7571","targetHints":{"allow":["GET"]}}],"collection":[{"href":"https:\/\/www.mobilityinstitute.es\/ca\/wp-json\/wp\/v2\/pages"}],"about":[{"href":"https:\/\/www.mobilityinstitute.es\/ca\/wp-json\/wp\/v2\/types\/page"}],"author":[{"embeddable":true,"href":"https:\/\/www.mobilityinstitute.es\/ca\/wp-json\/wp\/v2\/users\/570"}],"replies":[{"embeddable":true,"href":"https:\/\/www.mobilityinstitute.es\/ca\/wp-json\/wp\/v2\/comments?post=7571"}],"version-history":[{"count":0,"href":"https:\/\/www.mobilityinstitute.es\/ca\/wp-json\/wp\/v2\/pages\/7571\/revisions"}],"wp:attachment":[{"href":"https:\/\/www.mobilityinstitute.es\/ca\/wp-json\/wp\/v2\/media?parent=7571"}],"wp:term":[{"taxonomy":"yst_prominent_words","embeddable":true,"href":"https:\/\/www.mobilityinstitute.es\/ca\/wp-json\/wp\/v2\/yst_prominent_words?post=7571"}],"curies":[{"name":"wp","href":"https:\/\/api.w.org\/{rel}","templated":true}]}}