{"id":8100,"date":"2021-05-27T08:24:14","date_gmt":"2021-05-27T06:24:14","guid":{"rendered":"https:\/\/www.mobilityinstitute.es\/?page_id=8100"},"modified":"2021-06-01T14:27:15","modified_gmt":"2021-06-01T12:27:15","slug":"ciudad-de-los-15-minutos","status":"publish","type":"page","link":"https:\/\/www.mobilityinstitute.es\/ca\/ciudad-de-los-15-minutos\/","title":{"rendered":"Mobility Talks \u2013 La ciutat dels 15 minuts (maig 2021)"},"content":{"rendered":"<p><div class=\"fusion-fullwidth fullwidth-box fusion-builder-row-1 nonhundred-percent-fullwidth non-hundred-percent-height-scrolling\" style=\"background-color: rgba(255,255,255,0);background-position: center center;background-repeat: no-repeat;padding-top:0px;padding-right:0px;padding-bottom:0px;padding-left:0px;margin-bottom: 0px;margin-top: 0px;border-width: 0px 0px 0px 0px;border-color:#eae9e9;border-style:solid;\" ><div class=\"fusion-builder-row fusion-row\"><div class=\"fusion-layout-column fusion_builder_column fusion-builder-column-0 fusion_builder_column_1_1 1_1 fusion-one-full fusion-column-first fusion-column-last\" style=\"margin-top:0px;margin-bottom:20px;\"><div class=\"fusion-column-wrapper fusion-flex-column-wrapper-legacy\" style=\"background-position:left top;background-repeat:no-repeat;-webkit-background-size:cover;-moz-background-size:cover;-o-background-size:cover;background-size:cover;padding: 0px 0px 0px 0px;\"><div class=\"fusion-text fusion-text-1\"><p>El <strong>concepte &#8220;la ciutat dels 15 minuts&#8221;<\/strong> proposa replantejar l&#8217;organitzaci\u00f3 de les grans ciutats per <strong>compatibilitzar el canvi clim\u00e0tic i millorar la qualitat de vida dels ciutadans.<\/strong> Grans capitals europees, encap\u00e7alades per Par\u00eds, ja es basen en aquest concepte per replantejar el seu model de ciutat.<\/p>\n<\/div><div class=\"fusion-sep-clear\"><\/div><div class=\"fusion-separator fusion-full-width-sep\" style=\"margin-left: auto;margin-right: auto;margin-top:20px;margin-bottom:4px;width:100%;\"><div class=\"fusion-separator-border sep-double\" style=\"border-color:#ffffff;border-top-width:1px;border-bottom-width:1px;\"><\/div><\/div><div class=\"fusion-sep-clear\"><\/div><div class=\"fusion-text fusion-text-2\"><p>En aquesta <strong>edici\u00f3 especial del Mobility Institute Talks<\/strong> hem tingut l&#8217;honor de comptar amb l&#8217;impulsor d&#8217;aquest concepte: el <strong>professor Carlos Moreno, urbanista i especialista en ciutats intel\u00b7ligents.<\/strong> Juntament amb l&#8217;explicaci\u00f3 detallada dels principis del model, hem pogut con\u00e8ixer de primera m\u00e0 el treball desenvolupat a Par\u00eds i el seu <strong>possible encaix en altres ciutats, com Barcelona o Madrid.<\/strong><\/p>\n<\/div><div class=\"fusion-sep-clear\"><\/div><div class=\"fusion-separator fusion-full-width-sep\" style=\"margin-left: auto;margin-right: auto;margin-top:20px;margin-bottom:4px;width:100%;\"><div class=\"fusion-separator-border sep-double\" style=\"border-color:#ffffff;border-top-width:1px;border-bottom-width:1px;\"><\/div><\/div><div class=\"fusion-sep-clear\"><\/div><div class=\"fusion-text fusion-text-3\"><p>La trobada s&#8217;ha <strong>celebrat en la Cambra de Barcelona<\/strong> i ha estat transmesa en directe per via <em>streaming<\/em> a tots els usuaris inscrits. Tamb\u00e9 hi han intervingut el president del RACC, Josep Mateu; el membre del comit\u00e8 executiu de la Cambra de Comer\u00e7 Jordi Pomarol; i el director de l&#8217;\u00c0rea de Mobilitat del RACC, Cristian Bardaj\u00ed.<\/p>\n<\/div><div class=\"fusion-clearfix\"><\/div><\/div><\/div><div class=\"fusion-layout-column fusion_builder_column fusion-builder-column-1 fusion_builder_column_1_1 1_1 fusion-one-full fusion-column-first fusion-column-last\" style=\"margin-top:0px;margin-bottom:20px;\"><div class=\"fusion-column-wrapper fusion-flex-column-wrapper-legacy\" style=\"background-position:left top;background-repeat:no-repeat;-webkit-background-size:cover;-moz-background-size:cover;-o-background-size:cover;background-size:cover;padding: 0px 0px 0px 0px;\"><div class=\"fusion-sep-clear\"><\/div><div class=\"fusion-separator fusion-full-width-sep\" style=\"margin-left: auto;margin-right: auto;margin-top:20px;margin-bottom:4px;width:100%;\"><div class=\"fusion-separator-border sep-double\" style=\"border-color:#ffffff;border-top-width:1px;border-bottom-width:1px;\"><\/div><\/div><div class=\"fusion-sep-clear\"><\/div><div class=\"fusion-text fusion-text-4\"><p>A continuaci\u00f3 podeu accedir al<strong> V\u00cdDEO COMPLET DEL WEBINAR <\/strong>(v\u00eddeo d&#8217;acc\u00e9s p\u00fablic):<\/p>\n<\/div><div class=\"fusion-sep-clear\"><\/div><div class=\"fusion-separator fusion-full-width-sep\" style=\"margin-left: auto;margin-right: auto;margin-top:4px;margin-bottom:4px;width:100%;\"><div class=\"fusion-separator-border sep-double\" style=\"border-color:#ffffff;border-top-width:1px;border-bottom-width:1px;\"><\/div><\/div><div class=\"fusion-sep-clear\"><\/div><div class=\"fusion-clearfix\"><\/div><\/div><\/div><\/div><\/div><div class=\"fusion-fullwidth fullwidth-box fusion-builder-row-2 fusion-flex-container nonhundred-percent-fullwidth non-hundred-percent-height-scrolling\" style=\"background-color: rgba(255,255,255,0);background-position: center center;background-repeat: no-repeat;border-width: 0px 0px 0px 0px;border-color:#eae9e9;border-style:solid;\" ><div class=\"fusion-builder-row fusion-row fusion-flex-align-items-flex-start\" style=\"max-width:1248px;margin-left: calc(-4% \/ 2 );margin-right: calc(-4% \/ 2 );\"><div class=\"fusion-layout-column fusion_builder_column fusion-builder-column-2 fusion_builder_column_1_6 1_6 fusion-flex-column\"><div class=\"fusion-column-wrapper fusion-flex-justify-content-flex-start fusion-content-layout-column\" style=\"background-position:left top;background-repeat:no-repeat;-webkit-background-size:cover;-moz-background-size:cover;-o-background-size:cover;background-size:cover;padding: 0px 0px 0px 0px;\"><\/div><style type=\"text\/css\">.fusion-body .fusion-builder-column-2{width:16.666666666667% !important;margin-top : 0px;margin-bottom : 20px;}.fusion-builder-column-2 > .fusion-column-wrapper {padding-top : 0px !important;padding-right : 0px !important;margin-right : 11.52%;padding-bottom : 0px !important;padding-left : 0px !important;margin-left : 11.52%;}@media only screen and (max-width:1024px) {.fusion-body .fusion-builder-column-2{width:100% !important;order : 0;}.fusion-builder-column-2 > .fusion-column-wrapper {margin-right : 1.92%;margin-left : 1.92%;}}@media only screen and (max-width:640px) {.fusion-body .fusion-builder-column-2{width:100% !important;order : 0;}.fusion-builder-column-2 > .fusion-column-wrapper {margin-right : 1.92%;margin-left : 1.92%;}}<\/style><\/div><div class=\"fusion-layout-column fusion_builder_column fusion-builder-column-3 fusion_builder_column_2_3 2_3 fusion-flex-column\"><div class=\"fusion-column-wrapper fusion-flex-justify-content-flex-start fusion-content-layout-column\" style=\"background-position:left top;background-repeat:no-repeat;-webkit-background-size:cover;-moz-background-size:cover;-o-background-size:cover;background-size:cover;padding: 0px 0px 0px 0px;\"><div class=\"fusion-video fusion-youtube\" style=\"max-width:600px;max-height:360px;align-self:center; width:100%;\"><div class=\"video-shortcode\"><div class=\"fluid-width-video-wrapper\" style=\"padding-top:60%;\" ><iframe title=\"YouTube video player 1\" src=\"https:\/\/www.youtube.com\/embed\/YsnydPt4IxM?wmode=transparent&autoplay=0\" width=\"600\" height=\"360\" allowfullscreen allow=\"autoplay; fullscreen\"><\/iframe><\/div><\/div><\/div><\/div><style type=\"text\/css\">.fusion-body .fusion-builder-column-3{width:66.666666666667% !important;margin-top : 0px;margin-bottom : 20px;}.fusion-builder-column-3 > .fusion-column-wrapper {padding-top : 0px !important;padding-right : 0px !important;margin-right : 2.88%;padding-bottom : 0px !important;padding-left : 0px !important;margin-left : 2.88%;}@media only screen and (max-width:1024px) {.fusion-body .fusion-builder-column-3{width:100% !important;order : 0;}.fusion-builder-column-3 > .fusion-column-wrapper {margin-right : 1.92%;margin-left : 1.92%;}}@media only screen and (max-width:640px) {.fusion-body .fusion-builder-column-3{width:100% !important;order : 0;}.fusion-builder-column-3 > .fusion-column-wrapper {margin-right : 1.92%;margin-left : 1.92%;}}<\/style><\/div><div class=\"fusion-layout-column fusion_builder_column fusion-builder-column-4 fusion_builder_column_1_6 1_6 fusion-flex-column\"><div class=\"fusion-column-wrapper fusion-flex-justify-content-flex-start fusion-content-layout-column\" style=\"background-position:left top;background-repeat:no-repeat;-webkit-background-size:cover;-moz-background-size:cover;-o-background-size:cover;background-size:cover;padding: 0px 0px 0px 0px;\"><\/div><style type=\"text\/css\">.fusion-body .fusion-builder-column-4{width:16.666666666667% !important;margin-top : 0px;margin-bottom : 20px;}.fusion-builder-column-4 > .fusion-column-wrapper {padding-top : 0px !important;padding-right : 0px !important;margin-right : 11.52%;padding-bottom : 0px !important;padding-left : 0px !important;margin-left : 11.52%;}@media only screen and (max-width:1024px) {.fusion-body .fusion-builder-column-4{width:100% !important;order : 0;}.fusion-builder-column-4 > .fusion-column-wrapper {margin-right : 1.92%;margin-left : 1.92%;}}@media only screen and (max-width:640px) {.fusion-body .fusion-builder-column-4{width:100% !important;order : 0;}.fusion-builder-column-4 > .fusion-column-wrapper {margin-right : 1.92%;margin-left : 1.92%;}}<\/style><\/div><\/div><style type=\"text\/css\">.fusion-body .fusion-flex-container.fusion-builder-row-2{ padding-top : 0px;margin-top : 0px;padding-right : 0px;padding-bottom : 0px;margin-bottom : 0px;padding-left : 0px;}<\/style><\/div><div class=\"fusion-fullwidth fullwidth-box fusion-builder-row-3 fusion-flex-container nonhundred-percent-fullwidth non-hundred-percent-height-scrolling\" style=\"background-color: rgba(255,255,255,0);background-position: center center;background-repeat: no-repeat;border-width: 0px 0px 0px 0px;border-color:#eae9e9;border-style:solid;\" ><div class=\"fusion-builder-row fusion-row fusion-flex-align-items-flex-start\" style=\"max-width:1248px;margin-left: calc(-4% \/ 2 );margin-right: calc(-4% \/ 2 );\"><div class=\"fusion-layout-column fusion_builder_column fusion-builder-column-5 fusion_builder_column_1_1 1_1 fusion-flex-column\"><div class=\"fusion-column-wrapper fusion-flex-justify-content-flex-start fusion-content-layout-column\" style=\"background-position:left top;background-repeat:no-repeat;-webkit-background-size:cover;-moz-background-size:cover;-o-background-size:cover;background-size:cover;padding: 0px 0px 0px 0px;\"><div class=\"fusion-text fusion-text-5\"><p>Si no pots veure el v\u00eddeo, fes clic <a href=\"https:\/\/youtu.be\/YsnydPt4IxM\" target=\"_blank\" rel=\"noopener noreferrer\">aqu\u00ed<\/a><\/p>\n<\/div><\/div><style type=\"text\/css\">.fusion-body .fusion-builder-column-5{width:100% !important;margin-top : 0px;margin-bottom : 20px;}.fusion-builder-column-5 > .fusion-column-wrapper {padding-top : 0px !important;padding-right : 0px !important;margin-right : 1.92%;padding-bottom : 0px !important;padding-left : 0px !important;margin-left : 1.92%;}@media only screen and (max-width:1024px) {.fusion-body .fusion-builder-column-5{width:100% !important;order : 0;}.fusion-builder-column-5 > .fusion-column-wrapper {margin-right : 1.92%;margin-left : 1.92%;}}@media only screen and (max-width:640px) {.fusion-body .fusion-builder-column-5{width:100% !important;order : 0;}.fusion-builder-column-5 > .fusion-column-wrapper {margin-right : 1.92%;margin-left : 1.92%;}}<\/style><\/div><\/div><style type=\"text\/css\">.fusion-body .fusion-flex-container.fusion-builder-row-3{ padding-top : 0px;margin-top : 0px;padding-right : 0px;padding-bottom : 0px;margin-bottom : 0px;padding-left : 0px;}<\/style><\/div><div class=\"fusion-fullwidth fullwidth-box fusion-builder-row-4 nonhundred-percent-fullwidth non-hundred-percent-height-scrolling\" style=\"background-color: rgba(255,255,255,0);background-position: center center;background-repeat: no-repeat;padding-top:0px;padding-right:0px;padding-bottom:0px;padding-left:0px;margin-bottom: 0px;margin-top: 0px;border-width: 0px 0px 0px 0px;border-color:#eae9e9;border-style:solid;\" ><div class=\"fusion-builder-row fusion-row\"><div class=\"fusion-layout-column fusion_builder_column fusion-builder-column-6 fusion_builder_column_1_1 1_1 fusion-one-full fusion-column-first fusion-column-last\" style=\"margin-top:0px;margin-bottom:20px;\"><div class=\"fusion-column-wrapper fusion-flex-column-wrapper-legacy\" style=\"background-position:left top;background-repeat:no-repeat;-webkit-background-size:cover;-moz-background-size:cover;-o-background-size:cover;background-size:cover;border-width: 1px 1px 1px 1px;border-color:#000000;border-style:solid;padding: 0px 0px 0px 0px;\"><div class=\"fusion-sep-clear\"><\/div><div class=\"fusion-separator fusion-full-width-sep\" style=\"margin-left: auto;margin-right: auto;margin-top:4px;margin-bottom:4px;width:100%;\"><div class=\"fusion-separator-border sep-double\" style=\"border-color:#ffffff;border-top-width:1px;border-bottom-width:1px;\"><\/div><\/div><div class=\"fusion-sep-clear\"><\/div><div class=\"fusion-text fusion-text-6\"><p style=\"padding-left: 40px;\">Algunes de les reflexions dels participants en aquesta trobada s\u00f3n:<\/p>\n<\/div><div class=\"fusion-sep-clear\"><\/div><div class=\"fusion-separator fusion-full-width-sep\" style=\"margin-left: auto;margin-right: auto;margin-top:15px;margin-bottom:4px;width:100%;\"><div class=\"fusion-separator-border sep-double\" style=\"border-color:#ffffff;border-top-width:1px;border-bottom-width:1px;\"><\/div><\/div><div class=\"fusion-sep-clear\"><\/div><div class=\"fusion-builder-row fusion-builder-row-inner fusion-row\"><div class=\"fusion-layout-column fusion_builder_column_inner fusion-builder-nested-column-0 fusion_builder_column_inner_1_5 1_5 fusion-one-fifth fusion-column-first\" style=\"width:20%;width:calc(20% - ( ( 4% ) * 0.2 ) );margin-right: 4%;margin-top:0px;margin-bottom:20px;\"><div class=\"fusion-column-wrapper fusion-flex-column-wrapper-legacy\" style=\"background-position:left top;background-repeat:no-repeat;-webkit-background-size:cover;-moz-background-size:cover;-o-background-size:cover;background-size:cover;padding: 0px 0px 0px 0px;\"><div class=\"fusion-sep-clear\"><\/div><div class=\"fusion-separator fusion-full-width-sep\" style=\"margin-left: auto;margin-right: auto;margin-top:30px;width:100%;\"><div class=\"fusion-separator-border sep-double\" style=\"border-color:#ffffff;border-top-width:1px;border-bottom-width:1px;\"><\/div><\/div><div class=\"fusion-sep-clear\"><\/div><div class=\"imageframe-align-center\"><span class=\" fusion-imageframe imageframe-none imageframe-1 hover-type-none\"><img decoding=\"async\" width=\"200\" height=\"213\" title=\"JordiPomerol\" src=\"data:image\/svg+xml,%3Csvg%20xmlns%3D%27http%3A%2F%2Fwww.w3.org%2F2000%2Fsvg%27%20width%3D%27200%27%20height%3D%27213%27%20viewBox%3D%270%200%20200%20213%27%3E%3Crect%20width%3D%27200%27%20height%3D%27213%27%20fill-opacity%3D%220%22%2F%3E%3C%2Fsvg%3E\" data-orig-src=\"https:\/\/www.mobilityinstitute.es\/wp-content\/uploads\/2021\/05\/www.mobilityinstitute.es-mobility-talks-la-ciudad-de-los-15-minutos-mayo-2021-jordipomerol.jpg\" alt class=\"lazyload img-responsive wp-image-8088\"\/><\/span><\/div><div class=\"fusion-clearfix\"><\/div><\/div><\/div><div class=\"fusion-layout-column fusion_builder_column_inner fusion-builder-nested-column-1 fusion_builder_column_inner_4_5 4_5 fusion-four-fifth fusion-column-last\" style=\"width:80%;width:calc(80% - ( ( 4% ) * 0.8 ) );margin-top:0px;margin-bottom:20px;\"><div class=\"fusion-column-wrapper fusion-flex-column-wrapper-legacy\" style=\"background-position:left top;background-repeat:no-repeat;-webkit-background-size:cover;-moz-background-size:cover;-o-background-size:cover;background-size:cover;padding: 0px 0px 0px 0px;\"><div class=\"fusion-sep-clear\"><\/div><div class=\"fusion-separator fusion-full-width-sep\" style=\"margin-left: auto;margin-right: auto;margin-top:5px;width:100%;\"><div class=\"fusion-separator-border sep-double\" style=\"border-color:#ffffff;border-top-width:1px;border-bottom-width:1px;\"><\/div><\/div><div class=\"fusion-sep-clear\"><\/div><div class=\"fusion-text fusion-text-7\"><ul>\n<li><em>&#8220;La mobilitat \u00e9s un tema fonamental per a la Cambra de Comer\u00e7. Des de fa molt temps, disposem d&#8217;una unitat espec\u00edfica que analitza i estudia les estructures que porten a la mobilitat des de la creaci\u00f3 de riquesa, des del moviment de les persones i ara, m\u00e9s que mai, des de la sostenibilitat, un eix que cada dia \u00e9s m\u00e9s rellevant.&#8221;<\/em><\/li>\n<li><em>&#8220;En temps de pand\u00e8mia semblaria que l&#8217;online hauria de substituir a la mobilitat, per\u00f2 no ha de ser aix\u00ed. Si, a m\u00e9s, afegim les ciutats&#8230; Obtenim un c\u00f2ctel idoni per al desenvolupament econ\u00f2mic i el creixement d&#8217;un pa\u00eds.&#8221;<\/em><em>.&#8221;<\/em><\/li>\n<\/ul>\n<p style=\"padding-left: 40px;\"><strong>Jordi Pomarol, membre del comit\u00e8 executiu de la Cambra de Comer\u00e7 de Barcelona i responsable del Hub Industrial de la Mobilitat Sostenible<\/strong><\/p>\n<\/div><div class=\"fusion-clearfix\"><\/div><\/div><\/div><\/div><div class=\"fusion-sep-clear\"><\/div><div class=\"fusion-separator\" style=\"margin-left: auto;margin-right: auto;width:100%;max-width:80%;\"><div class=\"fusion-separator-border sep-single sep-solid\" style=\"border-color:#8bc34a;border-top-width:1px;\"><\/div><\/div><div class=\"fusion-sep-clear\"><\/div><div class=\"fusion-builder-row fusion-builder-row-inner fusion-row\"><div class=\"fusion-layout-column fusion_builder_column_inner fusion-builder-nested-column-2 fusion_builder_column_inner_4_5 4_5 fusion-four-fifth fusion-column-first\" style=\"width:80%;width:calc(80% - ( ( 4% ) * 0.8 ) );margin-right: 4%;margin-top:0px;margin-bottom:20px;\"><div class=\"fusion-column-wrapper fusion-flex-column-wrapper-legacy\" style=\"background-position:left top;background-repeat:no-repeat;-webkit-background-size:cover;-moz-background-size:cover;-o-background-size:cover;background-size:cover;padding: 0px 0px 0px 0px;\"><div class=\"fusion-sep-clear\"><\/div><div class=\"fusion-separator fusion-full-width-sep\" style=\"margin-left: auto;margin-right: auto;margin-top:5px;width:100%;\"><div class=\"fusion-separator-border sep-double\" style=\"border-color:#ffffff;border-top-width:1px;border-bottom-width:1px;\"><\/div><\/div><div class=\"fusion-sep-clear\"><\/div><div class=\"fusion-text fusion-text-8\"><ul>\n<li><em>&#8220;Les ciutats s\u00f3n i continuaran sent el centre del canvi social, de la innovaci\u00f3 cient\u00edfica i dels avan\u00e7os tecnol\u00f2gics. \u00c9s necessari buscar consensos per avan\u00e7ar cap a una mobilitat segura i sostenible, fent-la compatible amb el desenvolupament social i econ\u00f2mic.&#8221;<\/em><\/li>\n<li><em>&#8220;El vehicle privat acabar\u00e0 desapareixent del centre de les ciutats en els pr\u00f2xims anys. Per\u00f2 hi ha una contradicci\u00f3 entre sostenibilitat i desenvolupament econ\u00f2mic. Com fer cr\u00e9ixer un territori i fer-ho de manera sostenible?<\/em><em>&#8220;<\/em><\/li>\n<\/ul>\n<p style=\"text-align: right;\"><strong>Josep Mateu, president del RACC<\/strong><\/p>\n<\/div><div class=\"fusion-clearfix\"><\/div><\/div><\/div><div class=\"fusion-layout-column fusion_builder_column_inner fusion-builder-nested-column-3 fusion_builder_column_inner_1_5 1_5 fusion-one-fifth fusion-column-last\" style=\"width:20%;width:calc(20% - ( ( 4% ) * 0.2 ) );margin-top:0px;margin-bottom:20px;\"><div class=\"fusion-column-wrapper fusion-flex-column-wrapper-legacy\" style=\"background-image: linear-gradient(180deg, #ffffff 0%,#ffffff 100%);background-position:left top;background-repeat:no-repeat;-webkit-background-size:cover;-moz-background-size:cover;-o-background-size:cover;background-size:cover;background-color:#ffffff;padding: 0px 0px 0px 0px;\"><div class=\"fusion-sep-clear\"><\/div><div class=\"fusion-separator fusion-full-width-sep\" style=\"margin-left: auto;margin-right: auto;margin-top:30px;width:100%;\"><div class=\"fusion-separator-border sep-double\" style=\"border-color:#ffffff;border-top-width:1px;border-bottom-width:1px;\"><\/div><\/div><div class=\"fusion-sep-clear\"><\/div><div class=\"imageframe-align-center\"><span class=\" fusion-imageframe imageframe-none imageframe-2 hover-type-none\"><img decoding=\"async\" width=\"200\" height=\"211\" title=\"JosepMateu\" src=\"data:image\/svg+xml,%3Csvg%20xmlns%3D%27http%3A%2F%2Fwww.w3.org%2F2000%2Fsvg%27%20width%3D%27200%27%20height%3D%27211%27%20viewBox%3D%270%200%20200%20211%27%3E%3Crect%20width%3D%27200%27%20height%3D%27211%27%20fill-opacity%3D%220%22%2F%3E%3C%2Fsvg%3E\" data-orig-src=\"https:\/\/www.mobilityinstitute.es\/wp-content\/uploads\/2021\/04\/www.mobilityinstitute.es-mobility-webinars-el-boom-del-futuro-la-movilidad-de-los-seniors-abril-2021-josepmateu.jpg\" alt class=\"lazyload img-responsive wp-image-8024\"\/><\/span><\/div><div class=\"fusion-clearfix\"><\/div><\/div><\/div><\/div><div class=\"fusion-sep-clear\"><\/div><div class=\"fusion-separator\" style=\"margin-left: auto;margin-right: auto;width:100%;max-width:80%;\"><div class=\"fusion-separator-border sep-single sep-solid\" style=\"border-color:#8bc34a;border-top-width:1px;\"><\/div><\/div><div class=\"fusion-sep-clear\"><\/div><div class=\"fusion-builder-row fusion-builder-row-inner fusion-row\"><div class=\"fusion-layout-column fusion_builder_column_inner fusion-builder-nested-column-4 fusion_builder_column_inner_1_5 1_5 fusion-one-fifth fusion-column-first\" style=\"width:20%;width:calc(20% - ( ( 4% ) * 0.2 ) );margin-right: 4%;margin-top:0px;margin-bottom:20px;\"><div class=\"fusion-column-wrapper fusion-flex-column-wrapper-legacy\" style=\"background-position:left top;background-repeat:no-repeat;-webkit-background-size:cover;-moz-background-size:cover;-o-background-size:cover;background-size:cover;padding: 0px 0px 0px 0px;\"><div class=\"fusion-sep-clear\"><\/div><div class=\"fusion-separator fusion-full-width-sep\" style=\"margin-left: auto;margin-right: auto;margin-top:30px;width:100%;\"><div class=\"fusion-separator-border sep-double\" style=\"border-color:#ffffff;border-top-width:1px;border-bottom-width:1px;\"><\/div><\/div><div class=\"fusion-sep-clear\"><\/div><div class=\"imageframe-align-center\"><span class=\" fusion-imageframe imageframe-none imageframe-3 hover-type-none\"><img decoding=\"async\" width=\"210\" height=\"210\" title=\"CarlosMoreno\" src=\"https:\/\/www.mobilityinstitute.es\/wp-content\/uploads\/2021\/05\/www.mobilityinstitute.es-mobility-talks-la-ciudad-de-los-15-minutos-mayo-2021-carlosmoreno.jpg\" data-orig-src=\"https:\/\/www.mobilityinstitute.es\/wp-content\/uploads\/2021\/05\/www.mobilityinstitute.es-mobility-talks-la-ciudad-de-los-15-minutos-mayo-2021-carlosmoreno.jpg\" alt class=\"lazyload img-responsive wp-image-8092\" srcset=\"data:image\/svg+xml,%3Csvg%20xmlns%3D%27http%3A%2F%2Fwww.w3.org%2F2000%2Fsvg%27%20width%3D%27210%27%20height%3D%27210%27%20viewBox%3D%270%200%20210%20210%27%3E%3Crect%20width%3D%27210%27%20height%3D%27210%27%20fill-opacity%3D%220%22%2F%3E%3C%2Fsvg%3E\" data-srcset=\"https:\/\/www.mobilityinstitute.es\/wp-content\/uploads\/2021\/05\/www.mobilityinstitute.es-mobility-talks-la-ciudad-de-los-15-minutos-mayo-2021-carlosmoreno-200x200.jpg 200w, https:\/\/www.mobilityinstitute.es\/wp-content\/uploads\/2021\/05\/www.mobilityinstitute.es-mobility-talks-la-ciudad-de-los-15-minutos-mayo-2021-carlosmoreno.jpg 210w\" data-sizes=\"auto\" data-orig-sizes=\"(max-width: 800px) 100vw, 210px\" \/><\/span><\/div><div class=\"fusion-clearfix\"><\/div><\/div><\/div><div class=\"fusion-layout-column fusion_builder_column_inner fusion-builder-nested-column-5 fusion_builder_column_inner_4_5 4_5 fusion-four-fifth fusion-column-last\" style=\"width:80%;width:calc(80% - ( ( 4% ) * 0.8 ) );margin-top:0px;margin-bottom:20px;\"><div class=\"fusion-column-wrapper fusion-flex-column-wrapper-legacy\" style=\"background-position:left top;background-repeat:no-repeat;-webkit-background-size:cover;-moz-background-size:cover;-o-background-size:cover;background-size:cover;padding: 0px 0px 0px 0px;\"><div class=\"fusion-sep-clear\"><\/div><div class=\"fusion-separator fusion-full-width-sep\" style=\"margin-left: auto;margin-right: auto;margin-top:5px;width:100%;\"><div class=\"fusion-separator-border sep-double\" style=\"border-color:#ffffff;border-top-width:1px;border-bottom-width:1px;\"><\/div><\/div><div class=\"fusion-sep-clear\"><\/div><div class=\"fusion-text fusion-text-9\"><ul>\n<li><em>&#8220;Per entendre el concepte dels 15 minuts, cal entendre abans la sostenibilitat des de la triple creaci\u00f3 de valor: valor ecol\u00f2gic, per a la preservaci\u00f3 de la naturalesa i els seus elements fr\u00e0gils; valor econ\u00f2mic, per a la creaci\u00f3 de riquesa; i valor social, per generar impacte cap a l&#8217;alteritat i la capacitat de veure l&#8217;altre com alg\u00fa amb qui podem compartir un territori, una ciutat.&#8221;<\/em><\/li>\n<li><em>&#8220;La pand\u00e8mia ens va fer canviar la nostra manera de vida de manera obligada en menys d&#8217;un mes. Ens va tocar viure en l&#8217;extremitat de la ciutat dels 30 segons (del llit al menjador). I va representar una novetat: con\u00e8ixer el nostre entorn, els nostres ve\u00efns, els recursos que tenim en proximitat&#8230; I tamb\u00e9 enyorar la sociabilitat. Observem, per tant, que vivim una doble converg\u00e8ncia: la converg\u00e8ncia clim\u00e0tica (necessitat indispensable de reduir les nostres emissions de CO\u2082 per donar a la sostenibilitat un caire hum\u00e0) i la necessitat de construir noves relacions socials en un entorn urb\u00e0 que cal redefinir.&#8221;<\/em><\/li>\n<li><em>&#8220;La ciutat dels 15 minuts es basa en quatre elements principals: l&#8217;ecologia (els nostres actes han de tenir una visi\u00f3 de baix carboni en l&#8217;horitz\u00f3); la proximitat (utilitzar m\u00e9s i millor tots els recursos materials que tenim i que no veiem); la solidaritat (crear vincle social, nous models econ\u00f2mics, prove\u00efment de proximitat, salut de proximitat\u2026); i l&#8217;apoderament (oferir als ciutadans canals d&#8217;expressi\u00f3 propis).&#8221;<\/em><\/li>\n<li><em>&#8220;Pret\u00e9n satisfer en 15 minuts (o en 30 minuts, en zones de baixa intensitat) sis funcions socials b\u00e0siques: habitar en condicions dignes; treballar diferent per optimitzar temps; proveir de manera sana i en circuits curts; tenir acc\u00e9s a salut f\u00edsica mental; tenir acc\u00e9s a cultura i educaci\u00f3; i tenir acc\u00e9s a lleure en condicions de biodiversitat. Tot aix\u00f2 incrementa els tres indicadors de qualitat humana: benestar personal (jo, amb la meva fam\u00edlia, amb els meus \u00e9ssers estimats), sociabilitat (amb el meu ve\u00efnat i amb els meus col\u00b7legues de treball) i la qualitat ecol\u00f2gica.&#8221;<\/em><\/li>\n<li><em>&#8220;Necessitem molta pedagogia en el canvi cultural sobre l&#8217;\u00fas del vehicle en ciutats compactes. No \u00e9s una guerra entre el transport p\u00fablic i el privat. Cal crear mecanismes alternatius per a aquells ciutadans que necessiten utilitzar el vehicle particular. (&#8230;) Si la ciutat \u00e9s molt dispersa, amb una baixa densitat, el vehicle \u00e9s indispensable i ha d&#8217;ocupar un lloc adequat, integrant-lo a l&#8217;activitat econ\u00f2mica gr\u00e0cies a vehicles el\u00e8ctrics, compartits, transports a demanda, etc.&#8221;<\/em><\/li>\n<li>En refer\u00e8ncia al model de superilles implantat a la ciutat de Barcelona: <em>\u201cSi limites el tr\u00e0nsit, per\u00f2 no incrementes els centres de salut, els comer\u00e7os o els llocs de treball, es genera una dificultat perqu\u00e8 no ofereixes una alternativa per a millorar la qualitat de vida. L&#8217;objectiu final, la qualitat de vida, \u00e9s m\u00e9s important que el mitj\u00e0.&#8221;<\/em><\/li>\n<\/ul>\n<p style=\"padding-left: 40px;\"><strong>Carlos Moreno, urbanista i especialista en ciutats intel\u00b7ligents. Professor i director de la C\u00e0tedra ETI (Emprenedoria, Territori i Innovaci\u00f3) de la Universitat La Sorbona de Par\u00eds. Impulsor del concepte de &#8220;la ciutat dels 15 minuts&#8221;<\/strong><\/p>\n<\/div><div class=\"fusion-clearfix\"><\/div><\/div><\/div><\/div><div class=\"fusion-sep-clear\"><\/div><div class=\"fusion-separator\" style=\"margin-left: auto;margin-right: auto;width:100%;max-width:80%;\"><div class=\"fusion-separator-border sep-single sep-solid\" style=\"border-color:#8bc34a;border-top-width:1px;\"><\/div><\/div><div class=\"fusion-sep-clear\"><\/div><div class=\"fusion-clearfix\"><\/div><\/div><\/div><\/div><\/div><\/p>\n","protected":false},"excerpt":{"rendered":"","protected":false},"author":315,"featured_media":0,"parent":0,"menu_order":12,"comment_status":"closed","ping_status":"closed","template":"","meta":{"footnotes":""},"yst_prominent_words":[3933,3937,3885,3909,3925,3921,3927,3920,3929,3922,3931,3930,3924,3932,3928,3935,3926,3934,3936,3923],"class_list":["post-8100","page","type-page","status-publish","hentry"],"_links":{"self":[{"href":"https:\/\/www.mobilityinstitute.es\/ca\/wp-json\/wp\/v2\/pages\/8100","targetHints":{"allow":["GET"]}}],"collection":[{"href":"https:\/\/www.mobilityinstitute.es\/ca\/wp-json\/wp\/v2\/pages"}],"about":[{"href":"https:\/\/www.mobilityinstitute.es\/ca\/wp-json\/wp\/v2\/types\/page"}],"author":[{"embeddable":true,"href":"https:\/\/www.mobilityinstitute.es\/ca\/wp-json\/wp\/v2\/users\/315"}],"replies":[{"embeddable":true,"href":"https:\/\/www.mobilityinstitute.es\/ca\/wp-json\/wp\/v2\/comments?post=8100"}],"version-history":[{"count":0,"href":"https:\/\/www.mobilityinstitute.es\/ca\/wp-json\/wp\/v2\/pages\/8100\/revisions"}],"wp:attachment":[{"href":"https:\/\/www.mobilityinstitute.es\/ca\/wp-json\/wp\/v2\/media?parent=8100"}],"wp:term":[{"taxonomy":"yst_prominent_words","embeddable":true,"href":"https:\/\/www.mobilityinstitute.es\/ca\/wp-json\/wp\/v2\/yst_prominent_words?post=8100"}],"curies":[{"name":"wp","href":"https:\/\/api.w.org\/{rel}","templated":true}]}}