{"id":8727,"date":"2021-11-19T11:26:45","date_gmt":"2021-11-19T10:26:45","guid":{"rendered":"https:\/\/www.mobilityinstitute.es\/mobility-talks-tendencias-urbanas-mad-y-bcn-insights-2021-novembre-2021\/"},"modified":"2021-11-22T10:47:20","modified_gmt":"2021-11-22T09:47:20","slug":"mobility-talks-tendencias-urbanas-2021-2","status":"publish","type":"page","link":"https:\/\/www.mobilityinstitute.es\/ca\/mobility-talks-tendencias-urbanas-2021-2\/","title":{"rendered":"Mobility Talks: \u00abTendencias Urbanas MAD y BCN. Insights 2021\u00bb (novembre 2021)"},"content":{"rendered":"<p><div class=\"fusion-fullwidth fullwidth-box fusion-builder-row-1 nonhundred-percent-fullwidth non-hundred-percent-height-scrolling\" style=\"background-color: rgba(255,255,255,0);background-position: center center;background-repeat: no-repeat;padding-top:0px;padding-right:0px;padding-bottom:0px;padding-left:0px;margin-bottom: 0px;margin-top: 0px;border-width: 0px 0px 0px 0px;border-color:#eae9e9;border-style:solid;\" ><div class=\"fusion-builder-row fusion-row\"><div class=\"fusion-layout-column fusion_builder_column fusion-builder-column-0 fusion_builder_column_1_1 1_1 fusion-one-full fusion-column-first fusion-column-last\" style=\"margin-top:0px;margin-bottom:20px;\"><div class=\"fusion-column-wrapper fusion-flex-column-wrapper-legacy\" style=\"background-position:left top;background-repeat:no-repeat;-webkit-background-size:cover;-moz-background-size:cover;-o-background-size:cover;background-size:cover;padding: 0px 0px 0px 0px;\"><div class=\"fusion-text fusion-text-1\"><p>El passat 16 de novembre, coincidint amb l&#8217;arrencada del tomorrow.mobility i l&#8217;Smart City Congress a Barcelona, el Mobility Institute va organitzar un acte per debatre sobre les <strong>noves tend\u00e8ncies en mobilitat urbana.<\/strong><\/p>\n<\/div><div class=\"fusion-sep-clear\"><\/div><div class=\"fusion-separator fusion-full-width-sep\" style=\"margin-left: auto;margin-right: auto;margin-top:10px;width:100%;\"><div class=\"fusion-separator-border sep-double\" style=\"border-color:#ffffff;border-top-width:1px;border-bottom-width:1px;\"><\/div><\/div><div class=\"fusion-sep-clear\"><\/div><div class=\"fusion-text fusion-text-2\"><p>A la primera part de l&#8217;acte es va presentar l&#8217;estudi <strong>&#8220;Tendencias Urbanas MAD y BCN. Insights 2021&#8221;,<\/strong> generat a partir de la nostra <strong>enquesta de mesurament continu sobre els nous h\u00e0bits de mobilitat urbana<\/strong> a les dues principals ciutats espanyoles: Madrid i Barcelona.<\/p>\n<\/div><div class=\"fusion-sep-clear\"><\/div><div class=\"fusion-separator fusion-full-width-sep\" style=\"margin-left: auto;margin-right: auto;margin-top:10px;width:100%;\"><div class=\"fusion-separator-border sep-double\" style=\"border-color:#ffffff;border-top-width:1px;border-bottom-width:1px;\"><\/div><\/div><div class=\"fusion-sep-clear\"><\/div><div class=\"fusion-text fusion-text-3\"><p>Tot seguit es va realitzar una taula rodona amb els seg\u00fcents convidats: <strong>Gerardo Lertxundi,<\/strong> conseller delegat de Transports Metropolitans de Barcelona (TMB); <strong>Josep Mart\u00ednez,<\/strong> conseller delegat de SABA; <strong>Carlos Mateo,<\/strong> director de Serveis de Mobilitat a EMT Madrid; i <strong>Michel Kisfaludi,<\/strong> director comercial d&#8217;Europcar Mobility Group.<\/p>\n<\/div><div class=\"fusion-sep-clear\"><\/div><div class=\"fusion-separator fusion-full-width-sep\" style=\"margin-left: auto;margin-right: auto;margin-top:10px;width:100%;\"><div class=\"fusion-separator-border sep-double\" style=\"border-color:#ffffff;border-top-width:1px;border-bottom-width:1px;\"><\/div><\/div><div class=\"fusion-sep-clear\"><\/div><div class=\"fusion-text fusion-text-4\"><p>Per finalitzar l&#8217;acte, hi va intervenir <strong>Laia Bonet,<\/strong> tercera tinenta d&#8217;alcaldia de l&#8217;Ajuntament de Barcelona. La clausura va ser a c\u00e0rrec de <strong>Josep Mateu,<\/strong> president del RACC.<\/p>\n<\/div><div class=\"fusion-clearfix\"><\/div><\/div><\/div><div class=\"fusion-layout-column fusion_builder_column fusion-builder-column-1 fusion_builder_column_1_1 1_1 fusion-one-full fusion-column-first fusion-column-last\" style=\"margin-top:0px;margin-bottom:20px;\"><div class=\"fusion-column-wrapper fusion-flex-column-wrapper-legacy\" style=\"background-position:left top;background-repeat:no-repeat;-webkit-background-size:cover;-moz-background-size:cover;-o-background-size:cover;background-size:cover;padding: 0px 0px 0px 0px;\"><div class=\"fusion-sep-clear\"><\/div><div class=\"fusion-separator fusion-full-width-sep\" style=\"margin-left: auto;margin-right: auto;margin-top:20px;margin-bottom:4px;width:100%;\"><div class=\"fusion-separator-border sep-double\" style=\"border-color:#ffffff;border-top-width:1px;border-bottom-width:1px;\"><\/div><\/div><div class=\"fusion-sep-clear\"><\/div><div class=\"fusion-text fusion-text-5\"><p>A continuaci\u00f3 es pot <strong>DESCARREGAR la presentaci\u00f3 <\/strong>y <strong>VEURE l&#8217;acte complet:<\/strong><\/p>\n<p>(Nom\u00e9s disponible per usuaris registrats)<\/p>\n<\/div><div class=\"fusion-sep-clear\"><\/div><div class=\"fusion-separator fusion-full-width-sep\" style=\"margin-left: auto;margin-right: auto;margin-top:4px;margin-bottom:4px;width:100%;\"><div class=\"fusion-separator-border sep-double\" style=\"border-color:#ffffff;border-top-width:1px;border-bottom-width:1px;\"><\/div><\/div><div class=\"fusion-sep-clear\"><\/div><div class=\"fusion-clearfix\"><\/div><\/div><\/div><\/div><\/div><div class=\"fusion-fullwidth fullwidth-box fusion-builder-row-2 nonhundred-percent-fullwidth non-hundred-percent-height-scrolling\" style=\"background-color: rgba(255,255,255,0);background-position: center center;background-repeat: no-repeat;padding-top:0px;padding-right:0px;padding-bottom:0px;padding-left:0px;margin-bottom: 0px;margin-top: 0px;border-width: 0px 0px 0px 0px;border-color:#eae9e9;border-style:solid;\" ><div class=\"fusion-builder-row fusion-row\"><div class=\"fusion-layout-column fusion_builder_column fusion-builder-column-2 fusion_builder_column_1_1 1_1 fusion-one-full fusion-column-first fusion-column-last\" style=\"margin-top:0px;margin-bottom:20px;\"><div class=\"fusion-column-wrapper fusion-flex-column-wrapper-legacy\" style=\"background-position:left top;background-repeat:no-repeat;-webkit-background-size:cover;-moz-background-size:cover;-o-background-size:cover;background-size:cover;padding: 0px 0px 0px 0px;\"><div class=\"fusion-text fusion-text-6 fusion-text-no-margin\" style=\"margin-bottom:20px;\">\n<\/div><div class=\"fusion-clearfix\"><\/div><\/div><\/div><div class=\"fusion-layout-column fusion_builder_column fusion-builder-column-3 fusion_builder_column_1_6 1_6 fusion-one-sixth fusion-column-first\" style=\"width:16.666666666667%;width:calc(16.666666666667% - ( ( 4% + 4% ) * 0.16666666666667 ) );margin-right: 4%;margin-top:0px;margin-bottom:20px;\"><div class=\"fusion-column-wrapper fusion-flex-column-wrapper-legacy\" style=\"background-position:left top;background-repeat:no-repeat;-webkit-background-size:cover;-moz-background-size:cover;-o-background-size:cover;background-size:cover;padding: 0px 0px 0px 0px;\"><div class=\"fusion-clearfix\"><\/div><\/div><\/div><div class=\"fusion-layout-column fusion_builder_column fusion-builder-column-4 fusion_builder_column_2_3 2_3 fusion-two-third\" style=\"width:66.666666666667%;width:calc(66.666666666667% - ( ( 4% + 4% ) * 0.66666666666667 ) );margin-right: 4%;margin-top:0px;margin-bottom:20px;\"><div class=\"fusion-column-wrapper fusion-flex-column-wrapper-legacy\" style=\"background-position:left top;background-repeat:no-repeat;-webkit-background-size:cover;-moz-background-size:cover;-o-background-size:cover;background-size:cover;padding: 0px 0px 0px 0px;\"><div class=\"fusion-text fusion-text-7\">\n<\/div><div class=\"fusion-text fusion-text-8\">\n<\/div><div class=\"fusion-clearfix\"><\/div><\/div><\/div><div class=\"fusion-layout-column fusion_builder_column fusion-builder-column-5 fusion_builder_column_1_6 1_6 fusion-one-sixth fusion-column-last\" style=\"width:16.666666666667%;width:calc(16.666666666667% - ( ( 4% + 4% ) * 0.16666666666667 ) );margin-top:0px;margin-bottom:20px;\"><div class=\"fusion-column-wrapper fusion-flex-column-wrapper-legacy\" style=\"background-position:left top;background-repeat:no-repeat;-webkit-background-size:cover;-moz-background-size:cover;-o-background-size:cover;background-size:cover;padding: 0px 0px 0px 0px;\"><div class=\"fusion-clearfix\"><\/div><\/div><\/div><div class=\"fusion-layout-column fusion_builder_column fusion-builder-column-6 fusion_builder_column_1_3 1_3 fusion-one-third fusion-column-first\" style=\"width:33.333333333333%;width:calc(33.333333333333% - ( ( 4% + 4% ) * 0.33333333333333 ) );margin-right: 4%;margin-top:0px;margin-bottom:20px;\"><div class=\"fusion-column-wrapper fusion-flex-column-wrapper-legacy\" style=\"background-position:left top;background-repeat:no-repeat;-webkit-background-size:cover;-moz-background-size:cover;-o-background-size:cover;background-size:cover;padding: 0px 0px 0px 0px;\"><div class=\"fusion-clearfix\"><\/div><\/div><\/div><div class=\"fusion-layout-column fusion_builder_column fusion-builder-column-7 fusion_builder_column_1_3 1_3 fusion-one-third\" style=\"width:33.333333333333%;width:calc(33.333333333333% - ( ( 4% + 4% ) * 0.33333333333333 ) );margin-right: 4%;margin-top:0px;margin-bottom:20px;\"><div class=\"fusion-column-wrapper fusion-flex-column-wrapper-legacy\" style=\"background-position:left top;background-repeat:no-repeat;-webkit-background-size:cover;-moz-background-size:cover;-o-background-size:cover;background-size:cover;padding: 0px 0px 0px 0px;\"><div class=\"fusion-text fusion-text-9\">\n<div class=\"fusion-login-box fusion-login-box-1 fusion-login-box-login fusion-login-align-center fusion-login-field-layout-stacked\"><style type=\"text\/css\">.fusion-login-box-1 .fusion-login-heading{color:#000;}.fusion-login-box-1 .fusion-login-caption{color:#fff;}.fusion-login-box-1 a{color:rgb(160, 206, 78);}<\/style><form class=\"fusion-login-form\" style=\"background-color:rgba(0,0,0,0);padding:0;\" name=\"loginform\" id=\"loginform\" method=\"post\" action=\"https:\/\/www.mobilityinstitute.es\/wp-login.php\"><div class=\"fusion-login-fields\"><div class=\"fusion-login-input-wrapper\"><label class=\"fusion-hidden-content\" for=\"user_login-1\">Nom d&#039;usuari o correu electr\u00f2nic<\/label><input type=\"text\" name=\"log\" placeholder=\"Nom d&#039;usuari o correu electr\u00f2nic\" value=\"\" size=\"20\" class=\"fusion-login-username input-text\" id=\"user_login-1\" \/><\/div><div class=\"fusion-login-input-wrapper\"><label class=\"fusion-hidden-content\" for=\"user_pass-1\">Clau<\/label><input type=\"password\" name=\"pwd\" placeholder=\"Clau\" value=\"\" size=\"20\" class=\"fusion-login-password input-text\" id=\"user_pass-1\" \/><\/div><\/div><div class=\"fusion-login-additional-content\"><div class=\"fusion-login-submit-wrapper\"><button class=\"fusion-login-button fusion-button button-default fusion-button-default-size fusion-login-button-no-fullwidth\" type=\"submit\" name=\"wp-submit\">Accedir<\/button><input type=\"hidden\" name=\"user-cookie\" value=\"1\" \/><input type=\"hidden\" name=\"redirect_to\" value=\"https:\/\/www.mobilityinstitute.es\/ca\/wp-json\/wp\/v2\/pages\/8727\" \/><input type=\"hidden\" name=\"fusion_login_box\" value=\"true\" \/><input type=\"hidden\" name=\"_wp_http_referer\" value=\"\/ca\/wp-json\/wp\/v2\/pages\/8727\" \/><span class=\"fusion-login-nonce\" style=\"display:none;\"><\/span><\/div><div class=\"fusion-login-links\"><a class=\"fusion-login-lost-passowrd\" target=\"_self\" href=\"https:\/\/www.mobilityinstitute.es\/resetear-contrasena\/\">No recordes la teva clau?<\/a><\/div><\/div><\/form><\/div>\n\n<\/div><div class=\"fusion-clearfix\"><\/div><\/div><\/div><div class=\"fusion-layout-column fusion_builder_column fusion-builder-column-8 fusion_builder_column_1_3 1_3 fusion-one-third fusion-column-last\" style=\"width:33.333333333333%;width:calc(33.333333333333% - ( ( 4% + 4% ) * 0.33333333333333 ) );margin-top:0px;margin-bottom:20px;\"><div class=\"fusion-column-wrapper fusion-flex-column-wrapper-legacy\" style=\"background-position:left top;background-repeat:no-repeat;-webkit-background-size:cover;-moz-background-size:cover;-o-background-size:cover;background-size:cover;padding: 0px 0px 0px 0px;\"><div class=\"fusion-clearfix\"><\/div><\/div><\/div><\/div><\/div><div class=\"fusion-fullwidth fullwidth-box fusion-builder-row-3 nonhundred-percent-fullwidth non-hundred-percent-height-scrolling\" style=\"background-color: rgba(255,255,255,0);background-position: center center;background-repeat: no-repeat;padding-top:0px;padding-right:0px;padding-bottom:0px;padding-left:0px;margin-bottom: 0px;margin-top: 0px;border-width: 0px 0px 0px 0px;border-color:#eae9e9;border-style:solid;\" ><div class=\"fusion-builder-row fusion-row\"><div class=\"fusion-layout-column fusion_builder_column fusion-builder-column-9 fusion_builder_column_1_1 1_1 fusion-one-full fusion-column-first fusion-column-last\" style=\"margin-top:0px;margin-bottom:20px;\"><div class=\"fusion-column-wrapper fusion-flex-column-wrapper-legacy\" style=\"background-position:left top;background-repeat:no-repeat;-webkit-background-size:cover;-moz-background-size:cover;-o-background-size:cover;background-size:cover;border-width: 1px 1px 1px 1px;border-color:#000000;border-style:solid;padding: 0px 0px 0px 0px;\"><div class=\"fusion-sep-clear\"><\/div><div class=\"fusion-separator fusion-full-width-sep\" style=\"margin-left: auto;margin-right: auto;margin-top:4px;margin-bottom:4px;width:100%;\"><div class=\"fusion-separator-border sep-double\" style=\"border-color:#ffffff;border-top-width:1px;border-bottom-width:1px;\"><\/div><\/div><div class=\"fusion-sep-clear\"><\/div><div class=\"fusion-text fusion-text-10\"><p style=\"padding-left: 40px;\">Algunes de les reflexions dels convidats que van participar a la trobada:<\/p>\n<\/div><div class=\"fusion-sep-clear\"><\/div><div class=\"fusion-separator fusion-full-width-sep\" style=\"margin-left: auto;margin-right: auto;margin-top:15px;margin-bottom:4px;width:100%;\"><div class=\"fusion-separator-border sep-double\" style=\"border-color:#ffffff;border-top-width:1px;border-bottom-width:1px;\"><\/div><\/div><div class=\"fusion-sep-clear\"><\/div><div class=\"fusion-builder-row fusion-builder-row-inner fusion-row\"><div class=\"fusion-layout-column fusion_builder_column_inner fusion-builder-nested-column-0 fusion_builder_column_inner_1_5 1_5 fusion-one-fifth fusion-column-first\" style=\"width:20%;width:calc(20% - ( ( 4% ) * 0.2 ) );margin-right: 4%;margin-top:0px;margin-bottom:20px;\"><div class=\"fusion-column-wrapper fusion-flex-column-wrapper-legacy\" style=\"background-position:left top;background-repeat:no-repeat;-webkit-background-size:cover;-moz-background-size:cover;-o-background-size:cover;background-size:cover;padding: 0px 0px 0px 0px;\"><div class=\"fusion-sep-clear\"><\/div><div class=\"fusion-separator fusion-full-width-sep\" style=\"margin-left: auto;margin-right: auto;margin-top:30px;width:100%;\"><div class=\"fusion-separator-border sep-double\" style=\"border-color:#ffffff;border-top-width:1px;border-bottom-width:1px;\"><\/div><\/div><div class=\"fusion-sep-clear\"><\/div><div class=\"imageframe-align-center\"><span class=\" fusion-imageframe imageframe-none imageframe-1 hover-type-none\"><img decoding=\"async\" width=\"514\" height=\"685\" title=\"Gerardo Lertxundi\" src=\"data:image\/svg+xml,%3Csvg%20xmlns%3D%27http%3A%2F%2Fwww.w3.org%2F2000%2Fsvg%27%20width%3D%27514%27%20height%3D%27685%27%20viewBox%3D%270%200%20514%20685%27%3E%3Crect%20width%3D%27514%27%20height%3D%27685%27%20fill-opacity%3D%220%22%2F%3E%3C%2Fsvg%3E\" data-orig-src=\"https:\/\/www.mobilityinstitute.es\/wp-content\/uploads\/2021\/11\/www.mobilityinstitute.es-gerardo-lertxundi-e1637325701780.png\" alt class=\"lazyload img-responsive wp-image-8648\"\/><\/span><\/div><div class=\"fusion-clearfix\"><\/div><\/div><\/div><div class=\"fusion-layout-column fusion_builder_column_inner fusion-builder-nested-column-1 fusion_builder_column_inner_4_5 4_5 fusion-four-fifth fusion-column-last\" style=\"width:80%;width:calc(80% - ( ( 4% ) * 0.8 ) );margin-top:0px;margin-bottom:20px;\"><div class=\"fusion-column-wrapper fusion-flex-column-wrapper-legacy\" style=\"background-position:left top;background-repeat:no-repeat;-webkit-background-size:cover;-moz-background-size:cover;-o-background-size:cover;background-size:cover;padding: 0px 0px 0px 0px;\"><div class=\"fusion-sep-clear\"><\/div><div class=\"fusion-separator fusion-full-width-sep\" style=\"margin-left: auto;margin-right: auto;margin-top:5px;width:100%;\"><div class=\"fusion-separator-border sep-double\" style=\"border-color:#ffffff;border-top-width:1px;border-bottom-width:1px;\"><\/div><\/div><div class=\"fusion-sep-clear\"><\/div><div class=\"fusion-text fusion-text-11\"><ul>\n<li><em>&#8220;Les \u00faltimes dades d&#8217;\u00fas de metro i autob\u00fas a Barcelona ja mostren una xifra mitjana de recuperaci\u00f3 de prop del 85% en relaci\u00f3 a 2019. A l&#8217;hora punta del mat\u00ed, s&#8217;arriba a assolir el 100% de recuperaci\u00f3.&#8221;<\/em><\/li>\n<li><em>&#8220;No pot tractar-se el transport p\u00fablic de manera separada a la resta de modes de transport; especialment, d&#8217;aquells d&#8217;\u00faltima milla que aporten complementarietat. En el marc del nou pla estrat\u00e8gic de TMB, estem analitzant la integraci\u00f3 d&#8217;aquests modes per oferir al ciutad\u00e0 una visi\u00f3 global de mobilitat compartida i en transport p\u00fablic. Com a mode massiu, universal i accessible per a tots, el transport p\u00fablic ha de ser el principal eix de qualsevol model.<\/em><em>&#8220;<\/em><\/li>\n<\/ul>\n<p style=\"padding-left: 40px;\"><strong>Gerardo Lertxundi, conseller delegat de Transports Metropolitans de Barcelona (TMB)<\/strong><\/p>\n<\/div><div class=\"fusion-clearfix\"><\/div><\/div><\/div><\/div><div class=\"fusion-sep-clear\"><\/div><div class=\"fusion-separator\" style=\"margin-left: auto;margin-right: auto;width:100%;max-width:80%;\"><div class=\"fusion-separator-border sep-single sep-solid\" style=\"border-color:#8bc34a;border-top-width:1px;\"><\/div><\/div><div class=\"fusion-sep-clear\"><\/div><div class=\"fusion-builder-row fusion-builder-row-inner fusion-row\"><div class=\"fusion-layout-column fusion_builder_column_inner fusion-builder-nested-column-2 fusion_builder_column_inner_4_5 4_5 fusion-four-fifth fusion-column-first\" style=\"width:80%;width:calc(80% - ( ( 4% ) * 0.8 ) );margin-right: 4%;margin-top:0px;margin-bottom:20px;\"><div class=\"fusion-column-wrapper fusion-flex-column-wrapper-legacy\" style=\"background-position:left top;background-repeat:no-repeat;-webkit-background-size:cover;-moz-background-size:cover;-o-background-size:cover;background-size:cover;padding: 0px 0px 0px 0px;\"><div class=\"fusion-sep-clear\"><\/div><div class=\"fusion-separator fusion-full-width-sep\" style=\"margin-left: auto;margin-right: auto;margin-top:5px;width:100%;\"><div class=\"fusion-separator-border sep-double\" style=\"border-color:#ffffff;border-top-width:1px;border-bottom-width:1px;\"><\/div><\/div><div class=\"fusion-sep-clear\"><\/div><div class=\"fusion-text fusion-text-12\"><ul>\n<li><em>&#8220;L&#8217;\u00fas actual dels aparcaments se situa tamb\u00e9 entre un 90 i un 95% respecte a les dades d&#8217;abans de la pand\u00e8mia. L&#8217;excepci\u00f3 serien els aparcaments d&#8217;estacions de ferrocarril, que mantenen un percentatge encara menor.&#8221;<\/em><\/li>\n<li><em>&#8220;Els aparcaments poden ser un veritable hub de serveis de mobilitat de persones i mercaderies, al servei dels ciutadans i de la pr\u00f2pia ciutat, aprofitant les seves ubicacions estrat\u00e8giques. Podem integrar tots els modes de transport \u2013vells o nous, d&#8217;\u00fas personal o compartit\u2013, des d&#8217;una visi\u00f3 integral de col\u00b7laboraci\u00f3 i intermobilitat. \u00c9s necessari que tots els operadors actuem amb generositat i en un marc de compet\u00e8ncia sana per facilitar la mobilitat als ciutadans.&#8221;<\/em><\/li>\n<\/ul>\n<p style=\"text-align: right;\"><strong>Josep Martinez, conseller delegat de SABA<\/strong><\/p>\n<\/div><div class=\"fusion-clearfix\"><\/div><\/div><\/div><div class=\"fusion-layout-column fusion_builder_column_inner fusion-builder-nested-column-3 fusion_builder_column_inner_1_5 1_5 fusion-one-fifth fusion-column-last\" style=\"width:20%;width:calc(20% - ( ( 4% ) * 0.2 ) );margin-top:0px;margin-bottom:20px;\"><div class=\"fusion-column-wrapper fusion-flex-column-wrapper-legacy\" style=\"background-image: linear-gradient(180deg, #ffffff 0%,#ffffff 100%);background-position:left top;background-repeat:no-repeat;-webkit-background-size:cover;-moz-background-size:cover;-o-background-size:cover;background-size:cover;background-color:#ffffff;padding: 0px 0px 0px 0px;\"><div class=\"fusion-sep-clear\"><\/div><div class=\"fusion-separator fusion-full-width-sep\" style=\"margin-left: auto;margin-right: auto;margin-top:30px;width:100%;\"><div class=\"fusion-separator-border sep-double\" style=\"border-color:#ffffff;border-top-width:1px;border-bottom-width:1px;\"><\/div><\/div><div class=\"fusion-sep-clear\"><\/div><div class=\"imageframe-align-center\"><span class=\" fusion-imageframe imageframe-none imageframe-2 hover-type-none\"><img decoding=\"async\" width=\"518\" height=\"686\" title=\"Josep Martinez\" src=\"data:image\/svg+xml,%3Csvg%20xmlns%3D%27http%3A%2F%2Fwww.w3.org%2F2000%2Fsvg%27%20width%3D%27518%27%20height%3D%27686%27%20viewBox%3D%270%200%20518%20686%27%3E%3Crect%20width%3D%27518%27%20height%3D%27686%27%20fill-opacity%3D%220%22%2F%3E%3C%2Fsvg%3E\" data-orig-src=\"https:\/\/www.mobilityinstitute.es\/wp-content\/uploads\/2021\/11\/www.mobilityinstitute.es-josep-martinez-e1637325643438.png\" alt class=\"lazyload img-responsive wp-image-8651\"\/><\/span><\/div><div class=\"fusion-clearfix\"><\/div><\/div><\/div><\/div><div class=\"fusion-sep-clear\"><\/div><div class=\"fusion-separator\" style=\"margin-left: auto;margin-right: auto;width:100%;max-width:80%;\"><div class=\"fusion-separator-border sep-single sep-solid\" style=\"border-color:#8bc34a;border-top-width:1px;\"><\/div><\/div><div class=\"fusion-sep-clear\"><\/div><div class=\"fusion-builder-row fusion-builder-row-inner fusion-row\"><div class=\"fusion-layout-column fusion_builder_column_inner fusion-builder-nested-column-4 fusion_builder_column_inner_1_5 1_5 fusion-one-fifth fusion-column-first\" style=\"width:20%;width:calc(20% - ( ( 4% ) * 0.2 ) );margin-right: 4%;margin-top:0px;margin-bottom:20px;\"><div class=\"fusion-column-wrapper fusion-flex-column-wrapper-legacy\" style=\"background-position:left top;background-repeat:no-repeat;-webkit-background-size:cover;-moz-background-size:cover;-o-background-size:cover;background-size:cover;padding: 0px 0px 0px 0px;\"><div class=\"fusion-sep-clear\"><\/div><div class=\"fusion-separator fusion-full-width-sep\" style=\"margin-left: auto;margin-right: auto;margin-top:30px;width:100%;\"><div class=\"fusion-separator-border sep-double\" style=\"border-color:#ffffff;border-top-width:1px;border-bottom-width:1px;\"><\/div><\/div><div class=\"fusion-sep-clear\"><\/div><div class=\"imageframe-align-center\"><span class=\" fusion-imageframe imageframe-none imageframe-3 hover-type-none\"><img decoding=\"async\" width=\"514\" height=\"685\" title=\"Carlos Mateo\" src=\"data:image\/svg+xml,%3Csvg%20xmlns%3D%27http%3A%2F%2Fwww.w3.org%2F2000%2Fsvg%27%20width%3D%27514%27%20height%3D%27685%27%20viewBox%3D%270%200%20514%20685%27%3E%3Crect%20width%3D%27514%27%20height%3D%27685%27%20fill-opacity%3D%220%22%2F%3E%3C%2Fsvg%3E\" data-orig-src=\"https:\/\/www.mobilityinstitute.es\/wp-content\/uploads\/2021\/11\/www.mobilityinstitute.es-carlos-mateo-e1637325814863.png\" alt class=\"lazyload img-responsive wp-image-8645\"\/><\/span><\/div><div class=\"fusion-clearfix\"><\/div><\/div><\/div><div class=\"fusion-layout-column fusion_builder_column_inner fusion-builder-nested-column-5 fusion_builder_column_inner_4_5 4_5 fusion-four-fifth fusion-column-last\" style=\"width:80%;width:calc(80% - ( ( 4% ) * 0.8 ) );margin-top:0px;margin-bottom:20px;\"><div class=\"fusion-column-wrapper fusion-flex-column-wrapper-legacy\" style=\"background-position:left top;background-repeat:no-repeat;-webkit-background-size:cover;-moz-background-size:cover;-o-background-size:cover;background-size:cover;padding: 0px 0px 0px 0px;\"><div class=\"fusion-sep-clear\"><\/div><div class=\"fusion-separator fusion-full-width-sep\" style=\"margin-left: auto;margin-right: auto;margin-top:5px;width:100%;\"><div class=\"fusion-separator-border sep-double\" style=\"border-color:#ffffff;border-top-width:1px;border-bottom-width:1px;\"><\/div><\/div><div class=\"fusion-sep-clear\"><\/div><div class=\"fusion-text fusion-text-13\"><ul>\n<li><em>&#8220;A Madrid continuem veient una reducci\u00f3 general de la mobilitat; no excessiva, per\u00f2 noticiable. Els nivells de recuperaci\u00f3 de l&#8217;\u00fas del transport p\u00fablic tamb\u00e9 es troben al voltant del 90%, tot i que identifiquem la dificultat de recuperar un percentatge d&#8217;usuaris que van canviar al vehicle privat en un entorn de reducci\u00f3 de la mobilitat. Aquest percentatge t\u00e9 un impacte important; per exemple, en l&#8217;increment de la congesti\u00f3 en les hores punta.&#8221;<\/em><\/li>\n<li><em>&#8220;Ens considerem un operador global de mobilitat. BiciMAD \u00e9s un servei prioritari per a nosaltres i estem en constant reflexi\u00f3 sobre qu\u00e8 m\u00e9s podem oferir a la ciutat. \u00c9s indubtable que hem d&#8217;anar cap a la integraci\u00f3 de la mobilitat mitjan\u00e7ant una soluci\u00f3 completa de Mobility as a Service, per\u00f2 la soluci\u00f3 no podr\u00e0 ser tan immediata.&#8221;&#8221;<\/em><\/li>\n<\/ul>\n<p style=\"padding-left: 40px;\"><strong>Carlos Mateo, director de Serveis de Mobilitat a EMT Madrid<\/strong><\/p>\n<\/div><div class=\"fusion-clearfix\"><\/div><\/div><\/div><\/div><div class=\"fusion-sep-clear\"><\/div><div class=\"fusion-separator\" style=\"margin-left: auto;margin-right: auto;width:100%;max-width:80%;\"><div class=\"fusion-separator-border sep-single sep-solid\" style=\"border-color:#8bc34a;border-top-width:1px;\"><\/div><\/div><div class=\"fusion-sep-clear\"><\/div><div class=\"fusion-builder-row fusion-builder-row-inner fusion-row\"><div class=\"fusion-layout-column fusion_builder_column_inner fusion-builder-nested-column-6 fusion_builder_column_inner_4_5 4_5 fusion-four-fifth fusion-column-first\" style=\"width:80%;width:calc(80% - ( ( 4% ) * 0.8 ) );margin-right: 4%;margin-top:0px;margin-bottom:20px;\"><div class=\"fusion-column-wrapper fusion-flex-column-wrapper-legacy\" style=\"background-position:left top;background-repeat:no-repeat;-webkit-background-size:cover;-moz-background-size:cover;-o-background-size:cover;background-size:cover;padding: 0px 0px 0px 0px;\"><div class=\"fusion-sep-clear\"><\/div><div class=\"fusion-separator fusion-full-width-sep\" style=\"margin-left: auto;margin-right: auto;margin-top:5px;width:100%;\"><div class=\"fusion-separator-border sep-double\" style=\"border-color:#ffffff;border-top-width:1px;border-bottom-width:1px;\"><\/div><\/div><div class=\"fusion-sep-clear\"><\/div><div class=\"fusion-text fusion-text-14\"><ul>\n<li><em>&#8220;Tot i que l&#8217;evoluci\u00f3 \u00e9s lenta, estem vivint un canvi de paradigma en relaci\u00f3 a la propietat del vehicle. Els usuaris es comencen a q\u00fcestionar els costos fixos de ser propietaris d&#8217;un cotxe i prenen for\u00e7a altres models. Per exemple, una opci\u00f3 compartida que permet\u00e9s l&#8217;\u00fas d&#8217;un vehicle el\u00e8ctric durant la setmana per a despla\u00e7aments urbans i un altre tipus de vehicle per a despla\u00e7aments llargs de cap de setmana.&#8221;<\/em><\/li>\n<li><em>&#8220;La instantane\u00eftat est\u00e0 marcant el model de lloguer d&#8217;un vehicle o d&#8217;\u00fas de serveis de <\/em>sharing<em>; especialment, entre els usuaris m\u00e9s joves. En l\u00ednies generals, prefereixen interactuar amb una m\u00e0quina, que assegura una transacci\u00f3 r\u00e0pida, immediata i segura, que amb una persona.&#8221;<\/em><em>.&#8221;<\/em><\/li>\n<\/ul>\n<p style=\"text-align: right;\"><strong>Michel Kisfaludi, director comercial d&#8217;Europcar Mobility Group<\/strong><\/p>\n<\/div><div class=\"fusion-clearfix\"><\/div><\/div><\/div><div class=\"fusion-layout-column fusion_builder_column_inner fusion-builder-nested-column-7 fusion_builder_column_inner_1_5 1_5 fusion-one-fifth fusion-column-last\" style=\"width:20%;width:calc(20% - ( ( 4% ) * 0.2 ) );margin-top:0px;margin-bottom:20px;\"><div class=\"fusion-column-wrapper fusion-flex-column-wrapper-legacy\" style=\"background-image: linear-gradient(180deg, #ffffff 0%,#ffffff 100%);background-position:left top;background-repeat:no-repeat;-webkit-background-size:cover;-moz-background-size:cover;-o-background-size:cover;background-size:cover;background-color:#ffffff;padding: 0px 0px 0px 0px;\"><div class=\"fusion-sep-clear\"><\/div><div class=\"fusion-separator fusion-full-width-sep\" style=\"margin-left: auto;margin-right: auto;margin-top:30px;width:100%;\"><div class=\"fusion-separator-border sep-double\" style=\"border-color:#ffffff;border-top-width:1px;border-bottom-width:1px;\"><\/div><\/div><div class=\"fusion-sep-clear\"><\/div><div class=\"imageframe-align-center\"><span class=\" fusion-imageframe imageframe-none imageframe-4 hover-type-none\"><img decoding=\"async\" width=\"515\" height=\"685\" title=\"Michel Kisfaludi\" src=\"data:image\/svg+xml,%3Csvg%20xmlns%3D%27http%3A%2F%2Fwww.w3.org%2F2000%2Fsvg%27%20width%3D%27515%27%20height%3D%27685%27%20viewBox%3D%270%200%20515%20685%27%3E%3Crect%20width%3D%27515%27%20height%3D%27685%27%20fill-opacity%3D%220%22%2F%3E%3C%2Fsvg%3E\" data-orig-src=\"https:\/\/www.mobilityinstitute.es\/wp-content\/uploads\/2021\/11\/www.mobilityinstitute.es-michel-kisfaludi-e1637323199168.png\" alt class=\"lazyload img-responsive wp-image-8660\"\/><\/span><\/div><div class=\"fusion-clearfix\"><\/div><\/div><\/div><\/div><div class=\"fusion-sep-clear\"><\/div><div class=\"fusion-separator\" style=\"margin-left: auto;margin-right: auto;width:100%;max-width:80%;\"><div class=\"fusion-separator-border sep-single sep-solid\" style=\"border-color:#8bc34a;border-top-width:1px;\"><\/div><\/div><div class=\"fusion-sep-clear\"><\/div><div class=\"fusion-builder-row fusion-builder-row-inner fusion-row\"><div class=\"fusion-layout-column fusion_builder_column_inner fusion-builder-nested-column-8 fusion_builder_column_inner_1_5 1_5 fusion-one-fifth fusion-column-first\" style=\"width:20%;width:calc(20% - ( ( 4% ) * 0.2 ) );margin-right: 4%;margin-top:0px;margin-bottom:20px;\"><div class=\"fusion-column-wrapper fusion-flex-column-wrapper-legacy\" style=\"background-position:left top;background-repeat:no-repeat;-webkit-background-size:cover;-moz-background-size:cover;-o-background-size:cover;background-size:cover;padding: 0px 0px 0px 0px;\"><div class=\"fusion-sep-clear\"><\/div><div class=\"fusion-separator fusion-full-width-sep\" style=\"margin-left: auto;margin-right: auto;margin-top:30px;width:100%;\"><div class=\"fusion-separator-border sep-double\" style=\"border-color:#ffffff;border-top-width:1px;border-bottom-width:1px;\"><\/div><\/div><div class=\"fusion-sep-clear\"><\/div><div class=\"imageframe-align-center\"><span class=\" fusion-imageframe imageframe-none imageframe-5 hover-type-none\"><img decoding=\"async\" width=\"525\" height=\"686\" title=\"Laia Bonet\" src=\"data:image\/svg+xml,%3Csvg%20xmlns%3D%27http%3A%2F%2Fwww.w3.org%2F2000%2Fsvg%27%20width%3D%27525%27%20height%3D%27686%27%20viewBox%3D%270%200%20525%20686%27%3E%3Crect%20width%3D%27525%27%20height%3D%27686%27%20fill-opacity%3D%220%22%2F%3E%3C%2Fsvg%3E\" data-orig-src=\"https:\/\/www.mobilityinstitute.es\/wp-content\/uploads\/2021\/11\/www.mobilityinstitute.es-laia-bonet-e1637323435656.png\" alt class=\"lazyload img-responsive wp-image-8657\"\/><\/span><\/div><div class=\"fusion-clearfix\"><\/div><\/div><\/div><div class=\"fusion-layout-column fusion_builder_column_inner fusion-builder-nested-column-9 fusion_builder_column_inner_4_5 4_5 fusion-four-fifth fusion-column-last\" style=\"width:80%;width:calc(80% - ( ( 4% ) * 0.8 ) );margin-top:0px;margin-bottom:20px;\"><div class=\"fusion-column-wrapper fusion-flex-column-wrapper-legacy\" style=\"background-position:left top;background-repeat:no-repeat;-webkit-background-size:cover;-moz-background-size:cover;-o-background-size:cover;background-size:cover;padding: 0px 0px 0px 0px;\"><div class=\"fusion-sep-clear\"><\/div><div class=\"fusion-separator fusion-full-width-sep\" style=\"margin-left: auto;margin-right: auto;margin-top:5px;width:100%;\"><div class=\"fusion-separator-border sep-double\" style=\"border-color:#ffffff;border-top-width:1px;border-bottom-width:1px;\"><\/div><\/div><div class=\"fusion-sep-clear\"><\/div><div class=\"fusion-text fusion-text-15\"><ul>\n<li><em>&#8220;Malgrat el descens momentani d&#8217;usuaris de transport p\u00fablic, la pand\u00e8mia ha suposat un increment de la mobilitat sostenible (suma de transport p\u00fablic i mobilitat activa). El repte \u00e9s sumar m\u00e9s usuaris al transport p\u00fablic dels que ten\u00edem abans del coronavirus. Amb aquest objectiu, hem tornat a congelar les tarifes. A m\u00e9s del preu, tamb\u00e9 s\u00f3n importants la qualitat del servei i una bona cobertura territorial. En aquest \u00faltim punt, hi ha la necessitat imperiosa d&#8217;invertir en la millora de la capil\u00b7laritat i l&#8217;efic\u00e0cia del transport p\u00fablic.&#8221;<\/em><\/li>\n<li><em>&#8220;La societat est\u00e0 variant els seus h\u00e0bits de consum cap a un model de pagament per \u00fas. En l&#8217;\u00e0mbit de la mobilitat, el <\/em>sharing <em>ens han d&#8217;ajudar a cobrir l&#8217;enlla\u00e7 amb el transport p\u00fablic (en la primera o \u00faltima milla). El repte \u00e9s que el <\/em>sharing <em>sigui bo per als operadors i per als ciutadans, per\u00f2 tamb\u00e9 per a la ciutat. Cal posar ordre a aquesta realitat i conceptualitzar els serveis de mobilitat en la seva globalitat, siguin de titularitat p\u00fablica o privada. Tots els operadors hem d&#8217;anar de la m\u00e0 per avan\u00e7ar cap a un model m\u00e9s sostenible i integrador.<\/em><\/li>\n<\/ul>\n<p style=\"padding-left: 40px;\"><strong>Laia Bonet, 3a tinent d&#8217;alcaldia de l&#8217;Ajuntament de Barcelona<\/strong><\/p>\n<\/div><div class=\"fusion-clearfix\"><\/div><\/div><\/div><\/div><div class=\"fusion-sep-clear\"><\/div><div class=\"fusion-separator\" style=\"margin-left: auto;margin-right: auto;width:100%;max-width:80%;\"><div class=\"fusion-separator-border sep-single sep-solid\" style=\"border-color:#8bc34a;border-top-width:1px;\"><\/div><\/div><div class=\"fusion-sep-clear\"><\/div><div class=\"fusion-builder-row fusion-builder-row-inner fusion-row\"><div class=\"fusion-layout-column fusion_builder_column_inner fusion-builder-nested-column-10 fusion_builder_column_inner_4_5 4_5 fusion-four-fifth fusion-column-first\" style=\"width:80%;width:calc(80% - ( ( 4% ) * 0.8 ) );margin-right: 4%;margin-top:0px;margin-bottom:20px;\"><div class=\"fusion-column-wrapper fusion-flex-column-wrapper-legacy\" style=\"background-position:left top;background-repeat:no-repeat;-webkit-background-size:cover;-moz-background-size:cover;-o-background-size:cover;background-size:cover;padding: 0px 0px 0px 0px;\"><div class=\"fusion-sep-clear\"><\/div><div class=\"fusion-separator fusion-full-width-sep\" style=\"margin-left: auto;margin-right: auto;margin-top:5px;width:100%;\"><div class=\"fusion-separator-border sep-double\" style=\"border-color:#ffffff;border-top-width:1px;border-bottom-width:1px;\"><\/div><\/div><div class=\"fusion-sep-clear\"><\/div><div class=\"fusion-text fusion-text-16\"><ul>\n<li><em>&#8220;Identifiquem dos factors clau per avan\u00e7ar cap a una mobilitat, m\u00e9s segura, m\u00e9s sostenible, m\u00e9s connectada i m\u00e9s \u00e0gil: una visi\u00f3 metropolitana de la mobilitat i la necessitat d&#8217;una col\u00b7laboraci\u00f3 p\u00fablic-privada real i regular, no puntual.&#8221;<\/em><\/li>\n<li><em>&#8220;En el cas espec\u00edfic de Barcelona, apostem per tres mesures a curt termini: flexibilitzar totes les mesures d&#8217;urbanisme t\u00e0ctic, amb l&#8217;objectiu de recuperar les vies de circulaci\u00f3 que es van reduir en el seu moment; flexibilitzar horaris laborals, especialment d&#8217;entrada a empreses, escoles o universitats; i fomentar el transport compartit. Tamb\u00e9 \u00e9s urgent solucionar el tema de Rodalies, amb una inversi\u00f3 a llarg termini i una gesti\u00f3 de proximitat.&#8221;<\/em><\/li>\n<\/ul>\n<p style=\"text-align: right;\"><strong>Josep Mateu, president del RACC<\/strong><\/p>\n<\/div><div class=\"fusion-clearfix\"><\/div><\/div><\/div><div class=\"fusion-layout-column fusion_builder_column_inner fusion-builder-nested-column-11 fusion_builder_column_inner_1_5 1_5 fusion-one-fifth fusion-column-last\" style=\"width:20%;width:calc(20% - ( ( 4% ) * 0.2 ) );margin-top:0px;margin-bottom:20px;\"><div class=\"fusion-column-wrapper fusion-flex-column-wrapper-legacy\" style=\"background-image: linear-gradient(180deg, #ffffff 0%,#ffffff 100%);background-position:left top;background-repeat:no-repeat;-webkit-background-size:cover;-moz-background-size:cover;-o-background-size:cover;background-size:cover;background-color:#ffffff;padding: 0px 0px 0px 0px;\"><div class=\"fusion-sep-clear\"><\/div><div class=\"fusion-separator fusion-full-width-sep\" style=\"margin-left: auto;margin-right: auto;margin-top:30px;width:100%;\"><div class=\"fusion-separator-border sep-double\" style=\"border-color:#ffffff;border-top-width:1px;border-bottom-width:1px;\"><\/div><\/div><div class=\"fusion-sep-clear\"><\/div><div class=\"imageframe-align-center\"><span class=\" fusion-imageframe imageframe-none imageframe-6 hover-type-none\"><img decoding=\"async\" width=\"517\" height=\"681\" title=\"Josep Mateu\" src=\"data:image\/svg+xml,%3Csvg%20xmlns%3D%27http%3A%2F%2Fwww.w3.org%2F2000%2Fsvg%27%20width%3D%27517%27%20height%3D%27681%27%20viewBox%3D%270%200%20517%20681%27%3E%3Crect%20width%3D%27517%27%20height%3D%27681%27%20fill-opacity%3D%220%22%2F%3E%3C%2Fsvg%3E\" data-orig-src=\"https:\/\/www.mobilityinstitute.es\/wp-content\/uploads\/2021\/11\/www.mobilityinstitute.es-josep-mateu-e1637325530439.png\" alt class=\"lazyload img-responsive wp-image-8654\"\/><\/span><\/div><div class=\"fusion-clearfix\"><\/div><\/div><\/div><\/div><div class=\"fusion-sep-clear\"><\/div><div class=\"fusion-separator\" style=\"margin-left: auto;margin-right: auto;width:100%;max-width:80%;\"><div class=\"fusion-separator-border sep-single sep-solid\" style=\"border-color:#8bc34a;border-top-width:1px;\"><\/div><\/div><div class=\"fusion-sep-clear\"><\/div><div class=\"fusion-clearfix\"><\/div><\/div><\/div><\/div><\/div><div class=\"fusion-fullwidth fullwidth-box fusion-builder-row-4 fusion-flex-container nonhundred-percent-fullwidth non-hundred-percent-height-scrolling\" style=\"background-color: rgba(255,255,255,0);background-position: center center;background-repeat: no-repeat;border-width: 0px 0px 0px 0px;border-color:#eae9e9;border-style:solid;\" ><div class=\"fusion-builder-row fusion-row fusion-flex-align-items-flex-start\" style=\"max-width:1248px;margin-left: calc(-4% \/ 2 );margin-right: calc(-4% \/ 2 );\"><div class=\"fusion-layout-column fusion_builder_column fusion-builder-column-10 fusion_builder_column_1_1 1_1 fusion-flex-column\"><div class=\"fusion-column-wrapper fusion-flex-justify-content-flex-start fusion-content-layout-column\" style=\"background-position:left top;background-repeat:no-repeat;-webkit-background-size:cover;-moz-background-size:cover;-o-background-size:cover;background-size:cover;padding: 0px 0px 0px 0px;\"><div class=\"fusion-text fusion-text-17\"><p>A continuaci\u00f3, s&#8217;inclouen algunes imatges de l&#8217;acte (fer clic sobre cada imatge per ampliar):<\/p>\n<\/div><div class=\"fusion-separator\" style=\"align-self: center;margin-left: auto;margin-right: auto;margin-top:15px;width:100%;max-width:80%;\"><\/div><style type=\"text\/css\">.fusion-gallery-1 .fusion-gallery-image {border:0px solid #f6f6f6;}<\/style><div class=\"awb-gallery-wrapper awb-gallery-wrapper-1 button-span-no\"><div class=\"fusion-gallery fusion-gallery-container fusion-grid-4 fusion-columns-total-12 fusion-gallery-layout-grid fusion-gallery-1\" style=\"margin:-5px;\"><div style=\"padding:5px;\" class=\"fusion-grid-column fusion-gallery-column fusion-gallery-column-4 hover-type-none\"><div class=\"fusion-gallery-image\"><a href=\"https:\/\/www.mobilityinstitute.es\/wp-content\/uploads\/2021\/11\/www.mobilityinstitute.es-0-conductor.jpg\" rel=\"noreferrer\" data-rel=\"iLightbox[gallery_image_1]\" class=\"fusion-lightbox\" target=\"_self\"><img decoding=\"async\" src=\"https:\/\/www.mobilityinstitute.es\/wp-content\/uploads\/2021\/11\/www.mobilityinstitute.es-0-conductor.jpg\" data-orig-src=\"https:\/\/www.mobilityinstitute.es\/wp-content\/uploads\/2021\/11\/www.mobilityinstitute.es-0-conductor.jpg\" width=\"1500\" height=\"999\" alt=\"\" title=\"RACC Mobility Institute\" aria-label=\"RACC Mobility Institute\" class=\"lazyload img-responsive wp-image-8683\" srcset=\"data:image\/svg+xml,%3Csvg%20xmlns%3D%27http%3A%2F%2Fwww.w3.org%2F2000%2Fsvg%27%20width%3D%271500%27%20height%3D%27999%27%20viewBox%3D%270%200%201500%20999%27%3E%3Crect%20width%3D%271500%27%20height%3D%27999%27%20fill-opacity%3D%220%22%2F%3E%3C%2Fsvg%3E\" data-srcset=\"https:\/\/www.mobilityinstitute.es\/wp-content\/uploads\/2021\/11\/www.mobilityinstitute.es-0-conductor-200x133.jpg 200w, https:\/\/www.mobilityinstitute.es\/wp-content\/uploads\/2021\/11\/www.mobilityinstitute.es-0-conductor-400x266.jpg 400w, https:\/\/www.mobilityinstitute.es\/wp-content\/uploads\/2021\/11\/www.mobilityinstitute.es-0-conductor-600x400.jpg 600w, https:\/\/www.mobilityinstitute.es\/wp-content\/uploads\/2021\/11\/www.mobilityinstitute.es-0-conductor-800x533.jpg 800w, https:\/\/www.mobilityinstitute.es\/wp-content\/uploads\/2021\/11\/www.mobilityinstitute.es-0-conductor-1200x799.jpg 1200w, https:\/\/www.mobilityinstitute.es\/wp-content\/uploads\/2021\/11\/www.mobilityinstitute.es-0-conductor.jpg 1500w\" data-sizes=\"auto\" data-orig-sizes=\"(min-width: 2200px) 100vw, (min-width: 856px) 296px, (min-width: 784px) 395px, (min-width: 712px) 593px, (min-width: 640px) 712px, \" \/><\/a><\/div><\/div><div style=\"padding:5px;\" class=\"fusion-grid-column fusion-gallery-column fusion-gallery-column-4 hover-type-none\"><div class=\"fusion-gallery-image\"><a href=\"https:\/\/www.mobilityinstitute.es\/wp-content\/uploads\/2021\/11\/www.mobilityinstitute.es-1-benvinguda-josep-mateu.jpg\" rel=\"noreferrer\" data-rel=\"iLightbox[gallery_image_1]\" class=\"fusion-lightbox\" target=\"_self\"><img decoding=\"async\" src=\"https:\/\/www.mobilityinstitute.es\/wp-content\/uploads\/2021\/11\/www.mobilityinstitute.es-1-benvinguda-josep-mateu.jpg\" data-orig-src=\"https:\/\/www.mobilityinstitute.es\/wp-content\/uploads\/2021\/11\/www.mobilityinstitute.es-1-benvinguda-josep-mateu.jpg\" width=\"1500\" height=\"999\" alt=\"\" title=\"RACC Mobility Institute\" aria-label=\"RACC Mobility Institute\" class=\"lazyload img-responsive wp-image-8686\" srcset=\"data:image\/svg+xml,%3Csvg%20xmlns%3D%27http%3A%2F%2Fwww.w3.org%2F2000%2Fsvg%27%20width%3D%271500%27%20height%3D%27999%27%20viewBox%3D%270%200%201500%20999%27%3E%3Crect%20width%3D%271500%27%20height%3D%27999%27%20fill-opacity%3D%220%22%2F%3E%3C%2Fsvg%3E\" data-srcset=\"https:\/\/www.mobilityinstitute.es\/wp-content\/uploads\/2021\/11\/www.mobilityinstitute.es-1-benvinguda-josep-mateu-200x133.jpg 200w, https:\/\/www.mobilityinstitute.es\/wp-content\/uploads\/2021\/11\/www.mobilityinstitute.es-1-benvinguda-josep-mateu-400x266.jpg 400w, https:\/\/www.mobilityinstitute.es\/wp-content\/uploads\/2021\/11\/www.mobilityinstitute.es-1-benvinguda-josep-mateu-600x400.jpg 600w, https:\/\/www.mobilityinstitute.es\/wp-content\/uploads\/2021\/11\/www.mobilityinstitute.es-1-benvinguda-josep-mateu-800x533.jpg 800w, https:\/\/www.mobilityinstitute.es\/wp-content\/uploads\/2021\/11\/www.mobilityinstitute.es-1-benvinguda-josep-mateu-1200x799.jpg 1200w, https:\/\/www.mobilityinstitute.es\/wp-content\/uploads\/2021\/11\/www.mobilityinstitute.es-1-benvinguda-josep-mateu.jpg 1500w\" data-sizes=\"auto\" data-orig-sizes=\"(min-width: 2200px) 100vw, (min-width: 856px) 296px, (min-width: 784px) 395px, (min-width: 712px) 593px, (min-width: 640px) 712px, \" \/><\/a><\/div><\/div><div style=\"padding:5px;\" class=\"fusion-grid-column fusion-gallery-column fusion-gallery-column-4 hover-type-none\"><div class=\"fusion-gallery-image\"><a href=\"https:\/\/www.mobilityinstitute.es\/wp-content\/uploads\/2021\/11\/www.mobilityinstitute.es-3-benvinguda-antonio.jpg\" rel=\"noreferrer\" data-rel=\"iLightbox[gallery_image_1]\" class=\"fusion-lightbox\" target=\"_self\"><img decoding=\"async\" src=\"https:\/\/www.mobilityinstitute.es\/wp-content\/uploads\/2021\/11\/www.mobilityinstitute.es-3-benvinguda-antonio.jpg\" data-orig-src=\"https:\/\/www.mobilityinstitute.es\/wp-content\/uploads\/2021\/11\/www.mobilityinstitute.es-3-benvinguda-antonio.jpg\" width=\"1500\" height=\"999\" alt=\"\" title=\"RACC Mobility Institute\" aria-label=\"RACC Mobility Institute\" class=\"lazyload img-responsive wp-image-8689\" srcset=\"data:image\/svg+xml,%3Csvg%20xmlns%3D%27http%3A%2F%2Fwww.w3.org%2F2000%2Fsvg%27%20width%3D%271500%27%20height%3D%27999%27%20viewBox%3D%270%200%201500%20999%27%3E%3Crect%20width%3D%271500%27%20height%3D%27999%27%20fill-opacity%3D%220%22%2F%3E%3C%2Fsvg%3E\" data-srcset=\"https:\/\/www.mobilityinstitute.es\/wp-content\/uploads\/2021\/11\/www.mobilityinstitute.es-3-benvinguda-antonio-200x133.jpg 200w, https:\/\/www.mobilityinstitute.es\/wp-content\/uploads\/2021\/11\/www.mobilityinstitute.es-3-benvinguda-antonio-400x266.jpg 400w, https:\/\/www.mobilityinstitute.es\/wp-content\/uploads\/2021\/11\/www.mobilityinstitute.es-3-benvinguda-antonio-600x400.jpg 600w, https:\/\/www.mobilityinstitute.es\/wp-content\/uploads\/2021\/11\/www.mobilityinstitute.es-3-benvinguda-antonio-800x533.jpg 800w, https:\/\/www.mobilityinstitute.es\/wp-content\/uploads\/2021\/11\/www.mobilityinstitute.es-3-benvinguda-antonio-1200x799.jpg 1200w, https:\/\/www.mobilityinstitute.es\/wp-content\/uploads\/2021\/11\/www.mobilityinstitute.es-3-benvinguda-antonio.jpg 1500w\" data-sizes=\"auto\" data-orig-sizes=\"(min-width: 2200px) 100vw, (min-width: 856px) 296px, (min-width: 784px) 395px, (min-width: 712px) 593px, (min-width: 640px) 712px, \" \/><\/a><\/div><\/div><div style=\"padding:5px;\" class=\"fusion-grid-column fusion-gallery-column fusion-gallery-column-4 hover-type-none\"><div class=\"fusion-gallery-image\"><a href=\"https:\/\/www.mobilityinstitute.es\/wp-content\/uploads\/2021\/11\/www.mobilityinstitute.es-4-presentacio.jpg\" rel=\"noreferrer\" data-rel=\"iLightbox[gallery_image_1]\" class=\"fusion-lightbox\" target=\"_self\"><img decoding=\"async\" src=\"https:\/\/www.mobilityinstitute.es\/wp-content\/uploads\/2021\/11\/www.mobilityinstitute.es-4-presentacio.jpg\" data-orig-src=\"https:\/\/www.mobilityinstitute.es\/wp-content\/uploads\/2021\/11\/www.mobilityinstitute.es-4-presentacio.jpg\" width=\"1500\" height=\"999\" alt=\"\" title=\"RACC Mobility Institute\" aria-label=\"RACC Mobility Institute\" class=\"lazyload img-responsive wp-image-8693\" srcset=\"data:image\/svg+xml,%3Csvg%20xmlns%3D%27http%3A%2F%2Fwww.w3.org%2F2000%2Fsvg%27%20width%3D%271500%27%20height%3D%27999%27%20viewBox%3D%270%200%201500%20999%27%3E%3Crect%20width%3D%271500%27%20height%3D%27999%27%20fill-opacity%3D%220%22%2F%3E%3C%2Fsvg%3E\" data-srcset=\"https:\/\/www.mobilityinstitute.es\/wp-content\/uploads\/2021\/11\/www.mobilityinstitute.es-4-presentacio-200x133.jpg 200w, https:\/\/www.mobilityinstitute.es\/wp-content\/uploads\/2021\/11\/www.mobilityinstitute.es-4-presentacio-400x266.jpg 400w, https:\/\/www.mobilityinstitute.es\/wp-content\/uploads\/2021\/11\/www.mobilityinstitute.es-4-presentacio-600x400.jpg 600w, https:\/\/www.mobilityinstitute.es\/wp-content\/uploads\/2021\/11\/www.mobilityinstitute.es-4-presentacio-800x533.jpg 800w, https:\/\/www.mobilityinstitute.es\/wp-content\/uploads\/2021\/11\/www.mobilityinstitute.es-4-presentacio-1200x799.jpg 1200w, https:\/\/www.mobilityinstitute.es\/wp-content\/uploads\/2021\/11\/www.mobilityinstitute.es-4-presentacio.jpg 1500w\" data-sizes=\"auto\" data-orig-sizes=\"(min-width: 2200px) 100vw, (min-width: 856px) 296px, (min-width: 784px) 395px, (min-width: 712px) 593px, (min-width: 640px) 712px, \" \/><\/a><\/div><\/div><div class=\"clearfix\"><\/div><div style=\"padding:5px;\" class=\"fusion-grid-column fusion-gallery-column fusion-gallery-column-4 hover-type-none\"><div class=\"fusion-gallery-image\"><a href=\"https:\/\/www.mobilityinstitute.es\/wp-content\/uploads\/2021\/11\/www.mobilityinstitute.es-5-taula-rodona.jpg\" rel=\"noreferrer\" data-rel=\"iLightbox[gallery_image_1]\" class=\"fusion-lightbox\" target=\"_self\"><img decoding=\"async\" src=\"https:\/\/www.mobilityinstitute.es\/wp-content\/uploads\/2021\/11\/www.mobilityinstitute.es-5-taula-rodona.jpg\" data-orig-src=\"https:\/\/www.mobilityinstitute.es\/wp-content\/uploads\/2021\/11\/www.mobilityinstitute.es-5-taula-rodona.jpg\" width=\"1500\" height=\"999\" alt=\"\" title=\"RACC Mobility Institute\" aria-label=\"RACC Mobility Institute\" class=\"lazyload img-responsive wp-image-8696\" srcset=\"data:image\/svg+xml,%3Csvg%20xmlns%3D%27http%3A%2F%2Fwww.w3.org%2F2000%2Fsvg%27%20width%3D%271500%27%20height%3D%27999%27%20viewBox%3D%270%200%201500%20999%27%3E%3Crect%20width%3D%271500%27%20height%3D%27999%27%20fill-opacity%3D%220%22%2F%3E%3C%2Fsvg%3E\" data-srcset=\"https:\/\/www.mobilityinstitute.es\/wp-content\/uploads\/2021\/11\/www.mobilityinstitute.es-5-taula-rodona-200x133.jpg 200w, https:\/\/www.mobilityinstitute.es\/wp-content\/uploads\/2021\/11\/www.mobilityinstitute.es-5-taula-rodona-400x266.jpg 400w, https:\/\/www.mobilityinstitute.es\/wp-content\/uploads\/2021\/11\/www.mobilityinstitute.es-5-taula-rodona-600x400.jpg 600w, https:\/\/www.mobilityinstitute.es\/wp-content\/uploads\/2021\/11\/www.mobilityinstitute.es-5-taula-rodona-800x533.jpg 800w, https:\/\/www.mobilityinstitute.es\/wp-content\/uploads\/2021\/11\/www.mobilityinstitute.es-5-taula-rodona-1200x799.jpg 1200w, https:\/\/www.mobilityinstitute.es\/wp-content\/uploads\/2021\/11\/www.mobilityinstitute.es-5-taula-rodona.jpg 1500w\" data-sizes=\"auto\" data-orig-sizes=\"(min-width: 2200px) 100vw, (min-width: 856px) 296px, (min-width: 784px) 395px, (min-width: 712px) 593px, (min-width: 640px) 712px, \" \/><\/a><\/div><\/div><div style=\"padding:5px;\" class=\"fusion-grid-column fusion-gallery-column fusion-gallery-column-4 hover-type-none\"><div class=\"fusion-gallery-image\"><a href=\"https:\/\/www.mobilityinstitute.es\/wp-content\/uploads\/2021\/11\/www.mobilityinstitute.es-6-moderador.jpg\" rel=\"noreferrer\" data-rel=\"iLightbox[gallery_image_1]\" class=\"fusion-lightbox\" target=\"_self\"><img decoding=\"async\" src=\"https:\/\/www.mobilityinstitute.es\/wp-content\/uploads\/2021\/11\/www.mobilityinstitute.es-6-moderador.jpg\" data-orig-src=\"https:\/\/www.mobilityinstitute.es\/wp-content\/uploads\/2021\/11\/www.mobilityinstitute.es-6-moderador.jpg\" width=\"1500\" height=\"999\" alt=\"\" title=\"RACC Mobility Institute\" aria-label=\"RACC Mobility Institute\" class=\"lazyload img-responsive wp-image-8699\" srcset=\"data:image\/svg+xml,%3Csvg%20xmlns%3D%27http%3A%2F%2Fwww.w3.org%2F2000%2Fsvg%27%20width%3D%271500%27%20height%3D%27999%27%20viewBox%3D%270%200%201500%20999%27%3E%3Crect%20width%3D%271500%27%20height%3D%27999%27%20fill-opacity%3D%220%22%2F%3E%3C%2Fsvg%3E\" data-srcset=\"https:\/\/www.mobilityinstitute.es\/wp-content\/uploads\/2021\/11\/www.mobilityinstitute.es-6-moderador-200x133.jpg 200w, https:\/\/www.mobilityinstitute.es\/wp-content\/uploads\/2021\/11\/www.mobilityinstitute.es-6-moderador-400x266.jpg 400w, https:\/\/www.mobilityinstitute.es\/wp-content\/uploads\/2021\/11\/www.mobilityinstitute.es-6-moderador-600x400.jpg 600w, https:\/\/www.mobilityinstitute.es\/wp-content\/uploads\/2021\/11\/www.mobilityinstitute.es-6-moderador-800x533.jpg 800w, https:\/\/www.mobilityinstitute.es\/wp-content\/uploads\/2021\/11\/www.mobilityinstitute.es-6-moderador-1200x799.jpg 1200w, https:\/\/www.mobilityinstitute.es\/wp-content\/uploads\/2021\/11\/www.mobilityinstitute.es-6-moderador.jpg 1500w\" data-sizes=\"auto\" data-orig-sizes=\"(min-width: 2200px) 100vw, (min-width: 856px) 296px, (min-width: 784px) 395px, (min-width: 712px) 593px, (min-width: 640px) 712px, \" \/><\/a><\/div><\/div><div style=\"padding:5px;\" class=\"fusion-grid-column fusion-gallery-column fusion-gallery-column-4 hover-type-none\"><div class=\"fusion-gallery-image\"><a href=\"https:\/\/www.mobilityinstitute.es\/wp-content\/uploads\/2021\/11\/www.mobilityinstitute.es-7-gerardo-lertxundi.jpg\" rel=\"noreferrer\" data-rel=\"iLightbox[gallery_image_1]\" class=\"fusion-lightbox\" target=\"_self\"><img decoding=\"async\" src=\"https:\/\/www.mobilityinstitute.es\/wp-content\/uploads\/2021\/11\/www.mobilityinstitute.es-7-gerardo-lertxundi.jpg\" data-orig-src=\"https:\/\/www.mobilityinstitute.es\/wp-content\/uploads\/2021\/11\/www.mobilityinstitute.es-7-gerardo-lertxundi.jpg\" width=\"1500\" height=\"999\" alt=\"\" title=\"RACC Mobility Institute\" aria-label=\"RACC Mobility Institute\" class=\"lazyload img-responsive wp-image-8702\" srcset=\"data:image\/svg+xml,%3Csvg%20xmlns%3D%27http%3A%2F%2Fwww.w3.org%2F2000%2Fsvg%27%20width%3D%271500%27%20height%3D%27999%27%20viewBox%3D%270%200%201500%20999%27%3E%3Crect%20width%3D%271500%27%20height%3D%27999%27%20fill-opacity%3D%220%22%2F%3E%3C%2Fsvg%3E\" data-srcset=\"https:\/\/www.mobilityinstitute.es\/wp-content\/uploads\/2021\/11\/www.mobilityinstitute.es-7-gerardo-lertxundi-200x133.jpg 200w, https:\/\/www.mobilityinstitute.es\/wp-content\/uploads\/2021\/11\/www.mobilityinstitute.es-7-gerardo-lertxundi-400x266.jpg 400w, https:\/\/www.mobilityinstitute.es\/wp-content\/uploads\/2021\/11\/www.mobilityinstitute.es-7-gerardo-lertxundi-600x400.jpg 600w, https:\/\/www.mobilityinstitute.es\/wp-content\/uploads\/2021\/11\/www.mobilityinstitute.es-7-gerardo-lertxundi-800x533.jpg 800w, https:\/\/www.mobilityinstitute.es\/wp-content\/uploads\/2021\/11\/www.mobilityinstitute.es-7-gerardo-lertxundi-1200x799.jpg 1200w, https:\/\/www.mobilityinstitute.es\/wp-content\/uploads\/2021\/11\/www.mobilityinstitute.es-7-gerardo-lertxundi.jpg 1500w\" data-sizes=\"auto\" data-orig-sizes=\"(min-width: 2200px) 100vw, (min-width: 856px) 296px, (min-width: 784px) 395px, (min-width: 712px) 593px, (min-width: 640px) 712px, \" \/><\/a><\/div><\/div><div style=\"padding:5px;\" class=\"fusion-grid-column fusion-gallery-column fusion-gallery-column-4 hover-type-none\"><div class=\"fusion-gallery-image\"><a href=\"https:\/\/www.mobilityinstitute.es\/wp-content\/uploads\/2021\/11\/www.mobilityinstitute.es-8-josep-martinez.jpg\" rel=\"noreferrer\" data-rel=\"iLightbox[gallery_image_1]\" class=\"fusion-lightbox\" target=\"_self\"><img decoding=\"async\" src=\"https:\/\/www.mobilityinstitute.es\/wp-content\/uploads\/2021\/11\/www.mobilityinstitute.es-8-josep-martinez.jpg\" data-orig-src=\"https:\/\/www.mobilityinstitute.es\/wp-content\/uploads\/2021\/11\/www.mobilityinstitute.es-8-josep-martinez.jpg\" width=\"1500\" height=\"999\" alt=\"\" title=\"RACC Mobility Institute\" aria-label=\"RACC Mobility Institute\" class=\"lazyload img-responsive wp-image-8705\" srcset=\"data:image\/svg+xml,%3Csvg%20xmlns%3D%27http%3A%2F%2Fwww.w3.org%2F2000%2Fsvg%27%20width%3D%271500%27%20height%3D%27999%27%20viewBox%3D%270%200%201500%20999%27%3E%3Crect%20width%3D%271500%27%20height%3D%27999%27%20fill-opacity%3D%220%22%2F%3E%3C%2Fsvg%3E\" data-srcset=\"https:\/\/www.mobilityinstitute.es\/wp-content\/uploads\/2021\/11\/www.mobilityinstitute.es-8-josep-martinez-200x133.jpg 200w, https:\/\/www.mobilityinstitute.es\/wp-content\/uploads\/2021\/11\/www.mobilityinstitute.es-8-josep-martinez-400x266.jpg 400w, https:\/\/www.mobilityinstitute.es\/wp-content\/uploads\/2021\/11\/www.mobilityinstitute.es-8-josep-martinez-600x400.jpg 600w, https:\/\/www.mobilityinstitute.es\/wp-content\/uploads\/2021\/11\/www.mobilityinstitute.es-8-josep-martinez-800x533.jpg 800w, https:\/\/www.mobilityinstitute.es\/wp-content\/uploads\/2021\/11\/www.mobilityinstitute.es-8-josep-martinez-1200x799.jpg 1200w, https:\/\/www.mobilityinstitute.es\/wp-content\/uploads\/2021\/11\/www.mobilityinstitute.es-8-josep-martinez.jpg 1500w\" data-sizes=\"auto\" data-orig-sizes=\"(min-width: 2200px) 100vw, (min-width: 856px) 296px, (min-width: 784px) 395px, (min-width: 712px) 593px, (min-width: 640px) 712px, \" \/><\/a><\/div><\/div><div class=\"clearfix\"><\/div><div style=\"padding:5px;\" class=\"fusion-grid-column fusion-gallery-column fusion-gallery-column-4 hover-type-none\"><div class=\"fusion-gallery-image\"><a href=\"https:\/\/www.mobilityinstitute.es\/wp-content\/uploads\/2021\/11\/www.mobilityinstitute.es-9-carlos-mateo.jpg\" rel=\"noreferrer\" data-rel=\"iLightbox[gallery_image_1]\" class=\"fusion-lightbox\" target=\"_self\"><img decoding=\"async\" src=\"https:\/\/www.mobilityinstitute.es\/wp-content\/uploads\/2021\/11\/www.mobilityinstitute.es-9-carlos-mateo.jpg\" data-orig-src=\"https:\/\/www.mobilityinstitute.es\/wp-content\/uploads\/2021\/11\/www.mobilityinstitute.es-9-carlos-mateo.jpg\" width=\"1500\" height=\"999\" alt=\"\" title=\"RACC Mobility Institute\" aria-label=\"RACC Mobility Institute\" class=\"lazyload img-responsive wp-image-8708\" srcset=\"data:image\/svg+xml,%3Csvg%20xmlns%3D%27http%3A%2F%2Fwww.w3.org%2F2000%2Fsvg%27%20width%3D%271500%27%20height%3D%27999%27%20viewBox%3D%270%200%201500%20999%27%3E%3Crect%20width%3D%271500%27%20height%3D%27999%27%20fill-opacity%3D%220%22%2F%3E%3C%2Fsvg%3E\" data-srcset=\"https:\/\/www.mobilityinstitute.es\/wp-content\/uploads\/2021\/11\/www.mobilityinstitute.es-9-carlos-mateo-200x133.jpg 200w, https:\/\/www.mobilityinstitute.es\/wp-content\/uploads\/2021\/11\/www.mobilityinstitute.es-9-carlos-mateo-400x266.jpg 400w, https:\/\/www.mobilityinstitute.es\/wp-content\/uploads\/2021\/11\/www.mobilityinstitute.es-9-carlos-mateo-600x400.jpg 600w, https:\/\/www.mobilityinstitute.es\/wp-content\/uploads\/2021\/11\/www.mobilityinstitute.es-9-carlos-mateo-800x533.jpg 800w, https:\/\/www.mobilityinstitute.es\/wp-content\/uploads\/2021\/11\/www.mobilityinstitute.es-9-carlos-mateo-1200x799.jpg 1200w, https:\/\/www.mobilityinstitute.es\/wp-content\/uploads\/2021\/11\/www.mobilityinstitute.es-9-carlos-mateo.jpg 1500w\" data-sizes=\"auto\" data-orig-sizes=\"(min-width: 2200px) 100vw, (min-width: 856px) 296px, (min-width: 784px) 395px, (min-width: 712px) 593px, (min-width: 640px) 712px, \" \/><\/a><\/div><\/div><div style=\"padding:5px;\" class=\"fusion-grid-column fusion-gallery-column fusion-gallery-column-4 hover-type-none\"><div class=\"fusion-gallery-image\"><a href=\"https:\/\/www.mobilityinstitute.es\/wp-content\/uploads\/2021\/11\/www.mobilityinstitute.es-10-michel-kisfaludi.jpg\" rel=\"noreferrer\" data-rel=\"iLightbox[gallery_image_1]\" class=\"fusion-lightbox\" target=\"_self\"><img decoding=\"async\" src=\"https:\/\/www.mobilityinstitute.es\/wp-content\/uploads\/2021\/11\/www.mobilityinstitute.es-10-michel-kisfaludi.jpg\" data-orig-src=\"https:\/\/www.mobilityinstitute.es\/wp-content\/uploads\/2021\/11\/www.mobilityinstitute.es-10-michel-kisfaludi.jpg\" width=\"1500\" height=\"999\" alt=\"\" title=\"RACC Mobility Institute\" aria-label=\"RACC Mobility Institute\" class=\"lazyload img-responsive wp-image-8711\" srcset=\"data:image\/svg+xml,%3Csvg%20xmlns%3D%27http%3A%2F%2Fwww.w3.org%2F2000%2Fsvg%27%20width%3D%271500%27%20height%3D%27999%27%20viewBox%3D%270%200%201500%20999%27%3E%3Crect%20width%3D%271500%27%20height%3D%27999%27%20fill-opacity%3D%220%22%2F%3E%3C%2Fsvg%3E\" data-srcset=\"https:\/\/www.mobilityinstitute.es\/wp-content\/uploads\/2021\/11\/www.mobilityinstitute.es-10-michel-kisfaludi-200x133.jpg 200w, https:\/\/www.mobilityinstitute.es\/wp-content\/uploads\/2021\/11\/www.mobilityinstitute.es-10-michel-kisfaludi-400x266.jpg 400w, https:\/\/www.mobilityinstitute.es\/wp-content\/uploads\/2021\/11\/www.mobilityinstitute.es-10-michel-kisfaludi-600x400.jpg 600w, https:\/\/www.mobilityinstitute.es\/wp-content\/uploads\/2021\/11\/www.mobilityinstitute.es-10-michel-kisfaludi-800x533.jpg 800w, https:\/\/www.mobilityinstitute.es\/wp-content\/uploads\/2021\/11\/www.mobilityinstitute.es-10-michel-kisfaludi-1200x799.jpg 1200w, https:\/\/www.mobilityinstitute.es\/wp-content\/uploads\/2021\/11\/www.mobilityinstitute.es-10-michel-kisfaludi.jpg 1500w\" data-sizes=\"auto\" data-orig-sizes=\"(min-width: 2200px) 100vw, (min-width: 856px) 296px, (min-width: 784px) 395px, (min-width: 712px) 593px, (min-width: 640px) 712px, \" \/><\/a><\/div><\/div><div style=\"padding:5px;\" class=\"fusion-grid-column fusion-gallery-column fusion-gallery-column-4 hover-type-none\"><div class=\"fusion-gallery-image\"><a href=\"https:\/\/www.mobilityinstitute.es\/wp-content\/uploads\/2021\/11\/www.mobilityinstitute.es-11-laia-bonet.jpg\" rel=\"noreferrer\" data-rel=\"iLightbox[gallery_image_1]\" class=\"fusion-lightbox\" target=\"_self\"><img decoding=\"async\" src=\"https:\/\/www.mobilityinstitute.es\/wp-content\/uploads\/2021\/11\/www.mobilityinstitute.es-11-laia-bonet.jpg\" data-orig-src=\"https:\/\/www.mobilityinstitute.es\/wp-content\/uploads\/2021\/11\/www.mobilityinstitute.es-11-laia-bonet.jpg\" width=\"1500\" height=\"999\" alt=\"\" title=\"RACC Mobility Institute\" aria-label=\"RACC Mobility Institute\" class=\"lazyload img-responsive wp-image-8714\" srcset=\"data:image\/svg+xml,%3Csvg%20xmlns%3D%27http%3A%2F%2Fwww.w3.org%2F2000%2Fsvg%27%20width%3D%271500%27%20height%3D%27999%27%20viewBox%3D%270%200%201500%20999%27%3E%3Crect%20width%3D%271500%27%20height%3D%27999%27%20fill-opacity%3D%220%22%2F%3E%3C%2Fsvg%3E\" data-srcset=\"https:\/\/www.mobilityinstitute.es\/wp-content\/uploads\/2021\/11\/www.mobilityinstitute.es-11-laia-bonet-200x133.jpg 200w, https:\/\/www.mobilityinstitute.es\/wp-content\/uploads\/2021\/11\/www.mobilityinstitute.es-11-laia-bonet-400x266.jpg 400w, https:\/\/www.mobilityinstitute.es\/wp-content\/uploads\/2021\/11\/www.mobilityinstitute.es-11-laia-bonet-600x400.jpg 600w, https:\/\/www.mobilityinstitute.es\/wp-content\/uploads\/2021\/11\/www.mobilityinstitute.es-11-laia-bonet-800x533.jpg 800w, https:\/\/www.mobilityinstitute.es\/wp-content\/uploads\/2021\/11\/www.mobilityinstitute.es-11-laia-bonet-1200x799.jpg 1200w, https:\/\/www.mobilityinstitute.es\/wp-content\/uploads\/2021\/11\/www.mobilityinstitute.es-11-laia-bonet.jpg 1500w\" data-sizes=\"auto\" data-orig-sizes=\"(min-width: 2200px) 100vw, (min-width: 856px) 296px, (min-width: 784px) 395px, (min-width: 712px) 593px, (min-width: 640px) 712px, \" \/><\/a><\/div><\/div><div style=\"padding:5px;\" class=\"fusion-grid-column fusion-gallery-column fusion-gallery-column-4 hover-type-none\"><div class=\"fusion-gallery-image\"><a href=\"https:\/\/www.mobilityinstitute.es\/wp-content\/uploads\/2021\/11\/www.mobilityinstitute.es-12-clausura.jpg\" rel=\"noreferrer\" data-rel=\"iLightbox[gallery_image_1]\" class=\"fusion-lightbox\" target=\"_self\"><img decoding=\"async\" src=\"https:\/\/www.mobilityinstitute.es\/wp-content\/uploads\/2021\/11\/www.mobilityinstitute.es-12-clausura.jpg\" data-orig-src=\"https:\/\/www.mobilityinstitute.es\/wp-content\/uploads\/2021\/11\/www.mobilityinstitute.es-12-clausura.jpg\" width=\"1500\" height=\"999\" alt=\"\" title=\"RACC Mobility Institute\" aria-label=\"RACC Mobility Institute\" class=\"lazyload img-responsive wp-image-8717\" srcset=\"data:image\/svg+xml,%3Csvg%20xmlns%3D%27http%3A%2F%2Fwww.w3.org%2F2000%2Fsvg%27%20width%3D%271500%27%20height%3D%27999%27%20viewBox%3D%270%200%201500%20999%27%3E%3Crect%20width%3D%271500%27%20height%3D%27999%27%20fill-opacity%3D%220%22%2F%3E%3C%2Fsvg%3E\" data-srcset=\"https:\/\/www.mobilityinstitute.es\/wp-content\/uploads\/2021\/11\/www.mobilityinstitute.es-12-clausura-200x133.jpg 200w, https:\/\/www.mobilityinstitute.es\/wp-content\/uploads\/2021\/11\/www.mobilityinstitute.es-12-clausura-400x266.jpg 400w, https:\/\/www.mobilityinstitute.es\/wp-content\/uploads\/2021\/11\/www.mobilityinstitute.es-12-clausura-600x400.jpg 600w, https:\/\/www.mobilityinstitute.es\/wp-content\/uploads\/2021\/11\/www.mobilityinstitute.es-12-clausura-800x533.jpg 800w, https:\/\/www.mobilityinstitute.es\/wp-content\/uploads\/2021\/11\/www.mobilityinstitute.es-12-clausura-1200x799.jpg 1200w, https:\/\/www.mobilityinstitute.es\/wp-content\/uploads\/2021\/11\/www.mobilityinstitute.es-12-clausura.jpg 1500w\" data-sizes=\"auto\" data-orig-sizes=\"(min-width: 2200px) 100vw, (min-width: 856px) 296px, (min-width: 784px) 395px, (min-width: 712px) 593px, (min-width: 640px) 712px, \" \/><\/a><\/div><\/div><div class=\"clearfix\"><\/div><\/div><\/div><\/div><style type=\"text\/css\">.fusion-body .fusion-builder-column-10{width:100% !important;margin-top : 0px;margin-bottom : 20px;}.fusion-builder-column-10 > .fusion-column-wrapper {padding-top : 0px !important;padding-right : 0px !important;margin-right : 1.92%;padding-bottom : 0px !important;padding-left : 0px !important;margin-left : 1.92%;}@media only screen and (max-width:1024px) {.fusion-body .fusion-builder-column-10{width:100% !important;order : 0;}.fusion-builder-column-10 > .fusion-column-wrapper {margin-right : 1.92%;margin-left : 1.92%;}}@media only screen and (max-width:640px) {.fusion-body .fusion-builder-column-10{width:100% !important;order : 0;}.fusion-builder-column-10 > .fusion-column-wrapper {margin-right : 1.92%;margin-left : 1.92%;}}<\/style><\/div><\/div><style type=\"text\/css\">.fusion-body .fusion-flex-container.fusion-builder-row-4{ padding-top : 0px;margin-top : 0px;padding-right : 0px;padding-bottom : 0px;margin-bottom : 0px;padding-left : 0px;}<\/style><\/div><\/p>\n","protected":false},"excerpt":{"rendered":"","protected":false},"author":570,"featured_media":0,"parent":0,"menu_order":79,"comment_status":"closed","ping_status":"closed","template":"","meta":{"footnotes":""},"yst_prominent_words":[3810,3660,2717,1355],"class_list":["post-8727","page","type-page","status-publish","hentry"],"_links":{"self":[{"href":"https:\/\/www.mobilityinstitute.es\/ca\/wp-json\/wp\/v2\/pages\/8727","targetHints":{"allow":["GET"]}}],"collection":[{"href":"https:\/\/www.mobilityinstitute.es\/ca\/wp-json\/wp\/v2\/pages"}],"about":[{"href":"https:\/\/www.mobilityinstitute.es\/ca\/wp-json\/wp\/v2\/types\/page"}],"author":[{"embeddable":true,"href":"https:\/\/www.mobilityinstitute.es\/ca\/wp-json\/wp\/v2\/users\/570"}],"replies":[{"embeddable":true,"href":"https:\/\/www.mobilityinstitute.es\/ca\/wp-json\/wp\/v2\/comments?post=8727"}],"version-history":[{"count":0,"href":"https:\/\/www.mobilityinstitute.es\/ca\/wp-json\/wp\/v2\/pages\/8727\/revisions"}],"wp:attachment":[{"href":"https:\/\/www.mobilityinstitute.es\/ca\/wp-json\/wp\/v2\/media?parent=8727"}],"wp:term":[{"taxonomy":"yst_prominent_words","embeddable":true,"href":"https:\/\/www.mobilityinstitute.es\/ca\/wp-json\/wp\/v2\/yst_prominent_words?post=8727"}],"curies":[{"name":"wp","href":"https:\/\/api.w.org\/{rel}","templated":true}]}}