{"id":9079,"date":"2022-03-08T10:34:53","date_gmt":"2022-03-08T09:34:53","guid":{"rendered":"https:\/\/www.mobilityinstitute.es\/?page_id=9079"},"modified":"2024-01-10T16:02:45","modified_gmt":"2024-01-10T15:02:45","slug":"mobility-coffee","status":"publish","type":"page","link":"https:\/\/www.mobilityinstitute.es\/ca\/mobility-coffee\/","title":{"rendered":"Mobility Institute Coffee"},"content":{"rendered":"<p><div class=\"fusion-fullwidth fullwidth-box fusion-builder-row-1 nonhundred-percent-fullwidth non-hundred-percent-height-scrolling\" style=\"background-color: rgba(255,255,255,0);background-position: center center;background-repeat: no-repeat;padding-top:0px;padding-right:0px;padding-bottom:0px;padding-left:0px;margin-bottom: 0px;margin-top: 0px;border-width: 0px 0px 0px 0px;border-color:#eae9e9;border-style:solid;\" ><div class=\"fusion-builder-row fusion-row\"><div class=\"fusion-layout-column fusion_builder_column fusion-builder-column-0 fusion_builder_column_1_1 1_1 fusion-one-full fusion-column-first fusion-column-last\" style=\"margin-top:0px;margin-bottom:20px;\"><div class=\"fusion-column-wrapper fusion-flex-column-wrapper-legacy\" style=\"background-position:left top;background-repeat:no-repeat;-webkit-background-size:cover;-moz-background-size:cover;-o-background-size:cover;background-size:cover;padding: 0px 0px 0px 0px;\"><div class=\"imageframe-align-center\"><span class=\" fusion-imageframe imageframe-none imageframe-1 hover-type-none\"><img decoding=\"async\" width=\"540\" height=\"184\" title=\"Imatge Mobility Coffee 3\" src=\"https:\/\/www.mobilityinstitute.es\/wp-content\/uploads\/2022\/03\/www.mobilityinstitute.es-mobility-coffee-imatge-mobility-coffee-3.png\" data-orig-src=\"https:\/\/www.mobilityinstitute.es\/wp-content\/uploads\/2022\/03\/www.mobilityinstitute.es-mobility-coffee-imatge-mobility-coffee-3.png\" alt class=\"lazyload img-responsive wp-image-9089\" srcset=\"data:image\/svg+xml,%3Csvg%20xmlns%3D%27http%3A%2F%2Fwww.w3.org%2F2000%2Fsvg%27%20width%3D%27540%27%20height%3D%27184%27%20viewBox%3D%270%200%20540%20184%27%3E%3Crect%20width%3D%27540%27%20height%3D%27184%27%20fill-opacity%3D%220%22%2F%3E%3C%2Fsvg%3E\" data-srcset=\"https:\/\/www.mobilityinstitute.es\/wp-content\/uploads\/2022\/03\/www.mobilityinstitute.es-mobility-coffee-imatge-mobility-coffee-3-200x68.png 200w, https:\/\/www.mobilityinstitute.es\/wp-content\/uploads\/2022\/03\/www.mobilityinstitute.es-mobility-coffee-imatge-mobility-coffee-3-400x136.png 400w, https:\/\/www.mobilityinstitute.es\/wp-content\/uploads\/2022\/03\/www.mobilityinstitute.es-mobility-coffee-imatge-mobility-coffee-3.png 540w\" data-sizes=\"auto\" data-orig-sizes=\"(max-width: 800px) 100vw, 540px\" \/><\/span><\/div><div class=\"fusion-sep-clear\"><\/div><div class=\"fusion-separator fusion-full-width-sep\" style=\"margin-left: auto;margin-right: auto;margin-top:4px;margin-bottom:4px;width:100%;\"><div class=\"fusion-separator-border sep-double\" style=\"border-color:#ffffff;border-top-width:1px;border-bottom-width:1px;\"><\/div><\/div><div class=\"fusion-sep-clear\"><\/div><div class=\"fusion-text fusion-text-1\"><h3>Des del Mobility Institute apostem pel di\u00e0leg entre totes les entitats que tenen impacte en la mobilitat. Una bona manera de escoltar \u00e9s fer-ho mitjan\u00e7ant una xerrada amb un caf\u00e9.<\/h3>\n<h3>Per aix\u00f2, des de l&#8217;any 2022\u00a0 celebrem trobades per parlar de manera relaxada amb persones clau i influents de l&#8217;\u00e0mbit de la mobilitat per compartir visions, projectes, oportunitats, etc.<\/h3>\n<\/div><div class=\"fusion-clearfix\"><\/div><\/div><\/div><\/div><\/div><div class=\"fusion-fullwidth fullwidth-box fusion-builder-row-2 nonhundred-percent-fullwidth non-hundred-percent-height-scrolling\" style=\"background-color: rgba(255,255,255,0);background-position: center center;background-repeat: no-repeat;padding-top:0px;padding-right:0px;padding-bottom:0px;padding-left:0px;margin-bottom: 0px;margin-top: 0px;border-width: 0px 0px 0px 0px;border-color:#eae9e9;border-style:solid;\" ><div class=\"fusion-builder-row fusion-row\"><div class=\"fusion-layout-column fusion_builder_column fusion-builder-column-1 fusion_builder_column_1_2 1_2 fusion-one-half fusion-column-first\" style=\"width:50%;width:calc(50% - ( ( 4% ) * 0.5 ) );margin-right: 4%;margin-top:0px;margin-bottom:20px;\"><div class=\"fusion-column-wrapper fusion-flex-column-wrapper-legacy\" style=\"background-position:left top;background-repeat:no-repeat;-webkit-background-size:cover;-moz-background-size:cover;-o-background-size:cover;background-size:cover;padding: 0px 0px 0px 0px;\"><div class=\"fusion-sep-clear\"><\/div><div class=\"fusion-separator fusion-full-width-sep\" style=\"margin-left: auto;margin-right: auto;margin-top:24px;margin-bottom:4px;width:100%;\"><div class=\"fusion-separator-border sep-double\" style=\"border-color:#ffffff;border-top-width:25px;border-bottom-width:25px;\"><\/div><\/div><div class=\"fusion-sep-clear\"><\/div><div class=\"fusion-text fusion-text-2\"><h3 data-fontsize=\"21.3333\" data-lineheight=\"32px\">Mobility Institute Coffee amb <strong>Michel Kisfaludi<\/strong>, director general d&#8217;<strong>Europcar Mobility Group<\/strong> a Ib\u00e8ria<\/h3>\n<h3 data-fontsize=\"21.3333\" data-lineheight=\"32px\">Desembre 2023<\/h3>\n<\/div><div class=\"fusion-sep-clear\"><\/div><div class=\"fusion-separator fusion-full-width-sep\" style=\"margin-left: auto;margin-right: auto;margin-top:4px;margin-bottom:4px;width:100%;\"><div class=\"fusion-separator-border sep-double\" style=\"border-color:#ffffff;border-top-width:1px;border-bottom-width:1px;\"><\/div><\/div><div class=\"fusion-sep-clear\"><\/div><div class=\"fusion-clearfix\"><\/div><\/div><\/div><div class=\"fusion-layout-column fusion_builder_column fusion-builder-column-2 fusion_builder_column_1_2 1_2 fusion-one-half fusion-column-last\" style=\"width:50%;width:calc(50% - ( ( 4% ) * 0.5 ) );margin-top:0px;margin-bottom:20px;\"><div class=\"fusion-column-wrapper fusion-flex-column-wrapper-legacy\" style=\"background-position:left top;background-repeat:no-repeat;-webkit-background-size:cover;-moz-background-size:cover;-o-background-size:cover;background-size:cover;padding: 0px 0px 0px 0px;\"><div class=\"imageframe-align-center\"><div class=\"awb-image-frame awb-image-frame-2 imageframe-liftup\"><span class=\" fusion-imageframe imageframe-none imageframe-2\"><a class=\"fusion-no-lightbox\" href=\"https:\/\/www.mobilityinstitute.es\/ca\/mobility-institute-coffee-michel-kisfaludi\/\" target=\"_blank\" aria-label=\"Michel con puntero\" rel=\"noopener noreferrer\"><img decoding=\"async\" width=\"800\" height=\"441\" src=\"https:\/\/www.mobilityinstitute.es\/wp-content\/uploads\/2024\/01\/www.mobilityinstitute.es-mobility-institute-coffee-michel-con-puntero.png\" data-orig-src=\"https:\/\/www.mobilityinstitute.es\/wp-content\/uploads\/2024\/01\/www.mobilityinstitute.es-mobility-institute-coffee-michel-con-puntero-800x441.png\" alt class=\"lazyload img-responsive wp-image-11379\" srcset=\"data:image\/svg+xml,%3Csvg%20xmlns%3D%27http%3A%2F%2Fwww.w3.org%2F2000%2Fsvg%27%20width%3D%273664%27%20height%3D%272022%27%20viewBox%3D%270%200%203664%202022%27%3E%3Crect%20width%3D%273664%27%20height%3D%272022%27%20fill-opacity%3D%220%22%2F%3E%3C%2Fsvg%3E\" data-srcset=\"https:\/\/www.mobilityinstitute.es\/wp-content\/uploads\/2024\/01\/www.mobilityinstitute.es-mobility-institute-coffee-michel-con-puntero-200x110.png 200w, https:\/\/www.mobilityinstitute.es\/wp-content\/uploads\/2024\/01\/www.mobilityinstitute.es-mobility-institute-coffee-michel-con-puntero-400x221.png 400w, https:\/\/www.mobilityinstitute.es\/wp-content\/uploads\/2024\/01\/www.mobilityinstitute.es-mobility-institute-coffee-michel-con-puntero-600x331.png 600w, https:\/\/www.mobilityinstitute.es\/wp-content\/uploads\/2024\/01\/www.mobilityinstitute.es-mobility-institute-coffee-michel-con-puntero-800x441.png 800w, https:\/\/www.mobilityinstitute.es\/wp-content\/uploads\/2024\/01\/www.mobilityinstitute.es-mobility-institute-coffee-michel-con-puntero-1200x662.png 1200w\" data-sizes=\"auto\" data-orig-sizes=\"(max-width: 800px) 100vw, 600px\" \/><\/a><\/span><\/div><\/div><div class=\"fusion-clearfix\"><\/div><\/div><\/div><\/div><\/div><div class=\"fusion-fullwidth fullwidth-box fusion-builder-row-3 nonhundred-percent-fullwidth non-hundred-percent-height-scrolling\" style=\"background-color: rgba(255,255,255,0);background-position: center center;background-repeat: no-repeat;padding-top:0px;padding-right:0px;padding-bottom:0px;padding-left:0px;margin-bottom: 0px;margin-top: 0px;border-width: 0px 0px 0px 0px;border-color:#eae9e9;border-style:solid;\" ><div class=\"fusion-builder-row fusion-row\"><div class=\"fusion-layout-column fusion_builder_column fusion-builder-column-3 fusion_builder_column_1_1 1_1 fusion-one-full fusion-column-first fusion-column-last\" style=\"margin-top:0px;margin-bottom:20px;\"><div class=\"fusion-column-wrapper fusion-flex-column-wrapper-legacy\" style=\"background-position:left top;background-repeat:no-repeat;-webkit-background-size:cover;-moz-background-size:cover;-o-background-size:cover;background-size:cover;padding: 0px 0px 0px 0px;\"><div class=\"fusion-sep-clear\"><\/div><div class=\"fusion-separator fusion-full-width-sep\" style=\"margin-left: auto;margin-right: auto;width:100%;\"><div class=\"fusion-separator-border sep-single sep-solid\" style=\"border-color:#ffffff;border-top-width:2px;\"><\/div><\/div><div class=\"fusion-sep-clear\"><\/div><div class=\"fusion-clearfix\"><\/div><\/div><\/div><\/div><\/div><div class=\"fusion-fullwidth fullwidth-box fusion-builder-row-4 nonhundred-percent-fullwidth non-hundred-percent-height-scrolling\" style=\"background-color: rgba(255,255,255,0);background-position: center center;background-repeat: no-repeat;padding-top:0px;padding-right:0px;padding-bottom:0px;padding-left:0px;margin-bottom: 0px;margin-top: 0px;border-width: 0px 0px 0px 0px;border-color:#eae9e9;border-style:solid;\" ><div class=\"fusion-builder-row fusion-row\"><div class=\"fusion-layout-column fusion_builder_column fusion-builder-column-4 fusion_builder_column_1_2 1_2 fusion-one-half fusion-column-first\" style=\"width:50%;width:calc(50% - ( ( 4% ) * 0.5 ) );margin-right: 4%;margin-top:0px;margin-bottom:20px;\"><div class=\"fusion-column-wrapper fusion-flex-column-wrapper-legacy\" style=\"background-position:left top;background-repeat:no-repeat;-webkit-background-size:cover;-moz-background-size:cover;-o-background-size:cover;background-size:cover;padding: 0px 0px 0px 0px;\"><div class=\"fusion-sep-clear\"><\/div><div class=\"fusion-separator fusion-full-width-sep\" style=\"margin-left: auto;margin-right: auto;margin-top:24px;margin-bottom:4px;width:100%;\"><div class=\"fusion-separator-border sep-double\" style=\"border-color:#ffffff;border-top-width:25px;border-bottom-width:25px;\"><\/div><\/div><div class=\"fusion-sep-clear\"><\/div><div class=\"fusion-text fusion-text-3\"><h3 data-fontsize=\"21.3333\" data-lineheight=\"32px\">Mobility Institute Coffee amb <strong>Josep Mart\u00ednez Vila<\/strong>, Conseller Delegat de <strong>Saba Group<\/strong><\/h3>\n<h3 data-fontsize=\"21.3333\" data-lineheight=\"32px\">Juliol 2023<\/h3>\n<\/div><div class=\"fusion-sep-clear\"><\/div><div class=\"fusion-separator fusion-full-width-sep\" style=\"margin-left: auto;margin-right: auto;margin-top:4px;margin-bottom:4px;width:100%;\"><div class=\"fusion-separator-border sep-double\" style=\"border-color:#ffffff;border-top-width:1px;border-bottom-width:1px;\"><\/div><\/div><div class=\"fusion-sep-clear\"><\/div><div class=\"fusion-clearfix\"><\/div><\/div><\/div><div class=\"fusion-layout-column fusion_builder_column fusion-builder-column-5 fusion_builder_column_1_2 1_2 fusion-one-half fusion-column-last\" style=\"width:50%;width:calc(50% - ( ( 4% ) * 0.5 ) );margin-top:0px;margin-bottom:20px;\"><div class=\"fusion-column-wrapper fusion-flex-column-wrapper-legacy\" style=\"background-position:left top;background-repeat:no-repeat;-webkit-background-size:cover;-moz-background-size:cover;-o-background-size:cover;background-size:cover;padding: 0px 0px 0px 0px;\"><div class=\"imageframe-align-center\"><div class=\"awb-image-frame awb-image-frame-3 imageframe-liftup\"><span class=\" fusion-imageframe imageframe-none imageframe-3\"><a class=\"fusion-no-lightbox\" href=\"https:\/\/www.mobilityinstitute.es\/ca\/mobility-institute-coffee-josep-martinez-vila-conseller-delegat-de-saba-group-juliol-2023\/\" target=\"_blank\" aria-label=\"Saba_puntero\" rel=\"noopener noreferrer\"><img decoding=\"async\" width=\"3552\" height=\"1878\" src=\"https:\/\/www.mobilityinstitute.es\/wp-content\/uploads\/2023\/07\/www.mobilityinstitute.es-mobility-institute-coffee-saba-puntero.png\" data-orig-src=\"https:\/\/www.mobilityinstitute.es\/wp-content\/uploads\/2023\/07\/www.mobilityinstitute.es-mobility-institute-coffee-saba-puntero.png\" alt class=\"lazyload img-responsive wp-image-10920\" srcset=\"data:image\/svg+xml,%3Csvg%20xmlns%3D%27http%3A%2F%2Fwww.w3.org%2F2000%2Fsvg%27%20width%3D%273552%27%20height%3D%271878%27%20viewBox%3D%270%200%203552%201878%27%3E%3Crect%20width%3D%273552%27%20height%3D%271878%27%20fill-opacity%3D%220%22%2F%3E%3C%2Fsvg%3E\" data-srcset=\"https:\/\/www.mobilityinstitute.es\/wp-content\/uploads\/2023\/07\/www.mobilityinstitute.es-mobility-institute-coffee-saba-puntero-200x106.png 200w, https:\/\/www.mobilityinstitute.es\/wp-content\/uploads\/2023\/07\/www.mobilityinstitute.es-mobility-institute-coffee-saba-puntero-400x211.png 400w, https:\/\/www.mobilityinstitute.es\/wp-content\/uploads\/2023\/07\/www.mobilityinstitute.es-mobility-institute-coffee-saba-puntero-600x317.png 600w, https:\/\/www.mobilityinstitute.es\/wp-content\/uploads\/2023\/07\/www.mobilityinstitute.es-mobility-institute-coffee-saba-puntero-800x423.png 800w, https:\/\/www.mobilityinstitute.es\/wp-content\/uploads\/2023\/07\/www.mobilityinstitute.es-mobility-institute-coffee-saba-puntero-1200x634.png 1200w, https:\/\/www.mobilityinstitute.es\/wp-content\/uploads\/2023\/07\/www.mobilityinstitute.es-mobility-institute-coffee-saba-puntero.png 3552w\" data-sizes=\"auto\" data-orig-sizes=\"(max-width: 800px) 100vw, 600px\" \/><\/a><\/span><\/div><\/div><div class=\"fusion-clearfix\"><\/div><\/div><\/div><\/div><\/div><div class=\"fusion-fullwidth fullwidth-box fusion-builder-row-5 nonhundred-percent-fullwidth non-hundred-percent-height-scrolling\" style=\"background-color: rgba(255,255,255,0);background-position: center center;background-repeat: no-repeat;padding-top:0px;padding-right:0px;padding-bottom:0px;padding-left:0px;margin-bottom: 0px;margin-top: 0px;border-width: 0px 0px 0px 0px;border-color:#eae9e9;border-style:solid;\" ><div class=\"fusion-builder-row fusion-row\"><div class=\"fusion-layout-column fusion_builder_column fusion-builder-column-6 fusion_builder_column_1_1 1_1 fusion-one-full fusion-column-first fusion-column-last\" style=\"margin-top:0px;margin-bottom:20px;\"><div class=\"fusion-column-wrapper fusion-flex-column-wrapper-legacy\" style=\"background-position:left top;background-repeat:no-repeat;-webkit-background-size:cover;-moz-background-size:cover;-o-background-size:cover;background-size:cover;padding: 0px 0px 0px 0px;\"><div class=\"fusion-sep-clear\"><\/div><div class=\"fusion-separator fusion-full-width-sep\" style=\"margin-left: auto;margin-right: auto;width:100%;\"><div class=\"fusion-separator-border sep-single sep-solid\" style=\"border-color:#ffffff;border-top-width:2px;\"><\/div><\/div><div class=\"fusion-sep-clear\"><\/div><div class=\"fusion-clearfix\"><\/div><\/div><\/div><\/div><\/div><div class=\"fusion-fullwidth fullwidth-box fusion-builder-row-6 nonhundred-percent-fullwidth non-hundred-percent-height-scrolling\" style=\"background-color: rgba(255,255,255,0);background-position: center center;background-repeat: no-repeat;padding-top:0px;padding-right:0px;padding-bottom:0px;padding-left:0px;margin-bottom: 0px;margin-top: 0px;border-width: 0px 0px 0px 0px;border-color:#eae9e9;border-style:solid;\" ><div class=\"fusion-builder-row fusion-row\"><div class=\"fusion-layout-column fusion_builder_column fusion-builder-column-7 fusion_builder_column_1_2 1_2 fusion-one-half fusion-column-first\" style=\"width:50%;width:calc(50% - ( ( 4% ) * 0.5 ) );margin-right: 4%;margin-top:0px;margin-bottom:20px;\"><div class=\"fusion-column-wrapper fusion-flex-column-wrapper-legacy\" style=\"background-position:left top;background-repeat:no-repeat;-webkit-background-size:cover;-moz-background-size:cover;-o-background-size:cover;background-size:cover;padding: 0px 0px 0px 0px;\"><div class=\"fusion-sep-clear\"><\/div><div class=\"fusion-separator fusion-full-width-sep\" style=\"margin-left: auto;margin-right: auto;margin-top:24px;margin-bottom:4px;width:100%;\"><div class=\"fusion-separator-border sep-double\" style=\"border-color:#ffffff;border-top-width:25px;border-bottom-width:25px;\"><\/div><\/div><div class=\"fusion-sep-clear\"><\/div><div class=\"fusion-text fusion-text-4\"><h3 data-fontsize=\"21.3333\" data-lineheight=\"32px\">Mobility Institute Coffee amb <strong>Fredrik Hjelm<\/strong>, Co-Fundador i Director General de <strong>VOI Technology<\/strong><\/h3>\n<h3 data-fontsize=\"21.3333\" data-lineheight=\"32px\">Maig 2023<\/h3>\n<\/div><div class=\"fusion-sep-clear\"><\/div><div class=\"fusion-separator fusion-full-width-sep\" style=\"margin-left: auto;margin-right: auto;margin-top:4px;margin-bottom:4px;width:100%;\"><div class=\"fusion-separator-border sep-double\" style=\"border-color:#ffffff;border-top-width:1px;border-bottom-width:1px;\"><\/div><\/div><div class=\"fusion-sep-clear\"><\/div><div class=\"fusion-clearfix\"><\/div><\/div><\/div><div class=\"fusion-layout-column fusion_builder_column fusion-builder-column-8 fusion_builder_column_1_2 1_2 fusion-one-half fusion-column-last\" style=\"width:50%;width:calc(50% - ( ( 4% ) * 0.5 ) );margin-top:0px;margin-bottom:20px;\"><div class=\"fusion-column-wrapper fusion-flex-column-wrapper-legacy\" style=\"background-position:left top;background-repeat:no-repeat;-webkit-background-size:cover;-moz-background-size:cover;-o-background-size:cover;background-size:cover;padding: 0px 0px 0px 0px;\"><div class=\"imageframe-align-center\"><div class=\"awb-image-frame awb-image-frame-4 imageframe-liftup\"><span class=\" fusion-imageframe imageframe-none imageframe-4\"><a class=\"fusion-no-lightbox\" href=\"https:\/\/www.mobilityinstitute.es\/ca\/mobility-institute-coffee-fredrik-hjelm-maig-2023\/\" target=\"_blank\" aria-label=\"FredrikHjelm_2\" rel=\"noopener noreferrer\"><img decoding=\"async\" width=\"3552\" height=\"1878\" src=\"https:\/\/www.mobilityinstitute.es\/wp-content\/uploads\/2023\/05\/www.mobilityinstitute.es-mobility-institute-coffee-fredrikhjelm-2.png\" data-orig-src=\"https:\/\/www.mobilityinstitute.es\/wp-content\/uploads\/2023\/05\/www.mobilityinstitute.es-mobility-institute-coffee-fredrikhjelm-2.png\" alt class=\"lazyload img-responsive wp-image-10812\" srcset=\"data:image\/svg+xml,%3Csvg%20xmlns%3D%27http%3A%2F%2Fwww.w3.org%2F2000%2Fsvg%27%20width%3D%273552%27%20height%3D%271878%27%20viewBox%3D%270%200%203552%201878%27%3E%3Crect%20width%3D%273552%27%20height%3D%271878%27%20fill-opacity%3D%220%22%2F%3E%3C%2Fsvg%3E\" data-srcset=\"https:\/\/www.mobilityinstitute.es\/wp-content\/uploads\/2023\/05\/www.mobilityinstitute.es-mobility-institute-coffee-fredrikhjelm-2-200x106.png 200w, https:\/\/www.mobilityinstitute.es\/wp-content\/uploads\/2023\/05\/www.mobilityinstitute.es-mobility-institute-coffee-fredrikhjelm-2-400x211.png 400w, https:\/\/www.mobilityinstitute.es\/wp-content\/uploads\/2023\/05\/www.mobilityinstitute.es-mobility-institute-coffee-fredrikhjelm-2-600x317.png 600w, https:\/\/www.mobilityinstitute.es\/wp-content\/uploads\/2023\/05\/www.mobilityinstitute.es-mobility-institute-coffee-fredrikhjelm-2-800x423.png 800w, https:\/\/www.mobilityinstitute.es\/wp-content\/uploads\/2023\/05\/www.mobilityinstitute.es-mobility-institute-coffee-fredrikhjelm-2-1200x634.png 1200w, https:\/\/www.mobilityinstitute.es\/wp-content\/uploads\/2023\/05\/www.mobilityinstitute.es-mobility-institute-coffee-fredrikhjelm-2.png 3552w\" data-sizes=\"auto\" data-orig-sizes=\"(max-width: 800px) 100vw, 600px\" \/><\/a><\/span><\/div><\/div><div class=\"fusion-clearfix\"><\/div><\/div><\/div><\/div><\/div><div class=\"fusion-fullwidth fullwidth-box fusion-builder-row-7 nonhundred-percent-fullwidth non-hundred-percent-height-scrolling\" style=\"background-color: rgba(255,255,255,0);background-position: center center;background-repeat: no-repeat;padding-top:0px;padding-right:0px;padding-bottom:0px;padding-left:0px;margin-bottom: 0px;margin-top: 0px;border-width: 0px 0px 0px 0px;border-color:#eae9e9;border-style:solid;\" ><div class=\"fusion-builder-row fusion-row\"><div class=\"fusion-layout-column fusion_builder_column fusion-builder-column-9 fusion_builder_column_1_1 1_1 fusion-one-full fusion-column-first fusion-column-last\" style=\"margin-top:0px;margin-bottom:20px;\"><div class=\"fusion-column-wrapper fusion-flex-column-wrapper-legacy\" style=\"background-position:left top;background-repeat:no-repeat;-webkit-background-size:cover;-moz-background-size:cover;-o-background-size:cover;background-size:cover;padding: 0px 0px 0px 0px;\"><div class=\"fusion-sep-clear\"><\/div><div class=\"fusion-separator fusion-full-width-sep\" style=\"margin-left: auto;margin-right: auto;width:100%;\"><div class=\"fusion-separator-border sep-single sep-solid\" style=\"border-color:#ffffff;border-top-width:2px;\"><\/div><\/div><div class=\"fusion-sep-clear\"><\/div><div class=\"fusion-clearfix\"><\/div><\/div><\/div><\/div><\/div><div class=\"fusion-fullwidth fullwidth-box fusion-builder-row-8 nonhundred-percent-fullwidth non-hundred-percent-height-scrolling\" style=\"background-color: rgba(255,255,255,0);background-position: center center;background-repeat: no-repeat;padding-top:0px;padding-right:0px;padding-bottom:0px;padding-left:0px;margin-bottom: 0px;margin-top: 0px;border-width: 0px 0px 0px 0px;border-color:#eae9e9;border-style:solid;\" ><div class=\"fusion-builder-row fusion-row\"><div class=\"fusion-layout-column fusion_builder_column fusion-builder-column-10 fusion_builder_column_1_2 1_2 fusion-one-half fusion-column-first\" style=\"width:50%;width:calc(50% - ( ( 4% ) * 0.5 ) );margin-right: 4%;margin-top:0px;margin-bottom:20px;\"><div class=\"fusion-column-wrapper fusion-flex-column-wrapper-legacy\" style=\"background-position:left top;background-repeat:no-repeat;-webkit-background-size:cover;-moz-background-size:cover;-o-background-size:cover;background-size:cover;padding: 0px 0px 0px 0px;\"><div class=\"fusion-sep-clear\"><\/div><div class=\"fusion-separator fusion-full-width-sep\" style=\"margin-left: auto;margin-right: auto;margin-top:24px;margin-bottom:4px;width:100%;\"><div class=\"fusion-separator-border sep-double\" style=\"border-color:#ffffff;border-top-width:25px;border-bottom-width:25px;\"><\/div><\/div><div class=\"fusion-sep-clear\"><\/div><div class=\"fusion-text fusion-text-5\"><h3 data-fontsize=\"21.3333\" data-lineheight=\"32px\">Mobility Institute Coffee amb <strong>Christian Barrientos<\/strong>, Director General de <strong>Abertis Mobility Services (AMS)<\/strong><\/h3>\n<h3 data-fontsize=\"21.3333\" data-lineheight=\"32px\">Abril 2023<\/h3>\n<\/div><div class=\"fusion-sep-clear\"><\/div><div class=\"fusion-separator fusion-full-width-sep\" style=\"margin-left: auto;margin-right: auto;margin-top:4px;margin-bottom:4px;width:100%;\"><div class=\"fusion-separator-border sep-double\" style=\"border-color:#ffffff;border-top-width:1px;border-bottom-width:1px;\"><\/div><\/div><div class=\"fusion-sep-clear\"><\/div><div class=\"fusion-clearfix\"><\/div><\/div><\/div><div class=\"fusion-layout-column fusion_builder_column fusion-builder-column-11 fusion_builder_column_1_2 1_2 fusion-one-half fusion-column-last\" style=\"width:50%;width:calc(50% - ( ( 4% ) * 0.5 ) );margin-top:0px;margin-bottom:20px;\"><div class=\"fusion-column-wrapper fusion-flex-column-wrapper-legacy\" style=\"background-position:left top;background-repeat:no-repeat;-webkit-background-size:cover;-moz-background-size:cover;-o-background-size:cover;background-size:cover;padding: 0px 0px 0px 0px;\"><div class=\"imageframe-align-center\"><div class=\"awb-image-frame awb-image-frame-5 imageframe-liftup\"><span class=\" fusion-imageframe imageframe-none imageframe-5\"><a class=\"fusion-no-lightbox\" href=\"https:\/\/www.mobilityinstitute.es\/ca\/mobility-institute-coffee-christian-barrientos-director-general-dabertis-mobility-services-ams\/\" target=\"_blank\" aria-label=\"Cartela CB con puntero w\" rel=\"noopener noreferrer\"><img decoding=\"async\" width=\"800\" height=\"423\" src=\"https:\/\/www.mobilityinstitute.es\/wp-content\/uploads\/2023\/04\/www.mobilityinstitute.es-mobility-institute-coffee-cartela-cb-con-puntero-w.png\" data-orig-src=\"https:\/\/www.mobilityinstitute.es\/wp-content\/uploads\/2023\/04\/www.mobilityinstitute.es-mobility-institute-coffee-cartela-cb-con-puntero-w-800x423.png\" alt class=\"lazyload img-responsive wp-image-10682\" srcset=\"data:image\/svg+xml,%3Csvg%20xmlns%3D%27http%3A%2F%2Fwww.w3.org%2F2000%2Fsvg%27%20width%3D%273552%27%20height%3D%271878%27%20viewBox%3D%270%200%203552%201878%27%3E%3Crect%20width%3D%273552%27%20height%3D%271878%27%20fill-opacity%3D%220%22%2F%3E%3C%2Fsvg%3E\" data-srcset=\"https:\/\/www.mobilityinstitute.es\/wp-content\/uploads\/2023\/04\/www.mobilityinstitute.es-mobility-institute-coffee-cartela-cb-con-puntero-w-200x106.png 200w, https:\/\/www.mobilityinstitute.es\/wp-content\/uploads\/2023\/04\/www.mobilityinstitute.es-mobility-institute-coffee-cartela-cb-con-puntero-w-400x211.png 400w, https:\/\/www.mobilityinstitute.es\/wp-content\/uploads\/2023\/04\/www.mobilityinstitute.es-mobility-institute-coffee-cartela-cb-con-puntero-w-600x317.png 600w, https:\/\/www.mobilityinstitute.es\/wp-content\/uploads\/2023\/04\/www.mobilityinstitute.es-mobility-institute-coffee-cartela-cb-con-puntero-w-800x423.png 800w, https:\/\/www.mobilityinstitute.es\/wp-content\/uploads\/2023\/04\/www.mobilityinstitute.es-mobility-institute-coffee-cartela-cb-con-puntero-w-1200x634.png 1200w\" data-sizes=\"auto\" data-orig-sizes=\"(max-width: 800px) 100vw, 600px\" \/><\/a><\/span><\/div><\/div><div class=\"fusion-clearfix\"><\/div><\/div><\/div><\/div><\/div><div class=\"fusion-fullwidth fullwidth-box fusion-builder-row-9 nonhundred-percent-fullwidth non-hundred-percent-height-scrolling\" style=\"background-color: rgba(255,255,255,0);background-position: center center;background-repeat: no-repeat;padding-top:0px;padding-right:0px;padding-bottom:0px;padding-left:0px;margin-bottom: 0px;margin-top: 0px;border-width: 0px 0px 0px 0px;border-color:#eae9e9;border-style:solid;\" ><div class=\"fusion-builder-row fusion-row\"><div class=\"fusion-layout-column fusion_builder_column fusion-builder-column-12 fusion_builder_column_1_1 1_1 fusion-one-full fusion-column-first fusion-column-last\" style=\"margin-top:0px;margin-bottom:20px;\"><div class=\"fusion-column-wrapper fusion-flex-column-wrapper-legacy\" style=\"background-position:left top;background-repeat:no-repeat;-webkit-background-size:cover;-moz-background-size:cover;-o-background-size:cover;background-size:cover;padding: 0px 0px 0px 0px;\"><div class=\"fusion-sep-clear\"><\/div><div class=\"fusion-separator fusion-full-width-sep\" style=\"margin-left: auto;margin-right: auto;width:100%;\"><div class=\"fusion-separator-border sep-single sep-solid\" style=\"border-color:#ffffff;border-top-width:2px;\"><\/div><\/div><div class=\"fusion-sep-clear\"><\/div><div class=\"fusion-clearfix\"><\/div><\/div><\/div><\/div><\/div><div class=\"fusion-fullwidth fullwidth-box fusion-builder-row-10 nonhundred-percent-fullwidth non-hundred-percent-height-scrolling\" style=\"background-color: rgba(255,255,255,0);background-position: center center;background-repeat: no-repeat;padding-top:0px;padding-right:0px;padding-bottom:0px;padding-left:0px;margin-bottom: 0px;margin-top: 0px;border-width: 0px 0px 0px 0px;border-color:#eae9e9;border-style:solid;\" ><div class=\"fusion-builder-row fusion-row\"><div class=\"fusion-layout-column fusion_builder_column fusion-builder-column-13 fusion_builder_column_1_2 1_2 fusion-one-half fusion-column-first\" style=\"width:50%;width:calc(50% - ( ( 4% ) * 0.5 ) );margin-right: 4%;margin-top:0px;margin-bottom:20px;\"><div class=\"fusion-column-wrapper fusion-flex-column-wrapper-legacy\" style=\"background-position:left top;background-repeat:no-repeat;-webkit-background-size:cover;-moz-background-size:cover;-o-background-size:cover;background-size:cover;padding: 0px 0px 0px 0px;\"><div class=\"fusion-sep-clear\"><\/div><div class=\"fusion-separator fusion-full-width-sep\" style=\"margin-left: auto;margin-right: auto;margin-top:24px;margin-bottom:4px;width:100%;\"><div class=\"fusion-separator-border sep-double\" style=\"border-color:#ffffff;border-top-width:25px;border-bottom-width:25px;\"><\/div><\/div><div class=\"fusion-sep-clear\"><\/div><div class=\"fusion-text fusion-text-6\"><h3 data-fontsize=\"21.3333\" data-lineheight=\"32px\">Mobility Institute Coffee amb <strong>Pere Calvet<\/strong>, Director General de <strong>Ferrocarrils de la Generalitat de Catalunya (FGC)<\/strong><\/h3>\n<h3 data-fontsize=\"21.3333\" data-lineheight=\"32px\">Febrer 2023<\/h3>\n<\/div><div class=\"fusion-sep-clear\"><\/div><div class=\"fusion-separator fusion-full-width-sep\" style=\"margin-left: auto;margin-right: auto;margin-top:4px;margin-bottom:4px;width:100%;\"><div class=\"fusion-separator-border sep-double\" style=\"border-color:#ffffff;border-top-width:1px;border-bottom-width:1px;\"><\/div><\/div><div class=\"fusion-sep-clear\"><\/div><div class=\"fusion-clearfix\"><\/div><\/div><\/div><div class=\"fusion-layout-column fusion_builder_column fusion-builder-column-14 fusion_builder_column_1_2 1_2 fusion-one-half fusion-column-last\" style=\"width:50%;width:calc(50% - ( ( 4% ) * 0.5 ) );margin-top:0px;margin-bottom:20px;\"><div class=\"fusion-column-wrapper fusion-flex-column-wrapper-legacy\" style=\"background-position:left top;background-repeat:no-repeat;-webkit-background-size:cover;-moz-background-size:cover;-o-background-size:cover;background-size:cover;padding: 0px 0px 0px 0px;\"><div class=\"imageframe-align-center\"><div class=\"awb-image-frame awb-image-frame-6 imageframe-liftup\"><span class=\" fusion-imageframe imageframe-none imageframe-6\"><a class=\"fusion-no-lightbox\" href=\"https:\/\/www.mobilityinstitute.es\/ca\/mobility-institute-coffee-pere-calvet-febrer-2023\" target=\"_blank\" aria-label=\"Cartela con puntero\" rel=\"noopener noreferrer\"><img decoding=\"async\" width=\"3529\" height=\"1878\" src=\"https:\/\/www.mobilityinstitute.es\/wp-content\/uploads\/2023\/02\/www.mobilityinstitute.es-mobility-institute-coffee-cartela-con-puntero.png\" data-orig-src=\"https:\/\/www.mobilityinstitute.es\/wp-content\/uploads\/2023\/02\/www.mobilityinstitute.es-mobility-institute-coffee-cartela-con-puntero.png\" alt class=\"lazyload img-responsive wp-image-10451\" srcset=\"data:image\/svg+xml,%3Csvg%20xmlns%3D%27http%3A%2F%2Fwww.w3.org%2F2000%2Fsvg%27%20width%3D%273529%27%20height%3D%271878%27%20viewBox%3D%270%200%203529%201878%27%3E%3Crect%20width%3D%273529%27%20height%3D%271878%27%20fill-opacity%3D%220%22%2F%3E%3C%2Fsvg%3E\" data-srcset=\"https:\/\/www.mobilityinstitute.es\/wp-content\/uploads\/2023\/02\/www.mobilityinstitute.es-mobility-institute-coffee-cartela-con-puntero-200x106.png 200w, https:\/\/www.mobilityinstitute.es\/wp-content\/uploads\/2023\/02\/www.mobilityinstitute.es-mobility-institute-coffee-cartela-con-puntero-400x213.png 400w, https:\/\/www.mobilityinstitute.es\/wp-content\/uploads\/2023\/02\/www.mobilityinstitute.es-mobility-institute-coffee-cartela-con-puntero-600x319.png 600w, https:\/\/www.mobilityinstitute.es\/wp-content\/uploads\/2023\/02\/www.mobilityinstitute.es-mobility-institute-coffee-cartela-con-puntero-800x426.png 800w, https:\/\/www.mobilityinstitute.es\/wp-content\/uploads\/2023\/02\/www.mobilityinstitute.es-mobility-institute-coffee-cartela-con-puntero-1200x639.png 1200w, https:\/\/www.mobilityinstitute.es\/wp-content\/uploads\/2023\/02\/www.mobilityinstitute.es-mobility-institute-coffee-cartela-con-puntero.png 3529w\" data-sizes=\"auto\" data-orig-sizes=\"(max-width: 800px) 100vw, 600px\" \/><\/a><\/span><\/div><\/div><div class=\"fusion-clearfix\"><\/div><\/div><\/div><\/div><\/div><div class=\"fusion-fullwidth fullwidth-box fusion-builder-row-11 nonhundred-percent-fullwidth non-hundred-percent-height-scrolling\" style=\"background-color: rgba(255,255,255,0);background-position: center center;background-repeat: no-repeat;padding-top:0px;padding-right:0px;padding-bottom:0px;padding-left:0px;margin-bottom: 0px;margin-top: 0px;border-width: 0px 0px 0px 0px;border-color:#eae9e9;border-style:solid;\" ><div class=\"fusion-builder-row fusion-row\"><div class=\"fusion-layout-column fusion_builder_column fusion-builder-column-15 fusion_builder_column_1_1 1_1 fusion-one-full fusion-column-first fusion-column-last\" style=\"margin-top:0px;margin-bottom:20px;\"><div class=\"fusion-column-wrapper fusion-flex-column-wrapper-legacy\" style=\"background-position:left top;background-repeat:no-repeat;-webkit-background-size:cover;-moz-background-size:cover;-o-background-size:cover;background-size:cover;padding: 0px 0px 0px 0px;\"><div class=\"fusion-sep-clear\"><\/div><div class=\"fusion-separator fusion-full-width-sep\" style=\"margin-left: auto;margin-right: auto;width:100%;\"><div class=\"fusion-separator-border sep-single sep-solid\" style=\"border-color:#ffffff;border-top-width:2px;\"><\/div><\/div><div class=\"fusion-sep-clear\"><\/div><div class=\"fusion-clearfix\"><\/div><\/div><\/div><\/div><\/div><div class=\"fusion-fullwidth fullwidth-box fusion-builder-row-12 nonhundred-percent-fullwidth non-hundred-percent-height-scrolling\" style=\"background-color: rgba(255,255,255,0);background-position: center center;background-repeat: no-repeat;padding-top:0px;padding-right:0px;padding-bottom:0px;padding-left:0px;margin-bottom: 0px;margin-top: 0px;border-width: 0px 0px 0px 0px;border-color:#eae9e9;border-style:solid;\" ><div class=\"fusion-builder-row fusion-row\"><div class=\"fusion-layout-column fusion_builder_column fusion-builder-column-16 fusion_builder_column_1_2 1_2 fusion-one-half fusion-column-first\" style=\"width:50%;width:calc(50% - ( ( 4% ) * 0.5 ) );margin-right: 4%;margin-top:0px;margin-bottom:20px;\"><div class=\"fusion-column-wrapper fusion-flex-column-wrapper-legacy\" style=\"background-position:left top;background-repeat:no-repeat;-webkit-background-size:cover;-moz-background-size:cover;-o-background-size:cover;background-size:cover;padding: 0px 0px 0px 0px;\"><div class=\"fusion-sep-clear\"><\/div><div class=\"fusion-separator fusion-full-width-sep\" style=\"margin-left: auto;margin-right: auto;margin-top:24px;margin-bottom:4px;width:100%;\"><div class=\"fusion-separator-border sep-double\" style=\"border-color:#ffffff;border-top-width:25px;border-bottom-width:25px;\"><\/div><\/div><div class=\"fusion-sep-clear\"><\/div><div class=\"fusion-text fusion-text-7\"><h3 data-fontsize=\"21.3333\" data-lineheight=\"32px\">Mobility Institute Coffee amb <strong>M\u00f3nica de Oriol<\/strong>, Fundadora y Presidenta de <strong>Net4Things<\/strong><\/h3>\n<h3 data-fontsize=\"21.3333\" data-lineheight=\"32px\">Gener 2023<\/h3>\n<\/div><div class=\"fusion-sep-clear\"><\/div><div class=\"fusion-separator fusion-full-width-sep\" style=\"margin-left: auto;margin-right: auto;margin-top:4px;margin-bottom:4px;width:100%;\"><div class=\"fusion-separator-border sep-double\" style=\"border-color:#ffffff;border-top-width:1px;border-bottom-width:1px;\"><\/div><\/div><div class=\"fusion-sep-clear\"><\/div><div class=\"fusion-clearfix\"><\/div><\/div><\/div><div class=\"fusion-layout-column fusion_builder_column fusion-builder-column-17 fusion_builder_column_1_2 1_2 fusion-one-half fusion-column-last\" style=\"width:50%;width:calc(50% - ( ( 4% ) * 0.5 ) );margin-top:0px;margin-bottom:20px;\"><div class=\"fusion-column-wrapper fusion-flex-column-wrapper-legacy\" style=\"background-position:left top;background-repeat:no-repeat;-webkit-background-size:cover;-moz-background-size:cover;-o-background-size:cover;background-size:cover;padding: 0px 0px 0px 0px;\"><div class=\"imageframe-align-center\"><div class=\"awb-image-frame awb-image-frame-7 imageframe-liftup\"><span class=\" fusion-imageframe imageframe-none imageframe-7\"><a class=\"fusion-no-lightbox\" href=\"https:\/\/www.mobilityinstitute.es\/ca\/mobility-institute-coffee-monica-de-oriol-net4things\/\" target=\"_blank\" aria-label=\"Imagen final\" rel=\"noopener noreferrer\"><img decoding=\"async\" width=\"600\" height=\"287\" src=\"data:image\/svg+xml,%3Csvg%20xmlns%3D%27http%3A%2F%2Fwww.w3.org%2F2000%2Fsvg%27%20width%3D%271514%27%20height%3D%27725%27%20viewBox%3D%270%200%201514%20725%27%3E%3Crect%20width%3D%271514%27%20height%3D%27725%27%20fill-opacity%3D%220%22%2F%3E%3C%2Fsvg%3E\" data-orig-src=\"https:\/\/www.mobilityinstitute.es\/wp-content\/uploads\/2023\/01\/www.mobilityinstitute.es-mobility-coffee-imagen-final-1-600x287.png\" alt class=\"lazyload img-responsive wp-image-10321\"\/><\/a><\/span><\/div><\/div><div class=\"fusion-clearfix\"><\/div><\/div><\/div><\/div><\/div><div class=\"fusion-fullwidth fullwidth-box fusion-builder-row-13 nonhundred-percent-fullwidth non-hundred-percent-height-scrolling\" style=\"background-color: rgba(255,255,255,0);background-position: center center;background-repeat: no-repeat;padding-top:0px;padding-right:0px;padding-bottom:0px;padding-left:0px;margin-bottom: 0px;margin-top: 0px;border-width: 0px 0px 0px 0px;border-color:#eae9e9;border-style:solid;\" ><div class=\"fusion-builder-row fusion-row\"><div class=\"fusion-layout-column fusion_builder_column fusion-builder-column-18 fusion_builder_column_1_1 1_1 fusion-one-full fusion-column-first fusion-column-last\" style=\"margin-top:0px;margin-bottom:20px;\"><div class=\"fusion-column-wrapper fusion-flex-column-wrapper-legacy\" style=\"background-position:left top;background-repeat:no-repeat;-webkit-background-size:cover;-moz-background-size:cover;-o-background-size:cover;background-size:cover;padding: 0px 0px 0px 0px;\"><div class=\"fusion-sep-clear\"><\/div><div class=\"fusion-separator fusion-full-width-sep\" style=\"margin-left: auto;margin-right: auto;width:100%;\"><div class=\"fusion-separator-border sep-single sep-solid\" style=\"border-color:#ffffff;border-top-width:2px;\"><\/div><\/div><div class=\"fusion-sep-clear\"><\/div><div class=\"fusion-clearfix\"><\/div><\/div><\/div><\/div><\/div><div class=\"fusion-fullwidth fullwidth-box fusion-builder-row-14 nonhundred-percent-fullwidth non-hundred-percent-height-scrolling\" style=\"background-color: rgba(255,255,255,0);background-position: center center;background-repeat: no-repeat;padding-top:0px;padding-right:0px;padding-bottom:0px;padding-left:0px;margin-bottom: 0px;margin-top: 0px;border-width: 0px 0px 0px 0px;border-color:#eae9e9;border-style:solid;\" ><div class=\"fusion-builder-row fusion-row\"><div class=\"fusion-layout-column fusion_builder_column fusion-builder-column-19 fusion_builder_column_1_2 1_2 fusion-one-half fusion-column-first\" style=\"width:50%;width:calc(50% - ( ( 4% ) * 0.5 ) );margin-right: 4%;margin-top:0px;margin-bottom:20px;\"><div class=\"fusion-column-wrapper fusion-flex-column-wrapper-legacy\" style=\"background-position:left top;background-repeat:no-repeat;-webkit-background-size:cover;-moz-background-size:cover;-o-background-size:cover;background-size:cover;padding: 0px 0px 0px 0px;\"><div class=\"fusion-sep-clear\"><\/div><div class=\"fusion-separator fusion-full-width-sep\" style=\"margin-left: auto;margin-right: auto;margin-top:24px;margin-bottom:4px;width:100%;\"><div class=\"fusion-separator-border sep-double\" style=\"border-color:#ffffff;border-top-width:25px;border-bottom-width:25px;\"><\/div><\/div><div class=\"fusion-sep-clear\"><\/div><div class=\"fusion-text fusion-text-8\"><h3 data-fontsize=\"21.3333\" data-lineheight=\"32px\">Mobility Institute Coffee amb <strong>Marta Labata<\/strong>, Directora General de <strong>Barcelona Serveis de Mobilitat (B:SM)<\/strong><\/h3>\n<h3 data-fontsize=\"21.3333\" data-lineheight=\"32px\">Mar\u00e7 2022<\/h3>\n<\/div><div class=\"fusion-sep-clear\"><\/div><div class=\"fusion-separator fusion-full-width-sep\" style=\"margin-left: auto;margin-right: auto;margin-top:4px;margin-bottom:4px;width:100%;\"><div class=\"fusion-separator-border sep-double\" style=\"border-color:#ffffff;border-top-width:1px;border-bottom-width:1px;\"><\/div><\/div><div class=\"fusion-sep-clear\"><\/div><div class=\"fusion-clearfix\"><\/div><\/div><\/div><div class=\"fusion-layout-column fusion_builder_column fusion-builder-column-20 fusion_builder_column_1_2 1_2 fusion-one-half fusion-column-last\" style=\"width:50%;width:calc(50% - ( ( 4% ) * 0.5 ) );margin-top:0px;margin-bottom:20px;\"><div class=\"fusion-column-wrapper fusion-flex-column-wrapper-legacy\" style=\"background-position:left top;background-repeat:no-repeat;-webkit-background-size:cover;-moz-background-size:cover;-o-background-size:cover;background-size:cover;padding: 0px 0px 0px 0px;\"><div class=\"imageframe-align-center\"><div class=\"awb-image-frame awb-image-frame-8 imageframe-liftup\"><span class=\" fusion-imageframe imageframe-none imageframe-8\"><a class=\"fusion-no-lightbox\" href=\"https:\/\/www.mobilityinstitute.es\/ca\/mobility-institute-coffee-marta-labata\/\" target=\"_blank\" aria-label=\"Marta Labata-Dedo Click\" rel=\"noopener noreferrer\"><img decoding=\"async\" width=\"1514\" height=\"752\" src=\"https:\/\/www.mobilityinstitute.es\/wp-content\/uploads\/2022\/03\/www.mobilityinstitute.es-mobility-coffee-marta-labata-dedo-click.png\" data-orig-src=\"https:\/\/www.mobilityinstitute.es\/wp-content\/uploads\/2022\/03\/www.mobilityinstitute.es-mobility-coffee-marta-labata-dedo-click.png\" alt class=\"lazyload img-responsive wp-image-9214\" srcset=\"data:image\/svg+xml,%3Csvg%20xmlns%3D%27http%3A%2F%2Fwww.w3.org%2F2000%2Fsvg%27%20width%3D%271514%27%20height%3D%27752%27%20viewBox%3D%270%200%201514%20752%27%3E%3Crect%20width%3D%271514%27%20height%3D%27752%27%20fill-opacity%3D%220%22%2F%3E%3C%2Fsvg%3E\" data-srcset=\"https:\/\/www.mobilityinstitute.es\/wp-content\/uploads\/2022\/03\/www.mobilityinstitute.es-mobility-coffee-marta-labata-dedo-click-200x99.png 200w, https:\/\/www.mobilityinstitute.es\/wp-content\/uploads\/2022\/03\/www.mobilityinstitute.es-mobility-coffee-marta-labata-dedo-click-400x199.png 400w, https:\/\/www.mobilityinstitute.es\/wp-content\/uploads\/2022\/03\/www.mobilityinstitute.es-mobility-coffee-marta-labata-dedo-click-600x298.png 600w, https:\/\/www.mobilityinstitute.es\/wp-content\/uploads\/2022\/03\/www.mobilityinstitute.es-mobility-coffee-marta-labata-dedo-click-800x397.png 800w, https:\/\/www.mobilityinstitute.es\/wp-content\/uploads\/2022\/03\/www.mobilityinstitute.es-mobility-coffee-marta-labata-dedo-click-1200x596.png 1200w, https:\/\/www.mobilityinstitute.es\/wp-content\/uploads\/2022\/03\/www.mobilityinstitute.es-mobility-coffee-marta-labata-dedo-click.png 1514w\" data-sizes=\"auto\" data-orig-sizes=\"(max-width: 800px) 100vw, 600px\" \/><\/a><\/span><\/div><\/div><div class=\"fusion-clearfix\"><\/div><\/div><\/div><\/div><\/div><\/p>\n","protected":false},"excerpt":{"rendered":"","protected":false},"author":570,"featured_media":0,"parent":0,"menu_order":104,"comment_status":"closed","ping_status":"closed","template":"","meta":{"footnotes":""},"yst_prominent_words":[257,429,1694,100,258,99,97,273],"class_list":["post-9079","page","type-page","status-publish","hentry"],"_links":{"self":[{"href":"https:\/\/www.mobilityinstitute.es\/ca\/wp-json\/wp\/v2\/pages\/9079","targetHints":{"allow":["GET"]}}],"collection":[{"href":"https:\/\/www.mobilityinstitute.es\/ca\/wp-json\/wp\/v2\/pages"}],"about":[{"href":"https:\/\/www.mobilityinstitute.es\/ca\/wp-json\/wp\/v2\/types\/page"}],"author":[{"embeddable":true,"href":"https:\/\/www.mobilityinstitute.es\/ca\/wp-json\/wp\/v2\/users\/570"}],"replies":[{"embeddable":true,"href":"https:\/\/www.mobilityinstitute.es\/ca\/wp-json\/wp\/v2\/comments?post=9079"}],"version-history":[{"count":2,"href":"https:\/\/www.mobilityinstitute.es\/ca\/wp-json\/wp\/v2\/pages\/9079\/revisions"}],"predecessor-version":[{"id":11385,"href":"https:\/\/www.mobilityinstitute.es\/ca\/wp-json\/wp\/v2\/pages\/9079\/revisions\/11385"}],"wp:attachment":[{"href":"https:\/\/www.mobilityinstitute.es\/ca\/wp-json\/wp\/v2\/media?parent=9079"}],"wp:term":[{"taxonomy":"yst_prominent_words","embeddable":true,"href":"https:\/\/www.mobilityinstitute.es\/ca\/wp-json\/wp\/v2\/yst_prominent_words?post=9079"}],"curies":[{"name":"wp","href":"https:\/\/api.w.org\/{rel}","templated":true}]}}