{"id":9532,"date":"2022-05-30T07:27:44","date_gmt":"2022-05-30T05:27:44","guid":{"rendered":"https:\/\/www.mobilityinstitute.es\/mobility-talks-el-aparcamiento-una-mirada-al-futuro\/"},"modified":"2024-11-27T14:17:52","modified_gmt":"2024-11-27T13:17:52","slug":"mobility-talks-el-aparcamiento-una-mirada-al-futuro","status":"publish","type":"page","link":"https:\/\/www.mobilityinstitute.es\/ca\/mobility-talks-el-aparcamiento-una-mirada-al-futuro\/","title":{"rendered":"Mobility Talks: \u00abEl aparcamiento: una mirada al futuro\u00bb"},"content":{"rendered":"<p><div class=\"fusion-fullwidth fullwidth-box fusion-builder-row-1 nonhundred-percent-fullwidth non-hundred-percent-height-scrolling\" style=\"background-color: rgba(255,255,255,0);background-position: center center;background-repeat: no-repeat;padding-top:0px;padding-right:0px;padding-bottom:0px;padding-left:0px;margin-bottom: 0px;margin-top: 0px;border-width: 0px 0px 0px 0px;border-color:#eae9e9;border-style:solid;\" ><div class=\"fusion-builder-row fusion-row\"><div class=\"fusion-layout-column fusion_builder_column fusion-builder-column-0 fusion_builder_column_1_1 1_1 fusion-one-full fusion-column-first fusion-column-last\" style=\"margin-top:0px;margin-bottom:20px;\"><div class=\"fusion-column-wrapper fusion-flex-column-wrapper-legacy\" style=\"background-position:left top;background-repeat:no-repeat;-webkit-background-size:cover;-moz-background-size:cover;-o-background-size:cover;background-size:cover;padding: 0px 0px 0px 0px;\"><div class=\"fusion-text fusion-text-1\" style=\"text-transform:none;\"><p>La <strong>gesti\u00f3 de l&#8217;aparcament<\/strong> \u00e9s avui un de les principals reptes de la mobilitat urbana. Amb l&#8217;objectiu d&#8217;analitzar les tend\u00e8ncies en aquest \u00e0mbit, el Mobility Institute va organitzar el dimecres 25 de maig una jornada monogr\u00e0fica al Palacio de Cristal de l&#8217;Arganzuela de Madrid, amb la col\u00b7laboraci\u00f3 de l&#8217;Ajuntament de Madrid.<\/p>\n<\/div><div class=\"fusion-sep-clear\"><\/div><div class=\"fusion-separator fusion-full-width-sep\" style=\"margin-left: auto;margin-right: auto;margin-top:10px;width:100%;\"><div class=\"fusion-separator-border sep-double\" style=\"border-color:#ffffff;border-top-width:1px;border-bottom-width:1px;\"><\/div><\/div><div class=\"fusion-sep-clear\"><\/div><div class=\"fusion-text fusion-text-2\" style=\"text-transform:none;\"><p>La trobada es va iniciar amb unes paraules de benvinguda a c\u00e0rrec de <strong>Borja Carabante<\/strong>, delegat de Medi Ambient i Mobilitat de l&#8217;Ajuntament de Madrid.<\/p>\n<\/div><div class=\"fusion-sep-clear\"><\/div><div class=\"fusion-separator fusion-full-width-sep\" style=\"margin-left: auto;margin-right: auto;margin-top:10px;width:100%;\"><div class=\"fusion-separator-border sep-double\" style=\"border-color:#ffffff;border-top-width:1px;border-bottom-width:1px;\"><\/div><\/div><div class=\"fusion-sep-clear\"><\/div><div class=\"fusion-clearfix\"><\/div><\/div><\/div><\/div><\/div><div class=\"fusion-fullwidth fullwidth-box fusion-builder-row-2 nonhundred-percent-fullwidth non-hundred-percent-height-scrolling\" style=\"background-color: rgba(255,255,255,0);background-position: center center;background-repeat: no-repeat;padding-top:0px;padding-right:0px;padding-bottom:0px;padding-left:0px;margin-bottom: 0px;margin-top: 0px;border-width: 0px 0px 0px 0px;border-color:#eae9e9;border-style:solid;\" ><div class=\"fusion-builder-row fusion-row\"><div class=\"fusion-layout-column fusion_builder_column fusion-builder-column-1 fusion_builder_column_1_2 1_2 fusion-one-half fusion-column-first\" style=\"width:50%;width:calc(50% - ( ( 4% ) * 0.5 ) );margin-right: 4%;margin-top:0px;margin-bottom:20px;\"><div class=\"fusion-column-wrapper fusion-flex-column-wrapper-legacy\" style=\"background-position:left top;background-repeat:no-repeat;-webkit-background-size:cover;-moz-background-size:cover;-o-background-size:cover;background-size:cover;padding: 0px 0px 0px 0px;\"><div class=\"fusion-text fusion-text-3\" style=\"text-transform:none;\"><p>Tot seguit,\u00a0<strong>Andr\u00e9s Mart\u00ednez<\/strong>, soci de Deloitte, va presentar un avan\u00e7 de l&#8217;\u00faltim estudi del Mobility Institute: &#8220;El aparcamiento: una mirada al futuro&#8221;, que analitza la recuperaci\u00f3 del sector despr\u00e9s de la pand\u00e8mia de COVID-19, el fenomen de la tend\u00e8ncia a la concentraci\u00f3 d&#8217;actors, i l&#8217;oferta i la demanda general del sector. Tamb\u00e9 es van presentar cinc tend\u00e8ncies amb alguns exemples de casos d&#8217;\u00e8xit:<\/p>\n<ul>\n<li><em>Pricing<\/em> din\u00e0mic com a eina de gesti\u00f3.<\/li>\n<li>Reserva de pla\u00e7a i informaci\u00f3 en temps real.<\/li>\n<li>P\u00e0rquing com a espai d&#8217;intercanvi modal.<\/li>\n<li>P\u00e0rquing com a <em>hub<\/em> de <em>delivery<\/em> d&#8217;\u00faltima milla.<\/li>\n<li>Adaptaci\u00f3 del p\u00e0rquing al vehicle del segle XXI.<\/li>\n<\/ul>\n<\/div><div class=\"fusion-sep-clear\"><\/div><div class=\"fusion-separator fusion-full-width-sep\" style=\"margin-left: auto;margin-right: auto;margin-top:10px;width:100%;\"><div class=\"fusion-separator-border sep-double\" style=\"border-color:#ffffff;border-top-width:1px;border-bottom-width:1px;\"><\/div><\/div><div class=\"fusion-sep-clear\"><\/div><div class=\"fusion-clearfix\"><\/div><\/div><\/div><div class=\"fusion-layout-column fusion_builder_column fusion-builder-column-2 fusion_builder_column_1_2 1_2 fusion-one-half fusion-column-last\" style=\"width:50%;width:calc(50% - ( ( 4% ) * 0.5 ) );margin-top:0px;margin-bottom:20px;\"><div class=\"fusion-column-wrapper fusion-flex-column-wrapper-legacy\" style=\"background-position:left top;background-repeat:no-repeat;-webkit-background-size:cover;-moz-background-size:cover;-o-background-size:cover;background-size:cover;padding: 0px 0px 0px 0px;\"><div class=\"fusion-sep-clear\"><\/div><div class=\"fusion-separator fusion-full-width-sep\" style=\"margin-left: auto;margin-right: auto;margin-top:10px;width:100%;\"><div class=\"fusion-separator-border sep-double\" style=\"border-color:#ffffff;border-top-width:1px;border-bottom-width:1px;\"><\/div><\/div><div class=\"fusion-sep-clear\"><\/div><div class=\"fusion-sep-clear\"><\/div><div class=\"fusion-separator fusion-full-width-sep\" style=\"margin-left: auto;margin-right: auto;margin-top:10px;width:100%;\"><div class=\"fusion-separator-border sep-double\" style=\"border-color:#ffffff;border-top-width:1px;border-bottom-width:1px;\"><\/div><\/div><div class=\"fusion-sep-clear\"><\/div><span class=\" fusion-imageframe imageframe-none imageframe-1 hover-type-none\"><img decoding=\"async\" width=\"1024\" height=\"574\" title=\"Aparcamiento_1300\" src=\"https:\/\/www.mobilityinstitute.es\/wp-content\/uploads\/2022\/05\/www.mobilityinstitute.es-mobility-talks-el-aparcamiento-una-mirada-al-futuro-aparcamiento-1300-1.jpg\" data-orig-src=\"https:\/\/www.mobilityinstitute.es\/wp-content\/uploads\/2022\/05\/www.mobilityinstitute.es-mobility-talks-el-aparcamiento-una-mirada-al-futuro-aparcamiento-1300-1-1024x574.jpg\" alt class=\"lazyload img-responsive wp-image-9524\" srcset=\"data:image\/svg+xml,%3Csvg%20xmlns%3D%27http%3A%2F%2Fwww.w3.org%2F2000%2Fsvg%27%20width%3D%271300%27%20height%3D%27729%27%20viewBox%3D%270%200%201300%20729%27%3E%3Crect%20width%3D%271300%27%20height%3D%27729%27%20fill-opacity%3D%220%22%2F%3E%3C%2Fsvg%3E\" data-srcset=\"https:\/\/www.mobilityinstitute.es\/wp-content\/uploads\/2022\/05\/www.mobilityinstitute.es-mobility-talks-el-aparcamiento-una-mirada-al-futuro-aparcamiento-1300-1-200x112.jpg 200w, https:\/\/www.mobilityinstitute.es\/wp-content\/uploads\/2022\/05\/www.mobilityinstitute.es-mobility-talks-el-aparcamiento-una-mirada-al-futuro-aparcamiento-1300-1-400x224.jpg 400w, https:\/\/www.mobilityinstitute.es\/wp-content\/uploads\/2022\/05\/www.mobilityinstitute.es-mobility-talks-el-aparcamiento-una-mirada-al-futuro-aparcamiento-1300-1-600x336.jpg 600w, https:\/\/www.mobilityinstitute.es\/wp-content\/uploads\/2022\/05\/www.mobilityinstitute.es-mobility-talks-el-aparcamiento-una-mirada-al-futuro-aparcamiento-1300-1-800x449.jpg 800w, https:\/\/www.mobilityinstitute.es\/wp-content\/uploads\/2022\/05\/www.mobilityinstitute.es-mobility-talks-el-aparcamiento-una-mirada-al-futuro-aparcamiento-1300-1-1200x673.jpg 1200w, https:\/\/www.mobilityinstitute.es\/wp-content\/uploads\/2022\/05\/www.mobilityinstitute.es-mobility-talks-el-aparcamiento-una-mirada-al-futuro-aparcamiento-1300-1.jpg 1300w\" data-sizes=\"auto\" data-orig-sizes=\"(max-width: 800px) 100vw, 600px\" \/><\/span><div class=\"fusion-clearfix\"><\/div><\/div><\/div><\/div><\/div><div class=\"fusion-fullwidth fullwidth-box fusion-builder-row-3 nonhundred-percent-fullwidth non-hundred-percent-height-scrolling\" style=\"background-color: rgba(255,255,255,0);background-position: center center;background-repeat: no-repeat;padding-top:0px;padding-right:0px;padding-bottom:0px;padding-left:0px;margin-bottom: 0px;margin-top: 0px;border-width: 0px 0px 0px 0px;border-color:#eae9e9;border-style:solid;\" ><div class=\"fusion-builder-row fusion-row\"><div class=\"fusion-layout-column fusion_builder_column fusion-builder-column-3 fusion_builder_column_1_1 1_1 fusion-one-full fusion-column-first fusion-column-last\" style=\"margin-top:0px;margin-bottom:20px;\"><div class=\"fusion-column-wrapper fusion-flex-column-wrapper-legacy\" style=\"background-position:left top;background-repeat:no-repeat;-webkit-background-size:cover;-moz-background-size:cover;-o-background-size:cover;background-size:cover;padding: 0px 0px 0px 0px;\"><div class=\"fusion-text fusion-text-4\" style=\"text-transform:none;\"><p>El debat va estar moderat per <strong>Javier Mateos Jim\u00e9nez<\/strong>, president i CEO de <strong>BLULAIN, S.L.<\/strong>, i va comptar amb la participaci\u00f3 de reconeguts experts del sector. A continuaci\u00f3 s&#8217;inclouen algunes de les intervencions m\u00e9s rellevants i algunes imatges de l&#8217;acte:<\/p>\n<\/div><div class=\"fusion-sep-clear\"><\/div><div class=\"fusion-separator fusion-full-width-sep\" style=\"margin-left: auto;margin-right: auto;margin-top:10px;width:100%;\"><div class=\"fusion-separator-border sep-double\" style=\"border-color:#ffffff;border-top-width:1px;border-bottom-width:1px;\"><\/div><\/div><div class=\"fusion-sep-clear\"><\/div><div class=\"fusion-clearfix\"><\/div><\/div><\/div><\/div><\/div><div class=\"fusion-fullwidth fullwidth-box fusion-builder-row-4 nonhundred-percent-fullwidth non-hundred-percent-height-scrolling\" style=\"background-color: rgba(255,255,255,0);background-position: center center;background-repeat: no-repeat;padding-top:0px;padding-right:0px;padding-bottom:0px;padding-left:0px;margin-bottom: 0px;margin-top: 0px;border-width: 0px 0px 0px 0px;border-color:#eae9e9;border-style:solid;\" ><div class=\"fusion-builder-row fusion-row\"><div class=\"fusion-layout-column fusion_builder_column fusion-builder-column-4 fusion_builder_column_1_1 1_1 fusion-one-full fusion-column-first fusion-column-last\" style=\"margin-top:0px;margin-bottom:20px;\"><div class=\"fusion-column-wrapper fusion-flex-column-wrapper-legacy\" style=\"background-position:left top;background-repeat:no-repeat;-webkit-background-size:cover;-moz-background-size:cover;-o-background-size:cover;background-size:cover;border-width: 1px 1px 1px 1px;border-color:#000000;border-style:solid;padding: 0px 0px 0px 0px;\"><div class=\"fusion-sep-clear\"><\/div><div class=\"fusion-separator fusion-full-width-sep\" style=\"margin-left: auto;margin-right: auto;margin-top:4px;margin-bottom:4px;width:100%;\"><div class=\"fusion-separator-border sep-double\" style=\"border-color:#ffffff;border-top-width:1px;border-bottom-width:1px;\"><\/div><\/div><div class=\"fusion-sep-clear\"><\/div><div class=\"fusion-text fusion-text-5\" style=\"text-transform:none;\"><p style=\"padding-left: 40px;\">Els participants en la trobada van ser:<\/p>\n<\/div><div class=\"fusion-sep-clear\"><\/div><div class=\"fusion-separator fusion-full-width-sep\" style=\"margin-left: auto;margin-right: auto;margin-top:15px;margin-bottom:4px;width:100%;\"><div class=\"fusion-separator-border sep-double\" style=\"border-color:#ffffff;border-top-width:1px;border-bottom-width:1px;\"><\/div><\/div><div class=\"fusion-sep-clear\"><\/div><div class=\"fusion-builder-row fusion-builder-row-inner fusion-row\"><div class=\"fusion-layout-column fusion_builder_column_inner fusion-builder-nested-column-0 fusion_builder_column_inner_4_5 4_5 fusion-four-fifth fusion-column-first\" style=\"width:80%;width:calc(80% - ( ( 4% ) * 0.8 ) );margin-right: 4%;margin-top:0px;margin-bottom:20px;\"><div class=\"fusion-column-wrapper fusion-flex-column-wrapper-legacy\" style=\"background-position:left top;background-repeat:no-repeat;-webkit-background-size:cover;-moz-background-size:cover;-o-background-size:cover;background-size:cover;padding: 0px 0px 0px 0px;\"><div class=\"fusion-sep-clear\"><\/div><div class=\"fusion-separator fusion-full-width-sep\" style=\"margin-left: auto;margin-right: auto;margin-top:5px;width:100%;\"><div class=\"fusion-separator-border sep-double\" style=\"border-color:#ffffff;border-top-width:1px;border-bottom-width:1px;\"><\/div><\/div><div class=\"fusion-sep-clear\"><\/div><div class=\"fusion-text fusion-text-6\" style=\"text-transform:none;\"><ul>\n<li><em><strong>Borja Carabante,<\/strong> delegat de Medi Ambient i Mobilitat de l&#8217;Ajuntament de Madrid, va donar la benvinguda a tots els assistents i va destacar la import\u00e0ncia estrat\u00e8gica dels aparcaments en la mobilitat del futur de grans ciutats com Madrid: &#8220;S\u00f3n clau per ordenar l&#8217;espai p\u00fablic i com a eines d&#8217;intercanvi modal, que poden ajudar en la distribuci\u00f3 urbana de mercaderies&#8221;.<\/em><\/li>\n<\/ul>\n<\/div><div class=\"fusion-clearfix\"><\/div><\/div><\/div><div class=\"fusion-layout-column fusion_builder_column_inner fusion-builder-nested-column-1 fusion_builder_column_inner_1_5 1_5 fusion-one-fifth fusion-column-last\" style=\"width:20%;width:calc(20% - ( ( 4% ) * 0.2 ) );margin-top:0px;margin-bottom:20px;\"><div class=\"fusion-column-wrapper fusion-flex-column-wrapper-legacy\" style=\"background-position:left top;background-repeat:no-repeat;-webkit-background-size:cover;-moz-background-size:cover;-o-background-size:cover;background-size:cover;padding: 0px 0px 0px 0px;\"><div class=\"imageframe-align-center\"><span class=\" fusion-imageframe imageframe-none imageframe-2 hover-type-none\"><img decoding=\"async\" width=\"196\" height=\"194\" title=\"BorjaCarabanteOK\" src=\"data:image\/svg+xml,%3Csvg%20xmlns%3D%27http%3A%2F%2Fwww.w3.org%2F2000%2Fsvg%27%20width%3D%27196%27%20height%3D%27194%27%20viewBox%3D%270%200%20196%20194%27%3E%3Crect%20width%3D%27196%27%20height%3D%27194%27%20fill-opacity%3D%220%22%2F%3E%3C%2Fsvg%3E\" data-orig-src=\"https:\/\/www.mobilityinstitute.es\/wp-content\/uploads\/2022\/05\/www.mobilityinstitute.es-mobility-talks-el-aparcamiento-una-mirada-al-futuro-borjacarabanteok.jpg\" alt class=\"lazyload img-responsive wp-image-9479\"\/><\/span><\/div><div class=\"fusion-sep-clear\"><\/div><div class=\"fusion-separator fusion-full-width-sep\" style=\"margin-left: auto;margin-right: auto;margin-top:5px;width:100%;\"><div class=\"fusion-separator-border sep-double\" style=\"border-color:var(--awb-color1);border-top-width:1px;border-bottom-width:1px;\"><\/div><\/div><div class=\"fusion-sep-clear\"><\/div><div class=\"fusion-clearfix\"><\/div><\/div><\/div><\/div><div class=\"fusion-sep-clear\"><\/div><div class=\"fusion-separator\" style=\"margin-left: auto;margin-right: auto;width:100%;max-width:80%;\"><div class=\"fusion-separator-border sep-single sep-solid\" style=\"border-color:#8bc34a;border-top-width:1px;\"><\/div><\/div><div class=\"fusion-sep-clear\"><\/div><div class=\"fusion-builder-row fusion-builder-row-inner fusion-row\"><div class=\"fusion-layout-column fusion_builder_column_inner fusion-builder-nested-column-2 fusion_builder_column_inner_4_5 4_5 fusion-four-fifth fusion-column-first\" style=\"width:79.2%; margin-right: 4%;margin-top:0px;margin-bottom:20px;\"><div class=\"fusion-column-wrapper fusion-flex-column-wrapper-legacy\" style=\"background-position:left top;background-repeat:no-repeat;-webkit-background-size:cover;-moz-background-size:cover;-o-background-size:cover;background-size:cover;padding: 0px 0px 0px 0px;\"><div class=\"fusion-sep-clear\"><\/div><div class=\"fusion-separator fusion-full-width-sep\" style=\"margin-left: auto;margin-right: auto;margin-top:5px;width:100%;\"><div class=\"fusion-separator-border sep-double\" style=\"border-color:#ffffff;border-top-width:1px;border-bottom-width:1px;\"><\/div><\/div><div class=\"fusion-sep-clear\"><\/div><div class=\"fusion-text fusion-text-7\" style=\"text-transform:none;\"><ul>\n<li><em><strong>Beatriz Provencio,<\/strong> subdirectora general de Gesti\u00f3 d&#8217;Aparcaments de l&#8217;Ajuntament de Madrid, va explicar que Madrid llan\u00e7ar\u00e0 en els pr\u00f2xims mesos un proc\u00e9s de noves licitacions, en les quals a m\u00e9s de tenir en compte aspectes com l&#8217;electrificaci\u00f3 tamb\u00e9 s&#8217;estan actualitzant altres punts, com la grand\u00e0ria de les places i nous serveis. A m\u00e9s, va comentar que s&#8217;han posat en marxa cinc aparcaments dissuasius que, per les seves especificitats, gestionar\u00e0 l&#8217;EMT.<\/em><\/li>\n<\/ul>\n<\/div><div class=\"fusion-clearfix\"><\/div><\/div><\/div><\/div><div class=\"fusion-sep-clear\"><\/div><div class=\"fusion-separator\" style=\"margin-left: auto;margin-right: auto;width:100%;max-width:80%;\"><div class=\"fusion-separator-border sep-single sep-solid\" style=\"border-color:#8bc34a;border-top-width:1px;\"><\/div><\/div><div class=\"fusion-sep-clear\"><\/div><div class=\"fusion-builder-row fusion-builder-row-inner fusion-row\"><div class=\"fusion-layout-column fusion_builder_column_inner fusion-builder-nested-column-3 fusion_builder_column_inner_4_5 4_5 fusion-four-fifth fusion-column-first\" style=\"width:80%;width:calc(80% - ( ( 4% ) * 0.8 ) );margin-right: 4%;margin-top:0px;margin-bottom:20px;\"><div class=\"fusion-column-wrapper fusion-flex-column-wrapper-legacy\" style=\"background-position:left top;background-repeat:no-repeat;-webkit-background-size:cover;-moz-background-size:cover;-o-background-size:cover;background-size:cover;padding: 0px 0px 0px 0px;\"><div class=\"fusion-sep-clear\"><\/div><div class=\"fusion-separator fusion-full-width-sep\" style=\"margin-left: auto;margin-right: auto;margin-top:5px;width:100%;\"><div class=\"fusion-separator-border sep-double\" style=\"border-color:#ffffff;border-top-width:1px;border-bottom-width:1px;\"><\/div><\/div><div class=\"fusion-sep-clear\"><\/div><div class=\"fusion-text fusion-text-8\" style=\"text-transform:none;\"><ul>\n<li><em><strong>Josep Mar\u00eda Deulofeu,<\/strong> director de la Divisi\u00f3 de Solucions de Mobilitat Urbana a BSM, S. A., va explicar que en l&#8217;estacionament de les bicicletes, com tamb\u00e9 passa amb les motos, la clau \u00e9s l&#8217;accessibilitat. En el cas de sharing, va assenyalar que els aparcaments subterranis nom\u00e9s tenen sentit per a usos llargs i no per a trajectes breus. D&#8217;altra banda, va comentar que els actuals carregadors el\u00e8ctrics no estan pensats per a grans aparcaments i \u00e9s necessari disposar d&#8217;una soluci\u00f3 m\u00e9s senzilla que permeti instal\u00b7lar-los en totes les places o que tingui una certa mobilitat per cobrir diverses places.<\/em><\/li>\n<\/ul>\n<\/div><div class=\"fusion-clearfix\"><\/div><\/div><\/div><div class=\"fusion-layout-column fusion_builder_column_inner fusion-builder-nested-column-4 fusion_builder_column_inner_1_5 1_5 fusion-one-fifth fusion-column-last\" style=\"width:20%;width:calc(20% - ( ( 4% ) * 0.2 ) );margin-top:0px;margin-bottom:20px;\"><div class=\"fusion-column-wrapper fusion-flex-column-wrapper-legacy\" style=\"background-position:left top;background-repeat:no-repeat;-webkit-background-size:cover;-moz-background-size:cover;-o-background-size:cover;background-size:cover;padding: 0px 0px 0px 0px;\"><div class=\"fusion-sep-clear\"><\/div><div class=\"fusion-separator fusion-full-width-sep\" style=\"margin-left: auto;margin-right: auto;margin-top:30px;width:100%;\"><div class=\"fusion-separator-border sep-double\" style=\"border-color:#ffffff;border-top-width:1px;border-bottom-width:1px;\"><\/div><\/div><div class=\"fusion-sep-clear\"><\/div><span class=\" fusion-imageframe imageframe-none imageframe-3 hover-type-none\"><img decoding=\"async\" width=\"200\" height=\"202\" title=\"JMDeulofeu\" src=\"data:image\/svg+xml,%3Csvg%20xmlns%3D%27http%3A%2F%2Fwww.w3.org%2F2000%2Fsvg%27%20width%3D%27200%27%20height%3D%27202%27%20viewBox%3D%270%200%20200%20202%27%3E%3Crect%20width%3D%27200%27%20height%3D%27202%27%20fill-opacity%3D%220%22%2F%3E%3C%2Fsvg%3E\" data-orig-src=\"https:\/\/www.mobilityinstitute.es\/wp-content\/uploads\/2022\/05\/www.mobilityinstitute.es-mobility-talks-el-aparcamiento-una-mirada-al-futuro-jmdeulofeu.jpg\" alt class=\"lazyload img-responsive wp-image-9485\"\/><\/span><div class=\"fusion-clearfix\"><\/div><\/div><\/div><\/div><div class=\"fusion-sep-clear\"><\/div><div class=\"fusion-separator\" style=\"margin-left: auto;margin-right: auto;width:100%;max-width:80%;\"><div class=\"fusion-separator-border sep-single sep-solid\" style=\"border-color:#8bc34a;border-top-width:1px;\"><\/div><\/div><div class=\"fusion-sep-clear\"><\/div><div class=\"fusion-builder-row fusion-builder-row-inner fusion-row\"><div class=\"fusion-layout-column fusion_builder_column_inner fusion-builder-nested-column-5 fusion_builder_column_inner_1_5 1_5 fusion-one-fifth fusion-column-first\" style=\"width:20%;width:calc(20% - ( ( 4% ) * 0.2 ) );margin-right: 4%;margin-top:0px;margin-bottom:20px;\"><div class=\"fusion-column-wrapper fusion-flex-column-wrapper-legacy\" style=\"background-image: linear-gradient(180deg, #ffffff 0%,#ffffff 100%);background-position:left top;background-repeat:no-repeat;-webkit-background-size:cover;-moz-background-size:cover;-o-background-size:cover;background-size:cover;background-color:#ffffff;padding: 0px 0px 0px 0px;\"><div class=\"fusion-sep-clear\"><\/div><div class=\"fusion-separator fusion-full-width-sep\" style=\"margin-left: auto;margin-right: auto;margin-top:30px;width:100%;\"><div class=\"fusion-separator-border sep-double\" style=\"border-color:#ffffff;border-top-width:1px;border-bottom-width:1px;\"><\/div><\/div><div class=\"fusion-sep-clear\"><\/div><div class=\"imageframe-align-center\"><span class=\" fusion-imageframe imageframe-none imageframe-4 hover-type-none\"><img decoding=\"async\" width=\"211\" height=\"212\" title=\"JordiDiez\" src=\"https:\/\/www.mobilityinstitute.es\/wp-content\/uploads\/2022\/05\/www.mobilityinstitute.es-mobility-talks-el-aparcamiento-una-mirada-al-futuro-jordidiez.jpg\" data-orig-src=\"https:\/\/www.mobilityinstitute.es\/wp-content\/uploads\/2022\/05\/www.mobilityinstitute.es-mobility-talks-el-aparcamiento-una-mirada-al-futuro-jordidiez.jpg\" alt class=\"lazyload img-responsive wp-image-9489\" srcset=\"data:image\/svg+xml,%3Csvg%20xmlns%3D%27http%3A%2F%2Fwww.w3.org%2F2000%2Fsvg%27%20width%3D%27211%27%20height%3D%27212%27%20viewBox%3D%270%200%20211%20212%27%3E%3Crect%20width%3D%27211%27%20height%3D%27212%27%20fill-opacity%3D%220%22%2F%3E%3C%2Fsvg%3E\" data-srcset=\"https:\/\/www.mobilityinstitute.es\/wp-content\/uploads\/2022\/05\/www.mobilityinstitute.es-mobility-talks-el-aparcamiento-una-mirada-al-futuro-jordidiez-200x201.jpg 200w, https:\/\/www.mobilityinstitute.es\/wp-content\/uploads\/2022\/05\/www.mobilityinstitute.es-mobility-talks-el-aparcamiento-una-mirada-al-futuro-jordidiez.jpg 211w\" data-sizes=\"auto\" data-orig-sizes=\"(max-width: 800px) 100vw, 211px\" \/><\/span><\/div><div class=\"fusion-clearfix\"><\/div><\/div><\/div><div class=\"fusion-layout-column fusion_builder_column_inner fusion-builder-nested-column-6 fusion_builder_column_inner_4_5 4_5 fusion-four-fifth fusion-column-last\" style=\"width:80%;width:calc(80% - ( ( 4% ) * 0.8 ) );margin-top:0px;margin-bottom:20px;\"><div class=\"fusion-column-wrapper fusion-flex-column-wrapper-legacy\" style=\"background-position:left top;background-repeat:no-repeat;-webkit-background-size:cover;-moz-background-size:cover;-o-background-size:cover;background-size:cover;padding: 0px 0px 0px 0px;\"><div class=\"fusion-sep-clear\"><\/div><div class=\"fusion-separator fusion-full-width-sep\" style=\"margin-left: auto;margin-right: auto;margin-top:5px;width:100%;\"><div class=\"fusion-separator-border sep-double\" style=\"border-color:#ffffff;border-top-width:1px;border-bottom-width:1px;\"><\/div><\/div><div class=\"fusion-sep-clear\"><\/div><div class=\"fusion-text fusion-text-9\" style=\"text-transform:none;\"><ul>\n<li><em><strong>Jordi D\u00edez,<\/strong> director general a Saba Aparcaments, SA, va reflexionar sobre la col\u00b7laboraci\u00f3 p\u00fablic-privada: &#8220;Les concessions s\u00f3n llargues i els escenaris canvien. Cal tenir una relaci\u00f3 de confian\u00e7a, seguretat jur\u00eddica i capacitat per gestionar situacions imprevistes, com la pand\u00e8mia de 2020&#8221;. En aquest sentit, va indicar que &#8220;encara hi ha molt recorregut per millorar les tarifes; per exemple, aplicant tarifes din\u00e0miques com a palanca per activar restriccions a la mobilitat del vehicle privat&#8221;.<\/em><\/li>\n<\/ul>\n<\/div><div class=\"fusion-clearfix\"><\/div><\/div><\/div><\/div><div class=\"fusion-sep-clear\"><\/div><div class=\"fusion-separator\" style=\"margin-left: auto;margin-right: auto;width:100%;max-width:80%;\"><div class=\"fusion-separator-border sep-single sep-solid\" style=\"border-color:#8bc34a;border-top-width:1px;\"><\/div><\/div><div class=\"fusion-sep-clear\"><\/div><div class=\"fusion-builder-row fusion-builder-row-inner fusion-row\"><div class=\"fusion-layout-column fusion_builder_column_inner fusion-builder-nested-column-7 fusion_builder_column_inner_4_5 4_5 fusion-four-fifth fusion-column-first\" style=\"width:80%;width:calc(80% - ( ( 4% ) * 0.8 ) );margin-right: 4%;margin-top:0px;margin-bottom:20px;\"><div class=\"fusion-column-wrapper fusion-flex-column-wrapper-legacy\" style=\"background-position:left top;background-repeat:no-repeat;-webkit-background-size:cover;-moz-background-size:cover;-o-background-size:cover;background-size:cover;padding: 0px 0px 0px 0px;\"><div class=\"fusion-sep-clear\"><\/div><div class=\"fusion-separator fusion-full-width-sep\" style=\"margin-left: auto;margin-right: auto;margin-top:5px;width:100%;\"><div class=\"fusion-separator-border sep-double\" style=\"border-color:#ffffff;border-top-width:1px;border-bottom-width:1px;\"><\/div><\/div><div class=\"fusion-sep-clear\"><\/div><div class=\"fusion-text fusion-text-10\" style=\"text-transform:none;\"><ul>\n<li><em><strong>\u00c1lvaro Busca<\/strong>, director general a Group Indigo Spain, una companyia que opera en molts pa\u00efsos i que t\u00e9 molt present la necessitat d&#8217;aportar valor afegit al client. En aquest sentit, va considerar fonamental buscar f\u00f3rmules per poder adaptar les concessions velles als nous usos i serveis sense esperar al l\u00edmit de la concessi\u00f3. Va citar com a refer\u00e8ncia els mercats franc\u00e8s i belga, que &#8220;van 12-18 mesos per davant del mercat espanyol en electrificaci\u00f3 del parc m\u00f2bil&#8221;.<\/em><\/li>\n<\/ul>\n<\/div><div class=\"fusion-clearfix\"><\/div><\/div><\/div><div class=\"fusion-layout-column fusion_builder_column_inner fusion-builder-nested-column-8 fusion_builder_column_inner_1_5 1_5 fusion-one-fifth fusion-column-last\" style=\"width:20%;width:calc(20% - ( ( 4% ) * 0.2 ) );margin-top:0px;margin-bottom:20px;\"><div class=\"fusion-column-wrapper fusion-flex-column-wrapper-legacy\" style=\"background-position:left top;background-repeat:no-repeat;-webkit-background-size:cover;-moz-background-size:cover;-o-background-size:cover;background-size:cover;padding: 0px 0px 0px 0px;\"><div class=\"fusion-sep-clear\"><\/div><div class=\"fusion-separator fusion-full-width-sep\" style=\"margin-left: auto;margin-right: auto;margin-top:30px;width:100%;\"><div class=\"fusion-separator-border sep-double\" style=\"border-color:#ffffff;border-top-width:1px;border-bottom-width:1px;\"><\/div><\/div><div class=\"fusion-sep-clear\"><\/div><span class=\" fusion-imageframe imageframe-none imageframe-5 hover-type-none\"><img decoding=\"async\" width=\"198\" height=\"199\" title=\"AlvaroBusca\" src=\"data:image\/svg+xml,%3Csvg%20xmlns%3D%27http%3A%2F%2Fwww.w3.org%2F2000%2Fsvg%27%20width%3D%27198%27%20height%3D%27199%27%20viewBox%3D%270%200%20198%20199%27%3E%3Crect%20width%3D%27198%27%20height%3D%27199%27%20fill-opacity%3D%220%22%2F%3E%3C%2Fsvg%3E\" data-orig-src=\"https:\/\/www.mobilityinstitute.es\/wp-content\/uploads\/2022\/05\/www.mobilityinstitute.es-mobility-talks-el-aparcamiento-una-mirada-al-futuro-alvarobusca.jpg\" alt class=\"lazyload img-responsive wp-image-9494\"\/><\/span><div class=\"fusion-clearfix\"><\/div><\/div><\/div><\/div><div class=\"fusion-sep-clear\"><\/div><div class=\"fusion-separator\" style=\"margin-left: auto;margin-right: auto;width:100%;max-width:80%;\"><div class=\"fusion-separator-border sep-single sep-solid\" style=\"border-color:#8bc34a;border-top-width:1px;\"><\/div><\/div><div class=\"fusion-sep-clear\"><\/div><div class=\"fusion-builder-row fusion-builder-row-inner fusion-row\"><div class=\"fusion-layout-column fusion_builder_column_inner fusion-builder-nested-column-9 fusion_builder_column_inner_1_5 1_5 fusion-one-fifth fusion-column-first\" style=\"width:20%;width:calc(20% - ( ( 4% ) * 0.2 ) );margin-right: 4%;margin-top:0px;margin-bottom:20px;\"><div class=\"fusion-column-wrapper fusion-flex-column-wrapper-legacy\" style=\"background-image: linear-gradient(180deg, #ffffff 0%,#ffffff 100%);background-position:left top;background-repeat:no-repeat;-webkit-background-size:cover;-moz-background-size:cover;-o-background-size:cover;background-size:cover;background-color:#ffffff;padding: 0px 0px 0px 0px;\"><div class=\"fusion-sep-clear\"><\/div><div class=\"fusion-separator fusion-full-width-sep\" style=\"margin-left: auto;margin-right: auto;margin-top:30px;width:100%;\"><div class=\"fusion-separator-border sep-double\" style=\"border-color:#ffffff;border-top-width:1px;border-bottom-width:1px;\"><\/div><\/div><div class=\"fusion-sep-clear\"><\/div><div class=\"imageframe-align-center\"><span class=\" fusion-imageframe imageframe-none imageframe-6 hover-type-none\"><img decoding=\"async\" width=\"200\" height=\"195\" title=\"JoseMariaGarciaHoz\" src=\"data:image\/svg+xml,%3Csvg%20xmlns%3D%27http%3A%2F%2Fwww.w3.org%2F2000%2Fsvg%27%20width%3D%27200%27%20height%3D%27195%27%20viewBox%3D%270%200%20200%20195%27%3E%3Crect%20width%3D%27200%27%20height%3D%27195%27%20fill-opacity%3D%220%22%2F%3E%3C%2Fsvg%3E\" data-orig-src=\"https:\/\/www.mobilityinstitute.es\/wp-content\/uploads\/2022\/05\/www.mobilityinstitute.es-mobility-talks-el-aparcamiento-una-mirada-al-futuro-josemariagarciahoz.jpg\" alt class=\"lazyload img-responsive wp-image-9497\"\/><\/span><\/div><div class=\"fusion-clearfix\"><\/div><\/div><\/div><div class=\"fusion-layout-column fusion_builder_column_inner fusion-builder-nested-column-10 fusion_builder_column_inner_4_5 4_5 fusion-four-fifth fusion-column-last\" style=\"width:80%;width:calc(80% - ( ( 4% ) * 0.8 ) );margin-top:0px;margin-bottom:20px;\"><div class=\"fusion-column-wrapper fusion-flex-column-wrapper-legacy\" style=\"background-position:left top;background-repeat:no-repeat;-webkit-background-size:cover;-moz-background-size:cover;-o-background-size:cover;background-size:cover;padding: 0px 0px 0px 0px;\"><div class=\"fusion-sep-clear\"><\/div><div class=\"fusion-separator fusion-full-width-sep\" style=\"margin-left: auto;margin-right: auto;margin-top:5px;width:100%;\"><div class=\"fusion-separator-border sep-double\" style=\"border-color:#ffffff;border-top-width:1px;border-bottom-width:1px;\"><\/div><\/div><div class=\"fusion-sep-clear\"><\/div><div class=\"fusion-text fusion-text-11\" style=\"text-transform:none;\"><ul>\n<li><em><strong>Jos\u00e9 Mar\u00eda Garc\u00eda-Hoz<\/strong>, <\/em>chief marketing &amp; product officer<em> a Empark Aparcamientos y Servicios, S.A., que va explicar que Telpark va comen\u00e7ar com els grans projectes: &#8220;Sense voler. De sobte, ens vam trobar amb molta activitat i vam veure la necessitat de potenciar la tecnologia&#8221;. En aquest sentit, va comentar que un dels reptes \u00e9s gestionar la demanda tradicional juntament amb la reserva digital.<\/em><\/li>\n<\/ul>\n<\/div><div class=\"fusion-clearfix\"><\/div><\/div><\/div><\/div><div class=\"fusion-sep-clear\"><\/div><div class=\"fusion-separator\" style=\"margin-left: auto;margin-right: auto;width:100%;max-width:80%;\"><div class=\"fusion-separator-border sep-single sep-solid\" style=\"border-color:#8bc34a;border-top-width:1px;\"><\/div><\/div><div class=\"fusion-sep-clear\"><\/div><div class=\"fusion-sep-clear\"><\/div><div class=\"fusion-separator\" style=\"margin-left: auto;margin-right: auto;margin-top:15px;width:100%;max-width:80%;\"><\/div><div class=\"fusion-sep-clear\"><\/div><div class=\"fusion-clearfix\"><\/div><\/div><\/div><\/div><\/div><div class=\"fusion-fullwidth fullwidth-box fusion-builder-row-5 fusion-flex-container nonhundred-percent-fullwidth non-hundred-percent-height-scrolling\" style=\"background-color: rgba(255,255,255,0);background-position: center center;background-repeat: no-repeat;border-width: 0px 0px 0px 0px;border-color:#eae9e9;border-style:solid;\" ><div class=\"fusion-builder-row fusion-row fusion-flex-align-items-flex-start\" style=\"max-width:1248px;margin-left: calc(-4% \/ 2 );margin-right: calc(-4% \/ 2 );\"><div class=\"fusion-layout-column fusion_builder_column fusion-builder-column-5 fusion_builder_column_1_1 1_1 fusion-flex-column\"><div class=\"fusion-column-wrapper fusion-flex-justify-content-flex-start fusion-content-layout-column\" style=\"background-position:left top;background-repeat:no-repeat;-webkit-background-size:cover;-moz-background-size:cover;-o-background-size:cover;background-size:cover;padding: 0px 0px 0px 0px;\"><div class=\"fusion-text fusion-text-12\"><p>A continuaci\u00f3 s&#8217;inclouen algunes imatges de la sessi\u00f3:<\/p>\n<\/div><div class=\"fusion-separator\" style=\"align-self: center;margin-left: auto;margin-right: auto;margin-top:15px;width:100%;max-width:80%;\"><\/div><style type=\"text\/css\">.fusion-gallery-1 .fusion-gallery-image {border:0px solid #f6f6f6;}<\/style><div class=\"awb-gallery-wrapper awb-gallery-wrapper-1 button-span-no\" style=\"--more-btn-alignment:center;\"><div class=\"fusion-gallery fusion-gallery-container fusion-grid-3 fusion-columns-total-5 fusion-gallery-layout-grid fusion-gallery-1\" style=\"margin:-5px;\"><div style=\"padding:5px;\" class=\"fusion-grid-column fusion-gallery-column fusion-gallery-column-3 hover-type-none\"><div class=\"fusion-gallery-image\"><a href=\"https:\/\/www.mobilityinstitute.es\/wp-content\/uploads\/2022\/05\/www.mobilityinstitute.es-mobility-talks-el-aparcamiento-una-mirada-al-futuro-aparcamiento01.jpg\" rel=\"noreferrer\" data-rel=\"iLightbox[gallery_image_1]\" class=\"fusion-lightbox\" target=\"_self\"><img decoding=\"async\" src=\"https:\/\/www.mobilityinstitute.es\/wp-content\/uploads\/2022\/05\/www.mobilityinstitute.es-mobility-talks-el-aparcamiento-una-mirada-al-futuro-aparcamiento01.jpg\" data-orig-src=\"https:\/\/www.mobilityinstitute.es\/wp-content\/uploads\/2022\/05\/www.mobilityinstitute.es-mobility-talks-el-aparcamiento-una-mirada-al-futuro-aparcamiento01.jpg\" width=\"1601\" height=\"1200\" alt=\"\" title=\"Aparcamiento01\" aria-label=\"Aparcamiento01\" class=\"lazyload img-responsive wp-image-9502\" srcset=\"data:image\/svg+xml,%3Csvg%20xmlns%3D%27http%3A%2F%2Fwww.w3.org%2F2000%2Fsvg%27%20width%3D%271601%27%20height%3D%271200%27%20viewBox%3D%270%200%201601%201200%27%3E%3Crect%20width%3D%271601%27%20height%3D%271200%27%20fill-opacity%3D%220%22%2F%3E%3C%2Fsvg%3E\" data-srcset=\"https:\/\/www.mobilityinstitute.es\/wp-content\/uploads\/2022\/05\/www.mobilityinstitute.es-mobility-talks-el-aparcamiento-una-mirada-al-futuro-aparcamiento01-200x150.jpg 200w, https:\/\/www.mobilityinstitute.es\/wp-content\/uploads\/2022\/05\/www.mobilityinstitute.es-mobility-talks-el-aparcamiento-una-mirada-al-futuro-aparcamiento01-400x300.jpg 400w, https:\/\/www.mobilityinstitute.es\/wp-content\/uploads\/2022\/05\/www.mobilityinstitute.es-mobility-talks-el-aparcamiento-una-mirada-al-futuro-aparcamiento01-600x450.jpg 600w, https:\/\/www.mobilityinstitute.es\/wp-content\/uploads\/2022\/05\/www.mobilityinstitute.es-mobility-talks-el-aparcamiento-una-mirada-al-futuro-aparcamiento01-800x600.jpg 800w, https:\/\/www.mobilityinstitute.es\/wp-content\/uploads\/2022\/05\/www.mobilityinstitute.es-mobility-talks-el-aparcamiento-una-mirada-al-futuro-aparcamiento01-1200x899.jpg 1200w, https:\/\/www.mobilityinstitute.es\/wp-content\/uploads\/2022\/05\/www.mobilityinstitute.es-mobility-talks-el-aparcamiento-una-mirada-al-futuro-aparcamiento01.jpg 1601w\" data-sizes=\"auto\" data-orig-sizes=\"(min-width: 2200px) 100vw, (min-width: 784px) 397px, (min-width: 712px) 595px, (min-width: 640px) 712px, \" \/><\/a><\/div><\/div><div style=\"padding:5px;\" class=\"fusion-grid-column fusion-gallery-column fusion-gallery-column-3 hover-type-none\"><div class=\"fusion-gallery-image\"><a href=\"https:\/\/www.mobilityinstitute.es\/wp-content\/uploads\/2024\/07\/www.mobilityinstitute.es-aparcamientos-nueva01.jpg\" rel=\"noreferrer\" data-rel=\"iLightbox[gallery_image_1]\" class=\"fusion-lightbox\" target=\"_self\"><img decoding=\"async\" src=\"https:\/\/www.mobilityinstitute.es\/wp-content\/uploads\/2024\/07\/www.mobilityinstitute.es-aparcamientos-nueva01.jpg\" data-orig-src=\"https:\/\/www.mobilityinstitute.es\/wp-content\/uploads\/2024\/07\/www.mobilityinstitute.es-aparcamientos-nueva01.jpg\" width=\"1600\" height=\"1200\" alt=\"\" title=\"Aparcamientos_NUEVA01\" aria-label=\"Aparcamientos_NUEVA01\" class=\"lazyload img-responsive wp-image-11825\" srcset=\"data:image\/svg+xml,%3Csvg%20xmlns%3D%27http%3A%2F%2Fwww.w3.org%2F2000%2Fsvg%27%20width%3D%271600%27%20height%3D%271200%27%20viewBox%3D%270%200%201600%201200%27%3E%3Crect%20width%3D%271600%27%20height%3D%271200%27%20fill-opacity%3D%220%22%2F%3E%3C%2Fsvg%3E\" data-srcset=\"https:\/\/www.mobilityinstitute.es\/wp-content\/uploads\/2024\/07\/www.mobilityinstitute.es-aparcamientos-nueva01-200x150.jpg 200w, https:\/\/www.mobilityinstitute.es\/wp-content\/uploads\/2024\/07\/www.mobilityinstitute.es-aparcamientos-nueva01-400x300.jpg 400w, https:\/\/www.mobilityinstitute.es\/wp-content\/uploads\/2024\/07\/www.mobilityinstitute.es-aparcamientos-nueva01-600x450.jpg 600w, https:\/\/www.mobilityinstitute.es\/wp-content\/uploads\/2024\/07\/www.mobilityinstitute.es-aparcamientos-nueva01-800x600.jpg 800w, https:\/\/www.mobilityinstitute.es\/wp-content\/uploads\/2024\/07\/www.mobilityinstitute.es-aparcamientos-nueva01-1200x900.jpg 1200w, https:\/\/www.mobilityinstitute.es\/wp-content\/uploads\/2024\/07\/www.mobilityinstitute.es-aparcamientos-nueva01.jpg 1600w\" data-sizes=\"auto\" data-orig-sizes=\"(min-width: 2200px) 100vw, (min-width: 784px) 397px, (min-width: 712px) 595px, (min-width: 640px) 712px, \" \/><\/a><\/div><\/div><div style=\"padding:5px;\" class=\"fusion-grid-column fusion-gallery-column fusion-gallery-column-3 hover-type-none\"><div class=\"fusion-gallery-image\"><a href=\"https:\/\/www.mobilityinstitute.es\/wp-content\/uploads\/2022\/05\/www.mobilityinstitute.es-mobility-talks-el-aparcamiento-una-mirada-al-futuro-aparcamiento03.jpg\" rel=\"noreferrer\" data-rel=\"iLightbox[gallery_image_1]\" class=\"fusion-lightbox\" target=\"_self\"><img decoding=\"async\" src=\"https:\/\/www.mobilityinstitute.es\/wp-content\/uploads\/2022\/05\/www.mobilityinstitute.es-mobility-talks-el-aparcamiento-una-mirada-al-futuro-aparcamiento03.jpg\" data-orig-src=\"https:\/\/www.mobilityinstitute.es\/wp-content\/uploads\/2022\/05\/www.mobilityinstitute.es-mobility-talks-el-aparcamiento-una-mirada-al-futuro-aparcamiento03.jpg\" width=\"1600\" height=\"1200\" alt=\"\" title=\"Aparcamiento03\" aria-label=\"Aparcamiento03\" class=\"lazyload img-responsive wp-image-9508\" srcset=\"data:image\/svg+xml,%3Csvg%20xmlns%3D%27http%3A%2F%2Fwww.w3.org%2F2000%2Fsvg%27%20width%3D%271600%27%20height%3D%271200%27%20viewBox%3D%270%200%201600%201200%27%3E%3Crect%20width%3D%271600%27%20height%3D%271200%27%20fill-opacity%3D%220%22%2F%3E%3C%2Fsvg%3E\" data-srcset=\"https:\/\/www.mobilityinstitute.es\/wp-content\/uploads\/2022\/05\/www.mobilityinstitute.es-mobility-talks-el-aparcamiento-una-mirada-al-futuro-aparcamiento03-200x150.jpg 200w, https:\/\/www.mobilityinstitute.es\/wp-content\/uploads\/2022\/05\/www.mobilityinstitute.es-mobility-talks-el-aparcamiento-una-mirada-al-futuro-aparcamiento03-400x300.jpg 400w, https:\/\/www.mobilityinstitute.es\/wp-content\/uploads\/2022\/05\/www.mobilityinstitute.es-mobility-talks-el-aparcamiento-una-mirada-al-futuro-aparcamiento03-600x450.jpg 600w, https:\/\/www.mobilityinstitute.es\/wp-content\/uploads\/2022\/05\/www.mobilityinstitute.es-mobility-talks-el-aparcamiento-una-mirada-al-futuro-aparcamiento03-800x600.jpg 800w, https:\/\/www.mobilityinstitute.es\/wp-content\/uploads\/2022\/05\/www.mobilityinstitute.es-mobility-talks-el-aparcamiento-una-mirada-al-futuro-aparcamiento03-1200x900.jpg 1200w, https:\/\/www.mobilityinstitute.es\/wp-content\/uploads\/2022\/05\/www.mobilityinstitute.es-mobility-talks-el-aparcamiento-una-mirada-al-futuro-aparcamiento03.jpg 1600w\" data-sizes=\"auto\" data-orig-sizes=\"(min-width: 2200px) 100vw, (min-width: 784px) 397px, (min-width: 712px) 595px, (min-width: 640px) 712px, \" \/><\/a><\/div><\/div><div class=\"clearfix\"><\/div><div style=\"padding:5px;\" class=\"fusion-grid-column fusion-gallery-column fusion-gallery-column-3 hover-type-none\"><div class=\"fusion-gallery-image\"><a href=\"https:\/\/www.mobilityinstitute.es\/wp-content\/uploads\/2024\/07\/www.mobilityinstitute.es-aparacamientos-nueva02.jpg\" rel=\"noreferrer\" data-rel=\"iLightbox[gallery_image_1]\" class=\"fusion-lightbox\" target=\"_self\"><img decoding=\"async\" src=\"https:\/\/www.mobilityinstitute.es\/wp-content\/uploads\/2024\/07\/www.mobilityinstitute.es-aparacamientos-nueva02.jpg\" data-orig-src=\"https:\/\/www.mobilityinstitute.es\/wp-content\/uploads\/2024\/07\/www.mobilityinstitute.es-aparacamientos-nueva02.jpg\" width=\"1600\" height=\"1200\" alt=\"\" title=\"Aparacamientos_NUEVA02\" aria-label=\"Aparacamientos_NUEVA02\" class=\"lazyload img-responsive wp-image-11822\" srcset=\"data:image\/svg+xml,%3Csvg%20xmlns%3D%27http%3A%2F%2Fwww.w3.org%2F2000%2Fsvg%27%20width%3D%271600%27%20height%3D%271200%27%20viewBox%3D%270%200%201600%201200%27%3E%3Crect%20width%3D%271600%27%20height%3D%271200%27%20fill-opacity%3D%220%22%2F%3E%3C%2Fsvg%3E\" data-srcset=\"https:\/\/www.mobilityinstitute.es\/wp-content\/uploads\/2024\/07\/www.mobilityinstitute.es-aparacamientos-nueva02-200x150.jpg 200w, https:\/\/www.mobilityinstitute.es\/wp-content\/uploads\/2024\/07\/www.mobilityinstitute.es-aparacamientos-nueva02-400x300.jpg 400w, https:\/\/www.mobilityinstitute.es\/wp-content\/uploads\/2024\/07\/www.mobilityinstitute.es-aparacamientos-nueva02-600x450.jpg 600w, https:\/\/www.mobilityinstitute.es\/wp-content\/uploads\/2024\/07\/www.mobilityinstitute.es-aparacamientos-nueva02-800x600.jpg 800w, https:\/\/www.mobilityinstitute.es\/wp-content\/uploads\/2024\/07\/www.mobilityinstitute.es-aparacamientos-nueva02-1200x900.jpg 1200w, https:\/\/www.mobilityinstitute.es\/wp-content\/uploads\/2024\/07\/www.mobilityinstitute.es-aparacamientos-nueva02.jpg 1600w\" data-sizes=\"auto\" data-orig-sizes=\"(min-width: 2200px) 100vw, (min-width: 784px) 397px, (min-width: 712px) 595px, (min-width: 640px) 712px, \" \/><\/a><\/div><\/div><div style=\"padding:5px;\" class=\"fusion-grid-column fusion-gallery-column fusion-gallery-column-3 hover-type-none\"><div class=\"fusion-gallery-image\"><a href=\"https:\/\/www.mobilityinstitute.es\/wp-content\/uploads\/2024\/07\/www.mobilityinstitute.es-aparacamientos-nueva03.jpg\" rel=\"noreferrer\" data-rel=\"iLightbox[gallery_image_1]\" class=\"fusion-lightbox\" target=\"_self\"><img decoding=\"async\" src=\"https:\/\/www.mobilityinstitute.es\/wp-content\/uploads\/2024\/07\/www.mobilityinstitute.es-aparacamientos-nueva03.jpg\" data-orig-src=\"https:\/\/www.mobilityinstitute.es\/wp-content\/uploads\/2024\/07\/www.mobilityinstitute.es-aparacamientos-nueva03.jpg\" width=\"1600\" height=\"1200\" alt=\"\" title=\"Aparacamientos_NUEVA03\" aria-label=\"Aparacamientos_NUEVA03\" class=\"lazyload img-responsive wp-image-11828\" srcset=\"data:image\/svg+xml,%3Csvg%20xmlns%3D%27http%3A%2F%2Fwww.w3.org%2F2000%2Fsvg%27%20width%3D%271600%27%20height%3D%271200%27%20viewBox%3D%270%200%201600%201200%27%3E%3Crect%20width%3D%271600%27%20height%3D%271200%27%20fill-opacity%3D%220%22%2F%3E%3C%2Fsvg%3E\" data-srcset=\"https:\/\/www.mobilityinstitute.es\/wp-content\/uploads\/2024\/07\/www.mobilityinstitute.es-aparacamientos-nueva03-200x150.jpg 200w, https:\/\/www.mobilityinstitute.es\/wp-content\/uploads\/2024\/07\/www.mobilityinstitute.es-aparacamientos-nueva03-400x300.jpg 400w, https:\/\/www.mobilityinstitute.es\/wp-content\/uploads\/2024\/07\/www.mobilityinstitute.es-aparacamientos-nueva03-600x450.jpg 600w, https:\/\/www.mobilityinstitute.es\/wp-content\/uploads\/2024\/07\/www.mobilityinstitute.es-aparacamientos-nueva03-800x600.jpg 800w, https:\/\/www.mobilityinstitute.es\/wp-content\/uploads\/2024\/07\/www.mobilityinstitute.es-aparacamientos-nueva03-1200x900.jpg 1200w, https:\/\/www.mobilityinstitute.es\/wp-content\/uploads\/2024\/07\/www.mobilityinstitute.es-aparacamientos-nueva03.jpg 1600w\" data-sizes=\"auto\" data-orig-sizes=\"(min-width: 2200px) 100vw, (min-width: 784px) 397px, (min-width: 712px) 595px, (min-width: 640px) 712px, \" \/><\/a><\/div><\/div><\/div><\/div><\/div><style type=\"text\/css\">.fusion-body .fusion-builder-column-5{width:100% !important;margin-top : 0px;margin-bottom : 20px;}.fusion-builder-column-5 > .fusion-column-wrapper {padding-top : 0px !important;padding-right : 0px !important;margin-right : 1.92%;padding-bottom : 0px !important;padding-left : 0px !important;margin-left : 1.92%;}@media only screen and (max-width:1024px) {.fusion-body .fusion-builder-column-5{width:100% !important;order : 0;}.fusion-builder-column-5 > .fusion-column-wrapper {margin-right : 1.92%;margin-left : 1.92%;}}@media only screen and (max-width:640px) {.fusion-body .fusion-builder-column-5{width:100% !important;order : 0;}.fusion-builder-column-5 > .fusion-column-wrapper {margin-right : 1.92%;margin-left : 1.92%;}}<\/style><\/div><\/div><style type=\"text\/css\">.fusion-body .fusion-flex-container.fusion-builder-row-5{ padding-top : 0px;margin-top : 0px;padding-right : 0px;padding-bottom : 0px;margin-bottom : 0px;padding-left : 0px;}<\/style><\/div><\/p>\n","protected":false},"excerpt":{"rendered":"","protected":false},"author":315,"featured_media":0,"parent":0,"menu_order":29,"comment_status":"closed","ping_status":"closed","template":"","meta":{"footnotes":""},"yst_prominent_words":[3817,450,3821,3826,256,273],"class_list":["post-9532","page","type-page","status-publish","hentry"],"_links":{"self":[{"href":"https:\/\/www.mobilityinstitute.es\/ca\/wp-json\/wp\/v2\/pages\/9532","targetHints":{"allow":["GET"]}}],"collection":[{"href":"https:\/\/www.mobilityinstitute.es\/ca\/wp-json\/wp\/v2\/pages"}],"about":[{"href":"https:\/\/www.mobilityinstitute.es\/ca\/wp-json\/wp\/v2\/types\/page"}],"author":[{"embeddable":true,"href":"https:\/\/www.mobilityinstitute.es\/ca\/wp-json\/wp\/v2\/users\/315"}],"replies":[{"embeddable":true,"href":"https:\/\/www.mobilityinstitute.es\/ca\/wp-json\/wp\/v2\/comments?post=9532"}],"version-history":[{"count":8,"href":"https:\/\/www.mobilityinstitute.es\/ca\/wp-json\/wp\/v2\/pages\/9532\/revisions"}],"predecessor-version":[{"id":12081,"href":"https:\/\/www.mobilityinstitute.es\/ca\/wp-json\/wp\/v2\/pages\/9532\/revisions\/12081"}],"wp:attachment":[{"href":"https:\/\/www.mobilityinstitute.es\/ca\/wp-json\/wp\/v2\/media?parent=9532"}],"wp:term":[{"taxonomy":"yst_prominent_words","embeddable":true,"href":"https:\/\/www.mobilityinstitute.es\/ca\/wp-json\/wp\/v2\/yst_prominent_words?post=9532"}],"curies":[{"name":"wp","href":"https:\/\/api.w.org\/{rel}","templated":true}]}}