{"id":9636,"date":"2022-06-01T20:33:07","date_gmt":"2022-06-01T18:33:07","guid":{"rendered":"https:\/\/www.mobilityinstitute.es\/mobility-talks-llei-de-mobilitat-sostenible-colloqui-amb-el-mitma\/"},"modified":"2022-06-01T20:33:11","modified_gmt":"2022-06-01T18:33:11","slug":"mobility-talks-llei-de-mobilitat-sostenible-colloqui-amb-el-mitma","status":"publish","type":"page","link":"https:\/\/www.mobilityinstitute.es\/ca\/mobility-talks-llei-de-mobilitat-sostenible-colloqui-amb-el-mitma\/","title":{"rendered":"Mobility Talks &#8211; Llei de Mobilitat Sostenible: col\u00b7loqui amb el MITMA"},"content":{"rendered":"<p><div class=\"fusion-fullwidth fullwidth-box fusion-builder-row-1 nonhundred-percent-fullwidth non-hundred-percent-height-scrolling\" style=\"background-color: rgba(255,255,255,0);background-position: center center;background-repeat: no-repeat;padding-top:0px;padding-right:0px;padding-bottom:0px;padding-left:0px;margin-bottom: 0px;margin-top: 0px;border-width: 0px 0px 0px 0px;border-color:#eae9e9;border-style:solid;\" ><div class=\"fusion-builder-row fusion-row\"><div class=\"fusion-layout-column fusion_builder_column fusion-builder-column-0 fusion_builder_column_1_1 1_1 fusion-one-full fusion-column-first fusion-column-last\" style=\"margin-top:0px;margin-bottom:20px;\"><div class=\"fusion-column-wrapper fusion-flex-column-wrapper-legacy\" style=\"background-position:left top;background-repeat:no-repeat;-webkit-background-size:cover;-moz-background-size:cover;-o-background-size:cover;background-size:cover;padding: 0px 0px 0px 0px;\"><div class=\"fusion-text fusion-text-1\" style=\"text-transform:none;\"><p>Els membres adherits al Mobility Institute van poder participar el passat 30 de maig en una trobada privada amb la ministra de Transports, Mobilitat i Agenda Urbana, <strong>Raquel S\u00e1nchez,<\/strong> i la secret\u00e0ria general de Transports i Mobilitat, <strong>Mar\u00eda Jos\u00e9 Rallo.<\/strong> La trobada es va centrar en l&#8217;avantprojecte de Llei de Mobilitat Sostenible.<\/p>\n<\/div><div class=\"fusion-sep-clear\"><\/div><div class=\"fusion-separator fusion-full-width-sep\" style=\"margin-left: auto;margin-right: auto;margin-top:10px;width:100%;\"><div class=\"fusion-separator-border sep-double\" style=\"border-color:#ffffff;border-top-width:1px;border-bottom-width:1px;\"><\/div><\/div><div class=\"fusion-sep-clear\"><\/div><div class=\"fusion-text fusion-text-2\" style=\"text-transform:none;\"><p>Aquesta llei busca establir les bases per a un sistema de transports que garanteixi el dret de la ciutadania a la mobilitat. La proposta t\u00e9 la sostenibilitat com a eix vertebrador, no nom\u00e9s pel que fa al medi ambient, sin\u00f3 tamb\u00e9 des del punt de vista social i econ\u00f2mic. Tamb\u00e9 \u00e9s una aposta per la introducci\u00f3 de les noves tecnologies i la digitalitzaci\u00f3 per garantir l\u2019efici\u00e8ncia del sistema de mobilitat.<\/p>\n<\/div><div class=\"fusion-sep-clear\"><\/div><div class=\"fusion-separator fusion-full-width-sep\" style=\"margin-left: auto;margin-right: auto;margin-top:10px;width:100%;\"><div class=\"fusion-separator-border sep-double\" style=\"border-color:#ffffff;border-top-width:1px;border-bottom-width:1px;\"><\/div><\/div><div class=\"fusion-sep-clear\"><\/div><div class=\"fusion-text fusion-text-3\" style=\"text-transform:none;\"><p>El Mobility Institute agraeix al Ministeri de Transports, Mobilitat i Agenda Urbana en general la seva predisposici\u00f3 al di\u00e0leg amb els principals actors del sector i, particularment, a la ministra i la secret\u00e0ria general la seva pres\u00e8ncia en aquest acte.<\/p>\n<\/div><div class=\"fusion-sep-clear\"><\/div><div class=\"fusion-separator fusion-full-width-sep\" style=\"margin-left: auto;margin-right: auto;margin-top:10px;width:100%;\"><div class=\"fusion-separator-border sep-double\" style=\"border-color:#ffffff;border-top-width:1px;border-bottom-width:1px;\"><\/div><\/div><div class=\"fusion-sep-clear\"><\/div><div class=\"fusion-clearfix\"><\/div><\/div><\/div><\/div><\/div><div class=\"fusion-fullwidth fullwidth-box fusion-builder-row-2 nonhundred-percent-fullwidth non-hundred-percent-height-scrolling\" style=\"background-color: rgba(255,255,255,0);background-position: center center;background-repeat: no-repeat;padding-top:0px;padding-right:0px;padding-bottom:0px;padding-left:0px;margin-bottom: 0px;margin-top: 0px;border-width: 0px 0px 0px 0px;border-color:#eae9e9;border-style:solid;\" ><div class=\"fusion-builder-row fusion-row\"><div class=\"fusion-layout-column fusion_builder_column fusion-builder-column-1 fusion_builder_column_1_1 1_1 fusion-one-full fusion-column-first fusion-column-last\" style=\"margin-top:0px;margin-bottom:20px;\"><div class=\"fusion-column-wrapper fusion-flex-column-wrapper-legacy\" style=\"background-position:left top;background-repeat:no-repeat;-webkit-background-size:cover;-moz-background-size:cover;-o-background-size:cover;background-size:cover;padding: 0px 0px 0px 0px;\"><div class=\"fusion-sep-clear\"><\/div><div class=\"fusion-separator fusion-full-width-sep\" style=\"margin-left: auto;margin-right: auto;margin-top:10px;width:100%;\"><div class=\"fusion-separator-border sep-double\" style=\"border-color:#ffffff;border-top-width:1px;border-bottom-width:1px;\"><\/div><\/div><div class=\"fusion-sep-clear\"><\/div><div class=\"fusion-sep-clear\"><\/div><div class=\"fusion-separator fusion-full-width-sep\" style=\"margin-left: auto;margin-right: auto;margin-top:10px;width:100%;\"><div class=\"fusion-separator-border sep-double\" style=\"border-color:#ffffff;border-top-width:1px;border-bottom-width:1px;\"><\/div><\/div><div class=\"fusion-sep-clear\"><\/div><div class=\"fusion-text fusion-text-4\" style=\"text-transform:none;\"><div class=\"fusion-text fusion-text-3\">\n<p><strong>Josep Mateu: <em>\u00abUna mobilitat compatible amb el progr\u00e9s econ\u00f2mic del pa\u00eds\u00bb<\/em><\/strong><\/p>\n<\/div>\n<\/div><div class=\"fusion-sep-clear\"><\/div><div class=\"fusion-separator fusion-full-width-sep\" style=\"margin-left: auto;margin-right: auto;margin-top:10px;width:100%;\"><div class=\"fusion-separator-border sep-double\" style=\"border-color:#ffffff;border-top-width:1px;border-bottom-width:1px;\"><\/div><\/div><div class=\"fusion-sep-clear\"><\/div><div class=\"fusion-clearfix\"><\/div><\/div><\/div><\/div><\/div><div class=\"fusion-fullwidth fullwidth-box fusion-builder-row-3 nonhundred-percent-fullwidth non-hundred-percent-height-scrolling\" style=\"background-color: rgba(255,255,255,0);background-position: center center;background-repeat: no-repeat;padding-top:0px;padding-right:0px;padding-bottom:0px;padding-left:0px;margin-bottom: 0px;margin-top: 0px;border-width: 0px 0px 0px 0px;border-color:#eae9e9;border-style:solid;\" ><div class=\"fusion-builder-row fusion-row\"><div class=\"fusion-layout-column fusion_builder_column fusion-builder-column-2 fusion_builder_column_1_2 1_2 fusion-one-half fusion-column-first\" style=\"width:50%;width:calc(50% - ( ( 4% ) * 0.5 ) );margin-right: 4%;margin-top:0px;margin-bottom:20px;\"><div class=\"fusion-column-wrapper fusion-flex-column-wrapper-legacy\" style=\"background-position:left top;background-repeat:no-repeat;-webkit-background-size:cover;-moz-background-size:cover;-o-background-size:cover;background-size:cover;padding: 0px 0px 0px 0px;\"><div class=\"fusion-text fusion-text-5\" style=\"text-transform:none;\"><p>En l&#8217;obertura de l&#8217;acte van intervenir el director de l&#8217;\u00c0rea de Mobilitat del RACC, <strong>Cristian Bardaj\u00ed,<\/strong> i el president del RACC, <strong>Josep Mateu,<\/strong> que va posar en relleu que \u201cla Llei de Mobilitat Sostenible \u00e9s imprescindible per fer front a la profunda transformaci\u00f3 de la manera de despla\u00e7ar-nos que estem vivint a tot el m\u00f3n\u201d.<\/p>\n<\/div><div class=\"fusion-sep-clear\"><\/div><div class=\"fusion-separator fusion-full-width-sep\" style=\"margin-left: auto;margin-right: auto;margin-top:10px;width:100%;\"><div class=\"fusion-separator-border sep-double\" style=\"border-color:#ffffff;border-top-width:1px;border-bottom-width:1px;\"><\/div><\/div><div class=\"fusion-sep-clear\"><\/div><div class=\"fusion-text fusion-text-6\" style=\"text-transform:none;\"><p>El president del RACC va recordar tamb\u00e9 que \u201cla mobilitat ha de ser segura i sostenible per\u00f2 tamb\u00e9 compatible amb el progr\u00e9s econ\u00f2mic del nostre pa\u00eds\u201d i que considera fonamental que la nova norma tingui en compte \u201cla visi\u00f3 metropolitana, ja que \u00e9s necessari establir eines que permetin millorar la planificaci\u00f3 de les inversions en transport p\u00fablic. I que les lleis ajudin en aquesta direcci\u00f3\u201d.<\/p>\n<\/div><div class=\"fusion-sep-clear\"><\/div><div class=\"fusion-separator fusion-full-width-sep\" style=\"margin-left: auto;margin-right: auto;margin-top:10px;width:100%;\"><div class=\"fusion-separator-border sep-double\" style=\"border-color:#ffffff;border-top-width:1px;border-bottom-width:1px;\"><\/div><\/div><div class=\"fusion-sep-clear\"><\/div><div class=\"fusion-clearfix\"><\/div><\/div><\/div><div class=\"fusion-layout-column fusion_builder_column fusion-builder-column-3 fusion_builder_column_1_2 1_2 fusion-one-half fusion-column-last\" style=\"width:50%;width:calc(50% - ( ( 4% ) * 0.5 ) );margin-top:0px;margin-bottom:20px;\"><div class=\"fusion-column-wrapper fusion-flex-column-wrapper-legacy\" style=\"background-position:left top;background-repeat:no-repeat;-webkit-background-size:cover;-moz-background-size:cover;-o-background-size:cover;background-size:cover;padding: 0px 0px 0px 0px;\"><span class=\" fusion-imageframe imageframe-none imageframe-1 hover-type-none\"><img decoding=\"async\" width=\"1024\" height=\"705\" title=\"Visita_MITMA_02\" src=\"https:\/\/www.mobilityinstitute.es\/wp-content\/uploads\/2022\/05\/www.mobilityinstitute.es-mobility-talks-ley-de-movilidad-sostenible-coloquio-con-el-mitma-visita-mitma-02.jpg\" data-orig-src=\"https:\/\/www.mobilityinstitute.es\/wp-content\/uploads\/2022\/05\/www.mobilityinstitute.es-mobility-talks-ley-de-movilidad-sostenible-coloquio-con-el-mitma-visita-mitma-02-1024x705.jpg\" alt class=\"lazyload img-responsive wp-image-9549\" srcset=\"data:image\/svg+xml,%3Csvg%20xmlns%3D%27http%3A%2F%2Fwww.w3.org%2F2000%2Fsvg%27%20width%3D%271453%27%20height%3D%271000%27%20viewBox%3D%270%200%201453%201000%27%3E%3Crect%20width%3D%271453%27%20height%3D%271000%27%20fill-opacity%3D%220%22%2F%3E%3C%2Fsvg%3E\" data-srcset=\"https:\/\/www.mobilityinstitute.es\/wp-content\/uploads\/2022\/05\/www.mobilityinstitute.es-mobility-talks-ley-de-movilidad-sostenible-coloquio-con-el-mitma-visita-mitma-02-200x138.jpg 200w, https:\/\/www.mobilityinstitute.es\/wp-content\/uploads\/2022\/05\/www.mobilityinstitute.es-mobility-talks-ley-de-movilidad-sostenible-coloquio-con-el-mitma-visita-mitma-02-400x275.jpg 400w, https:\/\/www.mobilityinstitute.es\/wp-content\/uploads\/2022\/05\/www.mobilityinstitute.es-mobility-talks-ley-de-movilidad-sostenible-coloquio-con-el-mitma-visita-mitma-02-600x413.jpg 600w, https:\/\/www.mobilityinstitute.es\/wp-content\/uploads\/2022\/05\/www.mobilityinstitute.es-mobility-talks-ley-de-movilidad-sostenible-coloquio-con-el-mitma-visita-mitma-02-800x551.jpg 800w, https:\/\/www.mobilityinstitute.es\/wp-content\/uploads\/2022\/05\/www.mobilityinstitute.es-mobility-talks-ley-de-movilidad-sostenible-coloquio-con-el-mitma-visita-mitma-02-1200x826.jpg 1200w, https:\/\/www.mobilityinstitute.es\/wp-content\/uploads\/2022\/05\/www.mobilityinstitute.es-mobility-talks-ley-de-movilidad-sostenible-coloquio-con-el-mitma-visita-mitma-02.jpg 1453w\" data-sizes=\"auto\" data-orig-sizes=\"(max-width: 800px) 100vw, 600px\" \/><\/span><div class=\"fusion-clearfix\"><\/div><\/div><\/div><\/div><\/div><div class=\"fusion-fullwidth fullwidth-box fusion-builder-row-4 nonhundred-percent-fullwidth non-hundred-percent-height-scrolling\" style=\"background-color: rgba(255,255,255,0);background-position: center center;background-repeat: no-repeat;padding-top:0px;padding-right:0px;padding-bottom:0px;padding-left:0px;margin-bottom: 0px;margin-top: 0px;border-width: 0px 0px 0px 0px;border-color:#eae9e9;border-style:solid;\" ><div class=\"fusion-builder-row fusion-row\"><div class=\"fusion-layout-column fusion_builder_column fusion-builder-column-4 fusion_builder_column_1_1 1_1 fusion-one-full fusion-column-first fusion-column-last\" style=\"margin-top:0px;margin-bottom:20px;\"><div class=\"fusion-column-wrapper fusion-flex-column-wrapper-legacy\" style=\"background-position:left top;background-repeat:no-repeat;-webkit-background-size:cover;-moz-background-size:cover;-o-background-size:cover;background-size:cover;padding: 0px 0px 0px 0px;\"><div class=\"fusion-sep-clear\"><\/div><div class=\"fusion-separator fusion-full-width-sep\" style=\"margin-left: auto;margin-right: auto;margin-top:10px;width:100%;\"><div class=\"fusion-separator-border sep-double\" style=\"border-color:#ffffff;border-top-width:1px;border-bottom-width:1px;\"><\/div><\/div><div class=\"fusion-sep-clear\"><\/div><div class=\"fusion-text fusion-text-7\" style=\"text-transform:none;\"><div class=\"fusion-text fusion-text-6\">\n<p><strong>Raquel S\u00e1nchez: <em>\u00abL&#8217;objectiu \u00e9s assegurar la mobilitat com un dret, un element de cohesi\u00f3 social i de creixement econ\u00f2mic\u00bb<\/em><\/strong><\/p>\n<\/div>\n<\/div><div class=\"fusion-sep-clear\"><\/div><div class=\"fusion-separator fusion-full-width-sep\" style=\"margin-left: auto;margin-right: auto;margin-top:10px;width:100%;\"><div class=\"fusion-separator-border sep-double\" style=\"border-color:#ffffff;border-top-width:1px;border-bottom-width:1px;\"><\/div><\/div><div class=\"fusion-sep-clear\"><\/div><div class=\"fusion-clearfix\"><\/div><\/div><\/div><\/div><\/div><div class=\"fusion-fullwidth fullwidth-box fusion-builder-row-5 nonhundred-percent-fullwidth non-hundred-percent-height-scrolling\" style=\"background-color: rgba(255,255,255,0);background-position: center center;background-repeat: no-repeat;padding-top:0px;padding-right:0px;padding-bottom:0px;padding-left:0px;margin-bottom: 0px;margin-top: 0px;border-width: 0px 0px 0px 0px;border-color:#eae9e9;border-style:solid;\" ><div class=\"fusion-builder-row fusion-row\"><div class=\"fusion-layout-column fusion_builder_column fusion-builder-column-5 fusion_builder_column_1_2 1_2 fusion-one-half fusion-column-first\" style=\"width:50%;width:calc(50% - ( ( 4% ) * 0.5 ) );margin-right: 4%;margin-top:0px;margin-bottom:20px;\"><div class=\"fusion-column-wrapper fusion-flex-column-wrapper-legacy\" style=\"background-position:left top;background-repeat:no-repeat;-webkit-background-size:cover;-moz-background-size:cover;-o-background-size:cover;background-size:cover;padding: 0px 0px 0px 0px;\"><span class=\" fusion-imageframe imageframe-none imageframe-2 hover-type-none\"><img decoding=\"async\" width=\"1024\" height=\"699\" title=\"Visita_MITMA_04\" src=\"https:\/\/www.mobilityinstitute.es\/wp-content\/uploads\/2022\/05\/www.mobilityinstitute.es-mobility-talks-ley-de-movilidad-sostenible-coloquio-con-el-mitma-visita-mitma-04-scaled.jpg\" data-orig-src=\"https:\/\/www.mobilityinstitute.es\/wp-content\/uploads\/2022\/05\/www.mobilityinstitute.es-mobility-talks-ley-de-movilidad-sostenible-coloquio-con-el-mitma-visita-mitma-04-1024x699.jpg\" alt class=\"lazyload img-responsive wp-image-9555\" srcset=\"data:image\/svg+xml,%3Csvg%20xmlns%3D%27http%3A%2F%2Fwww.w3.org%2F2000%2Fsvg%27%20width%3D%272560%27%20height%3D%271748%27%20viewBox%3D%270%200%202560%201748%27%3E%3Crect%20width%3D%272560%27%20height%3D%271748%27%20fill-opacity%3D%220%22%2F%3E%3C%2Fsvg%3E\" data-srcset=\"https:\/\/www.mobilityinstitute.es\/wp-content\/uploads\/2022\/05\/www.mobilityinstitute.es-mobility-talks-ley-de-movilidad-sostenible-coloquio-con-el-mitma-visita-mitma-04-200x137.jpg 200w, https:\/\/www.mobilityinstitute.es\/wp-content\/uploads\/2022\/05\/www.mobilityinstitute.es-mobility-talks-ley-de-movilidad-sostenible-coloquio-con-el-mitma-visita-mitma-04-400x273.jpg 400w, https:\/\/www.mobilityinstitute.es\/wp-content\/uploads\/2022\/05\/www.mobilityinstitute.es-mobility-talks-ley-de-movilidad-sostenible-coloquio-con-el-mitma-visita-mitma-04-600x410.jpg 600w, https:\/\/www.mobilityinstitute.es\/wp-content\/uploads\/2022\/05\/www.mobilityinstitute.es-mobility-talks-ley-de-movilidad-sostenible-coloquio-con-el-mitma-visita-mitma-04-800x546.jpg 800w, https:\/\/www.mobilityinstitute.es\/wp-content\/uploads\/2022\/05\/www.mobilityinstitute.es-mobility-talks-ley-de-movilidad-sostenible-coloquio-con-el-mitma-visita-mitma-04-1200x820.jpg 1200w\" data-sizes=\"auto\" data-orig-sizes=\"(max-width: 800px) 100vw, 600px\" \/><\/span><div class=\"fusion-clearfix\"><\/div><\/div><\/div><div class=\"fusion-layout-column fusion_builder_column fusion-builder-column-6 fusion_builder_column_1_2 1_2 fusion-one-half fusion-column-last\" style=\"width:50%;width:calc(50% - ( ( 4% ) * 0.5 ) );margin-top:0px;margin-bottom:20px;\"><div class=\"fusion-column-wrapper fusion-flex-column-wrapper-legacy\" style=\"background-position:left top;background-repeat:no-repeat;-webkit-background-size:cover;-moz-background-size:cover;-o-background-size:cover;background-size:cover;padding: 0px 0px 0px 0px;\"><div class=\"fusion-text fusion-text-8\" style=\"text-transform:none;\"><p>Durant la seva pon\u00e8ncia, la ministra S\u00e1nchez ha destacat que \u201cLa Llei de Mobilitat \u00e9s el cim de la caixa d&#8217;eines que estem desplegant i que inclou l&#8217;Estrat\u00e8gia de Mobilitat Sostenible, Segura i Connectada, els Fons Next Generation i els Pressupostos Generals. Les eines per a donar resposta als reptes de la mobilitat i del transport del segle XXI, solucionar els problemes reals de mobilitat dels ciutadans i garantir un sistema de transport i log\u00edstica efica\u00e7, sostenible i resilient. En definitiva, es tracta d&#8217;assegurar la mobilitat com un dret, un element de cohesi\u00f3 social i de creixement econ\u00f2mic\u201d.<\/p>\n<\/div><div class=\"fusion-sep-clear\"><\/div><div class=\"fusion-separator fusion-full-width-sep\" style=\"margin-left: auto;margin-right: auto;margin-top:10px;width:100%;\"><div class=\"fusion-separator-border sep-double\" style=\"border-color:#ffffff;border-top-width:1px;border-bottom-width:1px;\"><\/div><\/div><div class=\"fusion-sep-clear\"><\/div><div class=\"fusion-clearfix\"><\/div><\/div><\/div><\/div><\/div><div class=\"fusion-fullwidth fullwidth-box fusion-builder-row-6 nonhundred-percent-fullwidth non-hundred-percent-height-scrolling\" style=\"background-color: rgba(255,255,255,0);background-position: center center;background-repeat: no-repeat;padding-top:0px;padding-right:0px;padding-bottom:0px;padding-left:0px;margin-bottom: 0px;margin-top: 0px;border-width: 0px 0px 0px 0px;border-color:#eae9e9;border-style:solid;\" ><div class=\"fusion-builder-row fusion-row\"><div class=\"fusion-layout-column fusion_builder_column fusion-builder-column-7 fusion_builder_column_1_2 1_2 fusion-one-half fusion-column-first\" style=\"width:50%;width:calc(50% - ( ( 4% ) * 0.5 ) );margin-right: 4%;margin-top:0px;margin-bottom:20px;\"><div class=\"fusion-column-wrapper fusion-flex-column-wrapper-legacy\" style=\"background-position:left top;background-repeat:no-repeat;-webkit-background-size:cover;-moz-background-size:cover;-o-background-size:cover;background-size:cover;padding: 0px 0px 0px 0px;\"><div class=\"fusion-sep-clear\"><\/div><div class=\"fusion-separator fusion-full-width-sep\" style=\"margin-left: auto;margin-right: auto;margin-top:10px;width:100%;\"><div class=\"fusion-separator-border sep-double\" style=\"border-color:#ffffff;border-top-width:1px;border-bottom-width:1px;\"><\/div><\/div><div class=\"fusion-sep-clear\"><\/div><div class=\"fusion-text fusion-text-9\" style=\"text-transform:none;\"><p>Finalment, es va celebrar un col\u00b7loqui sobre l&#8217;aplicabilitat de la futura Llei de Mobilitat Sostenible entre la secret\u00e0ria general de Transports i Mobilitat, Mar\u00eda Jos\u00e9 Rallo, i el coordinador del Mobility Institute, <strong>Ricard Casalins.<\/strong> La part final va ser una sessi\u00f3 oberta a les preguntes i reflexions dels prop de cinquanta assistents.<\/p>\n<\/div><div class=\"fusion-sep-clear\"><\/div><div class=\"fusion-separator fusion-full-width-sep\" style=\"margin-left: auto;margin-right: auto;margin-top:10px;width:100%;\"><div class=\"fusion-separator-border sep-double\" style=\"border-color:#ffffff;border-top-width:1px;border-bottom-width:1px;\"><\/div><\/div><div class=\"fusion-sep-clear\"><\/div><div class=\"fusion-clearfix\"><\/div><\/div><\/div><div class=\"fusion-layout-column fusion_builder_column fusion-builder-column-8 fusion_builder_column_1_2 1_2 fusion-one-half fusion-column-last\" style=\"width:50%;width:calc(50% - ( ( 4% ) * 0.5 ) );margin-top:0px;margin-bottom:20px;\"><div class=\"fusion-column-wrapper fusion-flex-column-wrapper-legacy\" style=\"background-position:left top;background-repeat:no-repeat;-webkit-background-size:cover;-moz-background-size:cover;-o-background-size:cover;background-size:cover;padding: 0px 0px 0px 0px;\"><div class=\"fusion-sep-clear\"><\/div><div class=\"fusion-separator fusion-full-width-sep\" style=\"margin-left: auto;margin-right: auto;margin-top:10px;width:100%;\"><div class=\"fusion-separator-border sep-double\" style=\"border-color:#ffffff;border-top-width:1px;border-bottom-width:1px;\"><\/div><\/div><div class=\"fusion-sep-clear\"><\/div><span class=\" fusion-imageframe imageframe-none imageframe-3 hover-type-none\"><img decoding=\"async\" width=\"1200\" height=\"800\" title=\"IRUN10048\" src=\"https:\/\/www.mobilityinstitute.es\/wp-content\/uploads\/2022\/06\/www.mobilityinstitute.es-mobility-talks-ley-de-movilidad-sostenible-coloquio-con-el-mitma-irun10048-scaled.jpg\" data-orig-src=\"https:\/\/www.mobilityinstitute.es\/wp-content\/uploads\/2022\/06\/www.mobilityinstitute.es-mobility-talks-ley-de-movilidad-sostenible-coloquio-con-el-mitma-irun10048-1200x800.jpg\" alt class=\"lazyload img-responsive wp-image-9616\" srcset=\"data:image\/svg+xml,%3Csvg%20xmlns%3D%27http%3A%2F%2Fwww.w3.org%2F2000%2Fsvg%27%20width%3D%272560%27%20height%3D%271707%27%20viewBox%3D%270%200%202560%201707%27%3E%3Crect%20width%3D%272560%27%20height%3D%271707%27%20fill-opacity%3D%220%22%2F%3E%3C%2Fsvg%3E\" data-srcset=\"https:\/\/www.mobilityinstitute.es\/wp-content\/uploads\/2022\/06\/www.mobilityinstitute.es-mobility-talks-ley-de-movilidad-sostenible-coloquio-con-el-mitma-irun10048-200x133.jpg 200w, https:\/\/www.mobilityinstitute.es\/wp-content\/uploads\/2022\/06\/www.mobilityinstitute.es-mobility-talks-ley-de-movilidad-sostenible-coloquio-con-el-mitma-irun10048-400x267.jpg 400w, https:\/\/www.mobilityinstitute.es\/wp-content\/uploads\/2022\/06\/www.mobilityinstitute.es-mobility-talks-ley-de-movilidad-sostenible-coloquio-con-el-mitma-irun10048-600x400.jpg 600w, https:\/\/www.mobilityinstitute.es\/wp-content\/uploads\/2022\/06\/www.mobilityinstitute.es-mobility-talks-ley-de-movilidad-sostenible-coloquio-con-el-mitma-irun10048-800x533.jpg 800w, https:\/\/www.mobilityinstitute.es\/wp-content\/uploads\/2022\/06\/www.mobilityinstitute.es-mobility-talks-ley-de-movilidad-sostenible-coloquio-con-el-mitma-irun10048-1200x800.jpg 1200w\" data-sizes=\"auto\" data-orig-sizes=\"(max-width: 800px) 100vw, 600px\" \/><\/span><div class=\"fusion-clearfix\"><\/div><\/div><\/div><\/div><\/div><div class=\"fusion-fullwidth fullwidth-box fusion-builder-row-7 fusion-flex-container nonhundred-percent-fullwidth non-hundred-percent-height-scrolling\" style=\"background-color: rgba(255,255,255,0);background-position: center center;background-repeat: no-repeat;border-width: 0px 0px 0px 0px;border-color:#eae9e9;border-style:solid;\" ><div class=\"fusion-builder-row fusion-row fusion-flex-align-items-flex-start\" style=\"max-width:1248px;margin-left: calc(-4% \/ 2 );margin-right: calc(-4% \/ 2 );\"><div class=\"fusion-layout-column fusion_builder_column fusion-builder-column-9 fusion_builder_column_1_1 1_1 fusion-flex-column\"><div class=\"fusion-column-wrapper fusion-flex-justify-content-flex-start fusion-content-layout-column\" style=\"background-position:left top;background-repeat:no-repeat;-webkit-background-size:cover;-moz-background-size:cover;-o-background-size:cover;background-size:cover;padding: 0px 0px 0px 0px;\"><div class=\"fusion-separator\" style=\"align-self: center;margin-left: auto;margin-right: auto;margin-top:30px;width:100%;max-width:80%;\"><\/div><div class=\"fusion-text fusion-text-10\" style=\"text-transform:none;\"><p>A continuaci\u00f3 s&#8217;inclouen m\u00e9s imatges de l&#8217;acte:<\/p>\n<\/div><div class=\"fusion-separator\" style=\"align-self: center;margin-left: auto;margin-right: auto;margin-top:15px;width:100%;max-width:80%;\"><\/div><style type=\"text\/css\">.fusion-gallery-1 .fusion-gallery-image {border:0px solid #f6f6f6;}<\/style><div class=\"awb-gallery-wrapper awb-gallery-wrapper-1 button-span-no\"><div class=\"fusion-gallery fusion-gallery-container fusion-grid-3 fusion-columns-total-18 fusion-gallery-layout-grid fusion-gallery-1\" style=\"margin:-5px;\"><div style=\"padding:5px;\" class=\"fusion-grid-column fusion-gallery-column fusion-gallery-column-3 hover-type-none\"><div class=\"fusion-gallery-image\"><a href=\"https:\/\/www.mobilityinstitute.es\/wp-content\/uploads\/2022\/05\/www.mobilityinstitute.es-mobility-talks-ley-de-movilidad-sostenible-coloquio-con-el-mitma-visita-mitma-01.jpg\" rel=\"noreferrer\" data-rel=\"iLightbox[gallery_image_1]\" class=\"fusion-lightbox\" target=\"_self\"><img decoding=\"async\" src=\"https:\/\/www.mobilityinstitute.es\/wp-content\/uploads\/2022\/05\/www.mobilityinstitute.es-mobility-talks-ley-de-movilidad-sostenible-coloquio-con-el-mitma-visita-mitma-01-460x295.jpg\" width=\"460\" height=\"295\" alt=\"\" title=\"Visita_MITMA_01\" aria-label=\"Visita_MITMA_01\" class=\"img-responsive wp-image-9545 fusion-gallery-image-size-fixed\"  \/><\/a><\/div><\/div><div style=\"padding:5px;\" class=\"fusion-grid-column fusion-gallery-column fusion-gallery-column-3 hover-type-none\"><div class=\"fusion-gallery-image\"><a href=\"https:\/\/www.mobilityinstitute.es\/wp-content\/uploads\/2022\/05\/www.mobilityinstitute.es-mobility-talks-el-aparcamiento-una-mirada-al-futuro-visita-raquelsanchez02.jpg\" rel=\"noreferrer\" data-rel=\"iLightbox[gallery_image_1]\" class=\"fusion-lightbox\" target=\"_self\"><img decoding=\"async\" src=\"https:\/\/www.mobilityinstitute.es\/wp-content\/uploads\/2022\/05\/www.mobilityinstitute.es-mobility-talks-el-aparcamiento-una-mirada-al-futuro-visita-raquelsanchez02-460x295.jpg\" width=\"460\" height=\"295\" alt=\"\" title=\"Visita_RaquelSanchez02\" aria-label=\"Visita_RaquelSanchez02\" class=\"img-responsive wp-image-9542 fusion-gallery-image-size-fixed\"  \/><\/a><\/div><\/div><div style=\"padding:5px;\" class=\"fusion-grid-column fusion-gallery-column fusion-gallery-column-3 hover-type-none\"><div class=\"fusion-gallery-image\"><a href=\"https:\/\/www.mobilityinstitute.es\/wp-content\/uploads\/2022\/05\/www.mobilityinstitute.es-mobility-talks-ley-de-movilidad-sostenible-coloquio-con-el-mitma-visita-mitma-02.jpg\" rel=\"noreferrer\" data-rel=\"iLightbox[gallery_image_1]\" class=\"fusion-lightbox\" target=\"_self\"><img decoding=\"async\" src=\"https:\/\/www.mobilityinstitute.es\/wp-content\/uploads\/2022\/05\/www.mobilityinstitute.es-mobility-talks-ley-de-movilidad-sostenible-coloquio-con-el-mitma-visita-mitma-02-460x295.jpg\" width=\"460\" height=\"295\" alt=\"\" title=\"Visita_MITMA_02\" aria-label=\"Visita_MITMA_02\" class=\"img-responsive wp-image-9548 fusion-gallery-image-size-fixed\"  \/><\/a><\/div><\/div><div class=\"clearfix\"><\/div><div style=\"padding:5px;\" class=\"fusion-grid-column fusion-gallery-column fusion-gallery-column-3 hover-type-none\"><div class=\"fusion-gallery-image\"><a href=\"https:\/\/www.mobilityinstitute.es\/wp-content\/uploads\/2022\/05\/www.mobilityinstitute.es-mobility-talks-ley-de-movilidad-sostenible-coloquio-con-el-mitma-visita-mitma-04-scaled.jpg\" rel=\"noreferrer\" data-rel=\"iLightbox[gallery_image_1]\" class=\"fusion-lightbox\" target=\"_self\"><img decoding=\"async\" src=\"https:\/\/www.mobilityinstitute.es\/wp-content\/uploads\/2022\/05\/www.mobilityinstitute.es-mobility-talks-ley-de-movilidad-sostenible-coloquio-con-el-mitma-visita-mitma-04-460x295.jpg\" width=\"460\" height=\"295\" alt=\"\" title=\"Visita_MITMA_04\" aria-label=\"Visita_MITMA_04\" class=\"img-responsive wp-image-9554 fusion-gallery-image-size-fixed\"  \/><\/a><\/div><\/div><div style=\"padding:5px;\" class=\"fusion-grid-column fusion-gallery-column fusion-gallery-column-3 hover-type-none\"><div class=\"fusion-gallery-image\"><a href=\"https:\/\/www.mobilityinstitute.es\/wp-content\/uploads\/2022\/05\/www.mobilityinstitute.es-mobility-talks-ley-de-movilidad-sostenible-coloquio-con-el-mitma-visita-mitma-05.jpg\" rel=\"noreferrer\" data-rel=\"iLightbox[gallery_image_1]\" class=\"fusion-lightbox\" target=\"_self\"><img decoding=\"async\" src=\"https:\/\/www.mobilityinstitute.es\/wp-content\/uploads\/2022\/05\/www.mobilityinstitute.es-mobility-talks-ley-de-movilidad-sostenible-coloquio-con-el-mitma-visita-mitma-05-460x295.jpg\" width=\"460\" height=\"295\" alt=\"\" title=\"Visita_MITMA_05\" aria-label=\"Visita_MITMA_05\" class=\"img-responsive wp-image-9557 fusion-gallery-image-size-fixed\" srcset=\"https:\/\/www.mobilityinstitute.es\/wp-content\/uploads\/2022\/05\/www.mobilityinstitute.es-mobility-talks-ley-de-movilidad-sostenible-coloquio-con-el-mitma-visita-mitma-05-200x129.jpg 200w, https:\/\/www.mobilityinstitute.es\/wp-content\/uploads\/2022\/05\/www.mobilityinstitute.es-mobility-talks-ley-de-movilidad-sostenible-coloquio-con-el-mitma-visita-mitma-05-460x295.jpg 460w\" sizes=\"(max-width: 460px) 100vw, 460px\" \/><\/a><\/div><\/div><div style=\"padding:5px;\" class=\"fusion-grid-column fusion-gallery-column fusion-gallery-column-3 hover-type-none\"><div class=\"fusion-gallery-image\"><a href=\"https:\/\/www.mobilityinstitute.es\/wp-content\/uploads\/2022\/05\/www.mobilityinstitute.es-mobility-talks-ley-de-movilidad-sostenible-coloquio-con-el-mitma-visita-mitma-03.jpg\" rel=\"noreferrer\" data-rel=\"iLightbox[gallery_image_1]\" class=\"fusion-lightbox\" target=\"_self\"><img decoding=\"async\" src=\"https:\/\/www.mobilityinstitute.es\/wp-content\/uploads\/2022\/05\/www.mobilityinstitute.es-mobility-talks-ley-de-movilidad-sostenible-coloquio-con-el-mitma-visita-mitma-03-460x295.jpg\" width=\"460\" height=\"295\" alt=\"\" title=\"Visita_MITMA_03\" aria-label=\"Visita_MITMA_03\" class=\"img-responsive wp-image-9551 fusion-gallery-image-size-fixed\"  \/><\/a><\/div><\/div><div class=\"clearfix\"><\/div><div style=\"padding:5px;\" class=\"fusion-grid-column fusion-gallery-column fusion-gallery-column-3 hover-type-none\"><div class=\"fusion-gallery-image\"><a href=\"https:\/\/www.mobilityinstitute.es\/wp-content\/uploads\/2022\/05\/www.mobilityinstitute.es-mobility-talks-ley-de-movilidad-sostenible-coloquio-con-el-mitma-visita-mitma-06.jpg\" rel=\"noreferrer\" data-rel=\"iLightbox[gallery_image_1]\" class=\"fusion-lightbox\" target=\"_self\"><img decoding=\"async\" src=\"https:\/\/www.mobilityinstitute.es\/wp-content\/uploads\/2022\/05\/www.mobilityinstitute.es-mobility-talks-ley-de-movilidad-sostenible-coloquio-con-el-mitma-visita-mitma-06-460x295.jpg\" width=\"460\" height=\"295\" alt=\"\" title=\"Visita_MITMA_06\" aria-label=\"Visita_MITMA_06\" class=\"img-responsive wp-image-9560 fusion-gallery-image-size-fixed\"  \/><\/a><\/div><\/div><div style=\"padding:5px;\" class=\"fusion-grid-column fusion-gallery-column fusion-gallery-column-3 hover-type-none\"><div class=\"fusion-gallery-image\"><a href=\"https:\/\/www.mobilityinstitute.es\/wp-content\/uploads\/2022\/05\/www.mobilityinstitute.es-mobility-talks-ley-de-movilidad-sostenible-coloquio-con-el-mitma-visita-mitma-07.jpg\" rel=\"noreferrer\" data-rel=\"iLightbox[gallery_image_1]\" class=\"fusion-lightbox\" target=\"_self\"><img decoding=\"async\" src=\"https:\/\/www.mobilityinstitute.es\/wp-content\/uploads\/2022\/05\/www.mobilityinstitute.es-mobility-talks-ley-de-movilidad-sostenible-coloquio-con-el-mitma-visita-mitma-07-460x295.jpg\" width=\"460\" height=\"295\" alt=\"\" title=\"Visita_MITMA_07\" aria-label=\"Visita_MITMA_07\" class=\"img-responsive wp-image-9574 fusion-gallery-image-size-fixed\"  \/><\/a><\/div><\/div><div style=\"padding:5px;\" class=\"fusion-grid-column fusion-gallery-column fusion-gallery-column-3 hover-type-none\"><div class=\"fusion-gallery-image\"><a href=\"https:\/\/www.mobilityinstitute.es\/wp-content\/uploads\/2022\/06\/www.mobilityinstitute.es-mobility-talks-ley-de-movilidad-sostenible-coloquio-con-el-mitma-11-scaled.jpg\" rel=\"noreferrer\" data-rel=\"iLightbox[gallery_image_1]\" class=\"fusion-lightbox\" target=\"_self\"><img decoding=\"async\" src=\"https:\/\/www.mobilityinstitute.es\/wp-content\/uploads\/2022\/06\/www.mobilityinstitute.es-mobility-talks-ley-de-movilidad-sostenible-coloquio-con-el-mitma-11-460x295.jpg\" width=\"460\" height=\"295\" alt=\"\" title=\"11\" aria-label=\"11\" class=\"img-responsive wp-image-9582 fusion-gallery-image-size-fixed\"  \/><\/a><\/div><\/div><div class=\"clearfix\"><\/div><div style=\"padding:5px;\" class=\"fusion-grid-column fusion-gallery-column fusion-gallery-column-3 hover-type-none\"><div class=\"fusion-gallery-image\"><a href=\"https:\/\/www.mobilityinstitute.es\/wp-content\/uploads\/2022\/06\/www.mobilityinstitute.es-mobility-talks-ley-de-movilidad-sostenible-coloquio-con-el-mitma-12-scaled.jpg\" rel=\"noreferrer\" data-rel=\"iLightbox[gallery_image_1]\" class=\"fusion-lightbox\" target=\"_self\"><img decoding=\"async\" src=\"https:\/\/www.mobilityinstitute.es\/wp-content\/uploads\/2022\/06\/www.mobilityinstitute.es-mobility-talks-ley-de-movilidad-sostenible-coloquio-con-el-mitma-12-460x295.jpg\" width=\"460\" height=\"295\" alt=\"\" title=\"12\" aria-label=\"12\" class=\"img-responsive wp-image-9585 fusion-gallery-image-size-fixed\"  \/><\/a><\/div><\/div><div style=\"padding:5px;\" class=\"fusion-grid-column fusion-gallery-column fusion-gallery-column-3 hover-type-none\"><div class=\"fusion-gallery-image\"><a href=\"https:\/\/www.mobilityinstitute.es\/wp-content\/uploads\/2022\/06\/www.mobilityinstitute.es-mobility-talks-ley-de-movilidad-sostenible-coloquio-con-el-mitma-13-scaled.jpg\" rel=\"noreferrer\" data-rel=\"iLightbox[gallery_image_1]\" class=\"fusion-lightbox\" target=\"_self\"><img decoding=\"async\" src=\"https:\/\/www.mobilityinstitute.es\/wp-content\/uploads\/2022\/06\/www.mobilityinstitute.es-mobility-talks-ley-de-movilidad-sostenible-coloquio-con-el-mitma-13-460x295.jpg\" width=\"460\" height=\"295\" alt=\"\" title=\"13\" aria-label=\"13\" class=\"img-responsive wp-image-9590 fusion-gallery-image-size-fixed\"  \/><\/a><\/div><\/div><div style=\"padding:5px;\" class=\"fusion-grid-column fusion-gallery-column fusion-gallery-column-3 hover-type-none\"><div class=\"fusion-gallery-image\"><a href=\"https:\/\/www.mobilityinstitute.es\/wp-content\/uploads\/2022\/06\/www.mobilityinstitute.es-mobility-talks-ley-de-movilidad-sostenible-coloquio-con-el-mitma-14-scaled.jpg\" rel=\"noreferrer\" data-rel=\"iLightbox[gallery_image_1]\" class=\"fusion-lightbox\" target=\"_self\"><img decoding=\"async\" src=\"https:\/\/www.mobilityinstitute.es\/wp-content\/uploads\/2022\/06\/www.mobilityinstitute.es-mobility-talks-ley-de-movilidad-sostenible-coloquio-con-el-mitma-14-460x295.jpg\" width=\"460\" height=\"295\" alt=\"\" title=\"14\" aria-label=\"14\" class=\"img-responsive wp-image-9593 fusion-gallery-image-size-fixed\"  \/><\/a><\/div><\/div><div class=\"clearfix\"><\/div><div style=\"padding:5px;\" class=\"fusion-grid-column fusion-gallery-column fusion-gallery-column-3 hover-type-none\"><div class=\"fusion-gallery-image\"><a href=\"https:\/\/www.mobilityinstitute.es\/wp-content\/uploads\/2022\/06\/www.mobilityinstitute.es-mobility-talks-ley-de-movilidad-sostenible-coloquio-con-el-mitma-15-scaled.jpg\" rel=\"noreferrer\" data-rel=\"iLightbox[gallery_image_1]\" class=\"fusion-lightbox\" target=\"_self\"><img decoding=\"async\" src=\"https:\/\/www.mobilityinstitute.es\/wp-content\/uploads\/2022\/06\/www.mobilityinstitute.es-mobility-talks-ley-de-movilidad-sostenible-coloquio-con-el-mitma-15-460x295.jpg\" width=\"460\" height=\"295\" alt=\"\" title=\"15\" aria-label=\"15\" class=\"img-responsive wp-image-9596 fusion-gallery-image-size-fixed\"  \/><\/a><\/div><\/div><div style=\"padding:5px;\" class=\"fusion-grid-column fusion-gallery-column fusion-gallery-column-3 hover-type-none\"><div class=\"fusion-gallery-image\"><a href=\"https:\/\/www.mobilityinstitute.es\/wp-content\/uploads\/2022\/06\/www.mobilityinstitute.es-mobility-talks-ley-de-movilidad-sostenible-coloquio-con-el-mitma-16-scaled.jpg\" rel=\"noreferrer\" data-rel=\"iLightbox[gallery_image_1]\" class=\"fusion-lightbox\" target=\"_self\"><img decoding=\"async\" src=\"https:\/\/www.mobilityinstitute.es\/wp-content\/uploads\/2022\/06\/www.mobilityinstitute.es-mobility-talks-ley-de-movilidad-sostenible-coloquio-con-el-mitma-16-460x295.jpg\" width=\"460\" height=\"295\" alt=\"\" title=\"16\" aria-label=\"16\" class=\"img-responsive wp-image-9599 fusion-gallery-image-size-fixed\"  \/><\/a><\/div><\/div><div style=\"padding:5px;\" class=\"fusion-grid-column fusion-gallery-column fusion-gallery-column-3 hover-type-none\"><div class=\"fusion-gallery-image\"><a href=\"https:\/\/www.mobilityinstitute.es\/wp-content\/uploads\/2022\/06\/www.mobilityinstitute.es-mobility-talks-ley-de-movilidad-sostenible-coloquio-con-el-mitma-17-scaled.jpg\" rel=\"noreferrer\" data-rel=\"iLightbox[gallery_image_1]\" class=\"fusion-lightbox\" target=\"_self\"><img decoding=\"async\" src=\"https:\/\/www.mobilityinstitute.es\/wp-content\/uploads\/2022\/06\/www.mobilityinstitute.es-mobility-talks-ley-de-movilidad-sostenible-coloquio-con-el-mitma-17-460x295.jpg\" width=\"460\" height=\"295\" alt=\"\" title=\"17\" aria-label=\"17\" class=\"img-responsive wp-image-9602 fusion-gallery-image-size-fixed\"  \/><\/a><\/div><\/div><div class=\"clearfix\"><\/div><div style=\"padding:5px;\" class=\"fusion-grid-column fusion-gallery-column fusion-gallery-column-3 hover-type-none\"><div class=\"fusion-gallery-image\"><a href=\"https:\/\/www.mobilityinstitute.es\/wp-content\/uploads\/2022\/06\/www.mobilityinstitute.es-mobility-talks-ley-de-movilidad-sostenible-coloquio-con-el-mitma-18-scaled.jpg\" rel=\"noreferrer\" data-rel=\"iLightbox[gallery_image_1]\" class=\"fusion-lightbox\" target=\"_self\"><img decoding=\"async\" src=\"https:\/\/www.mobilityinstitute.es\/wp-content\/uploads\/2022\/06\/www.mobilityinstitute.es-mobility-talks-ley-de-movilidad-sostenible-coloquio-con-el-mitma-18-460x295.jpg\" width=\"460\" height=\"295\" alt=\"\" title=\"18\" aria-label=\"18\" class=\"img-responsive wp-image-9605 fusion-gallery-image-size-fixed\"  \/><\/a><\/div><\/div><div style=\"padding:5px;\" class=\"fusion-grid-column fusion-gallery-column fusion-gallery-column-3 hover-type-none\"><div class=\"fusion-gallery-image\"><a href=\"https:\/\/www.mobilityinstitute.es\/wp-content\/uploads\/2022\/06\/www.mobilityinstitute.es-mobility-talks-ley-de-movilidad-sostenible-coloquio-con-el-mitma-19-scaled.jpg\" rel=\"noreferrer\" data-rel=\"iLightbox[gallery_image_1]\" class=\"fusion-lightbox\" target=\"_self\"><img decoding=\"async\" src=\"https:\/\/www.mobilityinstitute.es\/wp-content\/uploads\/2022\/06\/www.mobilityinstitute.es-mobility-talks-ley-de-movilidad-sostenible-coloquio-con-el-mitma-19-460x295.jpg\" width=\"460\" height=\"295\" alt=\"\" title=\"19\" aria-label=\"19\" class=\"img-responsive wp-image-9608 fusion-gallery-image-size-fixed\"  \/><\/a><\/div><\/div><div style=\"padding:5px;\" class=\"fusion-grid-column fusion-gallery-column fusion-gallery-column-3 hover-type-none\"><div class=\"fusion-gallery-image\"><a href=\"https:\/\/www.mobilityinstitute.es\/wp-content\/uploads\/2022\/06\/www.mobilityinstitute.es-mobility-talks-ley-de-movilidad-sostenible-coloquio-con-el-mitma-20-scaled.jpg\" rel=\"noreferrer\" data-rel=\"iLightbox[gallery_image_1]\" class=\"fusion-lightbox\" target=\"_self\"><img decoding=\"async\" src=\"https:\/\/www.mobilityinstitute.es\/wp-content\/uploads\/2022\/06\/www.mobilityinstitute.es-mobility-talks-ley-de-movilidad-sostenible-coloquio-con-el-mitma-20-460x295.jpg\" width=\"460\" height=\"295\" alt=\"\" title=\"20\" aria-label=\"20\" class=\"img-responsive wp-image-9611 fusion-gallery-image-size-fixed\"  \/><\/a><\/div><\/div><div class=\"clearfix\"><\/div><\/div><\/div><\/div><style type=\"text\/css\">.fusion-body .fusion-builder-column-9{width:100% !important;margin-top : 0px;margin-bottom : 20px;}.fusion-builder-column-9 > .fusion-column-wrapper {padding-top : 0px !important;padding-right : 0px !important;margin-right : 1.92%;padding-bottom : 0px !important;padding-left : 0px !important;margin-left : 1.92%;}@media only screen and (max-width:1024px) {.fusion-body .fusion-builder-column-9{width:100% !important;order : 0;}.fusion-builder-column-9 > .fusion-column-wrapper {margin-right : 1.92%;margin-left : 1.92%;}}@media only screen and (max-width:640px) {.fusion-body .fusion-builder-column-9{width:100% !important;order : 0;}.fusion-builder-column-9 > .fusion-column-wrapper {margin-right : 1.92%;margin-left : 1.92%;}}<\/style><\/div><\/div><style type=\"text\/css\">.fusion-body .fusion-flex-container.fusion-builder-row-7{ padding-top : 0px;margin-top : 0px;padding-right : 0px;padding-bottom : 0px;margin-bottom : 0px;padding-left : 0px;}<\/style><\/div><\/p>\n","protected":false},"excerpt":{"rendered":"","protected":false},"author":315,"featured_media":0,"parent":0,"menu_order":27,"comment_status":"closed","ping_status":"closed","template":"","meta":{"footnotes":""},"yst_prominent_words":[],"class_list":["post-9636","page","type-page","status-publish","hentry"],"_links":{"self":[{"href":"https:\/\/www.mobilityinstitute.es\/ca\/wp-json\/wp\/v2\/pages\/9636","targetHints":{"allow":["GET"]}}],"collection":[{"href":"https:\/\/www.mobilityinstitute.es\/ca\/wp-json\/wp\/v2\/pages"}],"about":[{"href":"https:\/\/www.mobilityinstitute.es\/ca\/wp-json\/wp\/v2\/types\/page"}],"author":[{"embeddable":true,"href":"https:\/\/www.mobilityinstitute.es\/ca\/wp-json\/wp\/v2\/users\/315"}],"replies":[{"embeddable":true,"href":"https:\/\/www.mobilityinstitute.es\/ca\/wp-json\/wp\/v2\/comments?post=9636"}],"version-history":[{"count":0,"href":"https:\/\/www.mobilityinstitute.es\/ca\/wp-json\/wp\/v2\/pages\/9636\/revisions"}],"wp:attachment":[{"href":"https:\/\/www.mobilityinstitute.es\/ca\/wp-json\/wp\/v2\/media?parent=9636"}],"wp:term":[{"taxonomy":"yst_prominent_words","embeddable":true,"href":"https:\/\/www.mobilityinstitute.es\/ca\/wp-json\/wp\/v2\/yst_prominent_words?post=9636"}],"curies":[{"name":"wp","href":"https:\/\/api.w.org\/{rel}","templated":true}]}}