{"id":9726,"date":"2022-06-10T01:28:35","date_gmt":"2022-06-09T23:28:35","guid":{"rendered":"https:\/\/www.mobilityinstitute.es\/continguts\/dades-de-mobilitat-compartida\/"},"modified":"2022-07-07T15:41:50","modified_gmt":"2022-07-07T13:41:50","slug":"dades-de-mobilitat-compartida","status":"publish","type":"page","link":"https:\/\/www.mobilityinstitute.es\/ca\/continguts\/dades-de-mobilitat-compartida\/","title":{"rendered":"Dades de mobilitat compartida"},"content":{"rendered":"<p><div class=\"fusion-fullwidth fullwidth-box fusion-builder-row-1 nonhundred-percent-fullwidth non-hundred-percent-height-scrolling\" style=\"background-color: rgba(255,255,255,0);background-position: center center;background-repeat: no-repeat;padding-top:0px;padding-right:0px;padding-bottom:0px;padding-left:0px;margin-bottom: 0px;margin-top: 0px;border-width: 0px 0px 0px 0px;border-color:#eae9e9;border-style:solid;\" ><div class=\"fusion-builder-row fusion-row\"><div class=\"fusion-layout-column fusion_builder_column fusion-builder-column-0 fusion_builder_column_1_1 1_1 fusion-one-full fusion-column-first fusion-column-last\" style=\"margin-top:0px;margin-bottom:20px;\"><div class=\"fusion-column-wrapper fusion-flex-column-wrapper-legacy\" style=\"background-position:left top;background-repeat:no-repeat;-webkit-background-size:cover;-moz-background-size:cover;-o-background-size:cover;background-size:cover;padding: 0px 0px 0px 0px;\"><div class=\"fusion-text fusion-text-1\" style=\"text-transform:none;\"><h2 style=\"text-align: center;\">AJUDEM A PRENDRE MILLORS DECISIONS<\/h2>\n<\/div><div class=\"fusion-sep-clear\"><\/div><div class=\"fusion-separator fusion-full-width-sep\" style=\"margin-left: auto;margin-right: auto;margin-top:20px;margin-bottom:20px;width:100%;\"><div class=\"fusion-separator-border sep-double\" style=\"border-color:#ffffff;border-top-width:1px;border-bottom-width:1px;\"><\/div><\/div><div class=\"fusion-sep-clear\"><\/div><div class=\"fusion-text fusion-text-2\" style=\"text-transform:none;\"><p style=\"text-align: center;\">Una radiografia completa de la mobilitat compartida de les ciutats mitjan\u00e7ant dades reals.<br \/>\n.<\/p>\n<\/div><div class=\"fusion-clearfix\"><\/div><\/div><\/div><\/div><\/div><div class=\"fusion-fullwidth fullwidth-box fusion-builder-row-2 serveis_a_mida nonhundred-percent-fullwidth non-hundred-percent-height-scrolling\" style=\"background-color: rgba(255,255,255,0);background-position: center center;background-repeat: no-repeat;padding-top:0px;padding-right:0px;padding-bottom:0px;padding-left:0px;margin-bottom: 20px;margin-top: 0px;border-width: 0px 0px 0px 0px;border-color:#eae9e9;border-style:solid;\" ><div class=\"fusion-builder-row fusion-row\"><div class=\"fusion-layout-column fusion_builder_column fusion-builder-column-1 fusion_builder_column_1_3 1_3 fusion-one-third fusion-column-first\" style=\"width:33.333333333333%;width:calc(33.333333333333% - ( ( 4% + 4% ) * 0.33333333333333 ) );margin-right: 4%;margin-top:0px;margin-bottom:0px;\"><div class=\"fusion-column-wrapper fusion-flex-column-wrapper-legacy\" style=\"background-position:left top;background-repeat:no-repeat;-webkit-background-size:cover;-moz-background-size:cover;-o-background-size:cover;background-size:cover;padding: 0px 0px 0px 0px;\"><style type=\"text\/css\"><\/style><div class=\"fusion-title title fusion-title-1 fusion-title-text fusion-title-size-five\" style=\"margin-top:0px;margin-right:0px;margin-bottom:31px;margin-left:0px;\"><h5 class=\"title-heading-left fusion-responsive-typography-calculated\" style=\"margin:0;--fontSize:15;--minFontSize:14pt;line-height:1.5;\">Tots els modes compartits<\/h5><span class=\"awb-title-spacer\"><\/span><div class=\"title-sep-container\"><div class=\"title-sep sep-double sep-solid\" style=\"border-color:#e0dede;\"><\/div><\/div><\/div><div class=\"imageframe-align-center\"><style>.fusion-imageframe.imageframe-1 img{aspect-ratio:1 \/ 1;object-position:48% 51%;}<\/style><span class=\" fusion-imageframe imageframe-none imageframe-1 hover-type-none has-aspect-ratio\"><img decoding=\"async\" width=\"200\" height=\"200\" alt=\"Tots els modes compartits\" title=\"Modos250\" src=\"https:\/\/www.mobilityinstitute.es\/wp-content\/uploads\/2022\/06\/www.mobilityinstitute.es-datos-de-movilidad-compartida-modos250.jpg\" data-orig-src=\"https:\/\/www.mobilityinstitute.es\/wp-content\/uploads\/2022\/06\/www.mobilityinstitute.es-datos-de-movilidad-compartida-modos250-200x200.jpg\" class=\"lazyload img-responsive wp-image-9716 img-with-aspect-ratio\" srcset=\"data:image\/svg+xml,%3Csvg%20xmlns%3D%27http%3A%2F%2Fwww.w3.org%2F2000%2Fsvg%27%20width%3D%27250%27%20height%3D%27250%27%20viewBox%3D%270%200%20250%20250%27%3E%3Crect%20width%3D%27250%27%20height%3D%27250%27%20fill-opacity%3D%220%22%2F%3E%3C%2Fsvg%3E\" data-srcset=\"https:\/\/www.mobilityinstitute.es\/wp-content\/uploads\/2022\/06\/www.mobilityinstitute.es-datos-de-movilidad-compartida-modos250-200x200.jpg 200w, https:\/\/www.mobilityinstitute.es\/wp-content\/uploads\/2022\/06\/www.mobilityinstitute.es-datos-de-movilidad-compartida-modos250.jpg 250w\" data-sizes=\"auto\" data-orig-sizes=\"(max-width: 800px) 100vw, 200px\" \/><\/span><\/div><div class=\"fusion-clearfix\"><\/div><\/div><\/div><div class=\"fusion-layout-column fusion_builder_column fusion-builder-column-2 fusion_builder_column_1_3 1_3 fusion-one-third\" style=\"width:33.333333333333%;width:calc(33.333333333333% - ( ( 4% + 4% ) * 0.33333333333333 ) );margin-right: 4%;margin-top:0px;margin-bottom:20px;\"><div class=\"fusion-column-wrapper fusion-flex-column-wrapper-legacy\" style=\"background-position:left top;background-repeat:no-repeat;-webkit-background-size:cover;-moz-background-size:cover;-o-background-size:cover;background-size:cover;padding: 0px 0px 0px 0px;\"><style type=\"text\/css\"><\/style><div class=\"fusion-title title fusion-title-2 fusion-title-text fusion-title-size-five\" style=\"margin-top:0px;margin-right:0px;margin-bottom:31px;margin-left:0px;\"><h5 class=\"title-heading-left fusion-responsive-typography-calculated\" style=\"margin:0;--fontSize:15;--minFontSize:14pt;line-height:1.5;\">Informaci\u00f3 actualitzada<\/h5><span class=\"awb-title-spacer\"><\/span><div class=\"title-sep-container\"><div class=\"title-sep sep-double sep-solid\" style=\"border-color:#e0dede;\"><\/div><\/div><\/div><div class=\"imageframe-align-center\"><style>.fusion-imageframe.imageframe-2 img{aspect-ratio:1 \/ 1;}<\/style><span class=\" fusion-imageframe imageframe-none imageframe-2 hover-type-none has-aspect-ratio\"><img decoding=\"async\" width=\"200\" height=\"200\" title=\"InfoActualizada250\" src=\"https:\/\/www.mobilityinstitute.es\/wp-content\/uploads\/2022\/06\/www.mobilityinstitute.es-datos-de-movilidad-compartida-infoactualizada250.jpg\" data-orig-src=\"https:\/\/www.mobilityinstitute.es\/wp-content\/uploads\/2022\/06\/www.mobilityinstitute.es-datos-de-movilidad-compartida-infoactualizada250-200x200.jpg\" class=\"lazyload img-responsive wp-image-9720 img-with-aspect-ratio\" alt srcset=\"data:image\/svg+xml,%3Csvg%20xmlns%3D%27http%3A%2F%2Fwww.w3.org%2F2000%2Fsvg%27%20width%3D%27250%27%20height%3D%27250%27%20viewBox%3D%270%200%20250%20250%27%3E%3Crect%20width%3D%27250%27%20height%3D%27250%27%20fill-opacity%3D%220%22%2F%3E%3C%2Fsvg%3E\" data-srcset=\"https:\/\/www.mobilityinstitute.es\/wp-content\/uploads\/2022\/06\/www.mobilityinstitute.es-datos-de-movilidad-compartida-infoactualizada250-200x200.jpg 200w, https:\/\/www.mobilityinstitute.es\/wp-content\/uploads\/2022\/06\/www.mobilityinstitute.es-datos-de-movilidad-compartida-infoactualizada250.jpg 250w\" data-sizes=\"auto\" data-orig-sizes=\"(max-width: 800px) 100vw, 200px\" \/><\/span><\/div><div class=\"fusion-clearfix\"><\/div><\/div><\/div><div class=\"fusion-layout-column fusion_builder_column fusion-builder-column-3 fusion_builder_column_1_3 1_3 fusion-one-third fusion-column-last\" style=\"width:33.333333333333%;width:calc(33.333333333333% - ( ( 4% + 4% ) * 0.33333333333333 ) );margin-top:0px;margin-bottom:20px;\"><div class=\"fusion-column-wrapper fusion-flex-column-wrapper-legacy\" style=\"background-position:left top;background-repeat:no-repeat;-webkit-background-size:cover;-moz-background-size:cover;-o-background-size:cover;background-size:cover;padding: 0px 0px 0px 0px;\"><style type=\"text\/css\"><\/style><div class=\"fusion-title title fusion-title-3 fusion-title-text fusion-title-size-five\" style=\"margin-top:0px;margin-right:0px;margin-bottom:31px;margin-left:0px;\"><h5 class=\"title-heading-left fusion-responsive-typography-calculated\" style=\"margin:0;--fontSize:15;--minFontSize:14pt;line-height:1.5;\">Comparativa entre ciutats<\/h5><span class=\"awb-title-spacer\"><\/span><div class=\"title-sep-container\"><div class=\"title-sep sep-double sep-solid\" style=\"border-color:#e0dede;\"><\/div><\/div><\/div><div class=\"imageframe-align-center\"><style>.fusion-imageframe.imageframe-3 img{aspect-ratio:1 \/ 1;}<\/style><span class=\" fusion-imageframe imageframe-none imageframe-3 hover-type-none has-aspect-ratio\"><img decoding=\"async\" width=\"200\" height=\"200\" title=\"Comparativa_ciudades250\" src=\"https:\/\/www.mobilityinstitute.es\/wp-content\/uploads\/2022\/06\/www.mobilityinstitute.es-datos-de-movilidad-compartida-comparativa-ciudades250.jpg\" data-orig-src=\"https:\/\/www.mobilityinstitute.es\/wp-content\/uploads\/2022\/06\/www.mobilityinstitute.es-datos-de-movilidad-compartida-comparativa-ciudades250-200x200.jpg\" class=\"lazyload img-responsive wp-image-9723 img-with-aspect-ratio\" alt srcset=\"data:image\/svg+xml,%3Csvg%20xmlns%3D%27http%3A%2F%2Fwww.w3.org%2F2000%2Fsvg%27%20width%3D%27250%27%20height%3D%27250%27%20viewBox%3D%270%200%20250%20250%27%3E%3Crect%20width%3D%27250%27%20height%3D%27250%27%20fill-opacity%3D%220%22%2F%3E%3C%2Fsvg%3E\" data-srcset=\"https:\/\/www.mobilityinstitute.es\/wp-content\/uploads\/2022\/06\/www.mobilityinstitute.es-datos-de-movilidad-compartida-comparativa-ciudades250-200x200.jpg 200w, https:\/\/www.mobilityinstitute.es\/wp-content\/uploads\/2022\/06\/www.mobilityinstitute.es-datos-de-movilidad-compartida-comparativa-ciudades250.jpg 250w\" data-sizes=\"auto\" data-orig-sizes=\"(max-width: 800px) 100vw, 200px\" \/><\/span><\/div><div class=\"fusion-clearfix\"><\/div><\/div><\/div><\/div><\/div><div class=\"fusion-fullwidth fullwidth-box fusion-builder-row-3 nonhundred-percent-fullwidth non-hundred-percent-height-scrolling\" style=\"background-color: rgba(255,255,255,0);background-position: center center;background-repeat: no-repeat;padding-top:0px;padding-right:0px;padding-bottom:0px;padding-left:0px;margin-bottom: 0px;margin-top: 0px;border-width: 0px 0px 0px 0px;border-color:#eae9e9;border-style:solid;\" ><div class=\"fusion-builder-row fusion-row\"><div class=\"fusion-layout-column fusion_builder_column fusion-builder-column-4 fusion_builder_column_1_1 1_1 fusion-one-full fusion-column-first fusion-column-last\" style=\"margin-top:0px;margin-bottom:20px;\"><div class=\"fusion-column-wrapper fusion-flex-column-wrapper-legacy\" style=\"background-position:left top;background-repeat:no-repeat;-webkit-background-size:cover;-moz-background-size:cover;-o-background-size:cover;background-size:cover;padding: 0px 0px 0px 0px;\"><div class=\"fusion-text fusion-text-3\" style=\"text-transform:none;\"><p>Analitzem les dades de mobilitat compartida m\u00e9s rellevants pels teus projectes:<\/p>\n<ul>\n<li>Quina \u00e9s <strong>l&#8217;evoluci\u00f3 de l&#8217;\u00fas dels diversos modes compartits<\/strong> a la teva ciutat?<\/li>\n<li>Vols disposar de m\u00e9s context amb una <strong>comparativa entre ciutats<\/strong> d&#8217;aspectes concrets?<\/li>\n<li>On estan situats els <strong>focus d&#8217;inicis i finals de trajectes<\/strong>?<\/li>\n<li>A quines zones tindria sentit <strong>situar aparcaments de servei<\/strong> als vehicles el\u00e8ctrics de mobilitat compartida?<\/li>\n<li>Com es distribueixen els <strong>trajectes de vehicles compartits<\/strong>?<\/li>\n<li>Quin \u00e9s <strong>l&#8217;\u00fas dels vehicles de mobilitat compartida<\/strong> a la teva ciutat?<\/li>\n<\/ul>\n<\/div><div class=\"fusion-clearfix\"><\/div><\/div><\/div><\/div><\/div><div class=\"fusion-fullwidth fullwidth-box fusion-builder-row-4 nonhundred-percent-fullwidth non-hundred-percent-height-scrolling\" style=\"background-color: rgba(255,255,255,0);background-position: center center;background-repeat: no-repeat;padding-top:0px;padding-right:0px;padding-bottom:0px;padding-left:0px;margin-bottom: 0px;margin-top: 0px;border-width: 0px 0px 0px 0px;border-color:#eae9e9;border-style:solid;\" ><div class=\"fusion-builder-row fusion-row\"><div class=\"fusion-layout-column fusion_builder_column fusion-builder-column-5 fusion_builder_column_1_1 1_1 fusion-one-full fusion-column-first fusion-column-last\" style=\"margin-top:0px;margin-bottom:20px;\"><div class=\"fusion-column-wrapper fusion-flex-column-wrapper-legacy\" style=\"background-position:left top;background-repeat:no-repeat;-webkit-background-size:cover;-moz-background-size:cover;-o-background-size:cover;background-size:cover;padding: 0px 0px 0px 0px;\"><div class=\"fusion-text fusion-text-4\" style=\"text-transform:none;\"><p>Mitjan\u00e7ant la interpretaci\u00f3 de les nostres dades, obtindrem la informaci\u00f3 que necessites per comprendre el context i ajudar-te a prendre les millors decisions:<\/p>\n<\/div><div class=\"fusion-clearfix\"><\/div><\/div><\/div><\/div><\/div><div class=\"fusion-fullwidth fullwidth-box fusion-builder-row-5 nonhundred-percent-fullwidth non-hundred-percent-height-scrolling fusion-equal-height-columns\" style=\"background-color: rgba(255,255,255,0);background-position: center center;background-repeat: no-repeat;padding-top:0px;padding-right:0px;padding-bottom:0px;padding-left:0px;margin-bottom: 20px;margin-top: 0px;border-width: 0px 0px 0px 0px;border-color:#eae9e9;border-style:solid;\" ><div class=\"fusion-builder-row fusion-row\"><div class=\"fusion-layout-column fusion_builder_column fusion-builder-column-6 fusion_builder_column_1_2 1_2 fusion-one-half fusion-column-first\" style=\"width:50%;width:calc(50% - ( ( 4% ) * 0.5 ) );margin-right: 4%;margin-top:0px;margin-bottom:20px;\"><div class=\"fusion-column-wrapper fusion-flex-column-wrapper-legacy\" style=\"background-position:left top;background-repeat:no-repeat;-webkit-background-size:cover;-moz-background-size:cover;-o-background-size:cover;background-size:cover;border-width: 1px 1px 1px 1px;border-color:#aaaaaa;border-style:solid;padding: 20px 20px 20px 20px;\"><div class=\"fusion-text fusion-text-5\" style=\"text-transform:none;\"><p style=\"text-align: center;\"><strong>Tend\u00e8ncia del n\u00famero de trajectes <em>motosharing<\/em> (hores)<\/strong><\/p>\n<\/div><div class=\"fusion-sep-clear\"><\/div><div class=\"fusion-separator fusion-full-width-sep\" style=\"margin-left: auto;margin-right: auto;margin-bottom:20px;width:100%;\"><\/div><div class=\"fusion-sep-clear\"><\/div><div class=\"imageframe-align-center\"><span class=\" fusion-imageframe imageframe-none imageframe-4 hover-type-none\"><img decoding=\"async\" width=\"850\" height=\"554\" title=\"Trayectos_hora\" src=\"https:\/\/www.mobilityinstitute.es\/wp-content\/uploads\/2022\/06\/www.mobilityinstitute.es-trayectos-hora.jpg\" data-orig-src=\"https:\/\/www.mobilityinstitute.es\/wp-content\/uploads\/2022\/06\/www.mobilityinstitute.es-trayectos-hora.jpg\" alt class=\"lazyload img-responsive wp-image-9690\" srcset=\"data:image\/svg+xml,%3Csvg%20xmlns%3D%27http%3A%2F%2Fwww.w3.org%2F2000%2Fsvg%27%20width%3D%27850%27%20height%3D%27554%27%20viewBox%3D%270%200%20850%20554%27%3E%3Crect%20width%3D%27850%27%20height%3D%27554%27%20fill-opacity%3D%220%22%2F%3E%3C%2Fsvg%3E\" data-srcset=\"https:\/\/www.mobilityinstitute.es\/wp-content\/uploads\/2022\/06\/www.mobilityinstitute.es-trayectos-hora-200x130.jpg 200w, https:\/\/www.mobilityinstitute.es\/wp-content\/uploads\/2022\/06\/www.mobilityinstitute.es-trayectos-hora-400x261.jpg 400w, https:\/\/www.mobilityinstitute.es\/wp-content\/uploads\/2022\/06\/www.mobilityinstitute.es-trayectos-hora-600x391.jpg 600w, https:\/\/www.mobilityinstitute.es\/wp-content\/uploads\/2022\/06\/www.mobilityinstitute.es-trayectos-hora-800x521.jpg 800w, https:\/\/www.mobilityinstitute.es\/wp-content\/uploads\/2022\/06\/www.mobilityinstitute.es-trayectos-hora.jpg 850w\" data-sizes=\"auto\" data-orig-sizes=\"(max-width: 800px) 100vw, 600px\" \/><\/span><\/div><div class=\"fusion-text fusion-text-6\" style=\"text-transform:none;\"><ul>\n<li>L&#8217;\u00fas diari del servei de motosharing situa els moments amb m\u00e9s volum de despla\u00e7aments a les 07.00 i a les 18.00 hores.<\/li>\n<li>Es mant\u00e9 un cert equilibri entre migdia i, aproximadament, les 22.00 hores.<\/li>\n<li>El moment vall dels despla\u00e7aments a la ciutat se situa de 01.00 a 05.00 hores.<\/li>\n<\/ul>\n<\/div><div class=\"fusion-clearfix\"><\/div><\/div><\/div><div class=\"fusion-layout-column fusion_builder_column fusion-builder-column-7 fusion_builder_column_1_2 1_2 fusion-one-half fusion-column-last\" style=\"width:50%;width:calc(50% - ( ( 4% ) * 0.5 ) );margin-top:0px;margin-bottom:20px;\"><div class=\"fusion-column-wrapper fusion-flex-column-wrapper-legacy\" style=\"background-position:left top;background-repeat:no-repeat;-webkit-background-size:cover;-moz-background-size:cover;-o-background-size:cover;background-size:cover;border-width: 1px 1px 1px 1px;border-color:#aaaaaa;border-style:solid;padding: 20px 20px 20px 20px;\"><div class=\"fusion-text fusion-text-7\" style=\"text-transform:none;\"><p style=\"text-align: center;\"><strong>Tend\u00e8ncia del n\u00famero de trajectes <em>motosharing<\/em> (dies)<\/strong><\/p>\n<\/div><div class=\"fusion-sep-clear\"><\/div><div class=\"fusion-separator fusion-full-width-sep\" style=\"margin-left: auto;margin-right: auto;margin-bottom:20px;width:100%;\"><\/div><div class=\"fusion-sep-clear\"><\/div><div class=\"imageframe-align-center\"><span class=\" fusion-imageframe imageframe-none imageframe-5 hover-type-none\"><img decoding=\"async\" width=\"850\" height=\"554\" title=\"Trayectos_diaCAT_OK\" src=\"https:\/\/www.mobilityinstitute.es\/wp-content\/uploads\/2022\/06\/www.mobilityinstitute.es-dades-de-mobilitat-compartida-trayectos-diacat-ok.jpg\" data-orig-src=\"https:\/\/www.mobilityinstitute.es\/wp-content\/uploads\/2022\/06\/www.mobilityinstitute.es-dades-de-mobilitat-compartida-trayectos-diacat-ok.jpg\" alt class=\"lazyload img-responsive wp-image-9739\" srcset=\"data:image\/svg+xml,%3Csvg%20xmlns%3D%27http%3A%2F%2Fwww.w3.org%2F2000%2Fsvg%27%20width%3D%27850%27%20height%3D%27554%27%20viewBox%3D%270%200%20850%20554%27%3E%3Crect%20width%3D%27850%27%20height%3D%27554%27%20fill-opacity%3D%220%22%2F%3E%3C%2Fsvg%3E\" data-srcset=\"https:\/\/www.mobilityinstitute.es\/wp-content\/uploads\/2022\/06\/www.mobilityinstitute.es-dades-de-mobilitat-compartida-trayectos-diacat-ok-200x130.jpg 200w, https:\/\/www.mobilityinstitute.es\/wp-content\/uploads\/2022\/06\/www.mobilityinstitute.es-dades-de-mobilitat-compartida-trayectos-diacat-ok-400x261.jpg 400w, https:\/\/www.mobilityinstitute.es\/wp-content\/uploads\/2022\/06\/www.mobilityinstitute.es-dades-de-mobilitat-compartida-trayectos-diacat-ok-600x391.jpg 600w, https:\/\/www.mobilityinstitute.es\/wp-content\/uploads\/2022\/06\/www.mobilityinstitute.es-dades-de-mobilitat-compartida-trayectos-diacat-ok-800x521.jpg 800w, https:\/\/www.mobilityinstitute.es\/wp-content\/uploads\/2022\/06\/www.mobilityinstitute.es-dades-de-mobilitat-compartida-trayectos-diacat-ok.jpg 850w\" data-sizes=\"auto\" data-orig-sizes=\"(max-width: 800px) 100vw, 600px\" \/><\/span><\/div><div class=\"fusion-text fusion-text-8\" style=\"text-transform:none;\"><ul>\n<li>Els dies amb m\u00e9s trajectes de <em>motosharing<\/em> a la ciutat s\u00f3n dijous, divendres i dissabtes.<\/li>\n<li>El nombre de trajectes \u00e9s menor els dilluns; probablement, un dia amb menys gestions i activitats m\u00e9s enll\u00e0 de les rutines d&#8217;estudi i treball habituals.<\/li>\n<\/ul>\n<\/div><div class=\"fusion-clearfix\"><\/div><\/div><\/div><\/div><\/div><div class=\"fusion-fullwidth fullwidth-box fusion-builder-row-6 nonhundred-percent-fullwidth non-hundred-percent-height-scrolling fusion-equal-height-columns\" style=\"background-color: rgba(255,255,255,0);background-position: center center;background-repeat: no-repeat;padding-top:0px;padding-right:0px;padding-bottom:0px;padding-left:0px;margin-bottom: 40px;margin-top: 0px;border-width: 0px 0px 0px 0px;border-color:#eae9e9;border-style:solid;\" ><div class=\"fusion-builder-row fusion-row\"><div class=\"fusion-layout-column fusion_builder_column fusion-builder-column-8 fusion_builder_column_1_1 1_1 fusion-one-full fusion-column-first fusion-column-last\" style=\"margin-top:0px;margin-bottom:20px;\"><div class=\"fusion-column-wrapper fusion-flex-column-wrapper-legacy\" style=\"background-position:left top;background-repeat:no-repeat;-webkit-background-size:cover;-moz-background-size:cover;-o-background-size:cover;background-size:cover;border-width: 1px 1px 1px 1px;border-color:#aaaaaa;border-style:solid;padding: 20px 20px 20px 20px;\"><div class=\"fusion-text fusion-text-9\" style=\"text-transform:none;\"><p style=\"text-align: center;\"><strong>Impacte dels grans esdeveniments en la mobilitat urbana: el cas del Primavera Sound Barcelona 2022<\/strong><\/p>\n<\/div><div class=\"fusion-builder-row fusion-builder-row-inner fusion-row\"><div class=\"fusion-layout-column fusion_builder_column_inner fusion-builder-nested-column-0 fusion_builder_column_inner_1_3 1_3 fusion-one-third fusion-column-first\" style=\"width:33.333333333333%;width:calc(33.333333333333% - ( ( 4% ) * 0.33333333333333 ) );margin-right: 4%;margin-top:0px;margin-bottom:20px;\"><div class=\"fusion-column-wrapper fusion-flex-column-wrapper-legacy\" style=\"background-position:left top;background-repeat:no-repeat;-webkit-background-size:cover;-moz-background-size:cover;-o-background-size:cover;background-size:cover;padding: 20px 20px 20px 20px;\"><div class=\"fusion-text fusion-text-10\" style=\"text-transform:none;\"><p>Un festival de la dimensi\u00f3 del Primavera Sound Barcelona \u2013l&#8217;edici\u00f3 de 2022 ha rebut prop de 500.000 visitants en dos caps de setmana\u2013 \u00e9s una oportunitat per analitzar l&#8217;impacte dels grans esdeveniments en la mobilitat d&#8217;una ciutat. L&#8217;estudi conclou:<\/p>\n<ul>\n<li>El Primavera Sound ha multiplicat fins per 12 els despla\u00e7aments de <em>motosharing<\/em> a la zona.<\/li>\n<li>Les franges hor\u00e0ries amb m\u00e9s despla\u00e7aments coincideixen amb els moments d&#8217;obertura de les portes del festival.<\/li>\n<\/ul>\n<\/div><div class=\"fusion-clearfix\"><\/div><\/div><\/div><div class=\"fusion-layout-column fusion_builder_column_inner fusion-builder-nested-column-1 fusion_builder_column_inner_2_3 2_3 fusion-two-third fusion-column-last\" style=\"width:66.666666666667%;width:calc(66.666666666667% - ( ( 4% ) * 0.66666666666667 ) );margin-top:0px;margin-bottom:20px;\"><div class=\"fusion-column-wrapper fusion-flex-column-wrapper-legacy\" style=\"background-position:left top;background-repeat:no-repeat;-webkit-background-size:cover;-moz-background-size:cover;-o-background-size:cover;background-size:cover;padding: 20px 20px 20px 20px;\"><span class=\" fusion-imageframe imageframe-none imageframe-6 hover-type-none\"><img decoding=\"async\" width=\"1040\" height=\"501\" title=\"PrimaveraSound_CAT\" src=\"https:\/\/www.mobilityinstitute.es\/wp-content\/uploads\/2022\/07\/www.mobilityinstitute.es-dades-de-mobilitat-compartida-primaverasound-cat.jpg\" data-orig-src=\"https:\/\/www.mobilityinstitute.es\/wp-content\/uploads\/2022\/07\/www.mobilityinstitute.es-dades-de-mobilitat-compartida-primaverasound-cat.jpg\" alt class=\"lazyload img-responsive wp-image-9838\" srcset=\"data:image\/svg+xml,%3Csvg%20xmlns%3D%27http%3A%2F%2Fwww.w3.org%2F2000%2Fsvg%27%20width%3D%271040%27%20height%3D%27501%27%20viewBox%3D%270%200%201040%20501%27%3E%3Crect%20width%3D%271040%27%20height%3D%27501%27%20fill-opacity%3D%220%22%2F%3E%3C%2Fsvg%3E\" data-srcset=\"https:\/\/www.mobilityinstitute.es\/wp-content\/uploads\/2022\/07\/www.mobilityinstitute.es-dades-de-mobilitat-compartida-primaverasound-cat-200x96.jpg 200w, https:\/\/www.mobilityinstitute.es\/wp-content\/uploads\/2022\/07\/www.mobilityinstitute.es-dades-de-mobilitat-compartida-primaverasound-cat-400x193.jpg 400w, https:\/\/www.mobilityinstitute.es\/wp-content\/uploads\/2022\/07\/www.mobilityinstitute.es-dades-de-mobilitat-compartida-primaverasound-cat-600x289.jpg 600w, https:\/\/www.mobilityinstitute.es\/wp-content\/uploads\/2022\/07\/www.mobilityinstitute.es-dades-de-mobilitat-compartida-primaverasound-cat-800x385.jpg 800w, https:\/\/www.mobilityinstitute.es\/wp-content\/uploads\/2022\/07\/www.mobilityinstitute.es-dades-de-mobilitat-compartida-primaverasound-cat.jpg 1040w\" data-sizes=\"auto\" data-orig-sizes=\"(max-width: 800px) 100vw, 800px\" \/><\/span><div class=\"fusion-text fusion-text-11\" style=\"text-transform:none;margin-top:20px;\"><p style=\"text-align: center;\"><strong>Accedeix a l&#8217;estudi complet: <\/strong>(nom\u00e9s disponible per usuaris registrats)<\/p>\n<p style=\"text-align: center;\"><\/p>\n<\/div><div class=\"fusion-clearfix\"><\/div><\/div><\/div><\/div><div class=\"fusion-clearfix\"><\/div><\/div><\/div><\/div><\/div><div class=\"fusion-fullwidth fullwidth-box fusion-builder-row-7 nonhundred-percent-fullwidth non-hundred-percent-height-scrolling\" style=\"background-color: rgba(255,255,255,0);background-position: center center;background-repeat: no-repeat;padding-top:0px;padding-right:0px;padding-bottom:0px;padding-left:0px;margin-bottom: 80px;margin-top: 0px;border-width: 0px 0px 0px 0px;border-color:#eae9e9;border-style:solid;\" ><div class=\"fusion-builder-row fusion-row\"><div class=\"fusion-layout-column fusion_builder_column fusion-builder-column-9 fusion_builder_column_1_1 1_1 fusion-one-full fusion-column-first fusion-column-last\" style=\"margin-top:0px;margin-bottom:20px;\"><div class=\"fusion-column-wrapper fusion-flex-column-wrapper-legacy\" style=\"background-position:left top;background-repeat:no-repeat;-webkit-background-size:cover;-moz-background-size:cover;-o-background-size:cover;background-size:cover;padding: 0px 0px 0px 0px;\"><div class=\"fusion-text fusion-text-12\" style=\"text-transform:none;\"><p><b>Contacta amb nosaltres per m\u00e9s informaci\u00f3<\/b><\/p>\n<\/div><div class=\"fusion-clearfix\"><\/div><\/div><\/div><div class=\"fusion-layout-column fusion_builder_column fusion-builder-column-10 fusion_builder_column_1_1 1_1 fusion-one-full fusion-column-first fusion-column-last\" style=\"margin-top:0px;margin-bottom:20px;\"><div class=\"fusion-column-wrapper fusion-flex-column-wrapper-legacy\" style=\"background-position:left top;background-repeat:no-repeat;-webkit-background-size:cover;-moz-background-size:cover;-o-background-size:cover;background-size:cover;padding: 0px 60px 0px 60px;\">\n<div class=\"wpcf7 no-js\" id=\"wpcf7-f471-o1\" lang=\"ca\" dir=\"ltr\" data-wpcf7-id=\"471\">\n<div class=\"screen-reader-response\"><p role=\"status\" aria-live=\"polite\" aria-atomic=\"true\"><\/p> <ul><\/ul><\/div>\n<form action=\"\/ca\/wp-json\/wp\/v2\/pages\/9726#wpcf7-f471-o1\" method=\"post\" class=\"wpcf7-form init\" aria-label=\"Formulari de contacte\" novalidate=\"novalidate\" data-status=\"init\">\n<fieldset class=\"hidden-fields-container\"><input type=\"hidden\" name=\"_wpcf7\" value=\"471\" \/><input type=\"hidden\" name=\"_wpcf7_version\" value=\"6.1.5\" \/><input type=\"hidden\" name=\"_wpcf7_locale\" value=\"ca\" \/><input type=\"hidden\" name=\"_wpcf7_unit_tag\" value=\"wpcf7-f471-o1\" \/><input type=\"hidden\" name=\"_wpcf7_container_post\" value=\"0\" \/><input type=\"hidden\" name=\"_wpcf7_posted_data_hash\" value=\"\" \/>\n<\/fieldset>\n<p><label> Nom*<br \/>\n<span class=\"wpcf7-form-control-wrap\" data-name=\"contactname\"><input size=\"40\" maxlength=\"400\" class=\"wpcf7-form-control wpcf7-text wpcf7-validates-as-required\" id=\"name\" aria-required=\"true\" aria-invalid=\"false\" value=\"\" type=\"text\" name=\"contactname\" \/><\/span> <\/label>\n<\/p>\n<p><label> Empresa*<br \/>\n<span class=\"wpcf7-form-control-wrap\" data-name=\"empresa\"><input size=\"40\" maxlength=\"400\" class=\"wpcf7-form-control wpcf7-text wpcf7-validates-as-required\" id=\"company\" aria-required=\"true\" aria-invalid=\"false\" value=\"\" type=\"text\" name=\"empresa\" \/><\/span> <\/label>\n<\/p>\n<p><label> Tel\u00e8fon*<br \/>\n<span class=\"wpcf7-form-control-wrap\" data-name=\"phone\"><input size=\"40\" maxlength=\"400\" class=\"wpcf7-form-control wpcf7-tel wpcf7-validates-as-required wpcf7-text wpcf7-validates-as-tel\" id=\"phone\" aria-required=\"true\" aria-invalid=\"false\" value=\"\" type=\"tel\" name=\"phone\" \/><\/span> <\/label>\n<\/p>\n<p><label> E-mail*<br \/>\n<span class=\"wpcf7-form-control-wrap\" data-name=\"email\"><input size=\"40\" maxlength=\"400\" class=\"wpcf7-form-control wpcf7-email wpcf7-validates-as-required wpcf7-text wpcf7-validates-as-email\" id=\"email\" aria-required=\"true\" aria-invalid=\"false\" value=\"\" type=\"email\" name=\"email\" \/><\/span> <\/label>\n<\/p>\n<p><label> Missatge<br \/>\n<span class=\"wpcf7-form-control-wrap\" data-name=\"message\"><textarea cols=\"40\" rows=\"10\" maxlength=\"2000\" class=\"wpcf7-form-control wpcf7-textarea\" id=\"message\" aria-invalid=\"false\" name=\"message\"><\/textarea><\/span> <\/label>\n<\/p>\n<div style=\"width:100%;text-align:center\">\n\t<p><input class=\"wpcf7-form-control wpcf7-submit has-spinner fusion-button button-flat fusion-button-round button-xlarge button-custom button-1 cta_yellow\" id=\"submitcontact\" type=\"submit\" value=\"Enviar\" \/>\n\t<\/p>\n<\/div><div class=\"fusion-alert alert custom alert-custom fusion-alert-center wpcf7-response-output fusion-alert-capitalize alert-dismissable\" role=\"alert\" style=\"border-width:1px;\"><div class=\"fusion-alert-content-wrapper\"><span class=\"fusion-alert-content\"><\/span><\/div><button type=\"button\" class=\"close toggle-alert\" data-dismiss=\"alert\" aria-label=\"Close\">&times;<\/button><\/div>\n<\/form>\n<\/div>\n<div class=\"fusion-clearfix\"><\/div><\/div><\/div><\/div><\/div><\/p>\n","protected":false},"excerpt":{"rendered":"","protected":false},"author":315,"featured_media":0,"parent":12,"menu_order":184,"comment_status":"closed","ping_status":"closed","template":"100-width.php","meta":{"footnotes":""},"yst_prominent_words":[1206,140,1619,1618,3415],"class_list":["post-9726","page","type-page","status-publish","hentry"],"_links":{"self":[{"href":"https:\/\/www.mobilityinstitute.es\/ca\/wp-json\/wp\/v2\/pages\/9726","targetHints":{"allow":["GET"]}}],"collection":[{"href":"https:\/\/www.mobilityinstitute.es\/ca\/wp-json\/wp\/v2\/pages"}],"about":[{"href":"https:\/\/www.mobilityinstitute.es\/ca\/wp-json\/wp\/v2\/types\/page"}],"author":[{"embeddable":true,"href":"https:\/\/www.mobilityinstitute.es\/ca\/wp-json\/wp\/v2\/users\/315"}],"replies":[{"embeddable":true,"href":"https:\/\/www.mobilityinstitute.es\/ca\/wp-json\/wp\/v2\/comments?post=9726"}],"version-history":[{"count":0,"href":"https:\/\/www.mobilityinstitute.es\/ca\/wp-json\/wp\/v2\/pages\/9726\/revisions"}],"up":[{"embeddable":true,"href":"https:\/\/www.mobilityinstitute.es\/ca\/wp-json\/wp\/v2\/pages\/12"}],"wp:attachment":[{"href":"https:\/\/www.mobilityinstitute.es\/ca\/wp-json\/wp\/v2\/media?parent=9726"}],"wp:term":[{"taxonomy":"yst_prominent_words","embeddable":true,"href":"https:\/\/www.mobilityinstitute.es\/ca\/wp-json\/wp\/v2\/yst_prominent_words?post=9726"}],"curies":[{"name":"wp","href":"https:\/\/api.w.org\/{rel}","templated":true}]}}